{"id":25270,"date":"2020-06-01T14:36:39","date_gmt":"2020-06-01T14:36:39","guid":{"rendered":"https:\/\/nova.funtana.com\/funtana-tourist-board\/"},"modified":"2024-07-06T16:38:26","modified_gmt":"2024-07-06T16:38:26","slug":"funtana-tourist-board","status":"publish","type":"page","link":"https:\/\/funtana.com\/it\/","title":{"rendered":"Funtana, Istria &#8211; sito turisticho ufficiale"},"content":{"rendered":"\n<div class=\"wp-block-citadela-blocks-custom-container citadela-block-custom-container size-fullwidth bg-type-none inside-space-small\"><div class=\"inner-holder\">\n<div class=\"wp-block-citadela-blocks-spacer citadela-block-spacer\"><div class=\"inner-holder\" style=\"padding-top:100px\"><\/div><\/div>\n\n\n\n<div class=\"wp-block-cover alignfull\" style=\"min-height:653px;aspect-ratio:unset;\"><span aria-hidden=\"true\" class=\"wp-block-cover__background has-background-dim-0 has-background-dim\"><\/span><video class=\"wp-block-cover__video-background intrinsic-ignore\" autoplay muted loop playsinline src=\"https:\/\/funtana.com\/wp-content\/uploads\/2024\/01\/funtana-more.mp4\" style=\"object-position:53% 81%\" data-object-fit=\"cover\" data-object-position=\"53% 81%\"><\/video><div class=\"wp-block-cover__inner-container is-layout-constrained wp-block-cover-is-layout-constrained\">         <div \r\n            class=\"citadela-block-responsive-text align-right responsive-options loading\"\r\n            data-block-mobile-attr=\"{&quot;desktop&quot;:{&quot;fontSize&quot;:&quot;3.91em&quot;,&quot;lineHeight&quot;:0.5},&quot;mobile&quot;:{&quot;fontSize&quot;:&quot;2.15em&quot;,&quot;lineHeight&quot;:0.64}}\"            data-block-mobile-breakpoint=\"600\"         >\r\n            <h3 class=\"inner-tag\" style=\"font-family:'Courgette'; font-size: 3.91em; line-height: 0.5; color: #ffffff;\">Funtana<\/h3>         <\/div>\r\n      \n\n         <div \r\n            class=\"citadela-block-responsive-text align-right responsive-options loading\"\r\n            data-block-mobile-attr=\"{&quot;desktop&quot;:{&quot;fontSize&quot;:&quot;2.22em&quot;,&quot;lineHeight&quot;:0.5},&quot;mobile&quot;:{&quot;fontSize&quot;:&quot;1.43em&quot;,&quot;lineHeight&quot;:0.96}}\"            data-block-mobile-breakpoint=\"600\"         >\r\n            <p class=\"inner-tag\" style=\"font-family:'Kalam'; font-size: 2.22em; line-height: 0.5; color: #ffffff;\">alle fonti dell&#8217;amicizia<\/p>         <\/div>\r\n      \n\n\n<div class=\"wp-block-citadela-blocks-spacer citadela-block-spacer\"><div class=\"inner-holder\" style=\"padding-top:25em\"><\/div><\/div>\n\n\n\n<div class=\"wp-block-citadela-blocks-spacer citadela-block-spacer\"><div class=\"inner-holder\" style=\"padding-top:6em\"><\/div><\/div>\n<\/div><\/div>\n\n\n\n<div class=\"wp-block-citadela-blocks-spacer citadela-block-spacer negative-height\"><div class=\"inner-holder\" style=\"margin-top:-80px\"><\/div><\/div>\n\n\n\n<div class=\"wp-block-columns is-layout-flex wp-container-core-columns-is-layout-9d6595d7 wp-block-columns-is-layout-flex\">\n<div class=\"wp-block-column is-vertically-aligned-top has-white-color has-text-color has-link-color wp-elements-2887cb17fce86eabf294bb42d86a3dce is-layout-flow wp-block-column-is-layout-flow\">\n<div class=\"wp-block-cover aligncenter is-light has-custom-content-position is-position-top-center\" style=\"min-height:321px;aspect-ratio:unset;\"><span aria-hidden=\"true\" class=\"wp-block-cover__background has-background-dim-0 has-background-dim\"><\/span><img loading=\"lazy\" decoding=\"async\" width=\"1024\" height=\"767\" class=\"wp-block-cover__image-background wp-image-12816\" alt=\"\" src=\"https:\/\/funtana.com\/wp-content\/uploads\/2024\/01\/FUNTANA-202101028-1024x767.jpg\" style=\"object-position:51% 50%\" data-object-fit=\"cover\" data-object-position=\"51% 50%\" srcset=\"https:\/\/funtana.com\/wp-content\/uploads\/2024\/01\/FUNTANA-202101028-1024x767.jpg 1024w, https:\/\/funtana.com\/wp-content\/uploads\/2024\/01\/FUNTANA-202101028-300x225.jpg 300w, https:\/\/funtana.com\/wp-content\/uploads\/2024\/01\/FUNTANA-202101028-768x575.jpg 768w, https:\/\/funtana.com\/wp-content\/uploads\/2024\/01\/FUNTANA-202101028-50x37.jpg 50w, https:\/\/funtana.com\/wp-content\/uploads\/2024\/01\/FUNTANA-202101028-1600x1198.jpg 1600w, https:\/\/funtana.com\/wp-content\/uploads\/2024\/01\/FUNTANA-202101028-1536x1150.jpg 1536w, https:\/\/funtana.com\/wp-content\/uploads\/2024\/01\/FUNTANA-202101028-2048x1534.jpg 2048w, https:\/\/funtana.com\/wp-content\/uploads\/2024\/01\/FUNTANA-202101028-640x480.jpg 640w, https:\/\/funtana.com\/wp-content\/uploads\/2024\/01\/FUNTANA-202101028-480x360.jpg 480w\" sizes=\"auto, (max-width: 1024px) 100vw, 1024px\" \/><div class=\"wp-block-cover__inner-container is-layout-flow wp-block-cover-is-layout-flow\">\n<div class=\"wp-block-citadela-blocks-spacer citadela-block-spacer\"><div class=\"inner-holder\" style=\"padding-top:2em\"><\/div><\/div>\n\n\n         <div \r\n            class=\"citadela-block-responsive-text align-center responsive-options loading\"\r\n            data-block-mobile-attr=\"{&quot;desktop&quot;:{&quot;fontSize&quot;:&quot;2em&quot;},&quot;mobile&quot;:{&quot;fontSize&quot;:&quot;1.99em&quot;}}\"            data-block-mobile-breakpoint=\"600\"         >\r\n            <p class=\"inner-tag\" style=\"font-size: 2em; color: #ffffff;\"><strong><a href=\"https:\/\/funtana.com\/it\/esplora-funtana\/\">Esplora<\/a><\/strong><\/p>         <\/div>\r\n      <\/div><\/div>\n<\/div>\n\n\n\n<div class=\"wp-block-column is-layout-flow wp-block-column-is-layout-flow\">\n<div class=\"wp-block-cover aligncenter is-light has-custom-content-position is-position-top-center\" style=\"min-height:321px;aspect-ratio:unset;\"><span aria-hidden=\"true\" class=\"wp-block-cover__background has-background-dim-0 has-background-dim\"><\/span><img loading=\"lazy\" decoding=\"async\" width=\"1491\" height=\"811\" class=\"wp-block-cover__image-background wp-image-13038\" alt=\"\" src=\"https:\/\/funtana.com\/wp-content\/uploads\/2024\/01\/gusti-funtana-e1694635517378.jpg\" data-object-fit=\"cover\" srcset=\"https:\/\/funtana.com\/wp-content\/uploads\/2024\/01\/gusti-funtana-e1694635517378.jpg 1491w, https:\/\/funtana.com\/wp-content\/uploads\/2024\/01\/gusti-funtana-e1694635517378-300x163.jpg 300w, https:\/\/funtana.com\/wp-content\/uploads\/2024\/01\/gusti-funtana-e1694635517378-1024x557.jpg 1024w, https:\/\/funtana.com\/wp-content\/uploads\/2024\/01\/gusti-funtana-e1694635517378-768x418.jpg 768w, https:\/\/funtana.com\/wp-content\/uploads\/2024\/01\/gusti-funtana-e1694635517378-50x27.jpg 50w\" sizes=\"auto, (max-width: 1491px) 100vw, 1491px\" \/><div class=\"wp-block-cover__inner-container is-layout-flow wp-block-cover-is-layout-flow\">\n<div class=\"wp-block-citadela-blocks-spacer citadela-block-spacer\"><div class=\"inner-holder\" style=\"padding-top:2em\"><\/div><\/div>\n\n\n         <div \r\n            class=\"citadela-block-responsive-text align-center responsive-options loading\"\r\n            data-block-mobile-attr=\"{&quot;desktop&quot;:{&quot;fontSize&quot;:&quot;2em&quot;},&quot;mobile&quot;:{&quot;fontSize&quot;:&quot;1.99em&quot;}}\"            data-block-mobile-breakpoint=\"600\"         >\r\n            <p class=\"inner-tag\" style=\"font-size: 2em; color: #ffffff;\"><strong><a href=\"https:\/\/funtana.com\/it\/riviera-gastro\/\"><mark style=\"background-color:rgba(0, 0, 0, 0)\" class=\"has-inline-color has-white-color\">Gastro Riviera<\/mark><\/a><\/strong><\/p>         <\/div>\r\n      <\/div><\/div>\n<\/div>\n\n\n\n<div class=\"wp-block-column is-layout-flow wp-block-column-is-layout-flow\">\n<div class=\"wp-block-cover is-light has-custom-content-position is-position-top-center\" style=\"min-height:322px;aspect-ratio:unset;\"><span aria-hidden=\"true\" class=\"wp-block-cover__background has-background-dim-0 has-background-dim\"><\/span><img loading=\"lazy\" decoding=\"async\" width=\"2560\" height=\"1707\" class=\"wp-block-cover__image-background wp-image-12732\" alt=\"\" src=\"https:\/\/funtana.com\/wp-content\/uploads\/2023\/12\/FUNTANA-138-DA-scaled.jpg\" data-object-fit=\"cover\" srcset=\"https:\/\/funtana.com\/wp-content\/uploads\/2023\/12\/FUNTANA-138-DA-scaled.jpg 2560w, https:\/\/funtana.com\/wp-content\/uploads\/2023\/12\/FUNTANA-138-DA-300x200.jpg 300w, https:\/\/funtana.com\/wp-content\/uploads\/2023\/12\/FUNTANA-138-DA-1024x683.jpg 1024w, https:\/\/funtana.com\/wp-content\/uploads\/2023\/12\/FUNTANA-138-DA-768x512.jpg 768w, https:\/\/funtana.com\/wp-content\/uploads\/2023\/12\/FUNTANA-138-DA-50x33.jpg 50w, https:\/\/funtana.com\/wp-content\/uploads\/2023\/12\/FUNTANA-138-DA-1600x1067.jpg 1600w, https:\/\/funtana.com\/wp-content\/uploads\/2023\/12\/FUNTANA-138-DA-1536x1024.jpg 1536w, https:\/\/funtana.com\/wp-content\/uploads\/2023\/12\/FUNTANA-138-DA-2048x1365.jpg 2048w\" sizes=\"auto, (max-width: 2560px) 100vw, 2560px\" \/><div class=\"wp-block-cover__inner-container is-layout-constrained wp-block-cover-is-layout-constrained\">\n<div class=\"wp-block-citadela-blocks-spacer citadela-block-spacer\"><div class=\"inner-holder\" style=\"padding-top:30px\"><\/div><\/div>\n\n\n\n<p class=\"has-text-align-center has-white-color has-text-color has-link-color wp-elements-84d99f8a44d05b7f2e53534143fe9d0f\" style=\"font-size:34px\"><a href=\"https:\/\/funtana.com\/it\/attivita-a-funtana\/\"><strong>Esperienze<\/strong><\/a><\/p>\n<\/div><\/div>\n\n\n         <div \r\n            class=\"citadela-block-responsive-text align-left\"\r\n                                 >\r\n            <p class=\"inner-tag\" style=\"font-size: 2em; color: #ffffff;\"><\/p>         <\/div>\r\n      <\/div>\n<\/div>\n\n\n\n<h3 class=\"wp-block-heading has-text-align-center has-vivid-cyan-blue-color has-text-color has-link-color wp-elements-9456e05f01a5df6590aaa0d87f76334b\"><strong>Da non perdere !<\/strong><\/h3>\n\n\n        \r\n        <div class=\"wp-block-citadela-blocks ctdl-posts layout-box size-medium grid-type-1 border-none show-item-featured-image show-item-description\">\r\n            \r\n<div class=\"citadela-block-articles\">\r\n    <div class=\"citadela-block-articles-wrap\">\r\n\r\n        \r\n<article class=\"citadela-directory-item has-thumbnail has-description\" style=\"\"\">\r\n\r\n\t<div class=\"item-content\" style=\"\"\">\r\n\t\t\t\t<div class=\"item-thumbnail\">\r\n\t\t\t\t\t\t<a href=\"https:\/\/funtana.com\/it\/free-porec-riviera-bike-tours-through-porec-rivieras-coast-forests-and-picturesque-inland\/\"><img decoding=\"async\" src=\"https:\/\/funtana.com\/wp-content\/uploads\/2023\/03\/1529310903_7529-1-640x480.jpg\" class=\"item-image\" alt=\"Free Pore\u010d Riviera Bike Tours: Scoprite la Riviera di Parenzo percorrendo la costa, i boschi e il pittoresco entroterra\"><\/a>\r\n\t\t<\/div>\r\n\t\t\r\n\t\t<div class=\"item-body\">\r\n\t\t\t<div class=\"item-title\">\r\n\t\t\t\t\t\t\t\t<a href=\"https:\/\/funtana.com\/it\/free-porec-riviera-bike-tours-through-porec-rivieras-coast-forests-and-picturesque-inland\/\">\r\n\t\t\t\t\t<div class=\"item-title-wrap\">\r\n\t\t\t\t\t\t<div class=\"post-title\">\r\n\t\t\t\t\t\t\tFree Pore\u010d Riviera Bike Tours: Scoprite la Riviera di Parenzo percorrendo la costa, i boschi e il pittoresco entroterra\t\t\t\t\t\t<\/div>\r\n\t\t\t\t\t<\/div>\r\n\t\t\t\t<\/a>\r\n\t\t\t\t\t\t\t<\/div>\r\n\t\t\t\t\t\t<div class=\"item-text\">\r\n\t\t\t\t<div class=\"item-description\">\r\n\t\t\t\t\t<p>\r\n\t\t\t\t\t\t\t\t\t\t\t\tSe amate andare in bici e allo stesso tempo scoprire luoghi straordinari nella natura, dovete assolutamente provare i tour ciclistici gratuiti, organizzati dalla Riviera di Parenzo. Esplorate i sentieri incontaminati e i percorsi su strada asfaltata che si snodano attraverso pittoreschi paesaggi nei dintorni delle localit\u00e0 di Parenzo, Fontane, Torre-Abrega,&#8230;\t\t\t\t\t<\/p>\r\n\t\t\t\t\t<a href=\"https:\/\/funtana.com\/it\/free-porec-riviera-bike-tours-through-porec-rivieras-coast-forests-and-picturesque-inland\/\" class=\"more\">Vedi di pi\u00f9<\/a>\r\n\t\t\t\t<\/div>\r\n\t\t\t<\/div>\r\n\t\t\t\t\t\t<div class=\"item-footer\" style=\"\"\">\r\n\t\t\t\t\t\t\t\t\t\t\t<\/div>\r\n\t\t<\/div>\r\n\t<\/div>\r\n\r\n<\/article>\r\n\r\n<article class=\"citadela-directory-item has-thumbnail has-description\" style=\"\"\">\r\n\r\n\t<div class=\"item-content\" style=\"\"\">\r\n\t\t\t\t<div class=\"item-thumbnail\">\r\n\t\t\t\t\t\t<a href=\"https:\/\/funtana.com\/it\/fishermans-feasts\/\"><img decoding=\"async\" src=\"https:\/\/funtana.com\/wp-content\/uploads\/2024\/01\/apimg-031-640x480.jpg\" class=\"item-image\" alt=\"Le Feste dei Pescatori: il sapore e il fascino del Mediterraneo\"><\/a>\r\n\t\t<\/div>\r\n\t\t\r\n\t\t<div class=\"item-body\">\r\n\t\t\t<div class=\"item-title\">\r\n\t\t\t\t\t\t\t\t<a href=\"https:\/\/funtana.com\/it\/fishermans-feasts\/\">\r\n\t\t\t\t\t<div class=\"item-title-wrap\">\r\n\t\t\t\t\t\t<div class=\"post-title\">\r\n\t\t\t\t\t\t\tLe Feste dei Pescatori: il sapore e il fascino del Mediterraneo\t\t\t\t\t\t<\/div>\r\n\t\t\t\t\t<\/div>\r\n\t\t\t\t<\/a>\r\n\t\t\t\t\t\t\t<\/div>\r\n\t\t\t\t\t\t<div class=\"item-text\">\r\n\t\t\t\t<div class=\"item-description\">\r\n\t\t\t\t\t<p>\r\n\t\t\t\t\t\t\t\t\t\t\t\tNonostante sia diventata una grande stazione turistica, Fontane \u00e8 pur sempre un piccolo borgo sul mare, in cui sopravvivono ancora i vecchi usi che generano il fascino nostalgico del Mediterraneo. I momenti in cui vengono riscoperti i costumi locali sono le Feste dei Pescatori che si svolgono al porto per&#8230;\t\t\t\t\t<\/p>\r\n\t\t\t\t\t<a href=\"https:\/\/funtana.com\/it\/fishermans-feasts\/\" class=\"more\">Vedi di pi\u00f9<\/a>\r\n\t\t\t\t<\/div>\r\n\t\t\t<\/div>\r\n\t\t\t\t\t\t<div class=\"item-footer\" style=\"\"\">\r\n\t\t\t\t\t\t\t\t\t\t\t<\/div>\r\n\t\t<\/div>\r\n\t<\/div>\r\n\r\n<\/article>\r\n\r\n<article class=\"citadela-directory-item has-thumbnail has-description\" style=\"\"\">\r\n\r\n\t<div class=\"item-content\" style=\"\"\">\r\n\t\t\t\t<div class=\"item-thumbnail\">\r\n\t\t\t\t\t\t<a href=\"https:\/\/funtana.com\/it\/funtanas-cultural-summer\/\"><img decoding=\"async\" src=\"https:\/\/funtana.com\/wp-content\/uploads\/2024\/01\/20180828_214647-640x480.jpg\" class=\"item-image\" alt=\"l\u2019Estate culturale di Fontane. Anche quest\u2019anno \u00e8 previsto un ricco programma con diversi concerti eccellenti dedicati a tutti i visitatori e amanti della buona musica\"><\/a>\r\n\t\t<\/div>\r\n\t\t\r\n\t\t<div class=\"item-body\">\r\n\t\t\t<div class=\"item-title\">\r\n\t\t\t\t\t\t\t\t<a href=\"https:\/\/funtana.com\/it\/funtanas-cultural-summer\/\">\r\n\t\t\t\t\t<div class=\"item-title-wrap\">\r\n\t\t\t\t\t\t<div class=\"post-title\">\r\n\t\t\t\t\t\t\tl\u2019Estate culturale di Fontane. Anche quest\u2019anno \u00e8 previsto un ricco programma con diversi concerti eccellenti dedicati a tutti i visitatori e amanti della buona musica\t\t\t\t\t\t<\/div>\r\n\t\t\t\t\t<\/div>\r\n\t\t\t\t<\/a>\r\n\t\t\t\t\t\t\t<\/div>\r\n\t\t\t\t\t\t<div class=\"item-text\">\r\n\t\t\t\t<div class=\"item-description\">\r\n\t\t\t\t\t<p>\r\n\t\t\t\t\t\t\t\t\t\t\t\tL\u2019Ente per il turismo di Fontane continua anche quest\u2019anno a organizzare concerti ed eventi nella chiesa di S. Bernardo, situata nell\u2019omonima piazza.&nbsp;I visitatori potranno partecipare agli eccellenti concerti dei musicisti croati pi\u00f9 eminenti e a interessanti collaborazioni musicali note per la qualit\u00e0 dell\u2019esecuzione e la loro variet\u00e0. L\u2019Estate culturale di&#8230;\t\t\t\t\t<\/p>\r\n\t\t\t\t\t<a href=\"https:\/\/funtana.com\/it\/funtanas-cultural-summer\/\" class=\"more\">Vedi di pi\u00f9<\/a>\r\n\t\t\t\t<\/div>\r\n\t\t\t<\/div>\r\n\t\t\t\t\t\t<div class=\"item-footer\" style=\"\"\">\r\n\t\t\t\t\t\t\t\t\t\t\t<\/div>\r\n\t\t<\/div>\r\n\t<\/div>\r\n\r\n<\/article>\r\n\r\n<article class=\"citadela-directory-item has-thumbnail has-description\" style=\"\"\">\r\n\r\n\t<div class=\"item-content\" style=\"\"\">\r\n\t\t\t\t<div class=\"item-thumbnail\">\r\n\t\t\t\t\t\t<a href=\"https:\/\/funtana.com\/it\/gastro-riviera\/\"><img decoding=\"async\" src=\"https:\/\/funtana.com\/wp-content\/uploads\/2024\/01\/GASTRO-RIVIJERA-640x480.jpg\" class=\"item-image\" alt=\"Il litorale gastronomico\"><\/a>\r\n\t\t<\/div>\r\n\t\t\r\n\t\t<div class=\"item-body\">\r\n\t\t\t<div class=\"item-title\">\r\n\t\t\t\t\t\t\t\t<a href=\"https:\/\/funtana.com\/it\/gastro-riviera\/\">\r\n\t\t\t\t\t<div class=\"item-title-wrap\">\r\n\t\t\t\t\t\t<div class=\"post-title\">\r\n\t\t\t\t\t\t\tIl litorale gastronomico\t\t\t\t\t\t<\/div>\r\n\t\t\t\t\t<\/div>\r\n\t\t\t\t<\/a>\r\n\t\t\t\t\t\t\t<\/div>\r\n\t\t\t\t\t\t<div class=\"item-text\">\r\n\t\t\t\t<div class=\"item-description\">\r\n\t\t\t\t\t<p>\r\n\t\t\t\t\t\t\t\t\t\t\t\tLo sapevate che Funtana \u00e8 una cittadina con meno di mille abitanti e che i suoi ristoranti, le trattorie, i bar e gli affittacamere sono praticamente sempre aperti? Dato che la concentrazione delle&nbsp;strutture di ristorazione&nbsp;in questa zona \u00e8 talmente alta da non aver rivali in nessun\u2019altra parte dell\u2019Istria, Funtana e&#8230;\t\t\t\t\t<\/p>\r\n\t\t\t\t\t<a href=\"https:\/\/funtana.com\/it\/gastro-riviera\/\" class=\"more\">Vedi di pi\u00f9<\/a>\r\n\t\t\t\t<\/div>\r\n\t\t\t<\/div>\r\n\t\t\t\t\t\t<div class=\"item-footer\" style=\"\"\">\r\n\t\t\t\t\t\t\t\t\t\t\t<\/div>\r\n\t\t<\/div>\r\n\t<\/div>\r\n\r\n<\/article>\r\n\r\n    <\/div>\r\n<\/div>        <\/div>\r\n        \r\n        \n\n         <div \r\n            class=\"citadela-block-responsive-text align-center\"\r\n                                 >\r\n            <h3 class=\"inner-tag\" style=\"font-family:'Kalam'; color: #209cef;\"><strong>Funtana &#8211; alle fonti dell\u2019amicizi<\/strong>a<\/h3>         <\/div>\r\n      \n\n\n<figure class=\"wp-block-video\"><video height=\"1080\" style=\"aspect-ratio: 1920 \/ 1080;\" width=\"1920\" autoplay controls loop muted poster=\"https:\/\/funtana.com\/wp-content\/uploads\/2024\/05\/28947249_1628685673879950_5644820402489308628_o-5-5-2-1.jpg\" preload=\"auto\" src=\"https:\/\/funtana.com\/wp-content\/uploads\/2024\/06\/istra-ljeto.mp4\" playsinline><\/video><\/figure>\n\n\n\n<div class=\"wp-block-citadela-blocks-spacer citadela-block-spacer\"><div class=\"inner-holder\" style=\"padding-top:2em\"><\/div><\/div>\n\n\n\n<div class=\"wp-block-group alignfull\"><div class=\"wp-block-group__inner-container is-layout-constrained wp-block-group-is-layout-constrained\">\n<div class=\"htmlAreaContainer\">\n<div>\n<div>\n<p>Fontane \u00e8 un noto centro di villeggiatura benedetto da un clima mite e da un mare pulito, con una stagione balneare che dura da maggio a ottobre, a poche ore di distanza da tutte le maggiori capitali europee.<\/p>\n<p>La sua\u00a0<strong>costa frastagliata,<\/strong>\u00a0che si estende da\u00a0<strong>Zelena laguna<\/strong>, alla periferia di Parenzo, sino a <strong>Valkanela,<\/strong>\u00a0alle porte di Orsera, \u00e8 davvero ideale per lo sviluppo dell\u2019attivit\u00e0 turistica.<\/p>\n<p>Grazie alla loro ricca offerta ed alle strutture di ristorazione e quelle turistiche, i rinomati\u00a0<a href=\"_wp_link_placeholder\" data-wplink-edit=\"true\"><strong>campeggi, il villaggio turistico e gli alberghi<\/strong><\/a>\u00a0Fontane e Delfin, sono mete predilette di numerosi turisti.<\/p>\n<p>A testimonianza del fatto che si tratti di un accogliente centro di villeggiatura dalla\u00a0<strong>lunga tradizione turistica<\/strong>, non c\u2019\u00e8 niente di meglio che osservare i volti soddisfatti dei sempre pi\u00f9 numerosi turisti che ogni anno vi soggiornano, nonch\u00e9 dell\u2019adulatorio appellativo della\u00a0<strong>\u2018\u2019pi\u00f9 turistica tra le piccole localit\u00e0 dell\u2019Adriatico\u2019\u2019<\/strong>\u00a0del quale Funtana era a suo tempo insignita \u2026<\/p>\n<\/div>\n<\/div>\n<\/div>\n<\/div><\/div>\n<\/div><\/div>\n\n\n\n<div class=\"wp-block-citadela-blocks-custom-container citadela-block-custom-container responsive-options loading-image size-wide bg-type-image inside-space-none bg-size-auto has-overlay\" data-block-attr=\"{&quot;backgroundImage&quot;:&quot;url(https:\/\/funtana.com\/wp-content\/uploads\/2020\/06\/blank.png)&quot;,&quot;position&quot;:&quot;100% 100%&quot;}\" data-block-mobile-breakpoint=\"730\"><div class=\"bg-image-wrapper\" style=\"background-image:url(https:\/\/funtana.com\/wp-content\/uploads\/2020\/06\/path-bg.png);background-repeat:no-repeat;background-position:100% 2%\"><\/div><div class=\"bg-image-overlay\" style=\"opacity:0.5\"><\/div><div class=\"inner-holder\">\n<h2 class=\"wp-block-heading\"><\/h2>\n\n\n\n<div  class=\"tribe-compatibility-container\" >\n\t<div\n\t\t class=\"tribe-common tribe-events tribe-events-view tribe-events-view--widget-events-list tribe-events-widget\" \t\tdata-js=\"tribe-events-view\"\n\t\tdata-view-rest-url=\"https:\/\/funtana.com\/it\/wp-json\/tribe\/views\/v2\/html\"\n\t\tdata-view-manage-url=\"1\"\n\t\t\t\t\t\t\tdata-view-breakpoint-pointer=\"38fae97f-31a9-4a34-8a28-a36b7d79699d\"\n\t\t\t>\n\t\t<div class=\"tribe-events-widget-events-list\">\n\n\t\t\t<script type=\"application\/ld+json\">\r\n[{\"@context\":\"http:\/\/schema.org\",\"@type\":\"Event\",\"name\":\"Festa dei pescatori\",\"description\":\"&lt;p&gt;Manifestazione gastronomica e programma d\\u2019intrattenimento Le tradizionali ricorrenze paesane con tanto di musica dal vivo e l\\u2019immancabile offerta gastronomica a base di specialit\\u00e0 marine, preparate dai pescatori con il pescato [&hellip;]&lt;\/p&gt;\\\\n\",\"image\":\"https:\/\/funtana.com\/wp-content\/uploads\/2024\/06\/ap-img-44-scaled.jpg\",\"url\":\"https:\/\/funtana.com\/it\/event\/festa-dei-pescatori-8\/\",\"eventAttendanceMode\":\"https:\/\/schema.org\/OfflineEventAttendanceMode\",\"eventStatus\":\"https:\/\/schema.org\/EventScheduled\",\"startDate\":\"2026-06-05T18:00:00+00:00\",\"endDate\":\"2026-06-06T01:00:00+00:00\",\"location\":{\"@type\":\"Place\",\"name\":\"Riva Funtana\",\"description\":\"&lt;p&gt;excerpt &lt;\/p&gt;\\\\n\",\"url\":\"https:\/\/funtana.com\/luogo\/riva-funtana\/\",\"address\":{\"@type\":\"PostalAddress\",\"streetAddress\":\"Funtana, Ribarska\",\"addressLocality\":\"Funtana\",\"postalCode\":\"52452\",\"addressCountry\":\"Croatia (Local Name: Hrvatska)\"},\"geo\":{\"@type\":\"GeoCoordinates\",\"latitude\":45.178018,\"longitude\":13.598766},\"telephone\":\"\",\"sameAs\":\"\"},\"organizer\":{\"@type\":\"Person\",\"name\":\"Turist board Funtana\",\"description\":\"\",\"url\":\"\",\"telephone\":\"+385 52 445 119\",\"email\":\"&#105;n&#102;o&#64;funt&#97;n&#97;.c&#111;m\",\"sameAs\":\"\"},\"performer\":\"Organization\"},{\"@context\":\"http:\/\/schema.org\",\"@type\":\"Event\",\"name\":\"Cinema on the beach\",\"description\":\"&lt;p&gt;Dear outdoor cinema enthusiasts, Come and enjoy this magical movie experience with the sound and scent of the sea. Get comfortable and immerse yourself in the magic of outdoor cinema [&hellip;]&lt;\/p&gt;\\\\n\",\"image\":\"https:\/\/funtana.com\/wp-content\/uploads\/2025\/05\/apimg-334-scaled-3.jpg\",\"url\":\"https:\/\/funtana.com\/it\/event\/cinema-on-the-beach\/\",\"eventAttendanceMode\":\"https:\/\/schema.org\/OfflineEventAttendanceMode\",\"eventStatus\":\"https:\/\/schema.org\/EventScheduled\",\"startDate\":\"2026-06-24T21:15:00+00:00\",\"endDate\":\"2026-06-24T23:30:00+00:00\",\"location\":{\"@type\":\"Place\",\"name\":\"Pla\\u017ea Bernardina\",\"description\":\"\",\"url\":\"https:\/\/funtana.com\/it\/luogo\/plaza-bernardina\/\",\"address\":{\"@type\":\"PostalAddress\",\"streetAddress\":\"Pla\\u017ea Funtana\",\"addressLocality\":\"Funtana\",\"addressCountry\":\"Croatia (Local Name: Hrvatska)\"},\"geo\":{\"@type\":\"GeoCoordinates\",\"latitude\":45.1801341,\"longitude\":13.6041639},\"telephone\":\"\",\"sameAs\":\"\"},\"organizer\":{\"@type\":\"Person\",\"name\":\"Turist board Funtana\",\"description\":\"\",\"url\":\"\",\"telephone\":\"+385 52 445 119\",\"email\":\"in&#102;&#111;&#64;funt&#97;&#110;&#97;.&#99;o&#109;\",\"sameAs\":\"\"},\"performer\":\"Organization\"},{\"@context\":\"http:\/\/schema.org\",\"@type\":\"Event\",\"name\":\"Festa dei pescatori\",\"description\":\"&lt;p&gt;Manifestazione gastronomica e programma d\\u2019intrattenimento Le tradizionali ricorrenze paesane con tanto di musica dal vivo e l\\u2019immancabile offerta gastronomica a base di specialit\\u00e0 marine, preparate dai pescatori con il pescato [&hellip;]&lt;\/p&gt;\\\\n\",\"image\":\"https:\/\/funtana.com\/wp-content\/uploads\/2024\/06\/ap-img-44-scaled.jpg\",\"url\":\"https:\/\/funtana.com\/it\/event\/festa-dei-pescatori-9\/\",\"eventAttendanceMode\":\"https:\/\/schema.org\/OfflineEventAttendanceMode\",\"eventStatus\":\"https:\/\/schema.org\/EventScheduled\",\"startDate\":\"2026-06-26T18:00:00+00:00\",\"endDate\":\"2026-06-27T01:00:00+00:00\",\"location\":{\"@type\":\"Place\",\"name\":\"Riva Funtana\",\"description\":\"&lt;p&gt;excerpt &lt;\/p&gt;\\\\n\",\"url\":\"https:\/\/funtana.com\/luogo\/riva-funtana\/\",\"address\":{\"@type\":\"PostalAddress\",\"streetAddress\":\"Funtana, Ribarska\",\"addressLocality\":\"Funtana\",\"postalCode\":\"52452\",\"addressCountry\":\"Croatia (Local Name: Hrvatska)\"},\"geo\":{\"@type\":\"GeoCoordinates\",\"latitude\":45.178018,\"longitude\":13.598766},\"telephone\":\"\",\"sameAs\":\"\"},\"organizer\":{\"@type\":\"Person\",\"name\":\"Turist board Funtana\",\"description\":\"\",\"url\":\"\",\"telephone\":\"+385 52 445 119\",\"email\":\"&#105;nfo&#64;f&#117;ntana&#46;co&#109;\",\"sameAs\":\"\"},\"performer\":\"Organization\"},{\"@context\":\"http:\/\/schema.org\",\"@type\":\"Event\",\"name\":\"Concerto: KLAPA TERAN\",\"description\":\"\",\"image\":\"https:\/\/funtana.com\/wp-content\/uploads\/2026\/04\/apimg-039-2048x1365-1-2-1.jpg\",\"url\":\"https:\/\/funtana.com\/it\/event\/klapa-teran\/\",\"eventAttendanceMode\":\"https:\/\/schema.org\/OfflineEventAttendanceMode\",\"eventStatus\":\"https:\/\/schema.org\/EventScheduled\",\"startDate\":\"2026-06-30T21:00:00+00:00\",\"endDate\":\"2026-06-30T23:00:00+00:00\",\"location\":{\"@type\":\"Place\",\"name\":\"Trg Sv. Bernarda\",\"description\":\"\",\"url\":\"https:\/\/funtana.com\/luogo\/trg-sv-bernarda\/\",\"address\":{\"@type\":\"PostalAddress\",\"streetAddress\":\"Trg Sv. Bernarda\",\"addressLocality\":\"Funtana\",\"addressCountry\":\"Croatia (Local Name: Hrvatska)\"},\"geo\":{\"@type\":\"GeoCoordinates\",\"latitude\":45.173394,\"longitude\":13.6034259},\"telephone\":\"\",\"sameAs\":\"\"},\"organizer\":{\"@type\":\"Person\",\"name\":\"Turist board Funtana\",\"description\":\"\",\"url\":\"\",\"telephone\":\"+385 52 445 119\",\"email\":\"&#105;n&#102;&#111;&#64;fu&#110;t&#97;&#110;a&#46;&#99;&#111;&#109;\",\"sameAs\":\"\"},\"performer\":\"Organization\"},{\"@context\":\"http:\/\/schema.org\",\"@type\":\"Event\",\"name\":\"Festa dei pescatori\",\"description\":\"&lt;p&gt;Manifestazione gastronomica e programma d\\u2019intrattenimento Le tradizionali ricorrenze paesane con tanto di musica dal vivo e l\\u2019immancabile offerta gastronomica a base di specialit\\u00e0 marine, preparate dai pescatori con il pescato [&hellip;]&lt;\/p&gt;\\\\n\",\"image\":\"https:\/\/funtana.com\/wp-content\/uploads\/2024\/06\/ap-img-44-scaled.jpg\",\"url\":\"https:\/\/funtana.com\/it\/event\/festa-dei-pescatori-10\/\",\"eventAttendanceMode\":\"https:\/\/schema.org\/OfflineEventAttendanceMode\",\"eventStatus\":\"https:\/\/schema.org\/EventScheduled\",\"startDate\":\"2026-07-03T18:00:00+00:00\",\"endDate\":\"2026-07-04T01:00:00+00:00\",\"location\":{\"@type\":\"Place\",\"name\":\"Riva Funtana\",\"description\":\"&lt;p&gt;excerpt &lt;\/p&gt;\\\\n\",\"url\":\"https:\/\/funtana.com\/luogo\/riva-funtana\/\",\"address\":{\"@type\":\"PostalAddress\",\"streetAddress\":\"Funtana, Ribarska\",\"addressLocality\":\"Funtana\",\"postalCode\":\"52452\",\"addressCountry\":\"Croatia (Local Name: Hrvatska)\"},\"geo\":{\"@type\":\"GeoCoordinates\",\"latitude\":45.178018,\"longitude\":13.598766},\"telephone\":\"\",\"sameAs\":\"\"},\"organizer\":{\"@type\":\"Person\",\"name\":\"Turist board Funtana\",\"description\":\"\",\"url\":\"\",\"telephone\":\"+385 52 445 119\",\"email\":\"&#105;&#110;fo&#64;f&#117;&#110;&#116;&#97;&#110;a.&#99;&#111;m\",\"sameAs\":\"\"},\"performer\":\"Organization\"}]\r\n<\/script>\n\t\t\t<script data-js=\"tribe-events-view-data\" type=\"application\/json\">\n\t{\"slug\":\"widget-events-list\",\"prev_url\":\"\",\"next_url\":\"https:\\\/\\\/funtana.com\\\/it\\\/?post_type=tribe_events&eventDisplay=widget-events-list&paged=2\",\"view_class\":\"Tribe\\\\Events\\\\Views\\\\V2\\\\Views\\\\Widgets\\\\Widget_List_View\",\"view_slug\":\"widget-events-list\",\"view_label\":\"View\",\"view\":null,\"should_manage_url\":true,\"id\":null,\"alias-slugs\":null,\"title\":\"Eventi from Aprile 30 \\u2013 Luglio 3\",\"limit\":\"5\",\"no_upcoming_events\":true,\"featured_events_only\":false,\"jsonld_enable\":true,\"tribe_is_list_widget\":false,\"admin_fields\":{\"title\":{\"label\":\"Titolo:\",\"type\":\"text\",\"parent_classes\":\"\",\"classes\":\"\",\"dependency\":\"\",\"id\":\"widget-tribe-widget-events-list--1-title\",\"name\":\"widget-tribe-widget-events-list[-1][title]\",\"options\":[],\"placeholder\":\"\",\"value\":null},\"limit\":{\"label\":\"Mostra:\",\"type\":\"number\",\"default\":5,\"min\":1,\"max\":10,\"step\":1,\"parent_classes\":\"\",\"classes\":\"\",\"dependency\":\"\",\"id\":\"widget-tribe-widget-events-list--1-limit\",\"name\":\"widget-tribe-widget-events-list[-1][limit]\",\"options\":[],\"placeholder\":\"\",\"value\":null},\"no_upcoming_events\":{\"label\":\"Nascondi questo widget se non ci sono eventi in programma.\",\"type\":\"checkbox\",\"parent_classes\":\"\",\"classes\":\"\",\"dependency\":\"\",\"id\":\"widget-tribe-widget-events-list--1-no_upcoming_events\",\"name\":\"widget-tribe-widget-events-list[-1][no_upcoming_events]\",\"options\":[],\"placeholder\":\"\",\"value\":null},\"featured_events_only\":{\"label\":\"Mostra solo eventi\",\"type\":\"checkbox\",\"parent_classes\":\"\",\"classes\":\"\",\"dependency\":\"\",\"id\":\"widget-tribe-widget-events-list--1-featured_events_only\",\"name\":\"widget-tribe-widget-events-list[-1][featured_events_only]\",\"options\":[],\"placeholder\":\"\",\"value\":null},\"jsonld_enable\":{\"label\":\"Genera dati JSON-LD\",\"type\":\"checkbox\",\"parent_classes\":\"\",\"classes\":\"\",\"dependency\":\"\",\"id\":\"widget-tribe-widget-events-list--1-jsonld_enable\",\"name\":\"widget-tribe-widget-events-list[-1][jsonld_enable]\",\"options\":[],\"placeholder\":\"\",\"value\":null}},\"venue\":false,\"country\":false,\"street\":false,\"city\":false,\"region\":false,\"zip\":false,\"phone\":false,\"cost\":false,\"organizer\":false,\"website\":false,\"operand\":\"OR\",\"filters\":false,\"events\":[46584,40015,46594,47241,46630],\"url\":\"https:\\\/\\\/funtana.com\\\/it\\\/?post_type=tribe_events&eventDisplay=widget-events-list\",\"url_event_date\":false,\"bar\":{\"keyword\":\"\",\"date\":\"\"},\"today\":\"2026-04-30 00:00:00\",\"now\":\"2026-04-30 08:16:10\",\"home_url\":\"https:\\\/\\\/funtana.com\\\/it\\\/\",\"rest_url\":\"https:\\\/\\\/funtana.com\\\/it\\\/wp-json\\\/tribe\\\/views\\\/v2\\\/html\",\"rest_method\":\"GET\",\"rest_nonce\":\"\",\"today_url\":\"https:\\\/\\\/funtana.com\\\/it\\\/?post_type=tribe_events&eventDisplay=widget-events-list&rest_route=%2Fwp%2Fv2%2Fpages%2F25270\",\"today_title\":\"Clicca per selezionare la data di oggi\",\"today_label\":\"Oggi\",\"prev_label\":\"\",\"next_label\":\"\",\"date_formats\":{\"compact\":\"d.m.Y\",\"month_and_year_compact\":\"m.Y\",\"month_and_year\":\"F Y\",\"time_range_separator\":\" - \",\"date_time_separator\":\"; \"},\"messages\":[],\"start_of_week\":\"1\",\"header_title\":\"\",\"header_title_element\":\"h1\",\"content_title\":\"\",\"show_content_title\":false,\"breadcrumbs\":[],\"backlink\":false,\"before_events\":\"\",\"after_events\":\"\\n<!--\\nThis calendar is powered by The Events Calendar.\\nhttp:\\\/\\\/evnt.is\\\/18wn\\n-->\\n\",\"display_events_bar\":false,\"disable_event_search\":false,\"live_refresh\":true,\"ical\":{\"display_link\":true,\"link\":{\"url\":\"https:\\\/\\\/funtana.com\\\/it\\\/?post_type=tribe_events&#038;eventDisplay=widget-events-list&#038;ical=1\",\"text\":\"Esporta Eventi\",\"title\":\"Usa questo per condividere i dati del calendario con Google Calendar, Apple iCal e altre applicazioni compatibili\"}},\"container_classes\":[\"tribe-common\",\"tribe-events\",\"tribe-events-view\",\"tribe-events-view--widget-events-list\",\"tribe-events-widget\"],\"container_data\":[],\"is_past\":false,\"breakpoints\":{\"xsmall\":500,\"medium\":768,\"full\":960},\"breakpoint_pointer\":\"38fae97f-31a9-4a34-8a28-a36b7d79699d\",\"is_initial_load\":false,\"public_views\":{\"list\":{\"view_class\":\"Tribe\\\\Events\\\\Views\\\\V2\\\\Views\\\\List_View\",\"view_url\":\"https:\\\/\\\/funtana.com\\\/it\\\/eventi\\\/elenco\\\/\",\"view_label\":\"Lista\",\"aria_label\":\"Display Eventi in Lista View\"},\"month\":{\"view_class\":\"Tribe\\\\Events\\\\Views\\\\V2\\\\Views\\\\Month_View\",\"view_url\":\"https:\\\/\\\/funtana.com\\\/it\\\/eventi\\\/mese\\\/\",\"view_label\":\"Mese\",\"aria_label\":\"Display Eventi in Mese View\"}},\"show_latest_past\":false,\"past\":false,\"category_colors_enabled\":false,\"category_colors_category_dropdown\":[],\"category_colors_super_power\":false,\"category_colors_show_reset_button\":false,\"compatibility_classes\":[\"tribe-compatibility-container\"],\"view_more_text\":\"Vedi Calendario\",\"view_more_title\":\"Visualizza pi\\u00f9 eventi.\",\"view_more_link\":\"https:\\\/\\\/funtana.com\\\/it\\\/eventi\\\/\",\"widget_title\":\"Eventi in programma\",\"hide_if_no_upcoming_events\":true,\"display\":[],\"subscribe_links\":{\"gcal\":{\"label\":\"Google Calendar\",\"single_label\":\"Aggiungi a Google Calendar\",\"visible\":true,\"block_slug\":\"hasGoogleCalendar\"},\"ical\":{\"label\":\"iCalendar\",\"single_label\":\"Aggiungi a iCalendar\",\"visible\":true,\"block_slug\":\"hasiCal\"},\"outlook-365\":{\"label\":\"Outlook 365\",\"single_label\":\"Outlook 365\",\"visible\":true,\"block_slug\":\"hasOutlook365\"},\"outlook-live\":{\"label\":\"Outlook Live\",\"single_label\":\"Outlook Live\",\"visible\":true,\"block_slug\":\"hasOutlookLive\"},\"ics\":{\"label\":\"Esporta il file .ics\",\"single_label\":\"Esporta il file .ics\",\"visible\":true,\"block_slug\":null},\"outlook-ics\":{\"label\":\"Esporta file .ics di Outlook\",\"single_label\":\"Esporta file .ics di Outlook\",\"visible\":true,\"block_slug\":null}},\"_context\":{\"slug\":\"widget-events-list\"}}<\/script>\n\n\t\t\t\t\t\t\t<header class=\"tribe-events-widget-events-list__header\">\n\t\t\t\t\t<h2 class=\"tribe-events-widget-events-list__header-title tribe-common-h6 tribe-common-h--alt\">\n\t\t\t\t\t\tEventi in programma\t\t\t\t\t<\/h2>\n\t\t\t\t<\/header>\n\t\t\t\n\t\t\t\n\t\t\t\t<div class=\"tribe-events-widget-events-list__events\">\n\t\t\t\t\t\t\t\t\t\t\t<div  class=\"tribe-common-g-row tribe-events-widget-events-list__event-row\" >\n\n\t<div class=\"tribe-events-widget-events-list__event-date-tag tribe-common-g-col\">\n\t<time class=\"tribe-events-widget-events-list__event-date-tag-datetime\" datetime=\"2026-06-05\">\n\t\t<span class=\"tribe-events-widget-events-list__event-date-tag-month\">\n\t\t\tGiu\t\t<\/span>\n\t\t<span class=\"tribe-events-widget-events-list__event-date-tag-daynum tribe-common-h2 tribe-common-h4--min-medium\">\n\t\t\t5\t\t<\/span>\n\t<\/time>\n<\/div>\n\n\t<div class=\"tribe-events-widget-events-list__event-wrapper tribe-common-g-col\">\n\t\t<article  class=\"tribe-events-widget-events-list__event post-46584 tribe_events type-tribe_events status-publish has-post-thumbnail hentry tribe_events_cat-fishermans-feast-it\" >\n\t\t\t<div class=\"tribe-events-widget-events-list__event-details\">\n\n\t\t\t\t<header class=\"tribe-events-widget-events-list__event-header\">\n\t\t\t\t\t<div class=\"tribe-events-widget-events-list__event-datetime-wrapper tribe-common-b2 tribe-common-b3--min-medium\">\n\t\t<time class=\"tribe-events-widget-events-list__event-datetime\" datetime=\"2026-06-05\">\n\t\t<span class=\"tribe-event-date-start\">Giugno 5; 18:00<\/span> &#8211; <span class=\"tribe-event-date-end\">Giugno 6; 1:00<\/span> <span class='timezone'> UTC+0 <\/span>\t<\/time>\n\t<\/div>\n\t\t\t\t\t<h3 class=\"tribe-events-widget-events-list__event-title tribe-common-h7\">\n\t<a\n\t\thref=\"https:\/\/funtana.com\/it\/event\/festa-dei-pescatori-8\/\"\n\t\ttitle=\"Festa dei pescatori\"\n\t\trel=\"bookmark\"\n\t\tclass=\"tribe-events-widget-events-list__event-title-link tribe-common-anchor-thin\"\n\t>\n\t\tFesta dei pescatori\t<\/a>\n<\/h3>\n\t\t\t\t<\/header>\n\n\t\t\t\t\n\t\t\t<\/div>\n\t\t<\/article>\n\t<\/div>\n\n<\/div>\n\t\t\t\t\t\t\t\t\t\t\t<div  class=\"tribe-common-g-row tribe-events-widget-events-list__event-row\" >\n\n\t<div class=\"tribe-events-widget-events-list__event-date-tag tribe-common-g-col\">\n\t<time class=\"tribe-events-widget-events-list__event-date-tag-datetime\" datetime=\"2026-06-24\">\n\t\t<span class=\"tribe-events-widget-events-list__event-date-tag-month\">\n\t\t\tGiu\t\t<\/span>\n\t\t<span class=\"tribe-events-widget-events-list__event-date-tag-daynum tribe-common-h2 tribe-common-h4--min-medium\">\n\t\t\t24\t\t<\/span>\n\t<\/time>\n<\/div>\n\n\t<div class=\"tribe-events-widget-events-list__event-wrapper tribe-common-g-col\">\n\t\t<article  class=\"tribe-events-widget-events-list__event post-40015 tribe_events type-tribe_events status-publish has-post-thumbnail hentry\" >\n\t\t\t<div class=\"tribe-events-widget-events-list__event-details\">\n\n\t\t\t\t<header class=\"tribe-events-widget-events-list__event-header\">\n\t\t\t\t\t<div class=\"tribe-events-widget-events-list__event-datetime-wrapper tribe-common-b2 tribe-common-b3--min-medium\">\n\t\t<time class=\"tribe-events-widget-events-list__event-datetime\" datetime=\"2026-06-24\">\n\t\t<span class=\"tribe-event-date-start\">21:15<\/span> &#8211; <span class=\"tribe-event-time\">23:30<\/span> <span class='timezone'> UTC+0 <\/span>\t<\/time>\n\t<\/div>\n\t\t\t\t\t<h3 class=\"tribe-events-widget-events-list__event-title tribe-common-h7\">\n\t<a\n\t\thref=\"https:\/\/funtana.com\/it\/event\/cinema-on-the-beach\/\"\n\t\ttitle=\"Cinema on the beach\"\n\t\trel=\"bookmark\"\n\t\tclass=\"tribe-events-widget-events-list__event-title-link tribe-common-anchor-thin\"\n\t>\n\t\tCinema on the beach\t<\/a>\n<\/h3>\n\t\t\t\t<\/header>\n\n\t\t\t\t\n\t\t\t<\/div>\n\t\t<\/article>\n\t<\/div>\n\n<\/div>\n\t\t\t\t\t\t\t\t\t\t\t<div  class=\"tribe-common-g-row tribe-events-widget-events-list__event-row\" >\n\n\t<div class=\"tribe-events-widget-events-list__event-date-tag tribe-common-g-col\">\n\t<time class=\"tribe-events-widget-events-list__event-date-tag-datetime\" datetime=\"2026-06-26\">\n\t\t<span class=\"tribe-events-widget-events-list__event-date-tag-month\">\n\t\t\tGiu\t\t<\/span>\n\t\t<span class=\"tribe-events-widget-events-list__event-date-tag-daynum tribe-common-h2 tribe-common-h4--min-medium\">\n\t\t\t26\t\t<\/span>\n\t<\/time>\n<\/div>\n\n\t<div class=\"tribe-events-widget-events-list__event-wrapper tribe-common-g-col\">\n\t\t<article  class=\"tribe-events-widget-events-list__event post-46594 tribe_events type-tribe_events status-publish has-post-thumbnail hentry tribe_events_cat-fishermans-feast-it\" >\n\t\t\t<div class=\"tribe-events-widget-events-list__event-details\">\n\n\t\t\t\t<header class=\"tribe-events-widget-events-list__event-header\">\n\t\t\t\t\t<div class=\"tribe-events-widget-events-list__event-datetime-wrapper tribe-common-b2 tribe-common-b3--min-medium\">\n\t\t<time class=\"tribe-events-widget-events-list__event-datetime\" datetime=\"2026-06-26\">\n\t\t<span class=\"tribe-event-date-start\">Giugno 26; 18:00<\/span> &#8211; <span class=\"tribe-event-date-end\">Giugno 27; 1:00<\/span> <span class='timezone'> UTC+0 <\/span>\t<\/time>\n\t<\/div>\n\t\t\t\t\t<h3 class=\"tribe-events-widget-events-list__event-title tribe-common-h7\">\n\t<a\n\t\thref=\"https:\/\/funtana.com\/it\/event\/festa-dei-pescatori-9\/\"\n\t\ttitle=\"Festa dei pescatori\"\n\t\trel=\"bookmark\"\n\t\tclass=\"tribe-events-widget-events-list__event-title-link tribe-common-anchor-thin\"\n\t>\n\t\tFesta dei pescatori\t<\/a>\n<\/h3>\n\t\t\t\t<\/header>\n\n\t\t\t\t\n\t\t\t<\/div>\n\t\t<\/article>\n\t<\/div>\n\n<\/div>\n\t\t\t\t\t\t\t\t\t\t\t<div  class=\"tribe-common-g-row tribe-events-widget-events-list__event-row\" >\n\n\t<div class=\"tribe-events-widget-events-list__event-date-tag tribe-common-g-col\">\n\t<time class=\"tribe-events-widget-events-list__event-date-tag-datetime\" datetime=\"2026-06-30\">\n\t\t<span class=\"tribe-events-widget-events-list__event-date-tag-month\">\n\t\t\tGiu\t\t<\/span>\n\t\t<span class=\"tribe-events-widget-events-list__event-date-tag-daynum tribe-common-h2 tribe-common-h4--min-medium\">\n\t\t\t30\t\t<\/span>\n\t<\/time>\n<\/div>\n\n\t<div class=\"tribe-events-widget-events-list__event-wrapper tribe-common-g-col\">\n\t\t<article  class=\"tribe-events-widget-events-list__event post-47241 tribe_events type-tribe_events status-publish has-post-thumbnail hentry\" >\n\t\t\t<div class=\"tribe-events-widget-events-list__event-details\">\n\n\t\t\t\t<header class=\"tribe-events-widget-events-list__event-header\">\n\t\t\t\t\t<div class=\"tribe-events-widget-events-list__event-datetime-wrapper tribe-common-b2 tribe-common-b3--min-medium\">\n\t\t<time class=\"tribe-events-widget-events-list__event-datetime\" datetime=\"2026-06-30\">\n\t\t<span class=\"tribe-event-date-start\">21:00<\/span> &#8211; <span class=\"tribe-event-time\">23:00<\/span> <span class='timezone'> UTC+0 <\/span>\t<\/time>\n\t<\/div>\n\t\t\t\t\t<h3 class=\"tribe-events-widget-events-list__event-title tribe-common-h7\">\n\t<a\n\t\thref=\"https:\/\/funtana.com\/it\/event\/klapa-teran\/\"\n\t\ttitle=\"Concerto: KLAPA TERAN\"\n\t\trel=\"bookmark\"\n\t\tclass=\"tribe-events-widget-events-list__event-title-link tribe-common-anchor-thin\"\n\t>\n\t\tConcerto: KLAPA TERAN\t<\/a>\n<\/h3>\n\t\t\t\t<\/header>\n\n\t\t\t\t\n\t\t\t<\/div>\n\t\t<\/article>\n\t<\/div>\n\n<\/div>\n\t\t\t\t\t\t\t\t\t\t\t<div  class=\"tribe-common-g-row tribe-events-widget-events-list__event-row\" >\n\n\t<div class=\"tribe-events-widget-events-list__event-date-tag tribe-common-g-col\">\n\t<time class=\"tribe-events-widget-events-list__event-date-tag-datetime\" datetime=\"2026-07-03\">\n\t\t<span class=\"tribe-events-widget-events-list__event-date-tag-month\">\n\t\t\tLug\t\t<\/span>\n\t\t<span class=\"tribe-events-widget-events-list__event-date-tag-daynum tribe-common-h2 tribe-common-h4--min-medium\">\n\t\t\t3\t\t<\/span>\n\t<\/time>\n<\/div>\n\n\t<div class=\"tribe-events-widget-events-list__event-wrapper tribe-common-g-col\">\n\t\t<article  class=\"tribe-events-widget-events-list__event post-46630 tribe_events type-tribe_events status-publish has-post-thumbnail hentry tribe_events_cat-fishermans-feast-it\" >\n\t\t\t<div class=\"tribe-events-widget-events-list__event-details\">\n\n\t\t\t\t<header class=\"tribe-events-widget-events-list__event-header\">\n\t\t\t\t\t<div class=\"tribe-events-widget-events-list__event-datetime-wrapper tribe-common-b2 tribe-common-b3--min-medium\">\n\t\t<time class=\"tribe-events-widget-events-list__event-datetime\" datetime=\"2026-07-03\">\n\t\t<span class=\"tribe-event-date-start\">Luglio 3; 18:00<\/span> &#8211; <span class=\"tribe-event-date-end\">Luglio 4; 1:00<\/span> <span class='timezone'> UTC+0 <\/span>\t<\/time>\n\t<\/div>\n\t\t\t\t\t<h3 class=\"tribe-events-widget-events-list__event-title tribe-common-h7\">\n\t<a\n\t\thref=\"https:\/\/funtana.com\/it\/event\/festa-dei-pescatori-10\/\"\n\t\ttitle=\"Festa dei pescatori\"\n\t\trel=\"bookmark\"\n\t\tclass=\"tribe-events-widget-events-list__event-title-link tribe-common-anchor-thin\"\n\t>\n\t\tFesta dei pescatori\t<\/a>\n<\/h3>\n\t\t\t\t<\/header>\n\n\t\t\t\t\n\t\t\t<\/div>\n\t\t<\/article>\n\t<\/div>\n\n<\/div>\n\t\t\t\t\t\t\t\t\t<\/div>\n\n\t\t\t\t<div class=\"tribe-events-widget-events-list__view-more tribe-common-b1 tribe-common-b2--min-medium\">\n\t<a\n\t\thref=\"https:\/\/funtana.com\/it\/eventi\/\"\n\t\tclass=\"tribe-events-widget-events-list__view-more-link tribe-common-anchor-thin\"\n\t\ttitle=\"Visualizza pi\u00f9 eventi.\"\n\t>\n\t\tVedi Calendario\t<\/a>\n<\/div>\n\n\t\t\t\t\t<\/div>\n\t<\/div>\n<\/div>\n<script data-js='tribe-events-view-nonce-data' type='application\/json'>{\"tvn1\":\"718eaa883d\",\"tvn2\":\"\"}<\/script>\n\n\n\n<div class=\"wp-block-citadela-blocks-spacer citadela-block-spacer\"><div class=\"inner-holder\" style=\"padding-top:20px\"><\/div><\/div>\n\n\n\n<div class=\"wp-block-citadela-blocks-custom-container citadela-block-custom-container responsive-options loading-image size-wide bg-type-image inside-space-none bg-size-auto has-overlay\" data-block-attr=\"{&quot;position&quot;:&quot;62% 46%&quot;}\" data-block-mobile-breakpoint=\"600\"><div class=\"bg-image-wrapper\" style=\"background-image:url(https:\/\/funtana.com\/wp-content\/uploads\/2024\/06\/FUNTANA-2021-00031.jpg);background-repeat:no-repeat;background-position:51% 43%\"><\/div><div class=\"bg-image-overlay\" style=\"background-color:#fefefe;opacity:0.5\"><\/div><div class=\"inner-holder\">\n<div class=\"wp-block-citadela-blocks-spacer citadela-block-spacer\"><div class=\"inner-holder\" style=\"padding-top:6.5vw\"><\/div><\/div>\n\n\n\n<div class=\"wp-block-columns alignwide is-layout-flex wp-container-core-columns-is-layout-9d6595d7 wp-block-columns-is-layout-flex\">\n<div class=\"wp-block-column is-vertically-aligned-top has-background is-layout-flow wp-block-column-is-layout-flow\" style=\"background-color:#ffffff78\">\n<p class=\"has-text-color\" style=\"color:#f15352;font-size:14px\"><strong>ALLOGGIO<\/strong><\/p>\n\n\n\n<div class=\"wp-block-citadela-blocks-spacer citadela-block-spacer negative-height\"><div class=\"inner-holder\" style=\"margin-top:-15px\"><\/div><\/div>\n\n\n         <div \r\n            class=\"citadela-block-responsive-text align-left\"\r\n                                 >\r\n            <h3 class=\"inner-tag\" style=\"font-size: 36px;\"><strong>Pianifica il tuo soggiorno <\/strong><\/h3>         <\/div>\r\n      \n\n\n<p>La sua&nbsp;<strong>costa frastagliata,<\/strong>&nbsp;che si estende da&nbsp;<strong>Zelena laguna<\/strong>, alla periferia di Parenzo, sino a<strong>Valkanela,<\/strong>&nbsp;alle porte di Orsera, \u00e8 davvero ideale per lo sviluppo dell\u2019attivit\u00e0 turistica.<\/p>\n\n\n\n<hr class=\"wp-block-separator has-css-opacity is-style-wide\"\/>\n\n\n\n<div class=\"wp-block-buttons is-layout-flex wp-block-buttons-is-layout-flex\">\n<div class=\"wp-block-button is-style-fill\"><a class=\"wp-block-button__link has-vivid-cyan-blue-background-color has-background wp-element-button\" href=\"https:\/\/funtana.com\/it\/alloggio-in-unoasi-di-verde\/\" style=\"border-radius:61px\">Cerca Alloggio<\/a><\/div>\n<\/div>\n\n\n\n<div class=\"wp-block-citadela-blocks-spacer citadela-block-spacer\"><div class=\"inner-holder\" style=\"padding-top:1em\"><\/div><\/div>\n<\/div>\n\n\n\n<div class=\"wp-block-column is-layout-flow wp-block-column-is-layout-flow\"><\/div>\n<\/div>\n\n\n\n<div class=\"wp-block-citadela-blocks-spacer citadela-block-spacer\"><div class=\"inner-holder\" style=\"padding-top:450px\"><\/div><\/div>\n\n\n\n<div class=\"wp-block-columns alignwide is-layout-flex wp-container-core-columns-is-layout-9d6595d7 wp-block-columns-is-layout-flex\">\n<div class=\"wp-block-column is-layout-flow wp-block-column-is-layout-flow\"><\/div>\n<\/div>\n\n\n\n<div class=\"wp-block-citadela-blocks-spacer citadela-block-spacer negative-height\"><div class=\"inner-holder\" style=\"margin-top:-30px\"><\/div><\/div>\n<\/div><\/div>\n\n\n         <div \r\n            class=\"citadela-block-responsive-text align-left\"\r\n                                 >\r\n            <h3 class=\"inner-tag\" style=\"font-family:'Kalam'; color: #209cef;\"><strong>Depliant, Videos&#8230;.<\/strong><\/h3>         <\/div>\r\n      \n\n        \r\n        <div class=\"wp-block-citadela-blocks ctdl-posts layout-box size-small grid-type-1 border-none show-item-featured-image show-item-description show-item-categories\">\r\n            \r\n<div class=\"citadela-block-articles\">\r\n    <div class=\"citadela-block-articles-wrap\">\r\n\r\n        \r\n<article class=\"citadela-directory-item has-thumbnail has-description has-categories\" style=\"\"\">\r\n\r\n\t<div class=\"item-content\" style=\"\"\">\r\n\t\t\t\t<div class=\"item-thumbnail\">\r\n\t\t\t\t\t\t<a href=\"https:\/\/funtana.com\/it\/funtana-videos\/\"><img decoding=\"async\" src=\"https:\/\/funtana.com\/wp-content\/uploads\/2024\/06\/FUNTANA-25-640x480.jpg\" class=\"item-image\" alt=\"Funtana-video&#8217;s\"><\/a>\r\n\t\t<\/div>\r\n\t\t\r\n\t\t<div class=\"item-body\">\r\n\t\t\t<div class=\"item-title\">\r\n\t\t\t\t\t\t\t\t<a href=\"https:\/\/funtana.com\/it\/funtana-videos\/\">\r\n\t\t\t\t\t<div class=\"item-title-wrap\">\r\n\t\t\t\t\t\t<div class=\"post-title\">\r\n\t\t\t\t\t\t\tFuntana-video&#039;s\t\t\t\t\t\t<\/div>\r\n\t\t\t\t\t<\/div>\r\n\t\t\t\t<\/a>\r\n\t\t\t\t\t\t\t<\/div>\r\n\t\t\t\t\t\t<div class=\"item-text\">\r\n\t\t\t\t<div class=\"item-description\">\r\n\t\t\t\t\t<p>\r\n\t\t\t\t\t\t\t\t\t\t\t\tUna foto vale pi\u00f9 di mille parole. Scoprite la veridicit\u00e0 di questa constatazione consultando la nostra ricca galleria filmati di Funtana. Sbirciate in ogni suo angolo nascosto e scoprite le sue bellezze naturali. Funtana (336 MB) &nbsp; Campeggio (298 MB) &nbsp; Gastronomia (360 MB) &nbsp; Attivita sportive (347 MB) &nbsp;&#8230;\t\t\t\t\t<\/p>\r\n\t\t\t\t\t<a href=\"https:\/\/funtana.com\/it\/funtana-videos\/\" class=\"more\">Vedi di pi\u00f9<\/a>\r\n\t\t\t\t<\/div>\r\n\t\t\t<\/div>\r\n\t\t\t\t\t\t<div class=\"item-footer\" style=\"\"\">\r\n\t\t\t\t\t\t\t\t\t\t\t\t<div class=\"item-data categories\" style=\"\"\">\r\n\t\t\t\t\t<span class=\"label\">Categorie<\/span>\r\n\t\t\t\t\t<span class=\"values\">\r\n\t\t\t\t\t\t\t\t\t\t\t\t<a href=\"https:\/\/funtana.com\/it\/category\/brosure-it\/\" class=\"value\" style=\"\"\">Depliant<\/a>\r\n\t\t\t\t\t\t\t\t\t\t\t<\/span>\r\n\t\t\t\t<\/div>\r\n\t\t\t\t\t\t\t<\/div>\r\n\t\t<\/div>\r\n\t<\/div>\r\n\r\n<\/article>\r\n\r\n<article class=\"citadela-directory-item has-thumbnail has-description has-categories\" style=\"\"\">\r\n\r\n\t<div class=\"item-content\" style=\"\"\">\r\n\t\t\t\t<div class=\"item-thumbnail\">\r\n\t\t\t\t\t\t<a href=\"https:\/\/funtana.com\/it\/funtana-mappe-ciclistice\/\"><img decoding=\"async\" src=\"https:\/\/funtana.com\/wp-content\/uploads\/2023\/09\/sl_0709151556071-640x480.jpg\" class=\"item-image\" alt=\"Funtana &#8211; Mappe ciclistice\"><\/a>\r\n\t\t<\/div>\r\n\t\t\r\n\t\t<div class=\"item-body\">\r\n\t\t\t<div class=\"item-title\">\r\n\t\t\t\t\t\t\t\t<a href=\"https:\/\/funtana.com\/it\/funtana-mappe-ciclistice\/\">\r\n\t\t\t\t\t<div class=\"item-title-wrap\">\r\n\t\t\t\t\t\t<div class=\"post-title\">\r\n\t\t\t\t\t\t\tFuntana &#8211; Mappe ciclistice\t\t\t\t\t\t<\/div>\r\n\t\t\t\t\t<\/div>\r\n\t\t\t\t<\/a>\r\n\t\t\t\t\t\t\t<\/div>\r\n\t\t\t\t\t\t<div class=\"item-text\">\r\n\t\t\t\t<div class=\"item-description\">\r\n\t\t\t\t\t<p>\r\n\t\t\t\t\t\t\t\t\t\t\t\tIstra Bike &#8211; Pore\u010d Riviera maps per cicloturisti e famiglie &nbsp; Istra Bike &#8211; Pore\u010d Riviera Mappa ciclistica stradale &nbsp; Istra Bike &#8211; Pore\u010d Riviera MTB mappa ciclistica &nbsp;\t\t\t\t\t<\/p>\r\n\t\t\t\t\t<a href=\"https:\/\/funtana.com\/it\/funtana-mappe-ciclistice\/\" class=\"more\">Vedi di pi\u00f9<\/a>\r\n\t\t\t\t<\/div>\r\n\t\t\t<\/div>\r\n\t\t\t\t\t\t<div class=\"item-footer\" style=\"\"\">\r\n\t\t\t\t\t\t\t\t\t\t\t\t<div class=\"item-data categories\" style=\"\"\">\r\n\t\t\t\t\t<span class=\"label\">Categorie<\/span>\r\n\t\t\t\t\t<span class=\"values\">\r\n\t\t\t\t\t\t\t\t\t\t\t\t<a href=\"https:\/\/funtana.com\/it\/category\/brosure-it\/\" class=\"value\" style=\"\"\">Depliant<\/a>\r\n\t\t\t\t\t\t\t\t\t\t\t<\/span>\r\n\t\t\t\t<\/div>\r\n\t\t\t\t\t\t\t<\/div>\r\n\t\t<\/div>\r\n\t<\/div>\r\n\r\n<\/article>\r\n\r\n<article class=\"citadela-directory-item has-thumbnail has-description has-categories\" style=\"\"\">\r\n\r\n\t<div class=\"item-content\" style=\"\"\">\r\n\t\t\t\t<div class=\"item-thumbnail\">\r\n\t\t\t\t\t\t<a href=\"https:\/\/funtana.com\/it\/funtana-alle-sorgenti-dell-amicizia\/\"><img decoding=\"async\" src=\"https:\/\/funtana.com\/wp-content\/uploads\/2024\/06\/2024-06-09_13h27_28-1-640x480.jpg\" class=\"item-image\" alt=\"Funtana &#8211; alle sorgenti dell&#8217; amicizia\"><\/a>\r\n\t\t<\/div>\r\n\t\t\r\n\t\t<div class=\"item-body\">\r\n\t\t\t<div class=\"item-title\">\r\n\t\t\t\t\t\t\t\t<a href=\"https:\/\/funtana.com\/it\/funtana-alle-sorgenti-dell-amicizia\/\">\r\n\t\t\t\t\t<div class=\"item-title-wrap\">\r\n\t\t\t\t\t\t<div class=\"post-title\">\r\n\t\t\t\t\t\t\tFuntana &#8211; alle sorgenti dell&#039; amicizia\t\t\t\t\t\t<\/div>\r\n\t\t\t\t\t<\/div>\r\n\t\t\t\t<\/a>\r\n\t\t\t\t\t\t\t<\/div>\r\n\t\t\t\t\t\t<div class=\"item-text\">\r\n\t\t\t\t<div class=\"item-description\">\r\n\t\t\t\t\t<p>\r\n\t\t\t\t\t\t\t\t\t\t\t\tFUNTANA &#8211; alle sorgenti dell&#8217; amicizia\t\t\t\t\t<\/p>\r\n\t\t\t\t\t<a href=\"https:\/\/funtana.com\/it\/funtana-alle-sorgenti-dell-amicizia\/\" class=\"more\">Vedi di pi\u00f9<\/a>\r\n\t\t\t\t<\/div>\r\n\t\t\t<\/div>\r\n\t\t\t\t\t\t<div class=\"item-footer\" style=\"\"\">\r\n\t\t\t\t\t\t\t\t\t\t\t\t<div class=\"item-data categories\" style=\"\"\">\r\n\t\t\t\t\t<span class=\"label\">Categorie<\/span>\r\n\t\t\t\t\t<span class=\"values\">\r\n\t\t\t\t\t\t\t\t\t\t\t\t<a href=\"https:\/\/funtana.com\/it\/category\/brosure-it\/\" class=\"value\" style=\"\"\">Depliant<\/a>\r\n\t\t\t\t\t\t\t\t\t\t\t<\/span>\r\n\t\t\t\t<\/div>\r\n\t\t\t\t\t\t\t<\/div>\r\n\t\t<\/div>\r\n\t<\/div>\r\n\r\n<\/article>\r\n\r\n<article class=\"citadela-directory-item has-thumbnail has-description has-categories\" style=\"\"\">\r\n\r\n\t<div class=\"item-content\" style=\"\"\">\r\n\t\t\t\t<div class=\"item-thumbnail\">\r\n\t\t\t\t\t\t<a href=\"https:\/\/funtana.com\/it\/info-funtana\/\"><img decoding=\"async\" src=\"https:\/\/funtana.com\/wp-content\/uploads\/2024\/05\/2024-05-24_10h38_29-1-640x480.jpg\" class=\"item-image\" alt=\"Info Funtana\"><\/a>\r\n\t\t<\/div>\r\n\t\t\r\n\t\t<div class=\"item-body\">\r\n\t\t\t<div class=\"item-title\">\r\n\t\t\t\t\t\t\t\t<a href=\"https:\/\/funtana.com\/it\/info-funtana\/\">\r\n\t\t\t\t\t<div class=\"item-title-wrap\">\r\n\t\t\t\t\t\t<div class=\"post-title\">\r\n\t\t\t\t\t\t\tInfo Funtana\t\t\t\t\t\t<\/div>\r\n\t\t\t\t\t<\/div>\r\n\t\t\t\t<\/a>\r\n\t\t\t\t\t\t\t<\/div>\r\n\t\t\t\t\t\t<div class=\"item-text\">\r\n\t\t\t\t<div class=\"item-description\">\r\n\t\t\t\t\t<p>\r\n\t\t\t\t\t\t\t\t\t\t\t\tFUNTANA &#8211; informator In quest\u2019opuscolo troverete le informazioni basilari sulla storia e l\u2019attualit\u00e0 di Fontane, il patrimonio culturale, l\u2019offerta di sistemazione, lo sport, la ricreazione, il divertimento, l\u2019offerta gastronomica e tutto quello che vi pu\u00f2 servire per trascorrere una spensierata vacanza. Vi auguriamo una buona permanenza e una vacanza alle&#8230;\t\t\t\t\t<\/p>\r\n\t\t\t\t\t<a href=\"https:\/\/funtana.com\/it\/info-funtana\/\" class=\"more\">Vedi di pi\u00f9<\/a>\r\n\t\t\t\t<\/div>\r\n\t\t\t<\/div>\r\n\t\t\t\t\t\t<div class=\"item-footer\" style=\"\"\">\r\n\t\t\t\t\t\t\t\t\t\t\t\t<div class=\"item-data categories\" style=\"\"\">\r\n\t\t\t\t\t<span class=\"label\">Categorie<\/span>\r\n\t\t\t\t\t<span class=\"values\">\r\n\t\t\t\t\t\t\t\t\t\t\t\t<a href=\"https:\/\/funtana.com\/it\/category\/brosure-it\/\" class=\"value\" style=\"\"\">Depliant<\/a>\r\n\t\t\t\t\t\t\t\t\t\t\t<\/span>\r\n\t\t\t\t<\/div>\r\n\t\t\t\t\t\t\t<\/div>\r\n\t\t<\/div>\r\n\t<\/div>\r\n\r\n<\/article>\r\n\r\n    <\/div>\r\n<\/div>        <\/div>\r\n        \r\n        <\/div><\/div>\n\n\n\n<div class=\"wp-block-group alignwide\"><div class=\"wp-block-group__inner-container is-layout-flow wp-block-group-is-layout-flow\"><\/div><\/div>\n\n\n\n<div class=\"wp-block-citadela-blocks-spacer citadela-block-spacer\"><div class=\"inner-holder\" style=\"padding-top:20px\"><\/div><\/div>\n\n\n\n<div class=\"wp-block-citadela-blocks-custom-container citadela-block-custom-container size-content bg-type-none inside-space-none\"><div class=\"inner-holder\"><\/div><\/div>\n","protected":false},"excerpt":{"rendered":"","protected":false},"author":1,"featured_media":0,"parent":0,"menu_order":0,"comment_status":"closed","ping_status":"closed","template":"","meta":{"loftloader_page_shortcode":"","_citadela_hide_page_title":"1","_citadela_remove_header_space":"1","_citadela_custom_class":"","_citadela_half_map_provider":"","_citadela_half_map_theme":"","_citadela_half_map_themeOSM":"","_citadela_half_map_customTheme":"","_citadela_half_map_dataType":"","_citadela_half_map_dynamicTrack":false,"_citadela_half_map_trackColor":"","_citadela_half_map_trackEndpointsColor":"","_citadela_half_map_filterCategory":"","_citadela_half_map_filterLocation":"","_citadela_half_map_filterFeatured":false,"_citadela_half_map_noDataBehavior":"empty-map","_citadela_half_map_noDataText":"","_citadela_half_map_clusterGridSize":80,"_citadela_header":true,"_citadela_header_over_content":true,"_citadela_header_text_color":"","_citadela_header_logo":[],"_citadela_header_bg_image":[],"_citadela_header_bg_position":{"x":0.5,"y":0.5},"_citadela_header_bg_size":"cover","_citadela_header_bg_repeat":"no-repeat","_citadela_header_bg_fixed":false,"_citadela_header_bg_color":"","_citadela_header_bg_image_overlay":"","_citadela_header_transparent_bg":true,"_citadela_content_width":"","_citadela_half_layout_position":"","footnotes":""},"class_list":["post-25270","page","type-page","status-publish","hentry"],"yoast_head":"<!-- This site is optimized with the Yoast SEO plugin v27.5 - https:\/\/yoast.com\/product\/yoast-seo-wordpress\/ -->\n<title>Funtana, Istria - sito turisticho ufficiale - Funtana Ente turistico<\/title>\n<meta name=\"robots\" content=\"index, follow, max-snippet:-1, max-image-preview:large, max-video-preview:-1\" \/>\n<link rel=\"canonical\" href=\"https:\/\/funtana.com\/it\/\" \/>\n<meta property=\"og:locale\" content=\"it_IT\" \/>\n<meta property=\"og:type\" content=\"article\" \/>\n<meta property=\"og:title\" content=\"Funtana, Istria - sito turisticho ufficiale - Funtana Ente turistico\" \/>\n<meta property=\"og:url\" content=\"https:\/\/funtana.com\/it\/\" \/>\n<meta property=\"article:publisher\" content=\"https:\/\/www.facebook.com\/funtanaistria\" \/>\n<meta property=\"article:modified_time\" content=\"2024-07-06T16:38:26+00:00\" \/>\n<meta property=\"og:image\" content=\"https:\/\/funtana.com\/wp-content\/uploads\/2024\/01\/FUNTANA-202101028-1024x767.jpg\" \/>\n<meta name=\"twitter:card\" content=\"summary_large_image\" \/>\n<meta name=\"twitter:label1\" content=\"Tempo di lettura stimato\" \/>\n\t<meta name=\"twitter:data1\" content=\"2 minuti\" \/>\n<script type=\"application\/ld+json\" class=\"yoast-schema-graph\">{\"@context\":\"https:\\\/\\\/schema.org\",\"@graph\":[{\"@type\":\"WebPage\",\"@id\":\"https:\\\/\\\/funtana.com\\\/it\\\/\",\"url\":\"https:\\\/\\\/funtana.com\\\/it\\\/\",\"name\":\"Funtana, Istria - sito turisticho ufficiale - Funtana Ente turistico\",\"isPartOf\":{\"@id\":\"https:\\\/\\\/funtana.com\\\/it\\\/#website\"},\"primaryImageOfPage\":{\"@id\":\"https:\\\/\\\/funtana.com\\\/it\\\/#primaryimage\"},\"image\":{\"@id\":\"https:\\\/\\\/funtana.com\\\/it\\\/#primaryimage\"},\"thumbnailUrl\":\"https:\\\/\\\/funtana.com\\\/wp-content\\\/uploads\\\/2024\\\/01\\\/FUNTANA-202101028-1024x767.jpg\",\"datePublished\":\"2020-06-01T14:36:39+00:00\",\"dateModified\":\"2024-07-06T16:38:26+00:00\",\"breadcrumb\":{\"@id\":\"https:\\\/\\\/funtana.com\\\/it\\\/#breadcrumb\"},\"inLanguage\":\"it-IT\",\"potentialAction\":[{\"@type\":\"ReadAction\",\"target\":[\"https:\\\/\\\/funtana.com\\\/it\\\/\"]}]},{\"@type\":\"ImageObject\",\"inLanguage\":\"it-IT\",\"@id\":\"https:\\\/\\\/funtana.com\\\/it\\\/#primaryimage\",\"url\":\"https:\\\/\\\/funtana.com\\\/wp-content\\\/uploads\\\/2024\\\/01\\\/FUNTANA-202101028-1024x767.jpg\",\"contentUrl\":\"https:\\\/\\\/funtana.com\\\/wp-content\\\/uploads\\\/2024\\\/01\\\/FUNTANA-202101028-1024x767.jpg\"},{\"@type\":\"BreadcrumbList\",\"@id\":\"https:\\\/\\\/funtana.com\\\/it\\\/#breadcrumb\",\"itemListElement\":[{\"@type\":\"ListItem\",\"position\":1,\"name\":\"Home\",\"item\":\"https:\\\/\\\/funtana.com\\\/it\\\/\"},{\"@type\":\"ListItem\",\"position\":2,\"name\":\"Funtana, Istria &#8211; sito turisticho ufficiale\"}]},{\"@type\":\"WebSite\",\"@id\":\"https:\\\/\\\/funtana.com\\\/it\\\/#website\",\"url\":\"https:\\\/\\\/funtana.com\\\/it\\\/\",\"name\":\"Funtana turisti\u010dka zajednica\",\"description\":\"Ente turistico\",\"publisher\":{\"@id\":\"https:\\\/\\\/funtana.com\\\/it\\\/#organization\"},\"alternateName\":\"Turisti\u010dka zajednica Op\u0107ine Funtana\",\"potentialAction\":[{\"@type\":\"SearchAction\",\"target\":{\"@type\":\"EntryPoint\",\"urlTemplate\":\"https:\\\/\\\/funtana.com\\\/it\\\/?s={search_term_string}\"},\"query-input\":{\"@type\":\"PropertyValueSpecification\",\"valueRequired\":true,\"valueName\":\"search_term_string\"}}],\"inLanguage\":\"it-IT\"},{\"@type\":\"Organization\",\"@id\":\"https:\\\/\\\/funtana.com\\\/it\\\/#organization\",\"name\":\"Funtana turisti\u010dka zajednica\",\"url\":\"https:\\\/\\\/funtana.com\\\/it\\\/\",\"logo\":{\"@type\":\"ImageObject\",\"inLanguage\":\"it-IT\",\"@id\":\"https:\\\/\\\/funtana.com\\\/it\\\/#\\\/schema\\\/logo\\\/image\\\/\",\"url\":\"https:\\\/\\\/funtana.com\\\/wp-content\\\/uploads\\\/2023\\\/04\\\/cropped-funtanalogo-e1681572065284.png\",\"contentUrl\":\"https:\\\/\\\/funtana.com\\\/wp-content\\\/uploads\\\/2023\\\/04\\\/cropped-funtanalogo-e1681572065284.png\",\"width\":90,\"height\":72,\"caption\":\"Funtana turisti\u010dka zajednica\"},\"image\":{\"@id\":\"https:\\\/\\\/funtana.com\\\/it\\\/#\\\/schema\\\/logo\\\/image\\\/\"},\"sameAs\":[\"https:\\\/\\\/www.facebook.com\\\/funtanaistria\",\"https:\\\/\\\/www.instagram.com\\\/funtanaistria\\\/\"]}]}<\/script>\n<!-- \/ Yoast SEO plugin. -->","yoast_head_json":{"title":"Funtana, Istria - sito turisticho ufficiale - Funtana Ente turistico","robots":{"index":"index","follow":"follow","max-snippet":"max-snippet:-1","max-image-preview":"max-image-preview:large","max-video-preview":"max-video-preview:-1"},"canonical":"https:\/\/funtana.com\/it\/","og_locale":"it_IT","og_type":"article","og_title":"Funtana, Istria - sito turisticho ufficiale - Funtana Ente turistico","og_url":"https:\/\/funtana.com\/it\/","article_publisher":"https:\/\/www.facebook.com\/funtanaistria","article_modified_time":"2024-07-06T16:38:26+00:00","og_image":[{"url":"https:\/\/funtana.com\/wp-content\/uploads\/2024\/01\/FUNTANA-202101028-1024x767.jpg","type":"","width":"","height":""}],"twitter_card":"summary_large_image","twitter_misc":{"Tempo di lettura stimato":"2 minuti"},"schema":{"@context":"https:\/\/schema.org","@graph":[{"@type":"WebPage","@id":"https:\/\/funtana.com\/it\/","url":"https:\/\/funtana.com\/it\/","name":"Funtana, Istria - sito turisticho ufficiale - Funtana Ente turistico","isPartOf":{"@id":"https:\/\/funtana.com\/it\/#website"},"primaryImageOfPage":{"@id":"https:\/\/funtana.com\/it\/#primaryimage"},"image":{"@id":"https:\/\/funtana.com\/it\/#primaryimage"},"thumbnailUrl":"https:\/\/funtana.com\/wp-content\/uploads\/2024\/01\/FUNTANA-202101028-1024x767.jpg","datePublished":"2020-06-01T14:36:39+00:00","dateModified":"2024-07-06T16:38:26+00:00","breadcrumb":{"@id":"https:\/\/funtana.com\/it\/#breadcrumb"},"inLanguage":"it-IT","potentialAction":[{"@type":"ReadAction","target":["https:\/\/funtana.com\/it\/"]}]},{"@type":"ImageObject","inLanguage":"it-IT","@id":"https:\/\/funtana.com\/it\/#primaryimage","url":"https:\/\/funtana.com\/wp-content\/uploads\/2024\/01\/FUNTANA-202101028-1024x767.jpg","contentUrl":"https:\/\/funtana.com\/wp-content\/uploads\/2024\/01\/FUNTANA-202101028-1024x767.jpg"},{"@type":"BreadcrumbList","@id":"https:\/\/funtana.com\/it\/#breadcrumb","itemListElement":[{"@type":"ListItem","position":1,"name":"Home","item":"https:\/\/funtana.com\/it\/"},{"@type":"ListItem","position":2,"name":"Funtana, Istria &#8211; sito turisticho ufficiale"}]},{"@type":"WebSite","@id":"https:\/\/funtana.com\/it\/#website","url":"https:\/\/funtana.com\/it\/","name":"Funtana turisti\u010dka zajednica","description":"Ente turistico","publisher":{"@id":"https:\/\/funtana.com\/it\/#organization"},"alternateName":"Turisti\u010dka zajednica Op\u0107ine Funtana","potentialAction":[{"@type":"SearchAction","target":{"@type":"EntryPoint","urlTemplate":"https:\/\/funtana.com\/it\/?s={search_term_string}"},"query-input":{"@type":"PropertyValueSpecification","valueRequired":true,"valueName":"search_term_string"}}],"inLanguage":"it-IT"},{"@type":"Organization","@id":"https:\/\/funtana.com\/it\/#organization","name":"Funtana turisti\u010dka zajednica","url":"https:\/\/funtana.com\/it\/","logo":{"@type":"ImageObject","inLanguage":"it-IT","@id":"https:\/\/funtana.com\/it\/#\/schema\/logo\/image\/","url":"https:\/\/funtana.com\/wp-content\/uploads\/2023\/04\/cropped-funtanalogo-e1681572065284.png","contentUrl":"https:\/\/funtana.com\/wp-content\/uploads\/2023\/04\/cropped-funtanalogo-e1681572065284.png","width":90,"height":72,"caption":"Funtana turisti\u010dka zajednica"},"image":{"@id":"https:\/\/funtana.com\/it\/#\/schema\/logo\/image\/"},"sameAs":["https:\/\/www.facebook.com\/funtanaistria","https:\/\/www.instagram.com\/funtanaistria\/"]}]}},"publishpress_future_action":{"enabled":false,"date":"2026-05-07 08:16:10","action":"change-status","newStatus":"draft","terms":[],"taxonomy":"translation_priority","extraData":[]},"publishpress_future_workflow_manual_trigger":{"enabledWorkflows":[]},"_links":{"self":[{"href":"https:\/\/funtana.com\/it\/wp-json\/wp\/v2\/pages\/25270","targetHints":{"allow":["GET"]}}],"collection":[{"href":"https:\/\/funtana.com\/it\/wp-json\/wp\/v2\/pages"}],"about":[{"href":"https:\/\/funtana.com\/it\/wp-json\/wp\/v2\/types\/page"}],"author":[{"embeddable":true,"href":"https:\/\/funtana.com\/it\/wp-json\/wp\/v2\/users\/1"}],"replies":[{"embeddable":true,"href":"https:\/\/funtana.com\/it\/wp-json\/wp\/v2\/comments?post=25270"}],"version-history":[{"count":17,"href":"https:\/\/funtana.com\/it\/wp-json\/wp\/v2\/pages\/25270\/revisions"}],"predecessor-version":[{"id":32472,"href":"https:\/\/funtana.com\/it\/wp-json\/wp\/v2\/pages\/25270\/revisions\/32472"}],"wp:attachment":[{"href":"https:\/\/funtana.com\/it\/wp-json\/wp\/v2\/media?parent=25270"}],"curies":[{"name":"wp","href":"https:\/\/api.w.org\/{rel}","templated":true}]}}