{"id":12694,"date":"2023-09-19T20:45:02","date_gmt":"2023-09-19T20:45:02","guid":{"rendered":"https:\/\/nova.funtana.com\/biking-funtana\/"},"modified":"2024-01-14T10:35:57","modified_gmt":"2024-01-14T10:35:57","slug":"biking-funtana","status":"publish","type":"page","link":"https:\/\/funtana.com\/it\/attivita-a-funtana\/biking-funtana\/","title":{"rendered":"Biking in Funtana and arround"},"content":{"rendered":"\n<div class=\"wp-block-citadela-blocks-custom-container citadela-block-custom-container size-wide bg-type-none inside-space-large\"><div class=\"inner-holder\">\n<div class=\"wp-block-citadela-blocks-spacer citadela-block-spacer responsive-options loading\" data-block-attr=\"{&quot;desktop&quot;:{&quot;height&quot;:&quot;9em&quot;},&quot;mobile&quot;:{&quot;height&quot;:&quot;3.5em&quot;}}\" data-block-mobile-breakpoint=\"600\"><div class=\"inner-holder\" style=\"padding-top:9em\"><\/div><\/div>\n\n\n\n<div class=\"wp-block-citadela-blocks-spacer citadela-block-spacer responsive-options loading\" data-block-attr=\"{&quot;desktop&quot;:{&quot;height&quot;:&quot;2.2vw&quot;},&quot;mobile&quot;:{&quot;height&quot;:&quot;45px&quot;}}\" data-block-mobile-breakpoint=\"600\"><div class=\"inner-holder\" style=\"padding-top:2.2vw\"><\/div><\/div>\n\n\n\n<div class=\"wp-block-columns is-layout-flex wp-container-core-columns-is-layout-9d6595d7 wp-block-columns-is-layout-flex\">\n<div class=\"wp-block-column is-layout-flow wp-block-column-is-layout-flow\" style=\"flex-basis:50%\">\n<p class=\"has-text-color\" style=\"color:#f15352;font-size:14px\"><strong>LIKE BIKING ?<\/strong><\/p>\n\n\n\n<div class=\"wp-block-citadela-blocks-spacer citadela-block-spacer negative-height\"><div class=\"inner-holder\" style=\"margin-top:-15px\"><\/div><\/div>\n\n\n         <div \r\n            class=\"citadela-block-responsive-text align-left\"\r\n                                 >\r\n            <h1 class=\"inner-tag\" style=\"font-size: 52px;\"><mark style=\"background-color:rgba(0, 0, 0, 0);color:#37d100\" class=\"has-inline-color\"><strong>Cycling<\/strong><\/mark><strong><span style=\"background-color:rgba(0, 0, 0, 0);color:#f15352\" class=\"has-inline-color\"> <\/span><\/strong>arround Funtana<\/h1>         <\/div>\r\n      \n\n\n<p style=\"font-size:18px\">We suggest to all the biking lovers to keep discovering our&nbsp;<strong>bike trails<\/strong>&nbsp;and to enjoy the untouched nature that shall enchant them with its intensity and with the variety of appealing smells and colours.<\/p>\n\n\n\r\n        <div class=\"wp-block-citadela-blocks ctdl-directory-categories-list grid-type-2 layout-box size-large\"\r\n                    >\r\n            \r\n            \r\n            \r\n            <div class=\"citadela-block-articles \">\r\n                <div class=\"citadela-block-articles-wrap \">\r\n\r\n                                        \r\n                    <a href=\"https:\/\/funtana.com\/it\/cat\/ciclismo\/\" class=\"\">\r\n                        <article class=\"folder-card\">\r\n                            <div class=\"folder-header\">\r\n                                                                    <div class=\"folder-icon\">\r\n                                        <span class=\"icon-bg\" style=\"background-color: #50ba00;\"><\/span>\r\n                                        <i class=\"fas fa-bicycle\" style=\"color: #50ba00; border-color: #50ba00;\"><\/i>\r\n                                    <\/div>\r\n                                                            <\/div>\r\n                            <div class=\"folder-content\">\r\n                                    <div class=\"folder-content-wrap\">\r\n                                        <p class=\"folder-title\">Ciclismo<\/p>\r\n                                                                                <p class=\"folder-description\">Invitiamo tutti gli amanti della vacanza a due ruote a provare il nostro percorso ciclabile e di ammirare la natura intatta che li ammalier\u00e0 con la sua singolare diversit\u00e0 di colori e fragranze, per un\u2019esperienza indimenticabile.\n<\/p>\r\n                                                                            <\/div>\r\n                            <\/div>\r\n                        <\/article>\r\n                    <\/a>\r\n                                        \r\n                    <a href=\"https:\/\/funtana.com\/it\/cat\/free-bike-tours-it\/\" class=\"\">\r\n                        <article class=\"folder-card\">\r\n                            <div class=\"folder-header\">\r\n                                                                    <div class=\"folder-icon\">\r\n                                        <span class=\"icon-bg\" style=\"background-color: #39ba00;\"><\/span>\r\n                                        <i class=\"fas fa-bicycle\" style=\"color: #39ba00; border-color: #39ba00;\"><\/i>\r\n                                    <\/div>\r\n                                                            <\/div>\r\n                            <div class=\"folder-content\">\r\n                                    <div class=\"folder-content-wrap\">\r\n                                        <p class=\"folder-title\">Free bike tours<\/p>\r\n                                                                                <p class=\"folder-description\">L\u2019offerta include\u00a0cinque tour guidati e completamente gratuiti\u00a0in MTB\u00a0con partenza dalle localit\u00e0 di\u00a0Parenzo, Fontane, Torre-Abrega, Castellier o Visinada. Potete scegliere percorsi di difficolt\u00e0 facile e media che variano dai\u00a020\u00a0ai\u00a045 km\u00a0di lunghezza, nonch\u00e9 dai\u00a0115\u00a0ai\u00a0450\u00a0m di dislivello accumulato in salita.\n<\/p>\r\n                                                                            <\/div>\r\n                            <\/div>\r\n                        <\/article>\r\n                    <\/a>\r\n                                        \r\n                    <a href=\"https:\/\/funtana.com\/it\/cat\/mountain-bike-it\/\" class=\"\">\r\n                        <article class=\"folder-card\">\r\n                            <div class=\"folder-header\">\r\n                                                                    <div class=\"folder-icon\">\r\n                                        <span class=\"icon-bg\" style=\"background-color: #0085ba;\"><\/span>\r\n                                        <i class=\"fas fa-bicycle\" style=\"color: #0085ba; border-color: #0085ba;\"><\/i>\r\n                                    <\/div>\r\n                                                            <\/div>\r\n                            <div class=\"folder-content\">\r\n                                    <div class=\"folder-content-wrap\">\r\n                                        <p class=\"folder-title\">Mountain bike<\/p>\r\n                                                                            <\/div>\r\n                            <\/div>\r\n                        <\/article>\r\n                    <\/a>\r\n                    \r\n                <\/div>\r\n            <\/div>\r\n            \r\n            \r\n        <\/div>\r\n        \n\n\n<div class=\"wp-block-citadela-blocks-custom-container citadela-block-custom-container size-content bg-type-none inside-space-zero has-shadow\" style=\"box-shadow: 0px 7px 0px 0px rgba(0, 0, 0, 0.1)\"><div class=\"inner-holder\">\n<div class=\"wp-block-citadela-blocks-spacer citadela-block-spacer\"><div class=\"inner-holder\" style=\"padding-top:10px\"><\/div><\/div>\n\n\n\r\n        <div class=\"wp-block-citadela-blocks ctdl-directory-search-form border-thin shadow-default align-center\">\r\n            <div class=\"citadela-block-form search-form-component-container\" style=\"\" data-action=\"&quot;https:\\\/\\\/funtana.com\\\/it\\\/&quot;\"data-post-type=\"citadela-item\"data-category-taxonomy=\"citadela-item-category\"data-location-taxonomy=\"citadela-item-location\">\r\n            <\/div>\r\n                    <\/div>\r\n\r\n        \n\n\n<div class=\"wp-block-citadela-blocks-spacer citadela-block-spacer\"><div class=\"inner-holder\" style=\"padding-top:35px\"><\/div><\/div>\n<\/div><\/div>\n\n\n\n<div class=\"wp-block-citadela-blocks-spacer citadela-block-spacer\"><div class=\"inner-holder\" style=\"padding-top:45px\"><\/div><\/div>\n<\/div>\n\n\n\n<div class=\"wp-block-column is-layout-flow wp-block-column-is-layout-flow\" style=\"flex-basis:65%\">\n<div class=\"wp-block-citadela-blocks-spacer citadela-block-spacer\"><div class=\"inner-holder\" style=\"padding-top:20px\"><\/div><\/div>\n\n\n\n<div class=\"wp-block-citadela-blocks-custom-container citadela-block-custom-container size-wide bg-type-none inside-space-zero has-shadow\" style=\"box-shadow: 15px 40px 20px 0px rgba(212, 212, 212, 0.26)\"><div class=\"inner-holder\">\r\n        <div \r\n            class=\"wp-block-citadela-blocks ctdl-directory-items-list layout-list size-large grid-type-3 image-size-citadela_service proportional-image-height responsive-options loading-content show-item-featured-image show-item-subtitle show-item-description show-item-address show-item-categories show-item-locations show-item-rating border-thin use-carousel carousel-navigation carousel-pagination loading-content\"\r\n            data-block-mobile-attr=\"{&quot;desktop&quot;:{&quot;proportionalImageHeight&quot;:true},&quot;mobile&quot;:{&quot;imageHeightType&quot;:&quot;default&quot;,&quot;imageObjectPosition&quot;:&quot;image-position-center-center&quot;,&quot;proportionalImageHeight&quot;:false}}\"            data-block-mobile-breakpoint=\"600\"\t\r\n                            data-carousel=\"{&quot;pagination&quot;:true,&quot;navigation&quot;:true,&quot;autoplay&quot;:false,&quot;autoHeight&quot;:false,&quot;autoplayDelay&quot;:5,&quot;loop&quot;:true}\"\r\n                        >\r\n            \r\n                            <div class=\"citadela-loader\">\r\n                    <div class=\"inner-wrapper\">\r\n                        <i class=\"fas fa-circle-notch fa-spin\"><\/i>\r\n                    <\/div>\r\n                <\/div>\r\n            \r\n            \r\n            <div class=\"citadela-block-articles swiper-container\">\r\n               \r\n                <div class=\"citadela-block-articles-wrap swiper-wrapper\">\r\n                \r\n<article class=\"citadela-article has-thumbnail has-subtitle has-description has-address has-categories has-locations swiper-slide\">\r\n\r\n\t<div class=\"item-content\" style=\"\">\r\n\t\t\t\t<div class=\"item-thumbnail\" style=\"\">\r\n\t\t\t<a href=\"https:\/\/funtana.com\/it\/item\/sentiero-krcavela-161-famiglia-e-ricreazione\/\">\r\n\t\t\t\t<img loading=\"lazy\" decoding=\"async\" \r\n\t\t\t\t\tclass=\"item-image\"\r\n                    src=\"https:\/\/funtana.com\/wp-content\/uploads\/2023\/03\/1529310900_2849-480x360.jpg\"\r\n                    width=\"480\"\r\n                    height=\"360\"\r\n                    srcset=\"https:\/\/funtana.com\/wp-content\/uploads\/2023\/03\/1529310900_2849-480x360.jpg 480w, https:\/\/funtana.com\/wp-content\/uploads\/2023\/03\/1529310900_2849-300x225.jpg 300w, https:\/\/funtana.com\/wp-content\/uploads\/2023\/03\/1529310900_2849-1024x768.jpg 1024w, https:\/\/funtana.com\/wp-content\/uploads\/2023\/03\/1529310900_2849-768x576.jpg 768w, https:\/\/funtana.com\/wp-content\/uploads\/2023\/03\/1529310900_2849-640x480.jpg 640w, https:\/\/funtana.com\/wp-content\/uploads\/2023\/03\/1529310900_2849.jpg 1200w\"\r\n                    sizes=\"auto, (max-width: 480px) 100vw, 480px\"\r\n                    alt=\"Sentiero Krcavela (161) \u2013 Famiglia e ricreazione\"\r\n                    style=\"\"                \/>\r\n\t\t\t<\/a>\r\n\t\t<\/div>\r\n\t\t\r\n\t\t<div class=\"item-body\">\r\n\t\t\t<div class=\"item-title\">\r\n\t\t\t\t<a href=\"https:\/\/funtana.com\/it\/item\/sentiero-krcavela-161-famiglia-e-ricreazione\/\">\r\n\t\t\t\t\t<div class=\"item-title-wrap\">\r\n\t\t\t\t\t\t<div class=\"post-title\">Sentiero Krcavela (161) \u2013 Famiglia e ricreazione<\/div>\r\n\t\t\t\t\t\t\t\t\t\t\t\t<div class=\"post-subtitle\" style=\"\">attraverso i campi e le foreste del Mediterraneo<\/div>\r\n\t\t\t\t\t\t\t\t\t\t\t<\/div>\r\n\t\t\t\t<\/a>\r\n\t\t\t<\/div>\r\n\t\t\t\r\n\t\t\t\r\n\t\t\t\t\t\t<div class=\"item-text\">\r\n\t\t\t\t<div class=\"item-description\">\r\n\t\t\t\t\t<p>Durata: dalle 1:30 alle 2:00 Lunghezza: 15,6 km Partenza\/arrivo: Funtana Dislivello alto: 80 m Punto pi\u00f9 alto: 61 m Terrin: asfalto 6,2 km, sterrato 9,4 km Difficolt\u00e0: leggera (altro&hellip;)<\/p>\r\n\t\t\t\t\t<a href=\"https:\/\/funtana.com\/it\/item\/sentiero-krcavela-161-famiglia-e-ricreazione\/\" class=\"more\">Vedi di pi\u00f9<\/a>\r\n\t\t\t\t<\/div>\r\n\t\t\t<\/div>\r\n\t\t\t\t\t\t<div class=\"item-footer\" style=\"\">\r\n\t\t\t\t\t\t\t\t<div class=\"item-data location\" style=\"\">\r\n\t\t\t\t\t<span class=\"label\">Posizione<\/span>\r\n\t\t\t\t\t<span class=\"values\">\r\n\t\t\t\t\t\t\t\t\t\t\t\t<a href=\"https:\/\/funtana.com\/it\/loc\/funtana-it\/\" class=\"value\" style=\"\">Funtana<\/a>\r\n\t\t\t\t\t\t\t\t\t\t\t<\/span>\r\n\t\t\t\t<\/div>\r\n\t\t\t\t\t\t\t\t\t\t\t\t<div class=\"item-data address\" style=\"\">\r\n\t\t\t\t\t<span class=\"label\">Indirizzo<\/span>\r\n\t\t\t\t\t<span class=\"values\">Funtana, Tourist info centre<\/span>\r\n\t\t\t\t<\/div>\r\n\t\t\t\t\t\t\t\t\t\t\t\t\t\t\t\t<div class=\"item-data categories\" style=\"\">\r\n\t\t\t\t\t<span class=\"label\">Categorie<\/span>\r\n\t\t\t\t\t<span class=\"values\">\r\n\t\t\t\t\t\t\t\t\t\t\t\t<a href=\"https:\/\/funtana.com\/it\/cat\/attivita\/\" class=\"value\" style=\"\">Attivita<\/a>\r\n\t\t\t\t\t\t\t\t\t\t\t\t<a href=\"https:\/\/funtana.com\/it\/cat\/ciclismo\/\" class=\"value\" style=\"\">Ciclismo<\/a>\r\n\t\t\t\t\t\t\t\t\t\t\t<\/span>\r\n\t\t\t\t<\/div>\r\n\t\t\t\t\t\t\t<\/div>\r\n\t\t<\/div>\r\n\t<\/div>\r\n\r\n<\/article>\r\n\r\n\r\n\r\n<article class=\"citadela-article has-thumbnail has-subtitle has-description has-address has-categories has-locations swiper-slide\">\r\n\r\n\t<div class=\"item-content\" style=\"\">\r\n\t\t\t\t<div class=\"item-thumbnail\" style=\"\">\r\n\t\t\t<a href=\"https:\/\/funtana.com\/it\/item\/155-giro-di-parenzo\/\">\r\n\t\t\t\t<img loading=\"lazy\" decoding=\"async\" \r\n\t\t\t\t\tclass=\"item-image\"\r\n                    src=\"https:\/\/funtana.com\/wp-content\/uploads\/2023\/09\/sl_052515153133-480x360.jpg\"\r\n                    width=\"480\"\r\n                    height=\"360\"\r\n                    srcset=\"https:\/\/funtana.com\/wp-content\/uploads\/2023\/09\/sl_052515153133-480x360.jpg 480w, https:\/\/funtana.com\/wp-content\/uploads\/2023\/09\/sl_052515153133-640x480.jpg 640w\"\r\n                    sizes=\"auto, (max-width: 480px) 100vw, 480px\"\r\n                    alt=\"155 - GIRO DI PARENZO\"\r\n                    style=\"\"                \/>\r\n\t\t\t<\/a>\r\n\t\t<\/div>\r\n\t\t\r\n\t\t<div class=\"item-body\">\r\n\t\t\t<div class=\"item-title\">\r\n\t\t\t\t<a href=\"https:\/\/funtana.com\/it\/item\/155-giro-di-parenzo\/\">\r\n\t\t\t\t\t<div class=\"item-title-wrap\">\r\n\t\t\t\t\t\t<div class=\"post-title\">155 &#8211; GIRO DI PARENZO<\/div>\r\n\t\t\t\t\t\t\t\t\t\t\t\t<div class=\"post-subtitle\" style=\"\">Pore\u010d &#8211; Tar &#8211; Ba\u010dva &#8211; Funtana &#8211; Pore\u010d (51 km)<\/div>\r\n\t\t\t\t\t\t\t\t\t\t\t<\/div>\r\n\t\t\t\t<\/a>\r\n\t\t\t<\/div>\r\n\t\t\t\r\n\t\t\t\r\n\t\t\t\t\t\t<div class=\"item-text\">\r\n\t\t\t\t<div class=\"item-description\">\r\n\t\t\t\t\t<p>&nbsp; Parenzo ed i suoi dintorni offrono innumerevoli possibilit\u00e0 per gli appassionati di ciclismo. Questo percorso circolare di livello facile ci porta dalla costa marina tra i numerosi paesi dell\u2019entroterra per poi ritornare a Parenzo seguendo la costa. Le strade poco trafficate, salite non impegnative, vigneti, uliveti, pascoli sono una&#8230;<\/p>\r\n\t\t\t\t\t<a href=\"https:\/\/funtana.com\/it\/item\/155-giro-di-parenzo\/\" class=\"more\">Vedi di pi\u00f9<\/a>\r\n\t\t\t\t<\/div>\r\n\t\t\t<\/div>\r\n\t\t\t\t\t\t<div class=\"item-footer\" style=\"\">\r\n\t\t\t\t\t\t\t\t<div class=\"item-data location\" style=\"\">\r\n\t\t\t\t\t<span class=\"label\">Posizione<\/span>\r\n\t\t\t\t\t<span class=\"values\">\r\n\t\t\t\t\t\t\t\t\t\t\t\t<a href=\"https:\/\/funtana.com\/it\/loc\/funtana-it\/\" class=\"value\" style=\"\">Funtana<\/a>\r\n\t\t\t\t\t\t\t\t\t\t\t<\/span>\r\n\t\t\t\t<\/div>\r\n\t\t\t\t\t\t\t\t\t\t\t\t<div class=\"item-data address\" style=\"\">\r\n\t\t\t\t\t<span class=\"label\">Indirizzo<\/span>\r\n\t\t\t\t\t<span class=\"values\">Funtana<\/span>\r\n\t\t\t\t<\/div>\r\n\t\t\t\t\t\t\t\t\t\t\t\t\t\t\t\t<div class=\"item-data categories\" style=\"\">\r\n\t\t\t\t\t<span class=\"label\">Categorie<\/span>\r\n\t\t\t\t\t<span class=\"values\">\r\n\t\t\t\t\t\t\t\t\t\t\t\t<a href=\"https:\/\/funtana.com\/it\/cat\/attivita\/\" class=\"value\" style=\"\">Attivita<\/a>\r\n\t\t\t\t\t\t\t\t\t\t\t\t<a href=\"https:\/\/funtana.com\/it\/cat\/ciclismo\/\" class=\"value\" style=\"\">Ciclismo<\/a>\r\n\t\t\t\t\t\t\t\t\t\t\t\t<a href=\"https:\/\/funtana.com\/it\/cat\/mountain-bike-it\/\" class=\"value\" style=\"\">Mountain bike<\/a>\r\n\t\t\t\t\t\t\t\t\t\t\t<\/span>\r\n\t\t\t\t<\/div>\r\n\t\t\t\t\t\t\t<\/div>\r\n\t\t<\/div>\r\n\t<\/div>\r\n\r\n<\/article>\r\n\r\n\r\n\r\n<article class=\"citadela-article has-thumbnail has-description has-address has-categories has-locations swiper-slide\">\r\n\r\n\t<div class=\"item-content\" style=\"\">\r\n\t\t\t\t<div class=\"item-thumbnail\" style=\"\">\r\n\t\t\t<a href=\"https:\/\/funtana.com\/it\/item\/free-kastelir-vizinada-mtb-tour-26-km\/\">\r\n\t\t\t\t<img loading=\"lazy\" decoding=\"async\" \r\n\t\t\t\t\tclass=\"item-image\"\r\n                    src=\"https:\/\/funtana.com\/wp-content\/uploads\/2024\/06\/pogled-na-Motovun-480x360.jpg\"\r\n                    width=\"480\"\r\n                    height=\"360\"\r\n                    srcset=\"https:\/\/funtana.com\/wp-content\/uploads\/2024\/06\/pogled-na-Motovun-480x360.jpg 480w, https:\/\/funtana.com\/wp-content\/uploads\/2024\/06\/pogled-na-Motovun-640x480.jpg 640w\"\r\n                    sizes=\"auto, (max-width: 480px) 100vw, 480px\"\r\n                    alt=\"FREE KA\u0160TELIR &amp; VI\u017dINADA MTB TOUR, 26 km\"\r\n                    style=\"\"                \/>\r\n\t\t\t<\/a>\r\n\t\t<\/div>\r\n\t\t\r\n\t\t<div class=\"item-body\">\r\n\t\t\t<div class=\"item-title\">\r\n\t\t\t\t<a href=\"https:\/\/funtana.com\/it\/item\/free-kastelir-vizinada-mtb-tour-26-km\/\">\r\n\t\t\t\t\t<div class=\"item-title-wrap\">\r\n\t\t\t\t\t\t<div class=\"post-title\">FREE KA\u0160TELIR &amp; VI\u017dINADA MTB TOUR, 26 km<\/div>\r\n\t\t\t\t\t\t\t\t\t\t\t<\/div>\r\n\t\t\t\t<\/a>\r\n\t\t\t<\/div>\r\n\t\t\t\r\n\t\t\t\r\n\t\t\t\t\t\t<div class=\"item-text\">\r\n\t\t\t\t<div class=\"item-description\">\r\n\t\t\t\t\t<p>Questo tour parte dal centro di Castellier e conduce, attraverso fitti boschi, verso Visinada, dove l\u2019altro gruppo di ciclisti ci aspetta alle 10:15. Insieme si prosegue lungo l\u2019affascinante percorso ciclistico Parenzana in direzione di Parenzo per poi svoltare verso il famoso osservatorio di Tizzano, gestito da uno degli astronomi pi\u00f9&#8230;<\/p>\r\n\t\t\t\t\t<a href=\"https:\/\/funtana.com\/it\/item\/free-kastelir-vizinada-mtb-tour-26-km\/\" class=\"more\">Vedi di pi\u00f9<\/a>\r\n\t\t\t\t<\/div>\r\n\t\t\t<\/div>\r\n\t\t\t\t\t\t<div class=\"item-footer\" style=\"\">\r\n\t\t\t\t\t\t\t\t<div class=\"item-data location\" style=\"\">\r\n\t\t\t\t\t<span class=\"label\">Posizione<\/span>\r\n\t\t\t\t\t<span class=\"values\">\r\n\t\t\t\t\t\t\t\t\t\t\t\t<a href=\"https:\/\/funtana.com\/it\/loc\/funtana-it\/\" class=\"value\" style=\"\">Funtana<\/a>\r\n\t\t\t\t\t\t\t\t\t\t\t<\/span>\r\n\t\t\t\t<\/div>\r\n\t\t\t\t\t\t\t\t\t\t\t\t<div class=\"item-data address\" style=\"\">\r\n\t\t\t\t\t<span class=\"label\">Indirizzo<\/span>\r\n\t\t\t\t\t<span class=\"values\">Ka\u0161telir<\/span>\r\n\t\t\t\t<\/div>\r\n\t\t\t\t\t\t\t\t\t\t\t\t\t\t\t\t<div class=\"item-data categories\" style=\"\">\r\n\t\t\t\t\t<span class=\"label\">Categorie<\/span>\r\n\t\t\t\t\t<span class=\"values\">\r\n\t\t\t\t\t\t\t\t\t\t\t\t<a href=\"https:\/\/funtana.com\/it\/cat\/ciclismo\/\" class=\"value\" style=\"\">Ciclismo<\/a>\r\n\t\t\t\t\t\t\t\t\t\t\t\t<a href=\"https:\/\/funtana.com\/it\/cat\/free-bike-tours-it\/\" class=\"value\" style=\"\">Free bike tours<\/a>\r\n\t\t\t\t\t\t\t\t\t\t\t<\/span>\r\n\t\t\t\t<\/div>\r\n\t\t\t\t\t\t\t<\/div>\r\n\t\t<\/div>\r\n\t<\/div>\r\n\r\n<\/article>\r\n\r\n\r\n\r\n<article class=\"citadela-article has-thumbnail has-subtitle has-description has-address has-categories has-locations swiper-slide\">\r\n\r\n\t<div class=\"item-content\" style=\"\">\r\n\t\t\t\t<div class=\"item-thumbnail\" style=\"\">\r\n\t\t\t<a href=\"https:\/\/funtana.com\/it\/item\/193-sul-percorso-dell-eremita\/\">\r\n\t\t\t\t<img loading=\"lazy\" decoding=\"async\" \r\n\t\t\t\t\tclass=\"item-image\"\r\n                    src=\"https:\/\/funtana.com\/wp-content\/uploads\/2023\/09\/sl_0709151556471-480x360.jpg\"\r\n                    width=\"480\"\r\n                    height=\"360\"\r\n                    srcset=\"https:\/\/funtana.com\/wp-content\/uploads\/2023\/09\/sl_0709151556471-480x360.jpg 480w, https:\/\/funtana.com\/wp-content\/uploads\/2023\/09\/sl_0709151556471-640x480.jpg 640w\"\r\n                    sizes=\"auto, (max-width: 480px) 100vw, 480px\"\r\n                    alt=\"193 SUL PERCORSO DELL\u00b4EREMITA\"\r\n                    style=\"\"                \/>\r\n\t\t\t<\/a>\r\n\t\t<\/div>\r\n\t\t\r\n\t\t<div class=\"item-body\">\r\n\t\t\t<div class=\"item-title\">\r\n\t\t\t\t<a href=\"https:\/\/funtana.com\/it\/item\/193-sul-percorso-dell-eremita\/\">\r\n\t\t\t\t\t<div class=\"item-title-wrap\">\r\n\t\t\t\t\t\t<div class=\"post-title\">193 SUL PERCORSO DELL\u00b4EREMITA<\/div>\r\n\t\t\t\t\t\t\t\t\t\t\t\t<div class=\"post-subtitle\" style=\"\">Funtana &#8211; Orsera &#8211; Stazione del capitano &#8211; Kontija &#8211; Klo\u0161tar, monastero di S. San Michele<\/div>\r\n\t\t\t\t\t\t\t\t\t\t\t<\/div>\r\n\t\t\t\t<\/a>\r\n\t\t\t<\/div>\r\n\t\t\t\r\n\t\t\t\r\n\t\t\t\t\t\t<div class=\"item-text\">\r\n\t\t\t\t<div class=\"item-description\">\r\n\t\t\t\t\t<p>&nbsp; Descrizione dell&#039;itinerario: Il percorso dell\u2019eremita \u00e8 un giro in bicicletta che attraversa i paesaggi sopra il Canale di Leme, dove si mescolano le bellezze mozzafiato dell\u2019area e mistici edifici religiosi.Le rive di Vrsar-Orsera, con la loro splendida vista, diventano il punto di partenza e di arrivo di quest\u2019avventura che&#8230;<\/p>\r\n\t\t\t\t\t<a href=\"https:\/\/funtana.com\/it\/item\/193-sul-percorso-dell-eremita\/\" class=\"more\">Vedi di pi\u00f9<\/a>\r\n\t\t\t\t<\/div>\r\n\t\t\t<\/div>\r\n\t\t\t\t\t\t<div class=\"item-footer\" style=\"\">\r\n\t\t\t\t\t\t\t\t<div class=\"item-data location\" style=\"\">\r\n\t\t\t\t\t<span class=\"label\">Posizione<\/span>\r\n\t\t\t\t\t<span class=\"values\">\r\n\t\t\t\t\t\t\t\t\t\t\t\t<a href=\"https:\/\/funtana.com\/it\/loc\/funtana-it\/\" class=\"value\" style=\"\">Funtana<\/a>\r\n\t\t\t\t\t\t\t\t\t\t\t<\/span>\r\n\t\t\t\t<\/div>\r\n\t\t\t\t\t\t\t\t\t\t\t\t<div class=\"item-data address\" style=\"\">\r\n\t\t\t\t\t<span class=\"label\">Indirizzo<\/span>\r\n\t\t\t\t\t<span class=\"values\">Funtana<\/span>\r\n\t\t\t\t<\/div>\r\n\t\t\t\t\t\t\t\t\t\t\t\t\t\t\t\t<div class=\"item-data categories\" style=\"\">\r\n\t\t\t\t\t<span class=\"label\">Categorie<\/span>\r\n\t\t\t\t\t<span class=\"values\">\r\n\t\t\t\t\t\t\t\t\t\t\t\t<a href=\"https:\/\/funtana.com\/it\/cat\/attivita\/\" class=\"value\" style=\"\">Attivita<\/a>\r\n\t\t\t\t\t\t\t\t\t\t\t\t<a href=\"https:\/\/funtana.com\/it\/cat\/ciclismo\/\" class=\"value\" style=\"\">Ciclismo<\/a>\r\n\t\t\t\t\t\t\t\t\t\t\t<\/span>\r\n\t\t\t\t<\/div>\r\n\t\t\t\t\t\t\t<\/div>\r\n\t\t<\/div>\r\n\t<\/div>\r\n\r\n<\/article>\r\n\r\n\r\n\r\n<article class=\"citadela-article has-thumbnail has-subtitle has-description has-address has-categories has-locations swiper-slide\">\r\n\r\n\t<div class=\"item-content\" style=\"\">\r\n\t\t\t\t<div class=\"item-thumbnail\" style=\"\">\r\n\t\t\t<a href=\"https:\/\/funtana.com\/it\/item\/192-il-percorso-delle-sculture-di-un-celebre-artista\/\">\r\n\t\t\t\t<img loading=\"lazy\" decoding=\"async\" \r\n\t\t\t\t\tclass=\"item-image\"\r\n                    src=\"https:\/\/funtana.com\/wp-content\/uploads\/2023\/09\/M15_012_00074_vvq2lm-480x360.jpg\"\r\n                    width=\"480\"\r\n                    height=\"360\"\r\n                    srcset=\"https:\/\/funtana.com\/wp-content\/uploads\/2023\/09\/M15_012_00074_vvq2lm-480x360.jpg 480w, https:\/\/funtana.com\/wp-content\/uploads\/2023\/09\/M15_012_00074_vvq2lm-640x480.jpg 640w\"\r\n                    sizes=\"auto, (max-width: 480px) 100vw, 480px\"\r\n                    alt=\"192 IL PERCORSO DELLE SCULTURE DI UN CELEBRE ARTISTA\"\r\n                    style=\"\"                \/>\r\n\t\t\t<\/a>\r\n\t\t<\/div>\r\n\t\t\r\n\t\t<div class=\"item-body\">\r\n\t\t\t<div class=\"item-title\">\r\n\t\t\t\t<a href=\"https:\/\/funtana.com\/it\/item\/192-il-percorso-delle-sculture-di-un-celebre-artista\/\">\r\n\t\t\t\t\t<div class=\"item-title-wrap\">\r\n\t\t\t\t\t\t<div class=\"post-title\">192 IL PERCORSO DELLE SCULTURE DI UN CELEBRE ARTISTA<\/div>\r\n\t\t\t\t\t\t\t\t\t\t\t\t<div class=\"post-subtitle\" style=\"\">Vrsar, parcheggio vicino al cimitero &#8211; Vinogradi Laguna &#8211; Funtana &#8211; Dinopark &#8211; Park Du\u0161ana D\u017eamonje &#8211; Vrsar<\/div>\r\n\t\t\t\t\t\t\t\t\t\t\t<\/div>\r\n\t\t\t\t<\/a>\r\n\t\t\t<\/div>\r\n\t\t\t\r\n\t\t\t\r\n\t\t\t\t\t\t<div class=\"item-text\">\r\n\t\t\t\t<div class=\"item-description\">\r\n\t\t\t\t\t<p>&nbsp; Descrizione dell&#039;itinerario: Il percorso delle sculture di un celebre artista inizia nel parcheggio vicino al cimitero di Vrsar-Orsera e continua lungo i sentieri dai solchi simmetrici delle vigne verso Funtana-Fontane e il parco dei dinosauri.Situato in una foresta lussureggiante e, in parte, in un\u2019ex-cava, il divertente Dinopark offre giochi&#8230;<\/p>\r\n\t\t\t\t\t<a href=\"https:\/\/funtana.com\/it\/item\/192-il-percorso-delle-sculture-di-un-celebre-artista\/\" class=\"more\">Vedi di pi\u00f9<\/a>\r\n\t\t\t\t<\/div>\r\n\t\t\t<\/div>\r\n\t\t\t\t\t\t<div class=\"item-footer\" style=\"\">\r\n\t\t\t\t\t\t\t\t<div class=\"item-data location\" style=\"\">\r\n\t\t\t\t\t<span class=\"label\">Posizione<\/span>\r\n\t\t\t\t\t<span class=\"values\">\r\n\t\t\t\t\t\t\t\t\t\t\t\t<a href=\"https:\/\/funtana.com\/it\/loc\/funtana-it\/\" class=\"value\" style=\"\">Funtana<\/a>\r\n\t\t\t\t\t\t\t\t\t\t\t<\/span>\r\n\t\t\t\t<\/div>\r\n\t\t\t\t\t\t\t\t\t\t\t\t<div class=\"item-data address\" style=\"\">\r\n\t\t\t\t\t<span class=\"label\">Indirizzo<\/span>\r\n\t\t\t\t\t<span class=\"values\">Funtana<\/span>\r\n\t\t\t\t<\/div>\r\n\t\t\t\t\t\t\t\t\t\t\t\t\t\t\t\t<div class=\"item-data categories\" style=\"\">\r\n\t\t\t\t\t<span class=\"label\">Categorie<\/span>\r\n\t\t\t\t\t<span class=\"values\">\r\n\t\t\t\t\t\t\t\t\t\t\t\t<a href=\"https:\/\/funtana.com\/it\/cat\/attivita\/\" class=\"value\" style=\"\">Attivita<\/a>\r\n\t\t\t\t\t\t\t\t\t\t\t\t<a href=\"https:\/\/funtana.com\/it\/cat\/ciclismo\/\" class=\"value\" style=\"\">Ciclismo<\/a>\r\n\t\t\t\t\t\t\t\t\t\t\t<\/span>\r\n\t\t\t\t<\/div>\r\n\t\t\t\t\t\t\t<\/div>\r\n\t\t<\/div>\r\n\t<\/div>\r\n\r\n<\/article>\r\n\r\n\r\n\r\n<article class=\"citadela-article has-thumbnail has-description has-address has-categories has-locations swiper-slide\">\r\n\r\n\t<div class=\"item-content\" style=\"\">\r\n\t\t\t\t<div class=\"item-thumbnail\" style=\"\">\r\n\t\t\t<a href=\"https:\/\/funtana.com\/it\/item\/free-porec-mtb-tour-north-35-km\/\">\r\n\t\t\t\t<img loading=\"lazy\" decoding=\"async\" \r\n\t\t\t\t\tclass=\"item-image\"\r\n                    src=\"https:\/\/funtana.com\/wp-content\/uploads\/2024\/06\/sl_061209143358-scaled-1-480x360.jpg\"\r\n                    width=\"480\"\r\n                    height=\"360\"\r\n                    srcset=\"https:\/\/funtana.com\/wp-content\/uploads\/2024\/06\/sl_061209143358-scaled-1-480x360.jpg 480w, https:\/\/funtana.com\/wp-content\/uploads\/2024\/06\/sl_061209143358-scaled-1-640x480.jpg 640w\"\r\n                    sizes=\"auto, (max-width: 480px) 100vw, 480px\"\r\n                    alt=\"FREE PORE\u010c MTB TOUR \u2013 NORD, 35 km\"\r\n                    style=\"\"                \/>\r\n\t\t\t<\/a>\r\n\t\t<\/div>\r\n\t\t\r\n\t\t<div class=\"item-body\">\r\n\t\t\t<div class=\"item-title\">\r\n\t\t\t\t<a href=\"https:\/\/funtana.com\/it\/item\/free-porec-mtb-tour-north-35-km\/\">\r\n\t\t\t\t\t<div class=\"item-title-wrap\">\r\n\t\t\t\t\t\t<div class=\"post-title\">FREE PORE\u010c MTB TOUR \u2013 NORD, 35 km<\/div>\r\n\t\t\t\t\t\t\t\t\t\t\t<\/div>\r\n\t\t\t\t<\/a>\r\n\t\t\t<\/div>\r\n\t\t\t\r\n\t\t\t\r\n\t\t\t\t\t\t<div class=\"item-text\">\r\n\t\t\t\t<div class=\"item-description\">\r\n\t\t\t\t\t<p>Il percorso settentrionale del tour Pore\u010d MTB conduce dalla baia di Peschiera al suggestivo percorso ciclistico Parenzana, un\u2019ex-linea ferroviaria che collegava Parenzo e Trieste. Nella prima parte del percorso si parte alla scoperta dell\u2019entroterra istriano attraverso il bosco Grabovizza, intersecato da sentieri come pensati per il ciclismo di montagna. Si&#8230;<\/p>\r\n\t\t\t\t\t<a href=\"https:\/\/funtana.com\/it\/item\/free-porec-mtb-tour-north-35-km\/\" class=\"more\">Vedi di pi\u00f9<\/a>\r\n\t\t\t\t<\/div>\r\n\t\t\t<\/div>\r\n\t\t\t\t\t\t<div class=\"item-footer\" style=\"\">\r\n\t\t\t\t\t\t\t\t<div class=\"item-data location\" style=\"\">\r\n\t\t\t\t\t<span class=\"label\">Posizione<\/span>\r\n\t\t\t\t\t<span class=\"values\">\r\n\t\t\t\t\t\t\t\t\t\t\t\t<a href=\"https:\/\/funtana.com\/it\/loc\/funtana-it\/\" class=\"value\" style=\"\">Funtana<\/a>\r\n\t\t\t\t\t\t\t\t\t\t\t<\/span>\r\n\t\t\t\t<\/div>\r\n\t\t\t\t\t\t\t\t\t\t\t\t<div class=\"item-data address\" style=\"\">\r\n\t\t\t\t\t<span class=\"label\">Indirizzo<\/span>\r\n\t\t\t\t\t<span class=\"values\">Pore\u010d, Pe\u0161kera<\/span>\r\n\t\t\t\t<\/div>\r\n\t\t\t\t\t\t\t\t\t\t\t\t\t\t\t\t<div class=\"item-data categories\" style=\"\">\r\n\t\t\t\t\t<span class=\"label\">Categorie<\/span>\r\n\t\t\t\t\t<span class=\"values\">\r\n\t\t\t\t\t\t\t\t\t\t\t\t<a href=\"https:\/\/funtana.com\/it\/cat\/ciclismo\/\" class=\"value\" style=\"\">Ciclismo<\/a>\r\n\t\t\t\t\t\t\t\t\t\t\t\t<a href=\"https:\/\/funtana.com\/it\/cat\/free-bike-tours-it\/\" class=\"value\" style=\"\">Free bike tours<\/a>\r\n\t\t\t\t\t\t\t\t\t\t\t<\/span>\r\n\t\t\t\t<\/div>\r\n\t\t\t\t\t\t\t<\/div>\r\n\t\t<\/div>\r\n\t<\/div>\r\n\r\n<\/article>\r\n\r\n\r\n\r\n<article class=\"citadela-article has-thumbnail has-subtitle has-description has-address has-categories has-locations swiper-slide\">\r\n\r\n\t<div class=\"item-content\" style=\"\">\r\n\t\t\t\t<div class=\"item-thumbnail\" style=\"\">\r\n\t\t\t<a href=\"https:\/\/funtana.com\/it\/item\/183-uliveti-vigne-e-giardini-di-vrsar-orsera\/\">\r\n\t\t\t\t<img loading=\"lazy\" decoding=\"async\" \r\n\t\t\t\t\tclass=\"item-image\"\r\n                    src=\"https:\/\/funtana.com\/wp-content\/uploads\/2023\/09\/sl_0709151556071-480x360.jpg\"\r\n                    width=\"480\"\r\n                    height=\"360\"\r\n                    srcset=\"https:\/\/funtana.com\/wp-content\/uploads\/2023\/09\/sl_0709151556071-480x360.jpg 480w, https:\/\/funtana.com\/wp-content\/uploads\/2023\/09\/sl_0709151556071-640x480.jpg 640w\"\r\n                    sizes=\"auto, (max-width: 480px) 100vw, 480px\"\r\n                    alt=\"183 Uliveti, vigne e giardini di Vrsar-Orsera\"\r\n                    style=\"\"                \/>\r\n\t\t\t<\/a>\r\n\t\t<\/div>\r\n\t\t\r\n\t\t<div class=\"item-body\">\r\n\t\t\t<div class=\"item-title\">\r\n\t\t\t\t<a href=\"https:\/\/funtana.com\/it\/item\/183-uliveti-vigne-e-giardini-di-vrsar-orsera\/\">\r\n\t\t\t\t\t<div class=\"item-title-wrap\">\r\n\t\t\t\t\t\t<div class=\"post-title\">183 Uliveti, vigne e giardini di Vrsar-Orsera<\/div>\r\n\t\t\t\t\t\t\t\t\t\t\t\t<div class=\"post-subtitle\" style=\"\">Vrsar (Hotel Pineta) -Sveti Lovre\u010d &#8211; Dra\u010devac &#8211; Fu\u0161kulin &#8211; Funtana &#8211; Vrsar (Hotel Pineta)<\/div>\r\n\t\t\t\t\t\t\t\t\t\t\t<\/div>\r\n\t\t\t\t<\/a>\r\n\t\t\t<\/div>\r\n\t\t\t\r\n\t\t\t\r\n\t\t\t\t\t\t<div class=\"item-text\">\r\n\t\t\t\t<div class=\"item-description\">\r\n\t\t\t\t\t<p>&nbsp; Descrizione dell&#039;itinerario: Flengi-Flenghi, Gradina-Geroldia, Marasi-Marassi, Stani\u0107i, Sveti Lovre\u010d-San Lorenzo del Pasenatico, \u0160u\u0161nji\u0107i-Susnici, Radmani, Dra\u010devac-Monspinoso, Fu\u0161kulin-Foscolino e Funtana sono i luoghi toccati da questa strada per le due ruote denominata Uliveti, vigne e giardini di Vrsar-Orsera. Si tratta di un percorso che offre l&#039;occasione perfetta per una gita in famiglia&#8230;<\/p>\r\n\t\t\t\t\t<a href=\"https:\/\/funtana.com\/it\/item\/183-uliveti-vigne-e-giardini-di-vrsar-orsera\/\" class=\"more\">Vedi di pi\u00f9<\/a>\r\n\t\t\t\t<\/div>\r\n\t\t\t<\/div>\r\n\t\t\t\t\t\t<div class=\"item-footer\" style=\"\">\r\n\t\t\t\t\t\t\t\t<div class=\"item-data location\" style=\"\">\r\n\t\t\t\t\t<span class=\"label\">Posizione<\/span>\r\n\t\t\t\t\t<span class=\"values\">\r\n\t\t\t\t\t\t\t\t\t\t\t\t<a href=\"https:\/\/funtana.com\/it\/loc\/funtana-it\/\" class=\"value\" style=\"\">Funtana<\/a>\r\n\t\t\t\t\t\t\t\t\t\t\t<\/span>\r\n\t\t\t\t<\/div>\r\n\t\t\t\t\t\t\t\t\t\t\t\t<div class=\"item-data address\" style=\"\">\r\n\t\t\t\t\t<span class=\"label\">Indirizzo<\/span>\r\n\t\t\t\t\t<span class=\"values\">Funtana<\/span>\r\n\t\t\t\t<\/div>\r\n\t\t\t\t\t\t\t\t\t\t\t\t\t\t\t\t<div class=\"item-data categories\" style=\"\">\r\n\t\t\t\t\t<span class=\"label\">Categorie<\/span>\r\n\t\t\t\t\t<span class=\"values\">\r\n\t\t\t\t\t\t\t\t\t\t\t\t<a href=\"https:\/\/funtana.com\/it\/cat\/attivita\/\" class=\"value\" style=\"\">Attivita<\/a>\r\n\t\t\t\t\t\t\t\t\t\t\t\t<a href=\"https:\/\/funtana.com\/it\/cat\/ciclismo\/\" class=\"value\" style=\"\">Ciclismo<\/a>\r\n\t\t\t\t\t\t\t\t\t\t\t\t<a href=\"https:\/\/funtana.com\/it\/cat\/mountain-bike-it\/\" class=\"value\" style=\"\">Mountain bike<\/a>\r\n\t\t\t\t\t\t\t\t\t\t\t<\/span>\r\n\t\t\t\t<\/div>\r\n\t\t\t\t\t\t\t<\/div>\r\n\t\t<\/div>\r\n\t<\/div>\r\n\r\n<\/article>\r\n\r\n\r\n\r\n<article class=\"citadela-article has-thumbnail has-description has-address has-categories has-locations swiper-slide\">\r\n\r\n\t<div class=\"item-content\" style=\"\">\r\n\t\t\t\t<div class=\"item-thumbnail\" style=\"\">\r\n\t\t\t<a href=\"https:\/\/funtana.com\/it\/item\/free-funtana-mtb-tour\/\">\r\n\t\t\t\t<img loading=\"lazy\" decoding=\"async\" \r\n\t\t\t\t\tclass=\"item-image\"\r\n                    src=\"https:\/\/funtana.com\/wp-content\/uploads\/2023\/03\/1529310903_7529-1-480x360.jpg\"\r\n                    width=\"480\"\r\n                    height=\"360\"\r\n                    srcset=\"https:\/\/funtana.com\/wp-content\/uploads\/2023\/03\/1529310903_7529-1-480x360.jpg 480w, https:\/\/funtana.com\/wp-content\/uploads\/2023\/03\/1529310903_7529-1-300x225.jpg 300w, https:\/\/funtana.com\/wp-content\/uploads\/2023\/03\/1529310903_7529-1-1024x768.jpg 1024w, https:\/\/funtana.com\/wp-content\/uploads\/2023\/03\/1529310903_7529-1-768x576.jpg 768w, https:\/\/funtana.com\/wp-content\/uploads\/2023\/03\/1529310903_7529-1-640x480.jpg 640w, https:\/\/funtana.com\/wp-content\/uploads\/2023\/03\/1529310903_7529-1.jpg 1200w\"\r\n                    sizes=\"auto, (max-width: 480px) 100vw, 480px\"\r\n                    alt=\"FREE FUNTANA MTB TOUR\"\r\n                    style=\"\"                \/>\r\n\t\t\t<\/a>\r\n\t\t<\/div>\r\n\t\t\r\n\t\t<div class=\"item-body\">\r\n\t\t\t<div class=\"item-title\">\r\n\t\t\t\t<a href=\"https:\/\/funtana.com\/it\/item\/free-funtana-mtb-tour\/\">\r\n\t\t\t\t\t<div class=\"item-title-wrap\">\r\n\t\t\t\t\t\t<div class=\"post-title\">FREE FUNTANA MTB TOUR<\/div>\r\n\t\t\t\t\t\t\t\t\t\t\t<\/div>\r\n\t\t\t\t<\/a>\r\n\t\t\t<\/div>\r\n\t\t\t\r\n\t\t\t\r\n\t\t\t\t\t\t<div class=\"item-text\">\r\n\t\t\t\t<div class=\"item-description\">\r\n\t\t\t\t\t<p>Il punto di ritrovo \u00e8 davanti all\u2019info point dell\u2019Ente turistico del comune di Fontane (vicino all\u2019ufficio postale) nel centro di Fontane. Si scende verso Marina e si prosegue verso Bijela Uvala a nord. Dopo aver costeggiato il mare, ci si addentra nell\u2019entroterra di Fontane. Attraversando i pittoreschi campi di Kampaladanja&#8230;<\/p>\r\n\t\t\t\t\t<a href=\"https:\/\/funtana.com\/it\/item\/free-funtana-mtb-tour\/\" class=\"more\">Vedi di pi\u00f9<\/a>\r\n\t\t\t\t<\/div>\r\n\t\t\t<\/div>\r\n\t\t\t\t\t\t<div class=\"item-footer\" style=\"\">\r\n\t\t\t\t\t\t\t\t<div class=\"item-data location\" style=\"\">\r\n\t\t\t\t\t<span class=\"label\">Posizione<\/span>\r\n\t\t\t\t\t<span class=\"values\">\r\n\t\t\t\t\t\t\t\t\t\t\t\t<a href=\"https:\/\/funtana.com\/it\/loc\/funtana-it\/\" class=\"value\" style=\"\">Funtana<\/a>\r\n\t\t\t\t\t\t\t\t\t\t\t<\/span>\r\n\t\t\t\t<\/div>\r\n\t\t\t\t\t\t\t\t\t\t\t\t<div class=\"item-data address\" style=\"\">\r\n\t\t\t\t\t<span class=\"label\">Indirizzo<\/span>\r\n\t\t\t\t\t<span class=\"values\">Funtana, Tourist info centre<\/span>\r\n\t\t\t\t<\/div>\r\n\t\t\t\t\t\t\t\t\t\t\t\t\t\t\t\t<div class=\"item-data categories\" style=\"\">\r\n\t\t\t\t\t<span class=\"label\">Categorie<\/span>\r\n\t\t\t\t\t<span class=\"values\">\r\n\t\t\t\t\t\t\t\t\t\t\t\t<a href=\"https:\/\/funtana.com\/it\/cat\/ciclismo\/\" class=\"value\" style=\"\">Ciclismo<\/a>\r\n\t\t\t\t\t\t\t\t\t\t\t\t<a href=\"https:\/\/funtana.com\/it\/cat\/free-bike-tours-it\/\" class=\"value\" style=\"\">Free bike tours<\/a>\r\n\t\t\t\t\t\t\t\t\t\t\t<\/span>\r\n\t\t\t\t<\/div>\r\n\t\t\t\t\t\t\t<\/div>\r\n\t\t<\/div>\r\n\t<\/div>\r\n\r\n<\/article>\r\n\r\n\r\n\r\n<article class=\"citadela-article has-thumbnail has-subtitle has-description has-address has-categories has-locations swiper-slide\">\r\n\r\n\t<div class=\"item-content\" style=\"\">\r\n\t\t\t\t<div class=\"item-thumbnail\" style=\"\">\r\n\t\t\t<a href=\"https:\/\/funtana.com\/it\/item\/112-percorso-doliano\/\">\r\n\t\t\t\t<img loading=\"lazy\" decoding=\"async\" \r\n\t\t\t\t\tclass=\"item-image\"\r\n                    src=\"https:\/\/funtana.com\/wp-content\/uploads\/2023\/09\/baredine19-480x360.jpg\"\r\n                    width=\"480\"\r\n                    height=\"360\"\r\n                    srcset=\"\"\r\n                    sizes=\"auto, (max-width: 480px) 100vw, 480px\"\r\n                    alt=\"112 PERCORSO DOLIANO\"\r\n                    style=\"\"                \/>\r\n\t\t\t<\/a>\r\n\t\t<\/div>\r\n\t\t\r\n\t\t<div class=\"item-body\">\r\n\t\t\t<div class=\"item-title\">\r\n\t\t\t\t<a href=\"https:\/\/funtana.com\/it\/item\/112-percorso-doliano\/\">\r\n\t\t\t\t\t<div class=\"item-title-wrap\">\r\n\t\t\t\t\t\t<div class=\"post-title\">112 PERCORSO DOLIANO<\/div>\r\n\t\t\t\t\t\t\t\t\t\t\t\t<div class=\"post-subtitle\" style=\"\">L&#8217;inizio e la fine di questo tour \u00e8 di fronte alla Grotta Baredine, monumento geomorfologico della natura<\/div>\r\n\t\t\t\t\t\t\t\t\t\t\t<\/div>\r\n\t\t\t\t<\/a>\r\n\t\t\t<\/div>\r\n\t\t\t\r\n\t\t\t\r\n\t\t\t\t\t\t<div class=\"item-text\">\r\n\t\t\t\t<div class=\"item-description\">\r\n\t\t\t\t\t<p>&nbsp; L&#039;inizio e la fine di questo giro si trova presso la grotta Baredine, un monumento geomorfologico della natura. Questa grotta \u00e8 una tesoreria di stalattiti, stalagmiti e altre sculture create dalla natura, ed \u00e8 anche nota per il proteo.\u00a0 Nel complesso si trova anche un museo dei trattori d&#039;epoca&#8230;<\/p>\r\n\t\t\t\t\t<a href=\"https:\/\/funtana.com\/it\/item\/112-percorso-doliano\/\" class=\"more\">Vedi di pi\u00f9<\/a>\r\n\t\t\t\t<\/div>\r\n\t\t\t<\/div>\r\n\t\t\t\t\t\t<div class=\"item-footer\" style=\"\">\r\n\t\t\t\t\t\t\t\t<div class=\"item-data location\" style=\"\">\r\n\t\t\t\t\t<span class=\"label\">Posizione<\/span>\r\n\t\t\t\t\t<span class=\"values\">\r\n\t\t\t\t\t\t\t\t\t\t\t\t<a href=\"https:\/\/funtana.com\/it\/loc\/funtana-it\/\" class=\"value\" style=\"\">Funtana<\/a>\r\n\t\t\t\t\t\t\t\t\t\t\t<\/span>\r\n\t\t\t\t<\/div>\r\n\t\t\t\t\t\t\t\t\t\t\t\t<div class=\"item-data address\" style=\"\">\r\n\t\t\t\t\t<span class=\"label\">Indirizzo<\/span>\r\n\t\t\t\t\t<span class=\"values\">Funtana<\/span>\r\n\t\t\t\t<\/div>\r\n\t\t\t\t\t\t\t\t\t\t\t\t\t\t\t\t<div class=\"item-data categories\" style=\"\">\r\n\t\t\t\t\t<span class=\"label\">Categorie<\/span>\r\n\t\t\t\t\t<span class=\"values\">\r\n\t\t\t\t\t\t\t\t\t\t\t\t<a href=\"https:\/\/funtana.com\/it\/cat\/attivita\/\" class=\"value\" style=\"\">Attivita<\/a>\r\n\t\t\t\t\t\t\t\t\t\t\t\t<a href=\"https:\/\/funtana.com\/it\/cat\/ciclismo\/\" class=\"value\" style=\"\">Ciclismo<\/a>\r\n\t\t\t\t\t\t\t\t\t\t\t<\/span>\r\n\t\t\t\t<\/div>\r\n\t\t\t\t\t\t\t<\/div>\r\n\t\t<\/div>\r\n\t<\/div>\r\n\r\n<\/article>\r\n\r\n\r\n\r\n<article class=\"citadela-article has-thumbnail has-subtitle has-description has-address has-categories has-locations swiper-slide\">\r\n\r\n\t<div class=\"item-content\" style=\"\">\r\n\t\t\t\t<div class=\"item-thumbnail\" style=\"\">\r\n\t\t\t<a href=\"https:\/\/funtana.com\/it\/item\/191-nel-regno-forestale\/\">\r\n\t\t\t\t<img loading=\"lazy\" decoding=\"async\" \r\n\t\t\t\t\tclass=\"item-image\"\r\n                    src=\"https:\/\/funtana.com\/wp-content\/uploads\/2023\/09\/sl_071015100046-480x360.jpg\"\r\n                    width=\"480\"\r\n                    height=\"360\"\r\n                    srcset=\"https:\/\/funtana.com\/wp-content\/uploads\/2023\/09\/sl_071015100046-480x360.jpg 480w, https:\/\/funtana.com\/wp-content\/uploads\/2023\/09\/sl_071015100046-640x480.jpg 640w\"\r\n                    sizes=\"auto, (max-width: 480px) 100vw, 480px\"\r\n                    alt=\"191 Nel regno forestale\"\r\n                    style=\"\"                \/>\r\n\t\t\t<\/a>\r\n\t\t<\/div>\r\n\t\t\r\n\t\t<div class=\"item-body\">\r\n\t\t\t<div class=\"item-title\">\r\n\t\t\t\t<a href=\"https:\/\/funtana.com\/it\/item\/191-nel-regno-forestale\/\">\r\n\t\t\t\t\t<div class=\"item-title-wrap\">\r\n\t\t\t\t\t\t<div class=\"post-title\">191 Nel regno forestale<\/div>\r\n\t\t\t\t\t\t\t\t\t\t\t\t<div class=\"post-subtitle\" style=\"\">Funtana &#8211; Orsera &#8211; Stazione del capitano &#8211; Kontija &#8211; Aeroporto sportivo &#8211; Stazione del capitano (scorciatoia) &#8211; Funtana<\/div>\r\n\t\t\t\t\t\t\t\t\t\t\t<\/div>\r\n\t\t\t\t<\/a>\r\n\t\t\t<\/div>\r\n\t\t\t\r\n\t\t\t\r\n\t\t\t\t\t\t<div class=\"item-text\">\r\n\t\t\t\t<div class=\"item-description\">\r\n\t\t\t\t\t<p>&nbsp; Descrizione dell&#039;itinerario: Il percorso, che raggiunge una vera foresta delle favole, inizia a Vrsar-Orsera. In questo percorso dedicato principalmente ai bambini si passa attraverso l\u2019insediamento di Kapetanova stancija e la riserva speciale di vegetazione forestale di Kontija-Contea, per poi ritornare al punto di partenza a Orsera lungo l\u2019aeroporto sportivo&#8230;.<\/p>\r\n\t\t\t\t\t<a href=\"https:\/\/funtana.com\/it\/item\/191-nel-regno-forestale\/\" class=\"more\">Vedi di pi\u00f9<\/a>\r\n\t\t\t\t<\/div>\r\n\t\t\t<\/div>\r\n\t\t\t\t\t\t<div class=\"item-footer\" style=\"\">\r\n\t\t\t\t\t\t\t\t<div class=\"item-data location\" style=\"\">\r\n\t\t\t\t\t<span class=\"label\">Posizione<\/span>\r\n\t\t\t\t\t<span class=\"values\">\r\n\t\t\t\t\t\t\t\t\t\t\t\t<a href=\"https:\/\/funtana.com\/it\/loc\/funtana-it\/\" class=\"value\" style=\"\">Funtana<\/a>\r\n\t\t\t\t\t\t\t\t\t\t\t<\/span>\r\n\t\t\t\t<\/div>\r\n\t\t\t\t\t\t\t\t\t\t\t\t<div class=\"item-data address\" style=\"\">\r\n\t\t\t\t\t<span class=\"label\">Indirizzo<\/span>\r\n\t\t\t\t\t<span class=\"values\">Funtana<\/span>\r\n\t\t\t\t<\/div>\r\n\t\t\t\t\t\t\t\t\t\t\t\t\t\t\t\t<div class=\"item-data categories\" style=\"\">\r\n\t\t\t\t\t<span class=\"label\">Categorie<\/span>\r\n\t\t\t\t\t<span class=\"values\">\r\n\t\t\t\t\t\t\t\t\t\t\t\t<a href=\"https:\/\/funtana.com\/it\/cat\/attivita\/\" class=\"value\" style=\"\">Attivita<\/a>\r\n\t\t\t\t\t\t\t\t\t\t\t\t<a href=\"https:\/\/funtana.com\/it\/cat\/ciclismo\/\" class=\"value\" style=\"\">Ciclismo<\/a>\r\n\t\t\t\t\t\t\t\t\t\t\t\t<a href=\"https:\/\/funtana.com\/it\/cat\/mountain-bike-it\/\" class=\"value\" style=\"\">Mountain bike<\/a>\r\n\t\t\t\t\t\t\t\t\t\t\t<\/span>\r\n\t\t\t\t<\/div>\r\n\t\t\t\t\t\t\t<\/div>\r\n\t\t<\/div>\r\n\t<\/div>\r\n\r\n<\/article>\r\n\r\n\r\n\r\n<article class=\"citadela-article has-thumbnail has-subtitle has-description has-address has-categories has-locations swiper-slide\">\r\n\r\n\t<div class=\"item-content\" style=\"\">\r\n\t\t\t\t<div class=\"item-thumbnail\" style=\"\">\r\n\t\t\t<a href=\"https:\/\/funtana.com\/it\/item\/171-larcipelago-magico\/\">\r\n\t\t\t\t<img loading=\"lazy\" decoding=\"async\" \r\n\t\t\t\t\tclass=\"item-image\"\r\n                    src=\"https:\/\/funtana.com\/wp-content\/uploads\/2023\/09\/sl_0709151556471-1-480x360.jpg\"\r\n                    width=\"480\"\r\n                    height=\"360\"\r\n                    srcset=\"https:\/\/funtana.com\/wp-content\/uploads\/2023\/09\/sl_0709151556471-1-480x360.jpg 480w, https:\/\/funtana.com\/wp-content\/uploads\/2023\/09\/sl_0709151556471-1-640x480.jpg 640w\"\r\n                    sizes=\"auto, (max-width: 480px) 100vw, 480px\"\r\n                    alt=\"171 L&#039;ARCIPELAGO MAGICO\"\r\n                    style=\"\"                \/>\r\n\t\t\t<\/a>\r\n\t\t<\/div>\r\n\t\t\r\n\t\t<div class=\"item-body\">\r\n\t\t\t<div class=\"item-title\">\r\n\t\t\t\t<a href=\"https:\/\/funtana.com\/it\/item\/171-larcipelago-magico\/\">\r\n\t\t\t\t\t<div class=\"item-title-wrap\">\r\n\t\t\t\t\t\t<div class=\"post-title\">171 L&#039;ARCIPELAGO MAGICO<\/div>\r\n\t\t\t\t\t\t\t\t\t\t\t\t<div class=\"post-subtitle\" style=\"\">eccezionalmente breve (18,3 km), particolarmente interessante \u00e8 il sentiero dell&#8217;Arcipelago Magico<\/div>\r\n\t\t\t\t\t\t\t\t\t\t\t<\/div>\r\n\t\t\t\t<\/a>\r\n\t\t\t<\/div>\r\n\t\t\t\r\n\t\t\t\r\n\t\t\t\t\t\t<div class=\"item-text\">\r\n\t\t\t\t<div class=\"item-description\">\r\n\t\t\t\t\t<p>&nbsp; Descrizione dell&#039;itinerario: Anche se piuttosto breve (18,3 km), il sentiero L\u2019arcipelago magico \u00e8 particolarmente interessante. Il percorso, che inizia e termina alla fermata dell\u2019autobus di Orsera, attraversa tra la Stancija del Capitano, tra Finida e Funtane, offrendo una variet\u00e0 di siti da visitare. Nella prima parte si trova anche&#8230;<\/p>\r\n\t\t\t\t\t<a href=\"https:\/\/funtana.com\/it\/item\/171-larcipelago-magico\/\" class=\"more\">Vedi di pi\u00f9<\/a>\r\n\t\t\t\t<\/div>\r\n\t\t\t<\/div>\r\n\t\t\t\t\t\t<div class=\"item-footer\" style=\"\">\r\n\t\t\t\t\t\t\t\t<div class=\"item-data location\" style=\"\">\r\n\t\t\t\t\t<span class=\"label\">Posizione<\/span>\r\n\t\t\t\t\t<span class=\"values\">\r\n\t\t\t\t\t\t\t\t\t\t\t\t<a href=\"https:\/\/funtana.com\/it\/loc\/funtana-it\/\" class=\"value\" style=\"\">Funtana<\/a>\r\n\t\t\t\t\t\t\t\t\t\t\t<\/span>\r\n\t\t\t\t<\/div>\r\n\t\t\t\t\t\t\t\t\t\t\t\t<div class=\"item-data address\" style=\"\">\r\n\t\t\t\t\t<span class=\"label\">Indirizzo<\/span>\r\n\t\t\t\t\t<span class=\"values\">Vrsar<\/span>\r\n\t\t\t\t<\/div>\r\n\t\t\t\t\t\t\t\t\t\t\t\t\t\t\t\t<div class=\"item-data categories\" style=\"\">\r\n\t\t\t\t\t<span class=\"label\">Categorie<\/span>\r\n\t\t\t\t\t<span class=\"values\">\r\n\t\t\t\t\t\t\t\t\t\t\t\t<a href=\"https:\/\/funtana.com\/it\/cat\/attivita\/\" class=\"value\" style=\"\">Attivita<\/a>\r\n\t\t\t\t\t\t\t\t\t\t\t\t<a href=\"https:\/\/funtana.com\/it\/cat\/ciclismo\/\" class=\"value\" style=\"\">Ciclismo<\/a>\r\n\t\t\t\t\t\t\t\t\t\t\t\t<a href=\"https:\/\/funtana.com\/it\/cat\/mountain-bike-it\/\" class=\"value\" style=\"\">Mountain bike<\/a>\r\n\t\t\t\t\t\t\t\t\t\t\t<\/span>\r\n\t\t\t\t<\/div>\r\n\t\t\t\t\t\t\t<\/div>\r\n\t\t<\/div>\r\n\t<\/div>\r\n\r\n<\/article>\r\n\r\n\r\n\r\n<article class=\"citadela-article has-thumbnail has-subtitle has-description has-address has-categories has-locations swiper-slide\">\r\n\r\n\t<div class=\"item-content\" style=\"\">\r\n\t\t\t\t<div class=\"item-thumbnail\" style=\"\">\r\n\t\t\t<a href=\"https:\/\/funtana.com\/it\/item\/trail-faragude-kontija\/\">\r\n\t\t\t\t<img loading=\"lazy\" decoding=\"async\" \r\n\t\t\t\t\tclass=\"item-image\"\r\n                    src=\"https:\/\/funtana.com\/wp-content\/uploads\/2023\/03\/sl_070915155607-480x360.jpg\"\r\n                    width=\"480\"\r\n                    height=\"360\"\r\n                    srcset=\"https:\/\/funtana.com\/wp-content\/uploads\/2023\/03\/sl_070915155607-480x360.jpg 480w, https:\/\/funtana.com\/wp-content\/uploads\/2023\/03\/sl_070915155607-640x480.jpg 640w\"\r\n                    sizes=\"auto, (max-width: 480px) 100vw, 480px\"\r\n                    alt=\"Trail Faragude - Kontija\"\r\n                    style=\"\"                \/>\r\n\t\t\t<\/a>\r\n\t\t<\/div>\r\n\t\t\r\n\t\t<div class=\"item-body\">\r\n\t\t\t<div class=\"item-title\">\r\n\t\t\t\t<a href=\"https:\/\/funtana.com\/it\/item\/trail-faragude-kontija\/\">\r\n\t\t\t\t\t<div class=\"item-title-wrap\">\r\n\t\t\t\t\t\t<div class=\"post-title\">Trail Faragude &#8211; Kontija<\/div>\r\n\t\t\t\t\t\t\t\t\t\t\t\t<div class=\"post-subtitle\" style=\"\">ESCURSIONE IN MTB<\/div>\r\n\t\t\t\t\t\t\t\t\t\t\t<\/div>\r\n\t\t\t\t<\/a>\r\n\t\t\t<\/div>\r\n\t\t\t\r\n\t\t\t\r\n\t\t\t\t\t\t<div class=\"item-text\">\r\n\t\t\t\t<div class=\"item-description\">\r\n\t\t\t\t\t<p>Descrizione tecnica Orsera &#8211; Funtana &#8211; Flengi &#8211; Orsera &#8211; Funtana Lunghezza: 27 km Dislivello elevato: 300 m Punto pi\u00f9 alto: 126 m Tempo: 2:00-2:30 Terreno: Asfalto:4,1 km Macadam: 22,9 km Difficolt\u00e0:media (altro&hellip;)<\/p>\r\n\t\t\t\t\t<a href=\"https:\/\/funtana.com\/it\/item\/trail-faragude-kontija\/\" class=\"more\">Vedi di pi\u00f9<\/a>\r\n\t\t\t\t<\/div>\r\n\t\t\t<\/div>\r\n\t\t\t\t\t\t<div class=\"item-footer\" style=\"\">\r\n\t\t\t\t\t\t\t\t<div class=\"item-data location\" style=\"\">\r\n\t\t\t\t\t<span class=\"label\">Posizione<\/span>\r\n\t\t\t\t\t<span class=\"values\">\r\n\t\t\t\t\t\t\t\t\t\t\t\t<a href=\"https:\/\/funtana.com\/it\/loc\/funtana-it\/\" class=\"value\" style=\"\">Funtana<\/a>\r\n\t\t\t\t\t\t\t\t\t\t\t<\/span>\r\n\t\t\t\t<\/div>\r\n\t\t\t\t\t\t\t\t\t\t\t\t<div class=\"item-data address\" style=\"\">\r\n\t\t\t\t\t<span class=\"label\">Indirizzo<\/span>\r\n\t\t\t\t\t<span class=\"values\">Funtana, Tourist info centre<\/span>\r\n\t\t\t\t<\/div>\r\n\t\t\t\t\t\t\t\t\t\t\t\t\t\t\t\t<div class=\"item-data categories\" style=\"\">\r\n\t\t\t\t\t<span class=\"label\">Categorie<\/span>\r\n\t\t\t\t\t<span class=\"values\">\r\n\t\t\t\t\t\t\t\t\t\t\t\t<a href=\"https:\/\/funtana.com\/it\/cat\/attivita\/\" class=\"value\" style=\"\">Attivita<\/a>\r\n\t\t\t\t\t\t\t\t\t\t\t\t<a href=\"https:\/\/funtana.com\/it\/cat\/ciclismo\/\" class=\"value\" style=\"\">Ciclismo<\/a>\r\n\t\t\t\t\t\t\t\t\t\t\t\t<a href=\"https:\/\/funtana.com\/it\/cat\/mountain-bike-it\/\" class=\"value\" style=\"\">Mountain bike<\/a>\r\n\t\t\t\t\t\t\t\t\t\t\t<\/span>\r\n\t\t\t\t<\/div>\r\n\t\t\t\t\t\t\t<\/div>\r\n\t\t<\/div>\r\n\t<\/div>\r\n\r\n<\/article>\r\n\r\n\r\n\r\n<article class=\"citadela-article has-thumbnail has-subtitle has-description has-address has-categories has-locations swiper-slide\">\r\n\r\n\t<div class=\"item-content\" style=\"\">\r\n\t\t\t\t<div class=\"item-thumbnail\" style=\"\">\r\n\t\t\t<a href=\"https:\/\/funtana.com\/it\/item\/174-itinerario-delle-viste-mozzafiato\/\">\r\n\t\t\t\t<img loading=\"lazy\" decoding=\"async\" \r\n\t\t\t\t\tclass=\"item-image\"\r\n                    src=\"https:\/\/funtana.com\/wp-content\/uploads\/2023\/09\/2023-09-17_17h06_05-480x360.jpg\"\r\n                    width=\"480\"\r\n                    height=\"360\"\r\n                    srcset=\"https:\/\/funtana.com\/wp-content\/uploads\/2023\/09\/2023-09-17_17h06_05-480x360.jpg 480w, https:\/\/funtana.com\/wp-content\/uploads\/2023\/09\/2023-09-17_17h06_05-640x480.jpg 640w\"\r\n                    sizes=\"auto, (max-width: 480px) 100vw, 480px\"\r\n                    alt=\"174 ITINERARIO DELLE VISTE MOZZAFIATO\"\r\n                    style=\"\"                \/>\r\n\t\t\t<\/a>\r\n\t\t<\/div>\r\n\t\t\r\n\t\t<div class=\"item-body\">\r\n\t\t\t<div class=\"item-title\">\r\n\t\t\t\t<a href=\"https:\/\/funtana.com\/it\/item\/174-itinerario-delle-viste-mozzafiato\/\">\r\n\t\t\t\t\t<div class=\"item-title-wrap\">\r\n\t\t\t\t\t\t<div class=\"post-title\">174 ITINERARIO DELLE VISTE MOZZAFIATO<\/div>\r\n\t\t\t\t\t\t\t\t\t\t\t\t<div class=\"post-subtitle\" style=\"\">consigliato per biciclette da trekking<\/div>\r\n\t\t\t\t\t\t\t\t\t\t\t<\/div>\r\n\t\t\t\t<\/a>\r\n\t\t\t<\/div>\r\n\t\t\t\r\n\t\t\t\r\n\t\t\t\t\t\t<div class=\"item-text\">\r\n\t\t\t\t<div class=\"item-description\">\r\n\t\t\t\t\t<p>&nbsp; Descrizione dell&#039;itinerario: \u00a0Il sentiero Itinerario delle viste mozzafiato, lungo 39,2 km, subito nella parte introduttiva offre le viste pi\u00f9 interessanti. Il primo punto panoramico si trova dopo soli 360 metri e il secondo dopo 1,9 km, con una vista sullo splendido Canale di Leme. Quindi il sentiero prosegue fino&#8230;<\/p>\r\n\t\t\t\t\t<a href=\"https:\/\/funtana.com\/it\/item\/174-itinerario-delle-viste-mozzafiato\/\" class=\"more\">Vedi di pi\u00f9<\/a>\r\n\t\t\t\t<\/div>\r\n\t\t\t<\/div>\r\n\t\t\t\t\t\t<div class=\"item-footer\" style=\"\">\r\n\t\t\t\t\t\t\t\t<div class=\"item-data location\" style=\"\">\r\n\t\t\t\t\t<span class=\"label\">Posizione<\/span>\r\n\t\t\t\t\t<span class=\"values\">\r\n\t\t\t\t\t\t\t\t\t\t\t\t<a href=\"https:\/\/funtana.com\/it\/loc\/funtana-it\/\" class=\"value\" style=\"\">Funtana<\/a>\r\n\t\t\t\t\t\t\t\t\t\t\t<\/span>\r\n\t\t\t\t<\/div>\r\n\t\t\t\t\t\t\t\t\t\t\t\t<div class=\"item-data address\" style=\"\">\r\n\t\t\t\t\t<span class=\"label\">Indirizzo<\/span>\r\n\t\t\t\t\t<span class=\"values\">Klo\u0161tar, Vrsar<\/span>\r\n\t\t\t\t<\/div>\r\n\t\t\t\t\t\t\t\t\t\t\t\t\t\t\t\t<div class=\"item-data categories\" style=\"\">\r\n\t\t\t\t\t<span class=\"label\">Categorie<\/span>\r\n\t\t\t\t\t<span class=\"values\">\r\n\t\t\t\t\t\t\t\t\t\t\t\t<a href=\"https:\/\/funtana.com\/it\/cat\/attivita\/\" class=\"value\" style=\"\">Attivita<\/a>\r\n\t\t\t\t\t\t\t\t\t\t\t\t<a href=\"https:\/\/funtana.com\/it\/cat\/ciclismo\/\" class=\"value\" style=\"\">Ciclismo<\/a>\r\n\t\t\t\t\t\t\t\t\t\t\t\t<a href=\"https:\/\/funtana.com\/it\/cat\/mountain-bike-it\/\" class=\"value\" style=\"\">Mountain bike<\/a>\r\n\t\t\t\t\t\t\t\t\t\t\t<\/span>\r\n\t\t\t\t<\/div>\r\n\t\t\t\t\t\t\t<\/div>\r\n\t\t<\/div>\r\n\t<\/div>\r\n\r\n<\/article>\r\n\r\n\r\n\r\n<article class=\"citadela-article has-thumbnail has-subtitle has-description has-address has-categories has-locations swiper-slide\">\r\n\r\n\t<div class=\"item-content\" style=\"\">\r\n\t\t\t\t<div class=\"item-thumbnail\" style=\"\">\r\n\t\t\t<a href=\"https:\/\/funtana.com\/it\/item\/182-tesoro-del-patrimonio\/\">\r\n\t\t\t\t<img loading=\"lazy\" decoding=\"async\" \r\n\t\t\t\t\tclass=\"item-image\"\r\n                    src=\"https:\/\/funtana.com\/wp-content\/uploads\/2023\/09\/sl_052515151014-480x360.jpg\"\r\n                    width=\"480\"\r\n                    height=\"360\"\r\n                    srcset=\"https:\/\/funtana.com\/wp-content\/uploads\/2023\/09\/sl_052515151014-480x360.jpg 480w, https:\/\/funtana.com\/wp-content\/uploads\/2023\/09\/sl_052515151014-640x480.jpg 640w\"\r\n                    sizes=\"auto, (max-width: 480px) 100vw, 480px\"\r\n                    alt=\"182 Tesoro del patrimonio\"\r\n                    style=\"\"                \/>\r\n\t\t\t<\/a>\r\n\t\t<\/div>\r\n\t\t\r\n\t\t<div class=\"item-body\">\r\n\t\t\t<div class=\"item-title\">\r\n\t\t\t\t<a href=\"https:\/\/funtana.com\/it\/item\/182-tesoro-del-patrimonio\/\">\r\n\t\t\t\t\t<div class=\"item-title-wrap\">\r\n\t\t\t\t\t\t<div class=\"post-title\">182 Tesoro del patrimonio<\/div>\r\n\t\t\t\t\t\t\t\t\t\t\t\t<div class=\"post-subtitle\" style=\"\">Vrsar (Hotel Pineta) &#8211; Flengi &#8211; Klo\u0161tar &#8211; Sveti Lovre\u010d &#8211; Hrvatini &#8211; Draguzeti &#8211; Barat &#8211; Mrgani &#8211; Sveti Lovre\u010d &#8211; Pore\u010d (Centar) &#8211; Funtana &#8211; Vrsar (Hotel Pineta)<\/div>\r\n\t\t\t\t\t\t\t\t\t\t\t<\/div>\r\n\t\t\t\t<\/a>\r\n\t\t\t<\/div>\r\n\t\t\t\r\n\t\t\t\r\n\t\t\t\t\t\t<div class=\"item-text\">\r\n\t\t\t\t<div class=\"item-description\">\r\n\t\t\t\t\t<p>&nbsp; Vrsar-Orsera, Dvigrad-Due Castelli, Sveti Lovre\u010d-San Lorenzo del Pasenatico, Pore\u010d-Parenzo e Funtana. Il percorso Tesoro del patrimonio inizia e finisce davanti all&#039;hotel Pineta di Vrsar-Orsera e regala un po\u2019 di tutto: dalla storia turbolenta di Due Castelli alla ricca offerta di Parenzo, citt\u00e0 dallo straordinario patrimonio storico e culturale. Il&#8230;<\/p>\r\n\t\t\t\t\t<a href=\"https:\/\/funtana.com\/it\/item\/182-tesoro-del-patrimonio\/\" class=\"more\">Vedi di pi\u00f9<\/a>\r\n\t\t\t\t<\/div>\r\n\t\t\t<\/div>\r\n\t\t\t\t\t\t<div class=\"item-footer\" style=\"\">\r\n\t\t\t\t\t\t\t\t<div class=\"item-data location\" style=\"\">\r\n\t\t\t\t\t<span class=\"label\">Posizione<\/span>\r\n\t\t\t\t\t<span class=\"values\">\r\n\t\t\t\t\t\t\t\t\t\t\t\t<a href=\"https:\/\/funtana.com\/it\/loc\/funtana-it\/\" class=\"value\" style=\"\">Funtana<\/a>\r\n\t\t\t\t\t\t\t\t\t\t\t<\/span>\r\n\t\t\t\t<\/div>\r\n\t\t\t\t\t\t\t\t\t\t\t\t<div class=\"item-data address\" style=\"\">\r\n\t\t\t\t\t<span class=\"label\">Indirizzo<\/span>\r\n\t\t\t\t\t<span class=\"values\">Funtana<\/span>\r\n\t\t\t\t<\/div>\r\n\t\t\t\t\t\t\t\t\t\t\t\t\t\t\t\t<div class=\"item-data categories\" style=\"\">\r\n\t\t\t\t\t<span class=\"label\">Categorie<\/span>\r\n\t\t\t\t\t<span class=\"values\">\r\n\t\t\t\t\t\t\t\t\t\t\t\t<a href=\"https:\/\/funtana.com\/it\/cat\/attivita\/\" class=\"value\" style=\"\">Attivita<\/a>\r\n\t\t\t\t\t\t\t\t\t\t\t\t<a href=\"https:\/\/funtana.com\/it\/cat\/ciclismo\/\" class=\"value\" style=\"\">Ciclismo<\/a>\r\n\t\t\t\t\t\t\t\t\t\t\t\t<a href=\"https:\/\/funtana.com\/it\/cat\/mountain-bike-it\/\" class=\"value\" style=\"\">Mountain bike<\/a>\r\n\t\t\t\t\t\t\t\t\t\t\t<\/span>\r\n\t\t\t\t<\/div>\r\n\t\t\t\t\t\t\t<\/div>\r\n\t\t<\/div>\r\n\t<\/div>\r\n\r\n<\/article>\r\n\r\n\r\n\r\n<article class=\"citadela-article has-thumbnail has-subtitle has-description has-address has-categories has-locations swiper-slide\">\r\n\r\n\t<div class=\"item-content\" style=\"\">\r\n\t\t\t\t<div class=\"item-thumbnail\" style=\"\">\r\n\t\t\t<a href=\"https:\/\/funtana.com\/it\/item\/181-101-km-e-un-tartufo\/\">\r\n\t\t\t\t<img loading=\"lazy\" decoding=\"async\" \r\n\t\t\t\t\tclass=\"item-image\"\r\n                    src=\"https:\/\/funtana.com\/wp-content\/uploads\/2023\/09\/sl_061209150412-480x360.jpg\"\r\n                    width=\"480\"\r\n                    height=\"360\"\r\n                    srcset=\"https:\/\/funtana.com\/wp-content\/uploads\/2023\/09\/sl_061209150412-480x360.jpg 480w, https:\/\/funtana.com\/wp-content\/uploads\/2023\/09\/sl_061209150412-640x480.jpg 640w\"\r\n                    sizes=\"auto, (max-width: 480px) 100vw, 480px\"\r\n                    alt=\"181 101 km e un tartufo\"\r\n                    style=\"\"                \/>\r\n\t\t\t<\/a>\r\n\t\t<\/div>\r\n\t\t\r\n\t\t<div class=\"item-body\">\r\n\t\t\t<div class=\"item-title\">\r\n\t\t\t\t<a href=\"https:\/\/funtana.com\/it\/item\/181-101-km-e-un-tartufo\/\">\r\n\t\t\t\t\t<div class=\"item-title-wrap\">\r\n\t\t\t\t\t\t<div class=\"post-title\">181 101 km e un tartufo<\/div>\r\n\t\t\t\t\t\t\t\t\t\t\t\t<div class=\"post-subtitle\" style=\"\">Vrsar &#8211; Funtana &#8211; Pore\u010d &#8211; Vi\u017einada &#8211; Gro\u017enjan &#8211; Oprtalj &#8211; Livade &#8211; Motovun &#8211; Vrsar (Centar) <\/div>\r\n\t\t\t\t\t\t\t\t\t\t\t<\/div>\r\n\t\t\t\t<\/a>\r\n\t\t\t<\/div>\r\n\t\t\t\r\n\t\t\t\r\n\t\t\t\t\t\t<div class=\"item-text\">\r\n\t\t\t\t<div class=\"item-description\">\r\n\t\t\t\t\t<p>&nbsp; Descrizione dell&#039;itinerario: Centouno chilometri di strada tortuosa che vi portano dalla costa della penisola istriana al suo interno, verso le verdi colline e un segreto gastronomico. All&#039;inizio, nei primi 15 km, il percorso attraversa strade pi\u00f9 larghe dove potrete incontrare un traffico un po&#039; pi\u00f9 intenso. Il resto del&#8230;<\/p>\r\n\t\t\t\t\t<a href=\"https:\/\/funtana.com\/it\/item\/181-101-km-e-un-tartufo\/\" class=\"more\">Vedi di pi\u00f9<\/a>\r\n\t\t\t\t<\/div>\r\n\t\t\t<\/div>\r\n\t\t\t\t\t\t<div class=\"item-footer\" style=\"\">\r\n\t\t\t\t\t\t\t\t<div class=\"item-data location\" style=\"\">\r\n\t\t\t\t\t<span class=\"label\">Posizione<\/span>\r\n\t\t\t\t\t<span class=\"values\">\r\n\t\t\t\t\t\t\t\t\t\t\t\t<a href=\"https:\/\/funtana.com\/it\/loc\/funtana-it\/\" class=\"value\" style=\"\">Funtana<\/a>\r\n\t\t\t\t\t\t\t\t\t\t\t<\/span>\r\n\t\t\t\t<\/div>\r\n\t\t\t\t\t\t\t\t\t\t\t\t<div class=\"item-data address\" style=\"\">\r\n\t\t\t\t\t<span class=\"label\">Indirizzo<\/span>\r\n\t\t\t\t\t<span class=\"values\">Funtana<\/span>\r\n\t\t\t\t<\/div>\r\n\t\t\t\t\t\t\t\t\t\t\t\t\t\t\t\t<div class=\"item-data categories\" style=\"\">\r\n\t\t\t\t\t<span class=\"label\">Categorie<\/span>\r\n\t\t\t\t\t<span class=\"values\">\r\n\t\t\t\t\t\t\t\t\t\t\t\t<a href=\"https:\/\/funtana.com\/it\/cat\/attivita\/\" class=\"value\" style=\"\">Attivita<\/a>\r\n\t\t\t\t\t\t\t\t\t\t\t\t<a href=\"https:\/\/funtana.com\/it\/cat\/ciclismo\/\" class=\"value\" style=\"\">Ciclismo<\/a>\r\n\t\t\t\t\t\t\t\t\t\t\t<\/span>\r\n\t\t\t\t<\/div>\r\n\t\t\t\t\t\t\t<\/div>\r\n\t\t<\/div>\r\n\t<\/div>\r\n\r\n<\/article>\r\n\r\n\r\n\r\n<article class=\"citadela-article has-thumbnail has-subtitle has-description has-address has-categories has-locations swiper-slide\">\r\n\r\n\t<div class=\"item-content\" style=\"\">\r\n\t\t\t\t<div class=\"item-thumbnail\" style=\"\">\r\n\t\t\t<a href=\"https:\/\/funtana.com\/it\/item\/142-percorso-di-san-mauro\/\">\r\n\t\t\t\t<img loading=\"lazy\" decoding=\"async\" \r\n\t\t\t\t\tclass=\"item-image\"\r\n                    src=\"https:\/\/funtana.com\/wp-content\/uploads\/2023\/09\/sl_071015100358-480x360.jpg\"\r\n                    width=\"480\"\r\n                    height=\"360\"\r\n                    srcset=\"https:\/\/funtana.com\/wp-content\/uploads\/2023\/09\/sl_071015100358-480x360.jpg 480w, https:\/\/funtana.com\/wp-content\/uploads\/2023\/09\/sl_071015100358-640x480.jpg 640w\"\r\n                    sizes=\"auto, (max-width: 480px) 100vw, 480px\"\r\n                    alt=\"142 PERCORSO DI SAN MAURO\"\r\n                    style=\"\"                \/>\r\n\t\t\t<\/a>\r\n\t\t<\/div>\r\n\t\t\r\n\t\t<div class=\"item-body\">\r\n\t\t\t<div class=\"item-title\">\r\n\t\t\t\t<a href=\"https:\/\/funtana.com\/it\/item\/142-percorso-di-san-mauro\/\">\r\n\t\t\t\t\t<div class=\"item-title-wrap\">\r\n\t\t\t\t\t\t<div class=\"post-title\">142 PERCORSO DI SAN MAURO<\/div>\r\n\t\t\t\t\t\t\t\t\t\t\t\t<div class=\"post-subtitle\" style=\"\">Pore\u010d &#8211; St.Be\u010di\u010d &#8211; Monti\u017eana &#8211; Klo\u0161tar &#8211; Vrsar &#8211; Funtana &#8211; Pore\u010d<\/div>\r\n\t\t\t\t\t\t\t\t\t\t\t<\/div>\r\n\t\t\t\t<\/a>\r\n\t\t\t<\/div>\r\n\t\t\t\r\n\t\t\t\r\n\t\t\t\t\t\t<div class=\"item-text\">\r\n\t\t\t\t<div class=\"item-description\">\r\n\t\t\t\t\t<p>&nbsp; Questo percorso diversificato ci porta per il paesaggio collinoso della parte meridionale del territorio parentino fino ad Orsera e poi seguendo la costa si torna a Parenzo. Grazie alla configurazione del terreno questo percorso \u00e8 anche adatto ai ciclisti con le bici gravel. La prima parte si porta per&#8230;<\/p>\r\n\t\t\t\t\t<a href=\"https:\/\/funtana.com\/it\/item\/142-percorso-di-san-mauro\/\" class=\"more\">Vedi di pi\u00f9<\/a>\r\n\t\t\t\t<\/div>\r\n\t\t\t<\/div>\r\n\t\t\t\t\t\t<div class=\"item-footer\" style=\"\">\r\n\t\t\t\t\t\t\t\t<div class=\"item-data location\" style=\"\">\r\n\t\t\t\t\t<span class=\"label\">Posizione<\/span>\r\n\t\t\t\t\t<span class=\"values\">\r\n\t\t\t\t\t\t\t\t\t\t\t\t<a href=\"https:\/\/funtana.com\/it\/loc\/funtana-it\/\" class=\"value\" style=\"\">Funtana<\/a>\r\n\t\t\t\t\t\t\t\t\t\t\t<\/span>\r\n\t\t\t\t<\/div>\r\n\t\t\t\t\t\t\t\t\t\t\t\t<div class=\"item-data address\" style=\"\">\r\n\t\t\t\t\t<span class=\"label\">Indirizzo<\/span>\r\n\t\t\t\t\t<span class=\"values\">Funtana<\/span>\r\n\t\t\t\t<\/div>\r\n\t\t\t\t\t\t\t\t\t\t\t\t\t\t\t\t<div class=\"item-data categories\" style=\"\">\r\n\t\t\t\t\t<span class=\"label\">Categorie<\/span>\r\n\t\t\t\t\t<span class=\"values\">\r\n\t\t\t\t\t\t\t\t\t\t\t\t<a href=\"https:\/\/funtana.com\/it\/cat\/attivita\/\" class=\"value\" style=\"\">Attivita<\/a>\r\n\t\t\t\t\t\t\t\t\t\t\t\t<a href=\"https:\/\/funtana.com\/it\/cat\/ciclismo\/\" class=\"value\" style=\"\">Ciclismo<\/a>\r\n\t\t\t\t\t\t\t\t\t\t\t\t<a href=\"https:\/\/funtana.com\/it\/cat\/mountain-bike-it\/\" class=\"value\" style=\"\">Mountain bike<\/a>\r\n\t\t\t\t\t\t\t\t\t\t\t<\/span>\r\n\t\t\t\t<\/div>\r\n\t\t\t\t\t\t\t<\/div>\r\n\t\t<\/div>\r\n\t<\/div>\r\n\r\n<\/article>\r\n\r\n\r\n\r\n<article class=\"citadela-article has-thumbnail has-description has-address has-categories has-locations swiper-slide\">\r\n\r\n\t<div class=\"item-content\" style=\"\">\r\n\t\t\t\t<div class=\"item-thumbnail\" style=\"\">\r\n\t\t\t<a href=\"https:\/\/funtana.com\/it\/item\/free-tar-vabriga-mtb-tour-20-km\/\">\r\n\t\t\t\t<img loading=\"lazy\" decoding=\"async\" \r\n\t\t\t\t\tclass=\"item-image\"\r\n                    src=\"https:\/\/funtana.com\/wp-content\/uploads\/2024\/06\/bike65eced_6-1-480x360.jpg\"\r\n                    width=\"480\"\r\n                    height=\"360\"\r\n                    srcset=\"https:\/\/funtana.com\/wp-content\/uploads\/2024\/06\/bike65eced_6-1-480x360.jpg 480w, https:\/\/funtana.com\/wp-content\/uploads\/2024\/06\/bike65eced_6-1-640x480.jpg 640w\"\r\n                    sizes=\"auto, (max-width: 480px) 100vw, 480px\"\r\n                    alt=\"FREE TAR\/VABRIGA MTB TOUR, 20 km\"\r\n                    style=\"\"                \/>\r\n\t\t\t<\/a>\r\n\t\t<\/div>\r\n\t\t\r\n\t\t<div class=\"item-body\">\r\n\t\t\t<div class=\"item-title\">\r\n\t\t\t\t<a href=\"https:\/\/funtana.com\/it\/item\/free-tar-vabriga-mtb-tour-20-km\/\">\r\n\t\t\t\t\t<div class=\"item-title-wrap\">\r\n\t\t\t\t\t\t<div class=\"post-title\">FREE TAR\/VABRIGA MTB TOUR, 20 km<\/div>\r\n\t\t\t\t\t\t\t\t\t\t\t<\/div>\r\n\t\t\t\t<\/a>\r\n\t\t\t<\/div>\r\n\t\t\t\r\n\t\t\t\r\n\t\t\t\t\t\t<div class=\"item-text\">\r\n\t\t\t\t<div class=\"item-description\">\r\n\t\t\t\t\t<p>La guida vi aspetta ogni mercoled\u00ec alle 9:30 nel parcheggio vicino al campo sportivo della scuola a Torre. Il percorso conduce verso la parte settentrionale del comune, Stanzia Spin, da dove si scende attraverso percorsi ciclistici fino alla bellissima Val di Torre. Si prosegue lungo la costa attraversando la boscosa&#8230;<\/p>\r\n\t\t\t\t\t<a href=\"https:\/\/funtana.com\/it\/item\/free-tar-vabriga-mtb-tour-20-km\/\" class=\"more\">Vedi di pi\u00f9<\/a>\r\n\t\t\t\t<\/div>\r\n\t\t\t<\/div>\r\n\t\t\t\t\t\t<div class=\"item-footer\" style=\"\">\r\n\t\t\t\t\t\t\t\t<div class=\"item-data location\" style=\"\">\r\n\t\t\t\t\t<span class=\"label\">Posizione<\/span>\r\n\t\t\t\t\t<span class=\"values\">\r\n\t\t\t\t\t\t\t\t\t\t\t\t<a href=\"https:\/\/funtana.com\/it\/loc\/funtana-it\/\" class=\"value\" style=\"\">Funtana<\/a>\r\n\t\t\t\t\t\t\t\t\t\t\t<\/span>\r\n\t\t\t\t<\/div>\r\n\t\t\t\t\t\t\t\t\t\t\t\t<div class=\"item-data address\" style=\"\">\r\n\t\t\t\t\t<span class=\"label\">Indirizzo<\/span>\r\n\t\t\t\t\t<span class=\"values\">Tar vabriga, playground<\/span>\r\n\t\t\t\t<\/div>\r\n\t\t\t\t\t\t\t\t\t\t\t\t\t\t\t\t<div class=\"item-data categories\" style=\"\">\r\n\t\t\t\t\t<span class=\"label\">Categorie<\/span>\r\n\t\t\t\t\t<span class=\"values\">\r\n\t\t\t\t\t\t\t\t\t\t\t\t<a href=\"https:\/\/funtana.com\/it\/cat\/ciclismo\/\" class=\"value\" style=\"\">Ciclismo<\/a>\r\n\t\t\t\t\t\t\t\t\t\t\t\t<a href=\"https:\/\/funtana.com\/it\/cat\/free-bike-tours-it\/\" class=\"value\" style=\"\">Free bike tours<\/a>\r\n\t\t\t\t\t\t\t\t\t\t\t<\/span>\r\n\t\t\t\t<\/div>\r\n\t\t\t\t\t\t\t<\/div>\r\n\t\t<\/div>\r\n\t<\/div>\r\n\r\n<\/article>\r\n\r\n\r\n                <\/div>\r\n                \r\n                \r\n            <\/div>\r\n            \r\n                                                <div class=\"carousel-navigation-wrapper\" >\r\n                        <div class=\"carousel-button-prev\"><i class=\"fas fa-chevron-left\"><\/i><\/div>\r\n                        <div class=\"carousel-button-next\"><i class=\"fas fa-chevron-right\"><\/i><\/div>\r\n                    <\/div>\r\n                                                    <div class=\"carousel-pagination-wrapper\" ><\/div>\r\n                \r\n                        \r\n        <\/div>\r\n        \n\n\n<div class=\"wp-block-citadela-blocks-spacer citadela-block-spacer negative-height\"><div class=\"inner-holder\" style=\"margin-top:-8px\"><\/div><\/div>\n<\/div><\/div>\n\n\n\n<div class=\"wp-block-citadela-blocks-spacer citadela-block-spacer\"><div class=\"inner-holder\" style=\"padding-top:45px\"><\/div><\/div>\n<\/div>\n<\/div>\n\n\n\n<div class=\"wp-block-citadela-blocks-spacer citadela-block-spacer negative-height\"><div class=\"inner-holder\" style=\"margin-top:-62px\"><\/div><\/div>\n<\/div><\/div>\n\n\n\n<div class=\"wp-block-citadela-blocks-spacer citadela-block-spacer\"><div class=\"inner-holder\" style=\"padding-top:1vw\"><\/div><\/div>\n\n\n\n<div class=\"wp-block-citadela-blocks-custom-container citadela-block-custom-container size-wide bg-type-none inside-space-large\"><div class=\"inner-holder\">\n<div class=\"wp-block-columns alignwide is-layout-flex wp-container-core-columns-is-layout-9d6595d7 wp-block-columns-is-layout-flex\">\n<div class=\"wp-block-column is-vertically-aligned-top is-layout-flow wp-block-column-is-layout-flow\">\n<div class=\"wp-block-group\"><div class=\"wp-block-group__inner-container is-layout-flow wp-block-group-is-layout-flow\">\n<div class=\"wp-block-citadela-blocks-custom-container citadela-block-custom-container size-content bg-type-image inside-space-zero bg-size-cover has-overlay has-min-height vertical-align-bottom\" style=\"min-height:295px\"><div class=\"bg-image-wrapper\" style=\"background-image:url(https:\/\/funtana.com\/wp-content\/uploads\/2023\/03\/bike65eced_6.jpg);background-repeat:no-repeat;background-position:50% 50%\"><\/div><div class=\"bg-image-overlay\" style=\"opacity:0.5\"><\/div><div class=\"inner-holder\">\n<div class=\"wp-block-citadela-blocks-custom-container citadela-block-custom-container size-content bg-type-gradient inside-space-large has-bg\" style=\"background-image:linear-gradient(0deg, rgba(34, 34, 34, 1) 0%, rgba(0, 0, 0, 0) 100%)\"><div class=\"inner-holder\">\n<h5 class=\"wp-block-heading has-text-color\" style=\"color:#ffffff;font-size:24px\"><strong><a href=\"https:\/\/funtana.com\/it\/attivita-a-funtana\/biking-funtana\/\" title=\"Cycling\">Cycling<\/a><\/strong><\/h5>\n\n\n\n<div class=\"wp-block-citadela-blocks-spacer citadela-block-spacer negative-height\"><div class=\"inner-holder\" style=\"margin-top:-15px\"><\/div><\/div>\n<\/div><\/div>\n<\/div><\/div>\n<\/div><\/div>\n\n\n\n<div class=\"wp-block-citadela-blocks-spacer citadela-block-spacer\"><div class=\"inner-holder\" style=\"padding-top:30px\"><\/div><\/div>\n<\/div>\n\n\n\n<div class=\"wp-block-column is-layout-flow wp-block-column-is-layout-flow\">\n<div class=\"wp-block-group\"><div class=\"wp-block-group__inner-container is-layout-flow wp-block-group-is-layout-flow\">\n<div class=\"wp-block-citadela-blocks-custom-container citadela-block-custom-container size-content bg-type-image inside-space-zero bg-size-cover has-overlay has-min-height vertical-align-bottom\" style=\"min-height:295px\"><div class=\"bg-image-wrapper\" style=\"background-image:url(https:\/\/funtana.com\/wp-content\/uploads\/2023\/12\/DSCN0556-1.jpg);background-repeat:no-repeat;background-position:50% 50%\"><\/div><div class=\"bg-image-overlay\" style=\"opacity:0.5\"><\/div><div class=\"inner-holder\">\n<div class=\"wp-block-citadela-blocks-custom-container citadela-block-custom-container size-content bg-type-gradient inside-space-large has-bg\" style=\"background-image:linear-gradient(0deg, rgba(34, 34, 34, 1) 0%, rgba(0, 0, 0, 0) 100%)\"><div class=\"inner-holder\">\n<h5 class=\"wp-block-heading has-text-color\" style=\"color:#ffffff;font-size:24px\"><strong><a href=\"https:\/\/funtana.com\/it\/cat\/walking-it\/\" title=\"Walking\">Walking<\/a><\/strong><\/h5>\n\n\n\n<div class=\"wp-block-citadela-blocks-spacer citadela-block-spacer negative-height\"><div class=\"inner-holder\" style=\"margin-top:-15px\"><\/div><\/div>\n<\/div><\/div>\n<\/div><\/div>\n<\/div><\/div>\n\n\n\n<div class=\"wp-block-citadela-blocks-spacer citadela-block-spacer\"><div class=\"inner-holder\" style=\"padding-top:30px\"><\/div><\/div>\n<\/div>\n\n\n\n<div class=\"wp-block-column is-vertically-aligned-bottom is-layout-flow wp-block-column-is-layout-flow\">\n<div class=\"wp-block-citadela-blocks-custom-container citadela-block-custom-container size-content bg-type-none inside-space-large hide-on-mobile has-shadow\" style=\"box-shadow: 0px 7px 0px 0px rgba(0, 0, 0, 0.1)\"><div class=\"inner-holder\">         <div \r\n            class=\"citadela-block-responsive-text align-left\"\r\n                                 >\r\n            <h2 class=\"inner-tag\" style=\"font-size: 2.6em; line-height: 1.2; color: #392F43;\"><strong>More <span style=\"background-color:rgba(0, 0, 0, 0);color:#f15352\" class=\"has-inline-color\">activities <\/span><mark style=\"background-color:rgba(0, 0, 0, 0)\" class=\"has-inline-color has-black-color\">in Funtana<\/mark><\/strong><\/h2>         <\/div>\r\n      <\/div><\/div>\n\n\n\n<div class=\"wp-block-citadela-blocks-spacer citadela-block-spacer responsive-options loading hide-in-responsive\" data-block-attr=\"{&quot;desktop&quot;:{&quot;height&quot;:&quot;35px&quot;},&quot;mobile&quot;:{&quot;height&quot;:&quot;0px&quot;}}\" data-block-mobile-breakpoint=\"600\"><div class=\"inner-holder\" style=\"padding-top:35px\"><\/div><\/div>\n<\/div>\n<\/div>\n\n\n\n<div class=\"wp-block-columns alignwide is-layout-flex wp-container-core-columns-is-layout-9d6595d7 wp-block-columns-is-layout-flex\">\n<div class=\"wp-block-column is-vertically-aligned-top is-layout-flow wp-block-column-is-layout-flow\">\n<div class=\"wp-block-group\"><div class=\"wp-block-group__inner-container is-layout-flow wp-block-group-is-layout-flow\">\n<div class=\"wp-block-citadela-blocks-custom-container citadela-block-custom-container size-content bg-type-image inside-space-zero bg-size-cover has-overlay has-min-height vertical-align-bottom\" style=\"min-height:295px\"><div class=\"bg-image-wrapper\" style=\"background-image:url(https:\/\/funtana.com\/wp-content\/uploads\/2024\/01\/apimg-057-scaled.jpg);background-repeat:no-repeat;background-position:50% 50%\"><\/div><div class=\"bg-image-overlay\" style=\"opacity:0.5\"><\/div><div class=\"inner-holder\">\n<div class=\"wp-block-citadela-blocks-custom-container citadela-block-custom-container size-content bg-type-gradient inside-space-large has-bg\" style=\"background-image:linear-gradient(0deg, rgba(34, 34, 34, 1) 0%, rgba(0, 0, 0, 0) 100%)\"><div class=\"inner-holder\">\n<h5 class=\"wp-block-heading has-text-color\" style=\"color:#ffffff;font-size:24px\"><strong>Events<\/strong><\/h5>\n\n\n\n<div class=\"wp-block-citadela-blocks-spacer citadela-block-spacer negative-height\"><div class=\"inner-holder\" style=\"margin-top:-15px\"><\/div><\/div>\n<\/div><\/div>\n<\/div><\/div>\n<\/div><\/div>\n\n\n\n<div class=\"wp-block-citadela-blocks-spacer citadela-block-spacer\"><div class=\"inner-holder\" style=\"padding-top:30px\"><\/div><\/div>\n<\/div>\n\n\n\n<div class=\"wp-block-column is-layout-flow wp-block-column-is-layout-flow\">\n<div class=\"wp-block-group\"><div class=\"wp-block-group__inner-container is-layout-flow wp-block-group-is-layout-flow\">\n<div class=\"wp-block-citadela-blocks-custom-container citadela-block-custom-container size-content bg-type-image inside-space-zero bg-size-cover has-overlay has-min-height vertical-align-bottom\" style=\"min-height:295px\"><div class=\"bg-image-wrapper\" style=\"background-image:url(https:\/\/funtana.com\/wp-content\/uploads\/2024\/01\/ap-img-56-scaled.jpg);background-repeat:no-repeat;background-position:50% 50%\"><\/div><div class=\"bg-image-overlay\" style=\"opacity:0.5\"><\/div><div class=\"inner-holder\">\n<div class=\"wp-block-citadela-blocks-custom-container citadela-block-custom-container size-content bg-type-gradient inside-space-large has-bg\" style=\"background-image:linear-gradient(0deg, rgba(34, 34, 34, 1) 0%, rgba(0, 0, 0, 0) 100%)\"><div class=\"inner-holder\">\n<h5 class=\"wp-block-heading has-text-color\" style=\"color:#ffffff;font-size:24px\"><strong>Fishermans festivals<\/strong><\/h5>\n\n\n\n<div class=\"wp-block-citadela-blocks-spacer citadela-block-spacer negative-height\"><div class=\"inner-holder\" style=\"margin-top:-15px\"><\/div><\/div>\n<\/div><\/div>\n<\/div><\/div>\n<\/div><\/div>\n\n\n\n<div class=\"wp-block-citadela-blocks-spacer citadela-block-spacer\"><div class=\"inner-holder\" style=\"padding-top:30px\"><\/div><\/div>\n<\/div>\n\n\n\n<div class=\"wp-block-column is-layout-flow wp-block-column-is-layout-flow\">\n<div class=\"wp-block-group\"><div class=\"wp-block-group__inner-container is-layout-flow wp-block-group-is-layout-flow\">\n<div class=\"wp-block-citadela-blocks-custom-container citadela-block-custom-container size-content bg-type-image inside-space-zero bg-size-cover has-overlay has-min-height vertical-align-bottom\" style=\"min-height:295px\"><div class=\"bg-image-wrapper\" style=\"background-image:url(https:\/\/funtana.com\/wp-content\/uploads\/2024\/01\/apimg-034-scaled.jpg);background-repeat:no-repeat;background-position:50% 50%\"><\/div><div class=\"bg-image-overlay\" style=\"opacity:0.5\"><\/div><div class=\"inner-holder\">\n<div class=\"wp-block-citadela-blocks-custom-container citadela-block-custom-container size-content bg-type-gradient inside-space-large has-bg\" style=\"background-image:linear-gradient(0deg, rgba(34, 34, 34, 1) 0%, rgba(0, 0, 0, 0) 100%)\"><div class=\"inner-holder\">\n<h5 class=\"wp-block-heading has-text-color\" style=\"color:#ffffff;font-size:24px\"><strong>Cultural summer<\/strong><\/h5>\n\n\n\n<div class=\"wp-block-citadela-blocks-spacer citadela-block-spacer negative-height\"><div class=\"inner-holder\" style=\"margin-top:-15px\"><\/div><\/div>\n<\/div><\/div>\n<\/div><\/div>\n<\/div><\/div>\n\n\n\n<div class=\"wp-block-citadela-blocks-spacer citadela-block-spacer\"><div class=\"inner-holder\" style=\"padding-top:30px\"><\/div><\/div>\n<\/div>\n<\/div>\n\n\n\n<div class=\"wp-block-citadela-blocks-spacer citadela-block-spacer\"><div class=\"inner-holder\" style=\"padding-top:50px\"><\/div><\/div>\n\n\n\r\n        <div \r\n            class=\"wp-block-citadela-blocks ctdl-directory-items-list layout-box size-medium grid-type-1 image-size-citadela_service proportional-image-height responsive-options loading-content show-item-featured-image show-item-subtitle show-item-description show-item-address show-item-categories show-item-rating border-none use-carousel carousel-navigation carousel-pagination loading-content\"\r\n            data-block-mobile-attr=\"{&quot;desktop&quot;:{&quot;proportionalImageHeight&quot;:true},&quot;mobile&quot;:{&quot;imageHeightType&quot;:&quot;default&quot;,&quot;imageObjectPosition&quot;:&quot;image-position-center-center&quot;,&quot;proportionalImageHeight&quot;:false}}\"            data-block-mobile-breakpoint=\"600\"\t\r\n                            data-carousel=\"{&quot;pagination&quot;:true,&quot;navigation&quot;:true,&quot;autoplay&quot;:false,&quot;autoHeight&quot;:false,&quot;autoplayDelay&quot;:5,&quot;loop&quot;:true}\"\r\n                        >\r\n            \r\n                            <div class=\"citadela-loader\">\r\n                    <div class=\"inner-wrapper\">\r\n                        <i class=\"fas fa-circle-notch fa-spin\"><\/i>\r\n                    <\/div>\r\n                <\/div>\r\n            \r\n            \r\n            <div class=\"citadela-block-articles swiper-container\">\r\n               \r\n                <div class=\"citadela-block-articles-wrap swiper-wrapper\">\r\n                \r\n<article class=\"citadela-article has-thumbnail has-subtitle has-description has-address has-categories swiper-slide\">\r\n\r\n\t<div class=\"item-content\" style=\"\">\r\n\t\t\t\t<div class=\"item-thumbnail\" style=\"\">\r\n\t\t\t<a href=\"https:\/\/funtana.com\/it\/item\/182-tesoro-del-patrimonio\/\">\r\n\t\t\t\t<img loading=\"lazy\" decoding=\"async\" \r\n\t\t\t\t\tclass=\"item-image\"\r\n                    src=\"https:\/\/funtana.com\/wp-content\/uploads\/2023\/09\/sl_052515151014-480x360.jpg\"\r\n                    width=\"480\"\r\n                    height=\"360\"\r\n                    srcset=\"https:\/\/funtana.com\/wp-content\/uploads\/2023\/09\/sl_052515151014-480x360.jpg 480w, https:\/\/funtana.com\/wp-content\/uploads\/2023\/09\/sl_052515151014-640x480.jpg 640w\"\r\n                    sizes=\"auto, (max-width: 480px) 100vw, 480px\"\r\n                    alt=\"182 Tesoro del patrimonio\"\r\n                    style=\"\"                \/>\r\n\t\t\t<\/a>\r\n\t\t<\/div>\r\n\t\t\r\n\t\t<div class=\"item-body\">\r\n\t\t\t<div class=\"item-title\">\r\n\t\t\t\t<a href=\"https:\/\/funtana.com\/it\/item\/182-tesoro-del-patrimonio\/\">\r\n\t\t\t\t\t<div class=\"item-title-wrap\">\r\n\t\t\t\t\t\t<div class=\"post-title\">182 Tesoro del patrimonio<\/div>\r\n\t\t\t\t\t\t\t\t\t\t\t\t<div class=\"post-subtitle\" style=\"\">Vrsar (Hotel Pineta) &#8211; Flengi &#8211; Klo\u0161tar &#8211; Sveti Lovre\u010d &#8211; Hrvatini &#8211; Draguzeti &#8211; Barat &#8211; Mrgani &#8211; Sveti Lovre\u010d &#8211; Pore\u010d (Centar) &#8211; Funtana &#8211; Vrsar (Hotel Pineta)<\/div>\r\n\t\t\t\t\t\t\t\t\t\t\t<\/div>\r\n\t\t\t\t<\/a>\r\n\t\t\t<\/div>\r\n\t\t\t\r\n\t\t\t\r\n\t\t\t\t\t\t<div class=\"item-text\">\r\n\t\t\t\t<div class=\"item-description\">\r\n\t\t\t\t\t<p>&nbsp; Vrsar-Orsera, Dvigrad-Due Castelli, Sveti Lovre\u010d-San Lorenzo del Pasenatico, Pore\u010d-Parenzo e Funtana. Il percorso Tesoro del patrimonio inizia e finisce davanti all&#039;hotel Pineta di Vrsar-Orsera e regala un po\u2019 di tutto: dalla storia turbolenta di Due Castelli alla ricca offerta di Parenzo, citt\u00e0 dallo straordinario patrimonio storico e culturale. Il&#8230;<\/p>\r\n\t\t\t\t\t<a href=\"https:\/\/funtana.com\/it\/item\/182-tesoro-del-patrimonio\/\" class=\"more\">Vedi di pi\u00f9<\/a>\r\n\t\t\t\t<\/div>\r\n\t\t\t<\/div>\r\n\t\t\t\t\t\t<div class=\"item-footer\" style=\"\">\r\n\t\t\t\t\t\t\t\t\t\t\t\t<div class=\"item-data address\" style=\"\">\r\n\t\t\t\t\t<span class=\"label\">Indirizzo<\/span>\r\n\t\t\t\t\t<span class=\"values\">Funtana<\/span>\r\n\t\t\t\t<\/div>\r\n\t\t\t\t\t\t\t\t\t\t\t\t\t\t\t\t<div class=\"item-data categories\" style=\"\">\r\n\t\t\t\t\t<span class=\"label\">Categorie<\/span>\r\n\t\t\t\t\t<span class=\"values\">\r\n\t\t\t\t\t\t\t\t\t\t\t\t<a href=\"https:\/\/funtana.com\/it\/cat\/attivita\/\" class=\"value\" style=\"\">Attivita<\/a>\r\n\t\t\t\t\t\t\t\t\t\t\t\t<a href=\"https:\/\/funtana.com\/it\/cat\/ciclismo\/\" class=\"value\" style=\"\">Ciclismo<\/a>\r\n\t\t\t\t\t\t\t\t\t\t\t\t<a href=\"https:\/\/funtana.com\/it\/cat\/mountain-bike-it\/\" class=\"value\" style=\"\">Mountain bike<\/a>\r\n\t\t\t\t\t\t\t\t\t\t\t<\/span>\r\n\t\t\t\t<\/div>\r\n\t\t\t\t\t\t\t<\/div>\r\n\t\t<\/div>\r\n\t<\/div>\r\n\r\n<\/article>\r\n\r\n\r\n\r\n<article class=\"citadela-article has-thumbnail has-subtitle has-description has-address has-categories swiper-slide\">\r\n\r\n\t<div class=\"item-content\" style=\"\">\r\n\t\t\t\t<div class=\"item-thumbnail\" style=\"\">\r\n\t\t\t<a href=\"https:\/\/funtana.com\/it\/item\/trail-faragude-kontija\/\">\r\n\t\t\t\t<img loading=\"lazy\" decoding=\"async\" \r\n\t\t\t\t\tclass=\"item-image\"\r\n                    src=\"https:\/\/funtana.com\/wp-content\/uploads\/2023\/03\/sl_070915155607-480x360.jpg\"\r\n                    width=\"480\"\r\n                    height=\"360\"\r\n                    srcset=\"https:\/\/funtana.com\/wp-content\/uploads\/2023\/03\/sl_070915155607-480x360.jpg 480w, https:\/\/funtana.com\/wp-content\/uploads\/2023\/03\/sl_070915155607-640x480.jpg 640w\"\r\n                    sizes=\"auto, (max-width: 480px) 100vw, 480px\"\r\n                    alt=\"Trail Faragude - Kontija\"\r\n                    style=\"\"                \/>\r\n\t\t\t<\/a>\r\n\t\t<\/div>\r\n\t\t\r\n\t\t<div class=\"item-body\">\r\n\t\t\t<div class=\"item-title\">\r\n\t\t\t\t<a href=\"https:\/\/funtana.com\/it\/item\/trail-faragude-kontija\/\">\r\n\t\t\t\t\t<div class=\"item-title-wrap\">\r\n\t\t\t\t\t\t<div class=\"post-title\">Trail Faragude &#8211; Kontija<\/div>\r\n\t\t\t\t\t\t\t\t\t\t\t\t<div class=\"post-subtitle\" style=\"\">ESCURSIONE IN MTB<\/div>\r\n\t\t\t\t\t\t\t\t\t\t\t<\/div>\r\n\t\t\t\t<\/a>\r\n\t\t\t<\/div>\r\n\t\t\t\r\n\t\t\t\r\n\t\t\t\t\t\t<div class=\"item-text\">\r\n\t\t\t\t<div class=\"item-description\">\r\n\t\t\t\t\t<p>Descrizione tecnica Orsera &#8211; Funtana &#8211; Flengi &#8211; Orsera &#8211; Funtana Lunghezza: 27 km Dislivello elevato: 300 m Punto pi\u00f9 alto: 126 m Tempo: 2:00-2:30 Terreno: Asfalto:4,1 km Macadam: 22,9 km Difficolt\u00e0:media (altro&hellip;)<\/p>\r\n\t\t\t\t\t<a href=\"https:\/\/funtana.com\/it\/item\/trail-faragude-kontija\/\" class=\"more\">Vedi di pi\u00f9<\/a>\r\n\t\t\t\t<\/div>\r\n\t\t\t<\/div>\r\n\t\t\t\t\t\t<div class=\"item-footer\" style=\"\">\r\n\t\t\t\t\t\t\t\t\t\t\t\t<div class=\"item-data address\" style=\"\">\r\n\t\t\t\t\t<span class=\"label\">Indirizzo<\/span>\r\n\t\t\t\t\t<span class=\"values\">Funtana, Tourist info centre<\/span>\r\n\t\t\t\t<\/div>\r\n\t\t\t\t\t\t\t\t\t\t\t\t\t\t\t\t<div class=\"item-data categories\" style=\"\">\r\n\t\t\t\t\t<span class=\"label\">Categorie<\/span>\r\n\t\t\t\t\t<span class=\"values\">\r\n\t\t\t\t\t\t\t\t\t\t\t\t<a href=\"https:\/\/funtana.com\/it\/cat\/attivita\/\" class=\"value\" style=\"\">Attivita<\/a>\r\n\t\t\t\t\t\t\t\t\t\t\t\t<a href=\"https:\/\/funtana.com\/it\/cat\/ciclismo\/\" class=\"value\" style=\"\">Ciclismo<\/a>\r\n\t\t\t\t\t\t\t\t\t\t\t\t<a href=\"https:\/\/funtana.com\/it\/cat\/mountain-bike-it\/\" class=\"value\" style=\"\">Mountain bike<\/a>\r\n\t\t\t\t\t\t\t\t\t\t\t<\/span>\r\n\t\t\t\t<\/div>\r\n\t\t\t\t\t\t\t<\/div>\r\n\t\t<\/div>\r\n\t<\/div>\r\n\r\n<\/article>\r\n\r\n\r\n\r\n<article class=\"citadela-article has-thumbnail has-subtitle has-description has-address has-categories swiper-slide\">\r\n\r\n\t<div class=\"item-content\" style=\"\">\r\n\t\t\t\t<div class=\"item-thumbnail\" style=\"\">\r\n\t\t\t<a href=\"https:\/\/funtana.com\/it\/item\/la-spiaggia-del-campeggio-bijela-uvala\/\">\r\n\t\t\t\t<img loading=\"lazy\" decoding=\"async\" \r\n\t\t\t\t\tclass=\"item-image\"\r\n                    src=\"https:\/\/funtana.com\/wp-content\/uploads\/2023\/08\/BIJELA-UVALA-920x500-1-480x360.jpg\"\r\n                    width=\"480\"\r\n                    height=\"360\"\r\n                    srcset=\"https:\/\/funtana.com\/wp-content\/uploads\/2023\/08\/BIJELA-UVALA-920x500-1-480x360.jpg 480w, https:\/\/funtana.com\/wp-content\/uploads\/2023\/08\/BIJELA-UVALA-920x500-1-640x480.jpg 640w\"\r\n                    sizes=\"auto, (max-width: 480px) 100vw, 480px\"\r\n                    alt=\"La spiaggia del campeggio Bijela Uvala\"\r\n                    style=\"\"                \/>\r\n\t\t\t<\/a>\r\n\t\t<\/div>\r\n\t\t\r\n\t\t<div class=\"item-body\">\r\n\t\t\t<div class=\"item-title\">\r\n\t\t\t\t<a href=\"https:\/\/funtana.com\/it\/item\/la-spiaggia-del-campeggio-bijela-uvala\/\">\r\n\t\t\t\t\t<div class=\"item-title-wrap\">\r\n\t\t\t\t\t\t<div class=\"post-title\">La spiaggia del campeggio Bijela Uvala<\/div>\r\n\t\t\t\t\t\t\t\t\t\t\t\t<div class=\"post-subtitle\" style=\"\">spiaggia publica<\/div>\r\n\t\t\t\t\t\t\t\t\t\t\t<\/div>\r\n\t\t\t\t<\/a>\r\n\t\t\t<\/div>\r\n\t\t\t\r\n\t\t\t\r\n\t\t\t\t\t\t<div class=\"item-text\">\r\n\t\t\t\t<div class=\"item-description\">\r\n\t\t\t\t\t<p>&nbsp; Vivere un\u2019esperienza nel campeggio Bijela Uvala significa riposare all\u2019aria aperta, ad un passo dalla spiaggia e con vari contenuti aggiuntivi a disposizione. Potete nuotare in una delle quattro piscine o nel mare, la cui spiaggia \u00e8 insignita della Bandiera Blu. Nell\u2019ambito del campeggio avrete a disposizione una grande variet\u00e0&#8230;<\/p>\r\n\t\t\t\t\t<a href=\"https:\/\/funtana.com\/it\/item\/la-spiaggia-del-campeggio-bijela-uvala\/\" class=\"more\">Vedi di pi\u00f9<\/a>\r\n\t\t\t\t<\/div>\r\n\t\t\t<\/div>\r\n\t\t\t\t\t\t<div class=\"item-footer\" style=\"\">\r\n\t\t\t\t\t\t\t\t\t\t\t\t<div class=\"item-data address\" style=\"\">\r\n\t\t\t\t\t<span class=\"label\">Indirizzo<\/span>\r\n\t\t\t\t\t<span class=\"values\">Funtana<\/span>\r\n\t\t\t\t<\/div>\r\n\t\t\t\t\t\t\t\t\t\t\t\t\t\t\t\t<div class=\"item-data categories\" style=\"\">\r\n\t\t\t\t\t<span class=\"label\">Categorie<\/span>\r\n\t\t\t\t\t<span class=\"values\">\r\n\t\t\t\t\t\t\t\t\t\t\t\t<a href=\"https:\/\/funtana.com\/it\/cat\/spiaggie\/\" class=\"value\" style=\"\">Spiaggie<\/a>\r\n\t\t\t\t\t\t\t\t\t\t\t<\/span>\r\n\t\t\t\t<\/div>\r\n\t\t\t\t\t\t\t<\/div>\r\n\t\t<\/div>\r\n\t<\/div>\r\n\r\n<\/article>\r\n\r\n\r\n\r\n<article class=\"citadela-article has-thumbnail has-subtitle has-description has-address has-categories swiper-slide\">\r\n\r\n\t<div class=\"item-content\" style=\"\">\r\n\t\t\t\t<div class=\"item-thumbnail\" style=\"\">\r\n\t\t\t<a href=\"https:\/\/funtana.com\/it\/item\/174-itinerario-delle-viste-mozzafiato\/\">\r\n\t\t\t\t<img loading=\"lazy\" decoding=\"async\" \r\n\t\t\t\t\tclass=\"item-image\"\r\n                    src=\"https:\/\/funtana.com\/wp-content\/uploads\/2023\/09\/2023-09-17_17h06_05-480x360.jpg\"\r\n                    width=\"480\"\r\n                    height=\"360\"\r\n                    srcset=\"https:\/\/funtana.com\/wp-content\/uploads\/2023\/09\/2023-09-17_17h06_05-480x360.jpg 480w, https:\/\/funtana.com\/wp-content\/uploads\/2023\/09\/2023-09-17_17h06_05-640x480.jpg 640w\"\r\n                    sizes=\"auto, (max-width: 480px) 100vw, 480px\"\r\n                    alt=\"174 ITINERARIO DELLE VISTE MOZZAFIATO\"\r\n                    style=\"\"                \/>\r\n\t\t\t<\/a>\r\n\t\t<\/div>\r\n\t\t\r\n\t\t<div class=\"item-body\">\r\n\t\t\t<div class=\"item-title\">\r\n\t\t\t\t<a href=\"https:\/\/funtana.com\/it\/item\/174-itinerario-delle-viste-mozzafiato\/\">\r\n\t\t\t\t\t<div class=\"item-title-wrap\">\r\n\t\t\t\t\t\t<div class=\"post-title\">174 ITINERARIO DELLE VISTE MOZZAFIATO<\/div>\r\n\t\t\t\t\t\t\t\t\t\t\t\t<div class=\"post-subtitle\" style=\"\">consigliato per biciclette da trekking<\/div>\r\n\t\t\t\t\t\t\t\t\t\t\t<\/div>\r\n\t\t\t\t<\/a>\r\n\t\t\t<\/div>\r\n\t\t\t\r\n\t\t\t\r\n\t\t\t\t\t\t<div class=\"item-text\">\r\n\t\t\t\t<div class=\"item-description\">\r\n\t\t\t\t\t<p>&nbsp; Descrizione dell&#039;itinerario: \u00a0Il sentiero Itinerario delle viste mozzafiato, lungo 39,2 km, subito nella parte introduttiva offre le viste pi\u00f9 interessanti. Il primo punto panoramico si trova dopo soli 360 metri e il secondo dopo 1,9 km, con una vista sullo splendido Canale di Leme. Quindi il sentiero prosegue fino&#8230;<\/p>\r\n\t\t\t\t\t<a href=\"https:\/\/funtana.com\/it\/item\/174-itinerario-delle-viste-mozzafiato\/\" class=\"more\">Vedi di pi\u00f9<\/a>\r\n\t\t\t\t<\/div>\r\n\t\t\t<\/div>\r\n\t\t\t\t\t\t<div class=\"item-footer\" style=\"\">\r\n\t\t\t\t\t\t\t\t\t\t\t\t<div class=\"item-data address\" style=\"\">\r\n\t\t\t\t\t<span class=\"label\">Indirizzo<\/span>\r\n\t\t\t\t\t<span class=\"values\">Klo\u0161tar, Vrsar<\/span>\r\n\t\t\t\t<\/div>\r\n\t\t\t\t\t\t\t\t\t\t\t\t\t\t\t\t<div class=\"item-data categories\" style=\"\">\r\n\t\t\t\t\t<span class=\"label\">Categorie<\/span>\r\n\t\t\t\t\t<span class=\"values\">\r\n\t\t\t\t\t\t\t\t\t\t\t\t<a href=\"https:\/\/funtana.com\/it\/cat\/attivita\/\" class=\"value\" style=\"\">Attivita<\/a>\r\n\t\t\t\t\t\t\t\t\t\t\t\t<a href=\"https:\/\/funtana.com\/it\/cat\/ciclismo\/\" class=\"value\" style=\"\">Ciclismo<\/a>\r\n\t\t\t\t\t\t\t\t\t\t\t\t<a href=\"https:\/\/funtana.com\/it\/cat\/mountain-bike-it\/\" class=\"value\" style=\"\">Mountain bike<\/a>\r\n\t\t\t\t\t\t\t\t\t\t\t<\/span>\r\n\t\t\t\t<\/div>\r\n\t\t\t\t\t\t\t<\/div>\r\n\t\t<\/div>\r\n\t<\/div>\r\n\r\n<\/article>\r\n\r\n\r\n\r\n<article class=\"citadela-article has-thumbnail has-subtitle has-description has-address has-categories swiper-slide\">\r\n\r\n\t<div class=\"item-content\" style=\"\">\r\n\t\t\t\t<div class=\"item-thumbnail\" style=\"\">\r\n\t\t\t<a href=\"https:\/\/funtana.com\/it\/item\/142-percorso-di-san-mauro\/\">\r\n\t\t\t\t<img loading=\"lazy\" decoding=\"async\" \r\n\t\t\t\t\tclass=\"item-image\"\r\n                    src=\"https:\/\/funtana.com\/wp-content\/uploads\/2023\/09\/sl_071015100358-480x360.jpg\"\r\n                    width=\"480\"\r\n                    height=\"360\"\r\n                    srcset=\"https:\/\/funtana.com\/wp-content\/uploads\/2023\/09\/sl_071015100358-480x360.jpg 480w, https:\/\/funtana.com\/wp-content\/uploads\/2023\/09\/sl_071015100358-640x480.jpg 640w\"\r\n                    sizes=\"auto, (max-width: 480px) 100vw, 480px\"\r\n                    alt=\"142 PERCORSO DI SAN MAURO\"\r\n                    style=\"\"                \/>\r\n\t\t\t<\/a>\r\n\t\t<\/div>\r\n\t\t\r\n\t\t<div class=\"item-body\">\r\n\t\t\t<div class=\"item-title\">\r\n\t\t\t\t<a href=\"https:\/\/funtana.com\/it\/item\/142-percorso-di-san-mauro\/\">\r\n\t\t\t\t\t<div class=\"item-title-wrap\">\r\n\t\t\t\t\t\t<div class=\"post-title\">142 PERCORSO DI SAN MAURO<\/div>\r\n\t\t\t\t\t\t\t\t\t\t\t\t<div class=\"post-subtitle\" style=\"\">Pore\u010d &#8211; St.Be\u010di\u010d &#8211; Monti\u017eana &#8211; Klo\u0161tar &#8211; Vrsar &#8211; Funtana &#8211; Pore\u010d<\/div>\r\n\t\t\t\t\t\t\t\t\t\t\t<\/div>\r\n\t\t\t\t<\/a>\r\n\t\t\t<\/div>\r\n\t\t\t\r\n\t\t\t\r\n\t\t\t\t\t\t<div class=\"item-text\">\r\n\t\t\t\t<div class=\"item-description\">\r\n\t\t\t\t\t<p>&nbsp; Questo percorso diversificato ci porta per il paesaggio collinoso della parte meridionale del territorio parentino fino ad Orsera e poi seguendo la costa si torna a Parenzo. Grazie alla configurazione del terreno questo percorso \u00e8 anche adatto ai ciclisti con le bici gravel. La prima parte si porta per&#8230;<\/p>\r\n\t\t\t\t\t<a href=\"https:\/\/funtana.com\/it\/item\/142-percorso-di-san-mauro\/\" class=\"more\">Vedi di pi\u00f9<\/a>\r\n\t\t\t\t<\/div>\r\n\t\t\t<\/div>\r\n\t\t\t\t\t\t<div class=\"item-footer\" style=\"\">\r\n\t\t\t\t\t\t\t\t\t\t\t\t<div class=\"item-data address\" style=\"\">\r\n\t\t\t\t\t<span class=\"label\">Indirizzo<\/span>\r\n\t\t\t\t\t<span class=\"values\">Funtana<\/span>\r\n\t\t\t\t<\/div>\r\n\t\t\t\t\t\t\t\t\t\t\t\t\t\t\t\t<div class=\"item-data categories\" style=\"\">\r\n\t\t\t\t\t<span class=\"label\">Categorie<\/span>\r\n\t\t\t\t\t<span class=\"values\">\r\n\t\t\t\t\t\t\t\t\t\t\t\t<a href=\"https:\/\/funtana.com\/it\/cat\/attivita\/\" class=\"value\" style=\"\">Attivita<\/a>\r\n\t\t\t\t\t\t\t\t\t\t\t\t<a href=\"https:\/\/funtana.com\/it\/cat\/ciclismo\/\" class=\"value\" style=\"\">Ciclismo<\/a>\r\n\t\t\t\t\t\t\t\t\t\t\t\t<a href=\"https:\/\/funtana.com\/it\/cat\/mountain-bike-it\/\" class=\"value\" style=\"\">Mountain bike<\/a>\r\n\t\t\t\t\t\t\t\t\t\t\t<\/span>\r\n\t\t\t\t<\/div>\r\n\t\t\t\t\t\t\t<\/div>\r\n\t\t<\/div>\r\n\t<\/div>\r\n\r\n<\/article>\r\n\r\n\r\n\r\n<article class=\"citadela-article has-thumbnail has-subtitle has-description has-address has-categories swiper-slide\">\r\n\r\n\t<div class=\"item-content\" style=\"\">\r\n\t\t\t\t<div class=\"item-thumbnail\" style=\"\">\r\n\t\t\t<a href=\"https:\/\/funtana.com\/it\/item\/193-sul-percorso-dell-eremita\/\">\r\n\t\t\t\t<img loading=\"lazy\" decoding=\"async\" \r\n\t\t\t\t\tclass=\"item-image\"\r\n                    src=\"https:\/\/funtana.com\/wp-content\/uploads\/2023\/09\/sl_0709151556471-480x360.jpg\"\r\n                    width=\"480\"\r\n                    height=\"360\"\r\n                    srcset=\"https:\/\/funtana.com\/wp-content\/uploads\/2023\/09\/sl_0709151556471-480x360.jpg 480w, https:\/\/funtana.com\/wp-content\/uploads\/2023\/09\/sl_0709151556471-640x480.jpg 640w\"\r\n                    sizes=\"auto, (max-width: 480px) 100vw, 480px\"\r\n                    alt=\"193 SUL PERCORSO DELL\u00b4EREMITA\"\r\n                    style=\"\"                \/>\r\n\t\t\t<\/a>\r\n\t\t<\/div>\r\n\t\t\r\n\t\t<div class=\"item-body\">\r\n\t\t\t<div class=\"item-title\">\r\n\t\t\t\t<a href=\"https:\/\/funtana.com\/it\/item\/193-sul-percorso-dell-eremita\/\">\r\n\t\t\t\t\t<div class=\"item-title-wrap\">\r\n\t\t\t\t\t\t<div class=\"post-title\">193 SUL PERCORSO DELL\u00b4EREMITA<\/div>\r\n\t\t\t\t\t\t\t\t\t\t\t\t<div class=\"post-subtitle\" style=\"\">Funtana &#8211; Orsera &#8211; Stazione del capitano &#8211; Kontija &#8211; Klo\u0161tar, monastero di S. San Michele<\/div>\r\n\t\t\t\t\t\t\t\t\t\t\t<\/div>\r\n\t\t\t\t<\/a>\r\n\t\t\t<\/div>\r\n\t\t\t\r\n\t\t\t\r\n\t\t\t\t\t\t<div class=\"item-text\">\r\n\t\t\t\t<div class=\"item-description\">\r\n\t\t\t\t\t<p>&nbsp; Descrizione dell&#039;itinerario: Il percorso dell\u2019eremita \u00e8 un giro in bicicletta che attraversa i paesaggi sopra il Canale di Leme, dove si mescolano le bellezze mozzafiato dell\u2019area e mistici edifici religiosi.Le rive di Vrsar-Orsera, con la loro splendida vista, diventano il punto di partenza e di arrivo di quest\u2019avventura che&#8230;<\/p>\r\n\t\t\t\t\t<a href=\"https:\/\/funtana.com\/it\/item\/193-sul-percorso-dell-eremita\/\" class=\"more\">Vedi di pi\u00f9<\/a>\r\n\t\t\t\t<\/div>\r\n\t\t\t<\/div>\r\n\t\t\t\t\t\t<div class=\"item-footer\" style=\"\">\r\n\t\t\t\t\t\t\t\t\t\t\t\t<div class=\"item-data address\" style=\"\">\r\n\t\t\t\t\t<span class=\"label\">Indirizzo<\/span>\r\n\t\t\t\t\t<span class=\"values\">Funtana<\/span>\r\n\t\t\t\t<\/div>\r\n\t\t\t\t\t\t\t\t\t\t\t\t\t\t\t\t<div class=\"item-data categories\" style=\"\">\r\n\t\t\t\t\t<span class=\"label\">Categorie<\/span>\r\n\t\t\t\t\t<span class=\"values\">\r\n\t\t\t\t\t\t\t\t\t\t\t\t<a href=\"https:\/\/funtana.com\/it\/cat\/attivita\/\" class=\"value\" style=\"\">Attivita<\/a>\r\n\t\t\t\t\t\t\t\t\t\t\t\t<a href=\"https:\/\/funtana.com\/it\/cat\/ciclismo\/\" class=\"value\" style=\"\">Ciclismo<\/a>\r\n\t\t\t\t\t\t\t\t\t\t\t<\/span>\r\n\t\t\t\t<\/div>\r\n\t\t\t\t\t\t\t<\/div>\r\n\t\t<\/div>\r\n\t<\/div>\r\n\r\n<\/article>\r\n\r\n\r\n\r\n<article class=\"citadela-article has-thumbnail has-description has-address has-categories swiper-slide\">\r\n\r\n\t<div class=\"item-content\" style=\"\">\r\n\t\t\t\t<div class=\"item-thumbnail\" style=\"\">\r\n\t\t\t<a href=\"https:\/\/funtana.com\/it\/item\/free-funtana-mtb-tour\/\">\r\n\t\t\t\t<img loading=\"lazy\" decoding=\"async\" \r\n\t\t\t\t\tclass=\"item-image\"\r\n                    src=\"https:\/\/funtana.com\/wp-content\/uploads\/2023\/03\/1529310903_7529-1-480x360.jpg\"\r\n                    width=\"480\"\r\n                    height=\"360\"\r\n                    srcset=\"https:\/\/funtana.com\/wp-content\/uploads\/2023\/03\/1529310903_7529-1-480x360.jpg 480w, https:\/\/funtana.com\/wp-content\/uploads\/2023\/03\/1529310903_7529-1-300x225.jpg 300w, https:\/\/funtana.com\/wp-content\/uploads\/2023\/03\/1529310903_7529-1-1024x768.jpg 1024w, https:\/\/funtana.com\/wp-content\/uploads\/2023\/03\/1529310903_7529-1-768x576.jpg 768w, https:\/\/funtana.com\/wp-content\/uploads\/2023\/03\/1529310903_7529-1-640x480.jpg 640w, https:\/\/funtana.com\/wp-content\/uploads\/2023\/03\/1529310903_7529-1.jpg 1200w\"\r\n                    sizes=\"auto, (max-width: 480px) 100vw, 480px\"\r\n                    alt=\"FREE FUNTANA MTB TOUR\"\r\n                    style=\"\"                \/>\r\n\t\t\t<\/a>\r\n\t\t<\/div>\r\n\t\t\r\n\t\t<div class=\"item-body\">\r\n\t\t\t<div class=\"item-title\">\r\n\t\t\t\t<a href=\"https:\/\/funtana.com\/it\/item\/free-funtana-mtb-tour\/\">\r\n\t\t\t\t\t<div class=\"item-title-wrap\">\r\n\t\t\t\t\t\t<div class=\"post-title\">FREE FUNTANA MTB TOUR<\/div>\r\n\t\t\t\t\t\t\t\t\t\t\t<\/div>\r\n\t\t\t\t<\/a>\r\n\t\t\t<\/div>\r\n\t\t\t\r\n\t\t\t\r\n\t\t\t\t\t\t<div class=\"item-text\">\r\n\t\t\t\t<div class=\"item-description\">\r\n\t\t\t\t\t<p>Il punto di ritrovo \u00e8 davanti all\u2019info point dell\u2019Ente turistico del comune di Fontane (vicino all\u2019ufficio postale) nel centro di Fontane. Si scende verso Marina e si prosegue verso Bijela Uvala a nord. Dopo aver costeggiato il mare, ci si addentra nell\u2019entroterra di Fontane. Attraversando i pittoreschi campi di Kampaladanja&#8230;<\/p>\r\n\t\t\t\t\t<a href=\"https:\/\/funtana.com\/it\/item\/free-funtana-mtb-tour\/\" class=\"more\">Vedi di pi\u00f9<\/a>\r\n\t\t\t\t<\/div>\r\n\t\t\t<\/div>\r\n\t\t\t\t\t\t<div class=\"item-footer\" style=\"\">\r\n\t\t\t\t\t\t\t\t\t\t\t\t<div class=\"item-data address\" style=\"\">\r\n\t\t\t\t\t<span class=\"label\">Indirizzo<\/span>\r\n\t\t\t\t\t<span class=\"values\">Funtana, Tourist info centre<\/span>\r\n\t\t\t\t<\/div>\r\n\t\t\t\t\t\t\t\t\t\t\t\t\t\t\t\t<div class=\"item-data categories\" style=\"\">\r\n\t\t\t\t\t<span class=\"label\">Categorie<\/span>\r\n\t\t\t\t\t<span class=\"values\">\r\n\t\t\t\t\t\t\t\t\t\t\t\t<a href=\"https:\/\/funtana.com\/it\/cat\/ciclismo\/\" class=\"value\" style=\"\">Ciclismo<\/a>\r\n\t\t\t\t\t\t\t\t\t\t\t\t<a href=\"https:\/\/funtana.com\/it\/cat\/free-bike-tours-it\/\" class=\"value\" style=\"\">Free bike tours<\/a>\r\n\t\t\t\t\t\t\t\t\t\t\t<\/span>\r\n\t\t\t\t<\/div>\r\n\t\t\t\t\t\t\t<\/div>\r\n\t\t<\/div>\r\n\t<\/div>\r\n\r\n<\/article>\r\n\r\n\r\n\r\n<article class=\"citadela-article has-thumbnail has-subtitle has-description has-address has-categories swiper-slide\">\r\n\r\n\t<div class=\"item-content\" style=\"\">\r\n\t\t\t\t<div class=\"item-thumbnail\" style=\"\">\r\n\t\t\t<a href=\"https:\/\/funtana.com\/it\/item\/la-spiaggia-delfin\/\">\r\n\t\t\t\t<img loading=\"lazy\" decoding=\"async\" \r\n\t\t\t\t\tclass=\"item-image\"\r\n                    src=\"https:\/\/funtana.com\/wp-content\/uploads\/2023\/08\/PLAZA-DELFIN-920x500-1-480x360.jpg\"\r\n                    width=\"480\"\r\n                    height=\"360\"\r\n                    srcset=\"https:\/\/funtana.com\/wp-content\/uploads\/2023\/08\/PLAZA-DELFIN-920x500-1-480x360.jpg 480w, https:\/\/funtana.com\/wp-content\/uploads\/2023\/08\/PLAZA-DELFIN-920x500-1-640x480.jpg 640w\"\r\n                    sizes=\"auto, (max-width: 480px) 100vw, 480px\"\r\n                    alt=\"La spiaggia Delfin\"\r\n                    style=\"\"                \/>\r\n\t\t\t<\/a>\r\n\t\t<\/div>\r\n\t\t\r\n\t\t<div class=\"item-body\">\r\n\t\t\t<div class=\"item-title\">\r\n\t\t\t\t<a href=\"https:\/\/funtana.com\/it\/item\/la-spiaggia-delfin\/\">\r\n\t\t\t\t\t<div class=\"item-title-wrap\">\r\n\t\t\t\t\t\t<div class=\"post-title\">La spiaggia Delfin<\/div>\r\n\t\t\t\t\t\t\t\t\t\t\t\t<div class=\"post-subtitle\" style=\"\">Spiaggia rocciosa<\/div>\r\n\t\t\t\t\t\t\t\t\t\t\t<\/div>\r\n\t\t\t\t<\/a>\r\n\t\t\t<\/div>\r\n\t\t\t\r\n\t\t\t\r\n\t\t\t\t\t\t<div class=\"item-text\">\r\n\t\t\t\t<div class=\"item-description\">\r\n\t\t\t\t\t<p>&nbsp; Questa spiaggia di scogli, con tratti lastricati e ghiaiosi, si trova a sud di Pore\u010d (Parenzo), in seno al resort Zelena Laguna e ai piedi di un bel boschetto. La Bandiera blu sventola sul suo mare limpido e cristallino e su una spiaggia piena di spunti per lo sport&#8230;<\/p>\r\n\t\t\t\t\t<a href=\"https:\/\/funtana.com\/it\/item\/la-spiaggia-delfin\/\" class=\"more\">Vedi di pi\u00f9<\/a>\r\n\t\t\t\t<\/div>\r\n\t\t\t<\/div>\r\n\t\t\t\t\t\t<div class=\"item-footer\" style=\"\">\r\n\t\t\t\t\t\t\t\t\t\t\t\t<div class=\"item-data address\" style=\"\">\r\n\t\t\t\t\t<span class=\"label\">Indirizzo<\/span>\r\n\t\t\t\t\t<span class=\"values\">Pore\u010d<\/span>\r\n\t\t\t\t<\/div>\r\n\t\t\t\t\t\t\t\t\t\t\t\t\t\t\t\t<div class=\"item-data categories\" style=\"\">\r\n\t\t\t\t\t<span class=\"label\">Categorie<\/span>\r\n\t\t\t\t\t<span class=\"values\">\r\n\t\t\t\t\t\t\t\t\t\t\t\t<a href=\"https:\/\/funtana.com\/it\/cat\/spiaggie\/\" class=\"value\" style=\"\">Spiaggie<\/a>\r\n\t\t\t\t\t\t\t\t\t\t\t<\/span>\r\n\t\t\t\t<\/div>\r\n\t\t\t\t\t\t\t<\/div>\r\n\t\t<\/div>\r\n\t<\/div>\r\n\r\n<\/article>\r\n\r\n\r\n\r\n<article class=\"citadela-article has-thumbnail has-subtitle has-description has-address has-categories swiper-slide\">\r\n\r\n\t<div class=\"item-content\" style=\"\">\r\n\t\t\t\t<div class=\"item-thumbnail\" style=\"\">\r\n\t\t\t<a href=\"https:\/\/funtana.com\/it\/item\/spiaggia-val-sunset-family\/\">\r\n\t\t\t\t<img loading=\"lazy\" decoding=\"async\" \r\n\t\t\t\t\tclass=\"item-image\"\r\n                    src=\"https:\/\/funtana.com\/wp-content\/uploads\/2023\/08\/val-sunset-family-beach-sc-02-480x360.jpeg\"\r\n                    width=\"480\"\r\n                    height=\"360\"\r\n                    srcset=\"\"\r\n                    sizes=\"auto, (max-width: 480px) 100vw, 480px\"\r\n                    alt=\"Spiaggia Sunset Family\"\r\n                    style=\"\"                \/>\r\n\t\t\t<\/a>\r\n\t\t<\/div>\r\n\t\t\r\n\t\t<div class=\"item-body\">\r\n\t\t\t<div class=\"item-title\">\r\n\t\t\t\t<a href=\"https:\/\/funtana.com\/it\/item\/spiaggia-val-sunset-family\/\">\r\n\t\t\t\t\t<div class=\"item-title-wrap\">\r\n\t\t\t\t\t\t<div class=\"post-title\">Spiaggia Sunset Family<\/div>\r\n\t\t\t\t\t\t\t\t\t\t\t\t<div class=\"post-subtitle\" style=\"\">accanto al Sunset Glamping Village<\/div>\r\n\t\t\t\t\t\t\t\t\t\t\t<\/div>\r\n\t\t\t\t<\/a>\r\n\t\t\t<\/div>\r\n\t\t\t\r\n\t\t\t\r\n\t\t\t\t\t\t<div class=\"item-text\">\r\n\t\t\t\t<div class=\"item-description\">\r\n\t\t\t\t\t<p>&nbsp; Posizione:\u00a0Zona Sunset e situata nella parte nord-occidentale del campeggio, accanto al Sunset Glamping Village Tipo di spiaggia:\u00a0di ghiaia Lunghezza della spiaggia:\u00a0450 m Entrata in mare:\u00a0agevole, ghiaia Spiaggia adatta per:\u00a0famiglie con bambini, adulti Animali domestici:\u00a0non sono ammessi CONTENUTI DELLA SPIAGGIA: area prendisole in ghiaia docce e cabine lettini e ombrelloni&#8230;<\/p>\r\n\t\t\t\t\t<a href=\"https:\/\/funtana.com\/it\/item\/spiaggia-val-sunset-family\/\" class=\"more\">Vedi di pi\u00f9<\/a>\r\n\t\t\t\t<\/div>\r\n\t\t\t<\/div>\r\n\t\t\t\t\t\t<div class=\"item-footer\" style=\"\">\r\n\t\t\t\t\t\t\t\t\t\t\t\t<div class=\"item-data address\" style=\"\">\r\n\t\t\t\t\t<span class=\"label\">Indirizzo<\/span>\r\n\t\t\t\t\t<span class=\"values\">Spiaggia Sunset Family Valamar camping Istra, Funtana<\/span>\r\n\t\t\t\t<\/div>\r\n\t\t\t\t\t\t\t\t\t\t\t\t\t\t\t\t<div class=\"item-data categories\" style=\"\">\r\n\t\t\t\t\t<span class=\"label\">Categorie<\/span>\r\n\t\t\t\t\t<span class=\"values\">\r\n\t\t\t\t\t\t\t\t\t\t\t\t<a href=\"https:\/\/funtana.com\/it\/cat\/spiaggie\/\" class=\"value\" style=\"\">Spiaggie<\/a>\r\n\t\t\t\t\t\t\t\t\t\t\t<\/span>\r\n\t\t\t\t<\/div>\r\n\t\t\t\t\t\t\t<\/div>\r\n\t\t<\/div>\r\n\t<\/div>\r\n\r\n<\/article>\r\n\r\n\r\n\r\n<article class=\"citadela-article has-thumbnail has-subtitle has-description has-address has-categories swiper-slide\">\r\n\r\n\t<div class=\"item-content\" style=\"\">\r\n\t\t\t\t<div class=\"item-thumbnail\" style=\"\">\r\n\t\t\t<a href=\"https:\/\/funtana.com\/it\/item\/191-nel-regno-forestale\/\">\r\n\t\t\t\t<img loading=\"lazy\" decoding=\"async\" \r\n\t\t\t\t\tclass=\"item-image\"\r\n                    src=\"https:\/\/funtana.com\/wp-content\/uploads\/2023\/09\/sl_071015100046-480x360.jpg\"\r\n                    width=\"480\"\r\n                    height=\"360\"\r\n                    srcset=\"https:\/\/funtana.com\/wp-content\/uploads\/2023\/09\/sl_071015100046-480x360.jpg 480w, https:\/\/funtana.com\/wp-content\/uploads\/2023\/09\/sl_071015100046-640x480.jpg 640w\"\r\n                    sizes=\"auto, (max-width: 480px) 100vw, 480px\"\r\n                    alt=\"191 Nel regno forestale\"\r\n                    style=\"\"                \/>\r\n\t\t\t<\/a>\r\n\t\t<\/div>\r\n\t\t\r\n\t\t<div class=\"item-body\">\r\n\t\t\t<div class=\"item-title\">\r\n\t\t\t\t<a href=\"https:\/\/funtana.com\/it\/item\/191-nel-regno-forestale\/\">\r\n\t\t\t\t\t<div class=\"item-title-wrap\">\r\n\t\t\t\t\t\t<div class=\"post-title\">191 Nel regno forestale<\/div>\r\n\t\t\t\t\t\t\t\t\t\t\t\t<div class=\"post-subtitle\" style=\"\">Funtana &#8211; Orsera &#8211; Stazione del capitano &#8211; Kontija &#8211; Aeroporto sportivo &#8211; Stazione del capitano (scorciatoia) &#8211; Funtana<\/div>\r\n\t\t\t\t\t\t\t\t\t\t\t<\/div>\r\n\t\t\t\t<\/a>\r\n\t\t\t<\/div>\r\n\t\t\t\r\n\t\t\t\r\n\t\t\t\t\t\t<div class=\"item-text\">\r\n\t\t\t\t<div class=\"item-description\">\r\n\t\t\t\t\t<p>&nbsp; Descrizione dell&#039;itinerario: Il percorso, che raggiunge una vera foresta delle favole, inizia a Vrsar-Orsera. In questo percorso dedicato principalmente ai bambini si passa attraverso l\u2019insediamento di Kapetanova stancija e la riserva speciale di vegetazione forestale di Kontija-Contea, per poi ritornare al punto di partenza a Orsera lungo l\u2019aeroporto sportivo&#8230;.<\/p>\r\n\t\t\t\t\t<a href=\"https:\/\/funtana.com\/it\/item\/191-nel-regno-forestale\/\" class=\"more\">Vedi di pi\u00f9<\/a>\r\n\t\t\t\t<\/div>\r\n\t\t\t<\/div>\r\n\t\t\t\t\t\t<div class=\"item-footer\" style=\"\">\r\n\t\t\t\t\t\t\t\t\t\t\t\t<div class=\"item-data address\" style=\"\">\r\n\t\t\t\t\t<span class=\"label\">Indirizzo<\/span>\r\n\t\t\t\t\t<span class=\"values\">Funtana<\/span>\r\n\t\t\t\t<\/div>\r\n\t\t\t\t\t\t\t\t\t\t\t\t\t\t\t\t<div class=\"item-data categories\" style=\"\">\r\n\t\t\t\t\t<span class=\"label\">Categorie<\/span>\r\n\t\t\t\t\t<span class=\"values\">\r\n\t\t\t\t\t\t\t\t\t\t\t\t<a href=\"https:\/\/funtana.com\/it\/cat\/attivita\/\" class=\"value\" style=\"\">Attivita<\/a>\r\n\t\t\t\t\t\t\t\t\t\t\t\t<a href=\"https:\/\/funtana.com\/it\/cat\/ciclismo\/\" class=\"value\" style=\"\">Ciclismo<\/a>\r\n\t\t\t\t\t\t\t\t\t\t\t\t<a href=\"https:\/\/funtana.com\/it\/cat\/mountain-bike-it\/\" class=\"value\" style=\"\">Mountain bike<\/a>\r\n\t\t\t\t\t\t\t\t\t\t\t<\/span>\r\n\t\t\t\t<\/div>\r\n\t\t\t\t\t\t\t<\/div>\r\n\t\t<\/div>\r\n\t<\/div>\r\n\r\n<\/article>\r\n\r\n\r\n\r\n<article class=\"citadela-article has-thumbnail has-subtitle has-description has-address has-categories swiper-slide\">\r\n\r\n\t<div class=\"item-content\" style=\"\">\r\n\t\t\t\t<div class=\"item-thumbnail\" style=\"\">\r\n\t\t\t<a href=\"https:\/\/funtana.com\/it\/item\/171-larcipelago-magico\/\">\r\n\t\t\t\t<img loading=\"lazy\" decoding=\"async\" \r\n\t\t\t\t\tclass=\"item-image\"\r\n                    src=\"https:\/\/funtana.com\/wp-content\/uploads\/2023\/09\/sl_0709151556471-1-480x360.jpg\"\r\n                    width=\"480\"\r\n                    height=\"360\"\r\n                    srcset=\"https:\/\/funtana.com\/wp-content\/uploads\/2023\/09\/sl_0709151556471-1-480x360.jpg 480w, https:\/\/funtana.com\/wp-content\/uploads\/2023\/09\/sl_0709151556471-1-640x480.jpg 640w\"\r\n                    sizes=\"auto, (max-width: 480px) 100vw, 480px\"\r\n                    alt=\"171 L&#039;ARCIPELAGO MAGICO\"\r\n                    style=\"\"                \/>\r\n\t\t\t<\/a>\r\n\t\t<\/div>\r\n\t\t\r\n\t\t<div class=\"item-body\">\r\n\t\t\t<div class=\"item-title\">\r\n\t\t\t\t<a href=\"https:\/\/funtana.com\/it\/item\/171-larcipelago-magico\/\">\r\n\t\t\t\t\t<div class=\"item-title-wrap\">\r\n\t\t\t\t\t\t<div class=\"post-title\">171 L&#039;ARCIPELAGO MAGICO<\/div>\r\n\t\t\t\t\t\t\t\t\t\t\t\t<div class=\"post-subtitle\" style=\"\">eccezionalmente breve (18,3 km), particolarmente interessante \u00e8 il sentiero dell&#8217;Arcipelago Magico<\/div>\r\n\t\t\t\t\t\t\t\t\t\t\t<\/div>\r\n\t\t\t\t<\/a>\r\n\t\t\t<\/div>\r\n\t\t\t\r\n\t\t\t\r\n\t\t\t\t\t\t<div class=\"item-text\">\r\n\t\t\t\t<div class=\"item-description\">\r\n\t\t\t\t\t<p>&nbsp; Descrizione dell&#039;itinerario: Anche se piuttosto breve (18,3 km), il sentiero L\u2019arcipelago magico \u00e8 particolarmente interessante. Il percorso, che inizia e termina alla fermata dell\u2019autobus di Orsera, attraversa tra la Stancija del Capitano, tra Finida e Funtane, offrendo una variet\u00e0 di siti da visitare. Nella prima parte si trova anche&#8230;<\/p>\r\n\t\t\t\t\t<a href=\"https:\/\/funtana.com\/it\/item\/171-larcipelago-magico\/\" class=\"more\">Vedi di pi\u00f9<\/a>\r\n\t\t\t\t<\/div>\r\n\t\t\t<\/div>\r\n\t\t\t\t\t\t<div class=\"item-footer\" style=\"\">\r\n\t\t\t\t\t\t\t\t\t\t\t\t<div class=\"item-data address\" style=\"\">\r\n\t\t\t\t\t<span class=\"label\">Indirizzo<\/span>\r\n\t\t\t\t\t<span class=\"values\">Vrsar<\/span>\r\n\t\t\t\t<\/div>\r\n\t\t\t\t\t\t\t\t\t\t\t\t\t\t\t\t<div class=\"item-data categories\" style=\"\">\r\n\t\t\t\t\t<span class=\"label\">Categorie<\/span>\r\n\t\t\t\t\t<span class=\"values\">\r\n\t\t\t\t\t\t\t\t\t\t\t\t<a href=\"https:\/\/funtana.com\/it\/cat\/attivita\/\" class=\"value\" style=\"\">Attivita<\/a>\r\n\t\t\t\t\t\t\t\t\t\t\t\t<a href=\"https:\/\/funtana.com\/it\/cat\/ciclismo\/\" class=\"value\" style=\"\">Ciclismo<\/a>\r\n\t\t\t\t\t\t\t\t\t\t\t\t<a href=\"https:\/\/funtana.com\/it\/cat\/mountain-bike-it\/\" class=\"value\" style=\"\">Mountain bike<\/a>\r\n\t\t\t\t\t\t\t\t\t\t\t<\/span>\r\n\t\t\t\t<\/div>\r\n\t\t\t\t\t\t\t<\/div>\r\n\t\t<\/div>\r\n\t<\/div>\r\n\r\n<\/article>\r\n\r\n\r\n\r\n<article class=\"citadela-article has-thumbnail has-description has-address has-categories swiper-slide\">\r\n\r\n\t<div class=\"item-content\" style=\"\">\r\n\t\t\t\t<div class=\"item-thumbnail\" style=\"\">\r\n\t\t\t<a href=\"https:\/\/funtana.com\/it\/item\/sentiero-pedonale-funtana-fontane-porec-parenzo\/\">\r\n\t\t\t\t<img loading=\"lazy\" decoding=\"async\" \r\n\t\t\t\t\tclass=\"item-image\"\r\n                    src=\"https:\/\/funtana.com\/wp-content\/uploads\/2024\/05\/20240508_112347-480x360.jpg\"\r\n                    width=\"480\"\r\n                    height=\"360\"\r\n                    srcset=\"https:\/\/funtana.com\/wp-content\/uploads\/2024\/05\/20240508_112347-480x360.jpg 480w, https:\/\/funtana.com\/wp-content\/uploads\/2024\/05\/20240508_112347-300x225.jpg 300w, https:\/\/funtana.com\/wp-content\/uploads\/2024\/05\/20240508_112347-1024x768.jpg 1024w, https:\/\/funtana.com\/wp-content\/uploads\/2024\/05\/20240508_112347-768x576.jpg 768w, https:\/\/funtana.com\/wp-content\/uploads\/2024\/05\/20240508_112347-50x38.jpg 50w, https:\/\/funtana.com\/wp-content\/uploads\/2024\/05\/20240508_112347-1600x1200.jpg 1600w, https:\/\/funtana.com\/wp-content\/uploads\/2024\/05\/20240508_112347-1536x1152.jpg 1536w, https:\/\/funtana.com\/wp-content\/uploads\/2024\/05\/20240508_112347-2048x1536.jpg 2048w, https:\/\/funtana.com\/wp-content\/uploads\/2024\/05\/20240508_112347-640x480.jpg 640w\"\r\n                    sizes=\"auto, (max-width: 480px) 100vw, 480px\"\r\n                    alt=\"Sentiero pedonale Funtana\/Fontane \u2013 Pore\u010d\/Parenzo\"\r\n                    style=\"\"                \/>\r\n\t\t\t<\/a>\r\n\t\t<\/div>\r\n\t\t\r\n\t\t<div class=\"item-body\">\r\n\t\t\t<div class=\"item-title\">\r\n\t\t\t\t<a href=\"https:\/\/funtana.com\/it\/item\/sentiero-pedonale-funtana-fontane-porec-parenzo\/\">\r\n\t\t\t\t\t<div class=\"item-title-wrap\">\r\n\t\t\t\t\t\t<div class=\"post-title\">Sentiero pedonale Funtana\/Fontane \u2013 Pore\u010d\/Parenzo<\/div>\r\n\t\t\t\t\t\t\t\t\t\t\t<\/div>\r\n\t\t\t\t<\/a>\r\n\t\t\t<\/div>\r\n\t\t\t\r\n\t\t\t\r\n\t\t\t\t\t\t<div class=\"item-text\">\r\n\t\t\t\t<div class=\"item-description\">\r\n\t\t\t\t\t<p>Passeggiate lungo la costa e godetevi il relax che offre il camminare lungo il mare su uno splendido sentiero pedonale lungo pi\u00f9 di 10 chilometri che si estende da Fontane fino a Pore\u010d\/Parenzo. La vostra avventura a Fontane inizia presso le famose sorgenti di acqua Perila. Da l\u00ec, camminerete lungo&#8230;<\/p>\r\n\t\t\t\t\t<a href=\"https:\/\/funtana.com\/it\/item\/sentiero-pedonale-funtana-fontane-porec-parenzo\/\" class=\"more\">Vedi di pi\u00f9<\/a>\r\n\t\t\t\t<\/div>\r\n\t\t\t<\/div>\r\n\t\t\t\t\t\t<div class=\"item-footer\" style=\"\">\r\n\t\t\t\t\t\t\t\t\t\t\t\t<div class=\"item-data address\" style=\"\">\r\n\t\t\t\t\t<span class=\"label\">Indirizzo<\/span>\r\n\t\t\t\t\t<span class=\"values\">Funtana, Tourist info centre<\/span>\r\n\t\t\t\t<\/div>\r\n\t\t\t\t\t\t\t\t\t\t\t\t\t\t\t\t<div class=\"item-data categories\" style=\"\">\r\n\t\t\t\t\t<span class=\"label\">Categorie<\/span>\r\n\t\t\t\t\t<span class=\"values\">\r\n\t\t\t\t\t\t\t\t\t\t\t\t<a href=\"https:\/\/funtana.com\/it\/cat\/walking-it\/\" class=\"value\" style=\"\">Caminare<\/a>\r\n\t\t\t\t\t\t\t\t\t\t\t<\/span>\r\n\t\t\t\t<\/div>\r\n\t\t\t\t\t\t\t<\/div>\r\n\t\t<\/div>\r\n\t<\/div>\r\n\r\n<\/article>\r\n\r\n\r\n\r\n<article class=\"citadela-article has-thumbnail has-subtitle has-description has-address has-categories swiper-slide\">\r\n\r\n\t<div class=\"item-content\" style=\"\">\r\n\t\t\t\t<div class=\"item-thumbnail\" style=\"\">\r\n\t\t\t<a href=\"https:\/\/funtana.com\/it\/item\/la-spiaggia-del-campeggio-zelena-laguna\/\">\r\n\t\t\t\t<img loading=\"lazy\" decoding=\"async\" \r\n\t\t\t\t\tclass=\"item-image\"\r\n                    src=\"https:\/\/funtana.com\/wp-content\/uploads\/2023\/08\/AC-ZELENA-LAGUNA3-920x500-1-480x360.jpg\"\r\n                    width=\"480\"\r\n                    height=\"360\"\r\n                    srcset=\"https:\/\/funtana.com\/wp-content\/uploads\/2023\/08\/AC-ZELENA-LAGUNA3-920x500-1-480x360.jpg 480w, https:\/\/funtana.com\/wp-content\/uploads\/2023\/08\/AC-ZELENA-LAGUNA3-920x500-1-640x480.jpg 640w\"\r\n                    sizes=\"auto, (max-width: 480px) 100vw, 480px\"\r\n                    alt=\"La spiaggia del campeggio Zelena Laguna\"\r\n                    style=\"\"                \/>\r\n\t\t\t<\/a>\r\n\t\t<\/div>\r\n\t\t\r\n\t\t<div class=\"item-body\">\r\n\t\t\t<div class=\"item-title\">\r\n\t\t\t\t<a href=\"https:\/\/funtana.com\/it\/item\/la-spiaggia-del-campeggio-zelena-laguna\/\">\r\n\t\t\t\t\t<div class=\"item-title-wrap\">\r\n\t\t\t\t\t\t<div class=\"post-title\">La spiaggia del campeggio Zelena Laguna<\/div>\r\n\t\t\t\t\t\t\t\t\t\t\t\t<div class=\"post-subtitle\" style=\"\">Mare blu cristallino<\/div>\r\n\t\t\t\t\t\t\t\t\t\t\t<\/div>\r\n\t\t\t\t<\/a>\r\n\t\t\t<\/div>\r\n\t\t\t\r\n\t\t\t\r\n\t\t\t\t\t\t<div class=\"item-text\">\r\n\t\t\t\t<div class=\"item-description\">\r\n\t\t\t\t\t<p>&nbsp; La spiaggia del campeggio Zelena Laguna si trova a soli 5 km dal centro di Parenzo ed \u00e8 situata in una baia immersa nel verde. \u00c8 prevalentemente pavimentata e di ghiaia, con zone scogliose. Sulla spiaggia ben curata dotata di docce, si possono noleggiare lettini e ombrelloni. Di anno&#8230;<\/p>\r\n\t\t\t\t\t<a href=\"https:\/\/funtana.com\/it\/item\/la-spiaggia-del-campeggio-zelena-laguna\/\" class=\"more\">Vedi di pi\u00f9<\/a>\r\n\t\t\t\t<\/div>\r\n\t\t\t<\/div>\r\n\t\t\t\t\t\t<div class=\"item-footer\" style=\"\">\r\n\t\t\t\t\t\t\t\t\t\t\t\t<div class=\"item-data address\" style=\"\">\r\n\t\t\t\t\t<span class=\"label\">Indirizzo<\/span>\r\n\t\t\t\t\t<span class=\"values\">Pore\u010d<\/span>\r\n\t\t\t\t<\/div>\r\n\t\t\t\t\t\t\t\t\t\t\t\t\t\t\t\t<div class=\"item-data categories\" style=\"\">\r\n\t\t\t\t\t<span class=\"label\">Categorie<\/span>\r\n\t\t\t\t\t<span class=\"values\">\r\n\t\t\t\t\t\t\t\t\t\t\t\t<a href=\"https:\/\/funtana.com\/it\/cat\/spiaggie\/\" class=\"value\" style=\"\">Spiaggie<\/a>\r\n\t\t\t\t\t\t\t\t\t\t\t<\/span>\r\n\t\t\t\t<\/div>\r\n\t\t\t\t\t\t\t<\/div>\r\n\t\t<\/div>\r\n\t<\/div>\r\n\r\n<\/article>\r\n\r\n\r\n\r\n<article class=\"citadela-article has-thumbnail has-subtitle has-description has-address has-categories swiper-slide\">\r\n\r\n\t<div class=\"item-content\" style=\"\">\r\n\t\t\t\t<div class=\"item-thumbnail\" style=\"\">\r\n\t\t\t<a href=\"https:\/\/funtana.com\/it\/item\/sentiero-krcavela-161-famiglia-e-ricreazione\/\">\r\n\t\t\t\t<img loading=\"lazy\" decoding=\"async\" \r\n\t\t\t\t\tclass=\"item-image\"\r\n                    src=\"https:\/\/funtana.com\/wp-content\/uploads\/2023\/03\/1529310900_2849-480x360.jpg\"\r\n                    width=\"480\"\r\n                    height=\"360\"\r\n                    srcset=\"https:\/\/funtana.com\/wp-content\/uploads\/2023\/03\/1529310900_2849-480x360.jpg 480w, https:\/\/funtana.com\/wp-content\/uploads\/2023\/03\/1529310900_2849-300x225.jpg 300w, https:\/\/funtana.com\/wp-content\/uploads\/2023\/03\/1529310900_2849-1024x768.jpg 1024w, https:\/\/funtana.com\/wp-content\/uploads\/2023\/03\/1529310900_2849-768x576.jpg 768w, https:\/\/funtana.com\/wp-content\/uploads\/2023\/03\/1529310900_2849-640x480.jpg 640w, https:\/\/funtana.com\/wp-content\/uploads\/2023\/03\/1529310900_2849.jpg 1200w\"\r\n                    sizes=\"auto, (max-width: 480px) 100vw, 480px\"\r\n                    alt=\"Sentiero Krcavela (161) \u2013 Famiglia e ricreazione\"\r\n                    style=\"\"                \/>\r\n\t\t\t<\/a>\r\n\t\t<\/div>\r\n\t\t\r\n\t\t<div class=\"item-body\">\r\n\t\t\t<div class=\"item-title\">\r\n\t\t\t\t<a href=\"https:\/\/funtana.com\/it\/item\/sentiero-krcavela-161-famiglia-e-ricreazione\/\">\r\n\t\t\t\t\t<div class=\"item-title-wrap\">\r\n\t\t\t\t\t\t<div class=\"post-title\">Sentiero Krcavela (161) \u2013 Famiglia e ricreazione<\/div>\r\n\t\t\t\t\t\t\t\t\t\t\t\t<div class=\"post-subtitle\" style=\"\">attraverso i campi e le foreste del Mediterraneo<\/div>\r\n\t\t\t\t\t\t\t\t\t\t\t<\/div>\r\n\t\t\t\t<\/a>\r\n\t\t\t<\/div>\r\n\t\t\t\r\n\t\t\t\r\n\t\t\t\t\t\t<div class=\"item-text\">\r\n\t\t\t\t<div class=\"item-description\">\r\n\t\t\t\t\t<p>Durata: dalle 1:30 alle 2:00 Lunghezza: 15,6 km Partenza\/arrivo: Funtana Dislivello alto: 80 m Punto pi\u00f9 alto: 61 m Terrin: asfalto 6,2 km, sterrato 9,4 km Difficolt\u00e0: leggera (altro&hellip;)<\/p>\r\n\t\t\t\t\t<a href=\"https:\/\/funtana.com\/it\/item\/sentiero-krcavela-161-famiglia-e-ricreazione\/\" class=\"more\">Vedi di pi\u00f9<\/a>\r\n\t\t\t\t<\/div>\r\n\t\t\t<\/div>\r\n\t\t\t\t\t\t<div class=\"item-footer\" style=\"\">\r\n\t\t\t\t\t\t\t\t\t\t\t\t<div class=\"item-data address\" style=\"\">\r\n\t\t\t\t\t<span class=\"label\">Indirizzo<\/span>\r\n\t\t\t\t\t<span class=\"values\">Funtana, Tourist info centre<\/span>\r\n\t\t\t\t<\/div>\r\n\t\t\t\t\t\t\t\t\t\t\t\t\t\t\t\t<div class=\"item-data categories\" style=\"\">\r\n\t\t\t\t\t<span class=\"label\">Categorie<\/span>\r\n\t\t\t\t\t<span class=\"values\">\r\n\t\t\t\t\t\t\t\t\t\t\t\t<a href=\"https:\/\/funtana.com\/it\/cat\/attivita\/\" class=\"value\" style=\"\">Attivita<\/a>\r\n\t\t\t\t\t\t\t\t\t\t\t\t<a href=\"https:\/\/funtana.com\/it\/cat\/ciclismo\/\" class=\"value\" style=\"\">Ciclismo<\/a>\r\n\t\t\t\t\t\t\t\t\t\t\t<\/span>\r\n\t\t\t\t<\/div>\r\n\t\t\t\t\t\t\t<\/div>\r\n\t\t<\/div>\r\n\t<\/div>\r\n\r\n<\/article>\r\n\r\n\r\n\r\n<article class=\"citadela-article has-thumbnail has-subtitle has-description has-address has-categories swiper-slide\">\r\n\r\n\t<div class=\"item-content\" style=\"\">\r\n\t\t\t\t<div class=\"item-thumbnail\" style=\"\">\r\n\t\t\t<a href=\"https:\/\/funtana.com\/it\/item\/181-101-km-e-un-tartufo\/\">\r\n\t\t\t\t<img loading=\"lazy\" decoding=\"async\" \r\n\t\t\t\t\tclass=\"item-image\"\r\n                    src=\"https:\/\/funtana.com\/wp-content\/uploads\/2023\/09\/sl_061209150412-480x360.jpg\"\r\n                    width=\"480\"\r\n                    height=\"360\"\r\n                    srcset=\"https:\/\/funtana.com\/wp-content\/uploads\/2023\/09\/sl_061209150412-480x360.jpg 480w, https:\/\/funtana.com\/wp-content\/uploads\/2023\/09\/sl_061209150412-640x480.jpg 640w\"\r\n                    sizes=\"auto, (max-width: 480px) 100vw, 480px\"\r\n                    alt=\"181 101 km e un tartufo\"\r\n                    style=\"\"                \/>\r\n\t\t\t<\/a>\r\n\t\t<\/div>\r\n\t\t\r\n\t\t<div class=\"item-body\">\r\n\t\t\t<div class=\"item-title\">\r\n\t\t\t\t<a href=\"https:\/\/funtana.com\/it\/item\/181-101-km-e-un-tartufo\/\">\r\n\t\t\t\t\t<div class=\"item-title-wrap\">\r\n\t\t\t\t\t\t<div class=\"post-title\">181 101 km e un tartufo<\/div>\r\n\t\t\t\t\t\t\t\t\t\t\t\t<div class=\"post-subtitle\" style=\"\">Vrsar &#8211; Funtana &#8211; Pore\u010d &#8211; Vi\u017einada &#8211; Gro\u017enjan &#8211; Oprtalj &#8211; Livade &#8211; Motovun &#8211; Vrsar (Centar) <\/div>\r\n\t\t\t\t\t\t\t\t\t\t\t<\/div>\r\n\t\t\t\t<\/a>\r\n\t\t\t<\/div>\r\n\t\t\t\r\n\t\t\t\r\n\t\t\t\t\t\t<div class=\"item-text\">\r\n\t\t\t\t<div class=\"item-description\">\r\n\t\t\t\t\t<p>&nbsp; Descrizione dell&#039;itinerario: Centouno chilometri di strada tortuosa che vi portano dalla costa della penisola istriana al suo interno, verso le verdi colline e un segreto gastronomico. All&#039;inizio, nei primi 15 km, il percorso attraversa strade pi\u00f9 larghe dove potrete incontrare un traffico un po&#039; pi\u00f9 intenso. Il resto del&#8230;<\/p>\r\n\t\t\t\t\t<a href=\"https:\/\/funtana.com\/it\/item\/181-101-km-e-un-tartufo\/\" class=\"more\">Vedi di pi\u00f9<\/a>\r\n\t\t\t\t<\/div>\r\n\t\t\t<\/div>\r\n\t\t\t\t\t\t<div class=\"item-footer\" style=\"\">\r\n\t\t\t\t\t\t\t\t\t\t\t\t<div class=\"item-data address\" style=\"\">\r\n\t\t\t\t\t<span class=\"label\">Indirizzo<\/span>\r\n\t\t\t\t\t<span class=\"values\">Funtana<\/span>\r\n\t\t\t\t<\/div>\r\n\t\t\t\t\t\t\t\t\t\t\t\t\t\t\t\t<div class=\"item-data categories\" style=\"\">\r\n\t\t\t\t\t<span class=\"label\">Categorie<\/span>\r\n\t\t\t\t\t<span class=\"values\">\r\n\t\t\t\t\t\t\t\t\t\t\t\t<a href=\"https:\/\/funtana.com\/it\/cat\/attivita\/\" class=\"value\" style=\"\">Attivita<\/a>\r\n\t\t\t\t\t\t\t\t\t\t\t\t<a href=\"https:\/\/funtana.com\/it\/cat\/ciclismo\/\" class=\"value\" style=\"\">Ciclismo<\/a>\r\n\t\t\t\t\t\t\t\t\t\t\t<\/span>\r\n\t\t\t\t<\/div>\r\n\t\t\t\t\t\t\t<\/div>\r\n\t\t<\/div>\r\n\t<\/div>\r\n\r\n<\/article>\r\n\r\n\r\n\r\n<article class=\"citadela-article has-thumbnail has-subtitle has-description has-address has-categories swiper-slide\">\r\n\r\n\t<div class=\"item-content\" style=\"\">\r\n\t\t\t\t<div class=\"item-thumbnail\" style=\"\">\r\n\t\t\t<a href=\"https:\/\/funtana.com\/it\/item\/marina-spiaggia\/\">\r\n\t\t\t\t<img loading=\"lazy\" decoding=\"async\" \r\n\t\t\t\t\tclass=\"item-image\"\r\n                    src=\"https:\/\/funtana.com\/wp-content\/uploads\/2023\/08\/istra-premium-camping-resort-marina-beach-480x360.jpg\"\r\n                    width=\"480\"\r\n                    height=\"360\"\r\n                    srcset=\"\"\r\n                    sizes=\"auto, (max-width: 480px) 100vw, 480px\"\r\n                    alt=\"Marina spiaggia\"\r\n                    style=\"\"                \/>\r\n\t\t\t<\/a>\r\n\t\t<\/div>\r\n\t\t\r\n\t\t<div class=\"item-body\">\r\n\t\t\t<div class=\"item-title\">\r\n\t\t\t\t<a href=\"https:\/\/funtana.com\/it\/item\/marina-spiaggia\/\">\r\n\t\t\t\t\t<div class=\"item-title-wrap\">\r\n\t\t\t\t\t\t<div class=\"post-title\">Marina spiaggia<\/div>\r\n\t\t\t\t\t\t\t\t\t\t\t\t<div class=\"post-subtitle\" style=\"\">Spiaggia adatta per: famiglie con bambini, adulti, disabili<\/div>\r\n\t\t\t\t\t\t\t\t\t\t\t<\/div>\r\n\t\t\t\t<\/a>\r\n\t\t\t<\/div>\r\n\t\t\t\r\n\t\t\t\r\n\t\t\t\t\t\t<div class=\"item-text\">\r\n\t\t\t\t<div class=\"item-description\">\r\n\t\t\t\t\t<p>&nbsp; Posizione: parte settentrionale del campeggio, nella zona Marina Tipo di spiaggia: scogli, aree in cemento Lunghezza della spiaggia: 175 m Entrata in mare: gradini Spiaggia adatta per: famiglie con bambini, adulti, disabili Animali domestici: ammessi in una determinata parte della spiaggia CONTENUTI DELLA SPIAGGIA: docce e cabine lettini e&#8230;<\/p>\r\n\t\t\t\t\t<a href=\"https:\/\/funtana.com\/it\/item\/marina-spiaggia\/\" class=\"more\">Vedi di pi\u00f9<\/a>\r\n\t\t\t\t<\/div>\r\n\t\t\t<\/div>\r\n\t\t\t\t\t\t<div class=\"item-footer\" style=\"\">\r\n\t\t\t\t\t\t\t\t\t\t\t\t<div class=\"item-data address\" style=\"\">\r\n\t\t\t\t\t<span class=\"label\">Indirizzo<\/span>\r\n\t\t\t\t\t<span class=\"values\">Funtana, marina spiaggia Istra Preimum camping<\/span>\r\n\t\t\t\t<\/div>\r\n\t\t\t\t\t\t\t\t\t\t\t\t\t\t\t\t<div class=\"item-data categories\" style=\"\">\r\n\t\t\t\t\t<span class=\"label\">Categorie<\/span>\r\n\t\t\t\t\t<span class=\"values\">\r\n\t\t\t\t\t\t\t\t\t\t\t\t<a href=\"https:\/\/funtana.com\/it\/cat\/spiaggie\/\" class=\"value\" style=\"\">Spiaggie<\/a>\r\n\t\t\t\t\t\t\t\t\t\t\t<\/span>\r\n\t\t\t\t<\/div>\r\n\t\t\t\t\t\t\t<\/div>\r\n\t\t<\/div>\r\n\t<\/div>\r\n\r\n<\/article>\r\n\r\n\r\n\r\n<article class=\"citadela-article has-thumbnail has-subtitle has-description has-address has-categories swiper-slide\">\r\n\r\n\t<div class=\"item-content\" style=\"\">\r\n\t\t\t\t<div class=\"item-thumbnail\" style=\"\">\r\n\t\t\t<a href=\"https:\/\/funtana.com\/it\/item\/192-il-percorso-delle-sculture-di-un-celebre-artista\/\">\r\n\t\t\t\t<img loading=\"lazy\" decoding=\"async\" \r\n\t\t\t\t\tclass=\"item-image\"\r\n                    src=\"https:\/\/funtana.com\/wp-content\/uploads\/2023\/09\/M15_012_00074_vvq2lm-480x360.jpg\"\r\n                    width=\"480\"\r\n                    height=\"360\"\r\n                    srcset=\"https:\/\/funtana.com\/wp-content\/uploads\/2023\/09\/M15_012_00074_vvq2lm-480x360.jpg 480w, https:\/\/funtana.com\/wp-content\/uploads\/2023\/09\/M15_012_00074_vvq2lm-640x480.jpg 640w\"\r\n                    sizes=\"auto, (max-width: 480px) 100vw, 480px\"\r\n                    alt=\"192 IL PERCORSO DELLE SCULTURE DI UN CELEBRE ARTISTA\"\r\n                    style=\"\"                \/>\r\n\t\t\t<\/a>\r\n\t\t<\/div>\r\n\t\t\r\n\t\t<div class=\"item-body\">\r\n\t\t\t<div class=\"item-title\">\r\n\t\t\t\t<a href=\"https:\/\/funtana.com\/it\/item\/192-il-percorso-delle-sculture-di-un-celebre-artista\/\">\r\n\t\t\t\t\t<div class=\"item-title-wrap\">\r\n\t\t\t\t\t\t<div class=\"post-title\">192 IL PERCORSO DELLE SCULTURE DI UN CELEBRE ARTISTA<\/div>\r\n\t\t\t\t\t\t\t\t\t\t\t\t<div class=\"post-subtitle\" style=\"\">Vrsar, parcheggio vicino al cimitero &#8211; Vinogradi Laguna &#8211; Funtana &#8211; Dinopark &#8211; Park Du\u0161ana D\u017eamonje &#8211; Vrsar<\/div>\r\n\t\t\t\t\t\t\t\t\t\t\t<\/div>\r\n\t\t\t\t<\/a>\r\n\t\t\t<\/div>\r\n\t\t\t\r\n\t\t\t\r\n\t\t\t\t\t\t<div class=\"item-text\">\r\n\t\t\t\t<div class=\"item-description\">\r\n\t\t\t\t\t<p>&nbsp; Descrizione dell&#039;itinerario: Il percorso delle sculture di un celebre artista inizia nel parcheggio vicino al cimitero di Vrsar-Orsera e continua lungo i sentieri dai solchi simmetrici delle vigne verso Funtana-Fontane e il parco dei dinosauri.Situato in una foresta lussureggiante e, in parte, in un\u2019ex-cava, il divertente Dinopark offre giochi&#8230;<\/p>\r\n\t\t\t\t\t<a href=\"https:\/\/funtana.com\/it\/item\/192-il-percorso-delle-sculture-di-un-celebre-artista\/\" class=\"more\">Vedi di pi\u00f9<\/a>\r\n\t\t\t\t<\/div>\r\n\t\t\t<\/div>\r\n\t\t\t\t\t\t<div class=\"item-footer\" style=\"\">\r\n\t\t\t\t\t\t\t\t\t\t\t\t<div class=\"item-data address\" style=\"\">\r\n\t\t\t\t\t<span class=\"label\">Indirizzo<\/span>\r\n\t\t\t\t\t<span class=\"values\">Funtana<\/span>\r\n\t\t\t\t<\/div>\r\n\t\t\t\t\t\t\t\t\t\t\t\t\t\t\t\t<div class=\"item-data categories\" style=\"\">\r\n\t\t\t\t\t<span class=\"label\">Categorie<\/span>\r\n\t\t\t\t\t<span class=\"values\">\r\n\t\t\t\t\t\t\t\t\t\t\t\t<a href=\"https:\/\/funtana.com\/it\/cat\/attivita\/\" class=\"value\" style=\"\">Attivita<\/a>\r\n\t\t\t\t\t\t\t\t\t\t\t\t<a href=\"https:\/\/funtana.com\/it\/cat\/ciclismo\/\" class=\"value\" style=\"\">Ciclismo<\/a>\r\n\t\t\t\t\t\t\t\t\t\t\t<\/span>\r\n\t\t\t\t<\/div>\r\n\t\t\t\t\t\t\t<\/div>\r\n\t\t<\/div>\r\n\t<\/div>\r\n\r\n<\/article>\r\n\r\n\r\n\r\n<article class=\"citadela-article has-thumbnail has-subtitle has-description has-address has-categories swiper-slide\">\r\n\r\n\t<div class=\"item-content\" style=\"\">\r\n\t\t\t\t<div class=\"item-thumbnail\" style=\"\">\r\n\t\t\t<a href=\"https:\/\/funtana.com\/it\/item\/183-uliveti-vigne-e-giardini-di-vrsar-orsera\/\">\r\n\t\t\t\t<img loading=\"lazy\" decoding=\"async\" \r\n\t\t\t\t\tclass=\"item-image\"\r\n                    src=\"https:\/\/funtana.com\/wp-content\/uploads\/2023\/09\/sl_0709151556071-480x360.jpg\"\r\n                    width=\"480\"\r\n                    height=\"360\"\r\n                    srcset=\"https:\/\/funtana.com\/wp-content\/uploads\/2023\/09\/sl_0709151556071-480x360.jpg 480w, https:\/\/funtana.com\/wp-content\/uploads\/2023\/09\/sl_0709151556071-640x480.jpg 640w\"\r\n                    sizes=\"auto, (max-width: 480px) 100vw, 480px\"\r\n                    alt=\"183 Uliveti, vigne e giardini di Vrsar-Orsera\"\r\n                    style=\"\"                \/>\r\n\t\t\t<\/a>\r\n\t\t<\/div>\r\n\t\t\r\n\t\t<div class=\"item-body\">\r\n\t\t\t<div class=\"item-title\">\r\n\t\t\t\t<a href=\"https:\/\/funtana.com\/it\/item\/183-uliveti-vigne-e-giardini-di-vrsar-orsera\/\">\r\n\t\t\t\t\t<div class=\"item-title-wrap\">\r\n\t\t\t\t\t\t<div class=\"post-title\">183 Uliveti, vigne e giardini di Vrsar-Orsera<\/div>\r\n\t\t\t\t\t\t\t\t\t\t\t\t<div class=\"post-subtitle\" style=\"\">Vrsar (Hotel Pineta) -Sveti Lovre\u010d &#8211; Dra\u010devac &#8211; Fu\u0161kulin &#8211; Funtana &#8211; Vrsar (Hotel Pineta)<\/div>\r\n\t\t\t\t\t\t\t\t\t\t\t<\/div>\r\n\t\t\t\t<\/a>\r\n\t\t\t<\/div>\r\n\t\t\t\r\n\t\t\t\r\n\t\t\t\t\t\t<div class=\"item-text\">\r\n\t\t\t\t<div class=\"item-description\">\r\n\t\t\t\t\t<p>&nbsp; Descrizione dell&#039;itinerario: Flengi-Flenghi, Gradina-Geroldia, Marasi-Marassi, Stani\u0107i, Sveti Lovre\u010d-San Lorenzo del Pasenatico, \u0160u\u0161nji\u0107i-Susnici, Radmani, Dra\u010devac-Monspinoso, Fu\u0161kulin-Foscolino e Funtana sono i luoghi toccati da questa strada per le due ruote denominata Uliveti, vigne e giardini di Vrsar-Orsera. Si tratta di un percorso che offre l&#039;occasione perfetta per una gita in famiglia&#8230;<\/p>\r\n\t\t\t\t\t<a href=\"https:\/\/funtana.com\/it\/item\/183-uliveti-vigne-e-giardini-di-vrsar-orsera\/\" class=\"more\">Vedi di pi\u00f9<\/a>\r\n\t\t\t\t<\/div>\r\n\t\t\t<\/div>\r\n\t\t\t\t\t\t<div class=\"item-footer\" style=\"\">\r\n\t\t\t\t\t\t\t\t\t\t\t\t<div class=\"item-data address\" style=\"\">\r\n\t\t\t\t\t<span class=\"label\">Indirizzo<\/span>\r\n\t\t\t\t\t<span class=\"values\">Funtana<\/span>\r\n\t\t\t\t<\/div>\r\n\t\t\t\t\t\t\t\t\t\t\t\t\t\t\t\t<div class=\"item-data categories\" style=\"\">\r\n\t\t\t\t\t<span class=\"label\">Categorie<\/span>\r\n\t\t\t\t\t<span class=\"values\">\r\n\t\t\t\t\t\t\t\t\t\t\t\t<a href=\"https:\/\/funtana.com\/it\/cat\/attivita\/\" class=\"value\" style=\"\">Attivita<\/a>\r\n\t\t\t\t\t\t\t\t\t\t\t\t<a href=\"https:\/\/funtana.com\/it\/cat\/ciclismo\/\" class=\"value\" style=\"\">Ciclismo<\/a>\r\n\t\t\t\t\t\t\t\t\t\t\t\t<a href=\"https:\/\/funtana.com\/it\/cat\/mountain-bike-it\/\" class=\"value\" style=\"\">Mountain bike<\/a>\r\n\t\t\t\t\t\t\t\t\t\t\t<\/span>\r\n\t\t\t\t<\/div>\r\n\t\t\t\t\t\t\t<\/div>\r\n\t\t<\/div>\r\n\t<\/div>\r\n\r\n<\/article>\r\n\r\n\r\n\r\n<article class=\"citadela-article has-thumbnail has-subtitle has-description has-address has-categories swiper-slide\">\r\n\r\n\t<div class=\"item-content\" style=\"\">\r\n\t\t\t\t<div class=\"item-thumbnail\" style=\"\">\r\n\t\t\t<a href=\"https:\/\/funtana.com\/it\/item\/la-spiaggia-del-campeggio-puntica\/\">\r\n\t\t\t\t<img loading=\"lazy\" decoding=\"async\" \r\n\t\t\t\t\tclass=\"item-image\"\r\n                    src=\"https:\/\/funtana.com\/wp-content\/uploads\/2023\/08\/puntica-1-920x500-1-480x360.jpg\"\r\n                    width=\"480\"\r\n                    height=\"360\"\r\n                    srcset=\"https:\/\/funtana.com\/wp-content\/uploads\/2023\/08\/puntica-1-920x500-1-480x360.jpg 480w, https:\/\/funtana.com\/wp-content\/uploads\/2023\/08\/puntica-1-920x500-1-640x480.jpg 640w\"\r\n                    sizes=\"auto, (max-width: 480px) 100vw, 480px\"\r\n                    alt=\"La spiaggia del campeggio Puntica\"\r\n                    style=\"\"                \/>\r\n\t\t\t<\/a>\r\n\t\t<\/div>\r\n\t\t\r\n\t\t<div class=\"item-body\">\r\n\t\t\t<div class=\"item-title\">\r\n\t\t\t\t<a href=\"https:\/\/funtana.com\/it\/item\/la-spiaggia-del-campeggio-puntica\/\">\r\n\t\t\t\t\t<div class=\"item-title-wrap\">\r\n\t\t\t\t\t\t<div class=\"post-title\">La spiaggia del campeggio Puntica<\/div>\r\n\t\t\t\t\t\t\t\t\t\t\t\t<div class=\"post-subtitle\" style=\"\">ciottoloso e asfaltato<\/div>\r\n\t\t\t\t\t\t\t\t\t\t\t<\/div>\r\n\t\t\t\t<\/a>\r\n\t\t\t<\/div>\r\n\t\t\t\r\n\t\t\t\r\n\t\t\t\t\t\t<div class=\"item-text\">\r\n\t\t\t\t<div class=\"item-description\">\r\n\t\t\t\t\t<p>&nbsp; Puntica \u00e8 un piccolo e silenzioso campeggio circondato dal verde. Puntica \u00e8 il campeggio ideale per chi vuole esprimere il Mediterraneo come era una volta- natura, mare limpido, cordiali padroni di casa e ottimo cibo. La spiaggia e di ciottoli e in cemento, adatto per famiglie con bambini e&#8230;<\/p>\r\n\t\t\t\t\t<a href=\"https:\/\/funtana.com\/it\/item\/la-spiaggia-del-campeggio-puntica\/\" class=\"more\">Vedi di pi\u00f9<\/a>\r\n\t\t\t\t<\/div>\r\n\t\t\t<\/div>\r\n\t\t\t\t\t\t<div class=\"item-footer\" style=\"\">\r\n\t\t\t\t\t\t\t\t\t\t\t\t<div class=\"item-data address\" style=\"\">\r\n\t\t\t\t\t<span class=\"label\">Indirizzo<\/span>\r\n\t\t\t\t\t<span class=\"values\">Funtana<\/span>\r\n\t\t\t\t<\/div>\r\n\t\t\t\t\t\t\t\t\t\t\t\t\t\t\t\t<div class=\"item-data categories\" style=\"\">\r\n\t\t\t\t\t<span class=\"label\">Categorie<\/span>\r\n\t\t\t\t\t<span class=\"values\">\r\n\t\t\t\t\t\t\t\t\t\t\t\t<a href=\"https:\/\/funtana.com\/it\/cat\/spiaggie\/\" class=\"value\" style=\"\">Spiaggie<\/a>\r\n\t\t\t\t\t\t\t\t\t\t\t<\/span>\r\n\t\t\t\t<\/div>\r\n\t\t\t\t\t\t\t<\/div>\r\n\t\t<\/div>\r\n\t<\/div>\r\n\r\n<\/article>\r\n\r\n\r\n\r\n<article class=\"citadela-article has-thumbnail has-subtitle has-description has-address has-categories swiper-slide\">\r\n\r\n\t<div class=\"item-content\" style=\"\">\r\n\t\t\t\t<div class=\"item-thumbnail\" style=\"\">\r\n\t\t\t<a href=\"https:\/\/funtana.com\/it\/item\/la-spiaggia-del-campeggio-valkanela\/\">\r\n\t\t\t\t<img loading=\"lazy\" decoding=\"async\" \r\n\t\t\t\t\tclass=\"item-image\"\r\n                    src=\"https:\/\/funtana.com\/wp-content\/uploads\/2023\/08\/Plaza-Valaknela-1-920x500-1-480x360.jpg\"\r\n                    width=\"480\"\r\n                    height=\"360\"\r\n                    srcset=\"https:\/\/funtana.com\/wp-content\/uploads\/2023\/08\/Plaza-Valaknela-1-920x500-1-480x360.jpg 480w, https:\/\/funtana.com\/wp-content\/uploads\/2023\/08\/Plaza-Valaknela-1-920x500-1-640x480.jpg 640w\"\r\n                    sizes=\"auto, (max-width: 480px) 100vw, 480px\"\r\n                    alt=\"La spiaggia del campeggio Valkanela\"\r\n                    style=\"\"                \/>\r\n\t\t\t<\/a>\r\n\t\t<\/div>\r\n\t\t\r\n\t\t<div class=\"item-body\">\r\n\t\t\t<div class=\"item-title\">\r\n\t\t\t\t<a href=\"https:\/\/funtana.com\/it\/item\/la-spiaggia-del-campeggio-valkanela\/\">\r\n\t\t\t\t\t<div class=\"item-title-wrap\">\r\n\t\t\t\t\t\t<div class=\"post-title\">La spiaggia del campeggio Valkanela<\/div>\r\n\t\t\t\t\t\t\t\t\t\t\t\t<div class=\"post-subtitle\" style=\"\">Adatta per i bambini<\/div>\r\n\t\t\t\t\t\t\t\t\t\t\t<\/div>\r\n\t\t\t\t<\/a>\r\n\t\t\t<\/div>\r\n\t\t\t\r\n\t\t\t\r\n\t\t\t\t\t\t<div class=\"item-text\">\r\n\t\t\t\t<div class=\"item-description\">\r\n\t\t\t\t\t<p>&nbsp; A Valkanela la spiaggia la si sceglie in base al proprio umore. Talvolta si preferisce prendere il sole sulle rocce; altre volte si sceglie il comfort delle spiaggette di ghiaia riparate dalle fronde dei pini. Per chi preferisce, invece, il relax e l\u2019acqua dolce, ad un passo dalla spiaggia&#8230;<\/p>\r\n\t\t\t\t\t<a href=\"https:\/\/funtana.com\/it\/item\/la-spiaggia-del-campeggio-valkanela\/\" class=\"more\">Vedi di pi\u00f9<\/a>\r\n\t\t\t\t<\/div>\r\n\t\t\t<\/div>\r\n\t\t\t\t\t\t<div class=\"item-footer\" style=\"\">\r\n\t\t\t\t\t\t\t\t\t\t\t\t<div class=\"item-data address\" style=\"\">\r\n\t\t\t\t\t<span class=\"label\">Indirizzo<\/span>\r\n\t\t\t\t\t<span class=\"values\">Vrsar<\/span>\r\n\t\t\t\t<\/div>\r\n\t\t\t\t\t\t\t\t\t\t\t\t\t\t\t\t<div class=\"item-data categories\" style=\"\">\r\n\t\t\t\t\t<span class=\"label\">Categorie<\/span>\r\n\t\t\t\t\t<span class=\"values\">\r\n\t\t\t\t\t\t\t\t\t\t\t\t<a href=\"https:\/\/funtana.com\/it\/cat\/spiaggie\/\" class=\"value\" style=\"\">Spiaggie<\/a>\r\n\t\t\t\t\t\t\t\t\t\t\t<\/span>\r\n\t\t\t\t<\/div>\r\n\t\t\t\t\t\t\t<\/div>\r\n\t\t<\/div>\r\n\t<\/div>\r\n\r\n<\/article>\r\n\r\n\r\n\r\n<article class=\"citadela-article has-thumbnail has-description has-address has-categories swiper-slide\">\r\n\r\n\t<div class=\"item-content\" style=\"\">\r\n\t\t\t\t<div class=\"item-thumbnail\" style=\"\">\r\n\t\t\t<a href=\"https:\/\/funtana.com\/it\/item\/reverol-beach\/\">\r\n\t\t\t\t<img loading=\"lazy\" decoding=\"async\" \r\n\t\t\t\t\tclass=\"item-image\"\r\n                    src=\"https:\/\/funtana.com\/wp-content\/uploads\/2023\/08\/istra-premium-camping-resort-reverol-beach-480x360.jpg\"\r\n                    width=\"480\"\r\n                    height=\"360\"\r\n                    srcset=\"\"\r\n                    sizes=\"auto, (max-width: 480px) 100vw, 480px\"\r\n                    alt=\"Reverol spiaggia\"\r\n                    style=\"\"                \/>\r\n\t\t\t<\/a>\r\n\t\t<\/div>\r\n\t\t\r\n\t\t<div class=\"item-body\">\r\n\t\t\t<div class=\"item-title\">\r\n\t\t\t\t<a href=\"https:\/\/funtana.com\/it\/item\/reverol-beach\/\">\r\n\t\t\t\t\t<div class=\"item-title-wrap\">\r\n\t\t\t\t\t\t<div class=\"post-title\">Reverol spiaggia<\/div>\r\n\t\t\t\t\t\t\t\t\t\t\t<\/div>\r\n\t\t\t\t<\/a>\r\n\t\t\t<\/div>\r\n\t\t\t\r\n\t\t\t\r\n\t\t\t\t\t\t<div class=\"item-text\">\r\n\t\t\t\t<div class=\"item-description\">\r\n\t\t\t\t\t<p>Posizione: parte sudoccidentale del campeggio, nella zona Bella Vista Tipo di spiaggia: ghiaia, scogli, aree di cemento Lunghezza della spiaggia: 350 m Entrata in mare: ghiaia, gradini Spiaggia adatta per: famiglie con bambini, adulti Animali domestici: non sono ammessi CONTENUTI DELLA SPIAGGIA: area prendisole in ghiaia e cemento docce e&#8230;<\/p>\r\n\t\t\t\t\t<a href=\"https:\/\/funtana.com\/it\/item\/reverol-beach\/\" class=\"more\">Vedi di pi\u00f9<\/a>\r\n\t\t\t\t<\/div>\r\n\t\t\t<\/div>\r\n\t\t\t\t\t\t<div class=\"item-footer\" style=\"\">\r\n\t\t\t\t\t\t\t\t\t\t\t\t<div class=\"item-data address\" style=\"\">\r\n\t\t\t\t\t<span class=\"label\">Indirizzo<\/span>\r\n\t\t\t\t\t<span class=\"values\">Funtana, Istra premimum camping resort<\/span>\r\n\t\t\t\t<\/div>\r\n\t\t\t\t\t\t\t\t\t\t\t\t\t\t\t\t<div class=\"item-data categories\" style=\"\">\r\n\t\t\t\t\t<span class=\"label\">Categorie<\/span>\r\n\t\t\t\t\t<span class=\"values\">\r\n\t\t\t\t\t\t\t\t\t\t\t\t<a href=\"https:\/\/funtana.com\/it\/cat\/spiaggie\/\" class=\"value\" style=\"\">Spiaggie<\/a>\r\n\t\t\t\t\t\t\t\t\t\t\t<\/span>\r\n\t\t\t\t<\/div>\r\n\t\t\t\t\t\t\t<\/div>\r\n\t\t<\/div>\r\n\t<\/div>\r\n\r\n<\/article>\r\n\r\n\r\n\r\n<article class=\"citadela-article has-thumbnail has-description has-address has-categories swiper-slide\">\r\n\r\n\t<div class=\"item-content\" style=\"\">\r\n\t\t\t\t<div class=\"item-thumbnail\" style=\"\">\r\n\t\t\t<a href=\"https:\/\/funtana.com\/it\/item\/free-tar-vabriga-mtb-tour-20-km\/\">\r\n\t\t\t\t<img loading=\"lazy\" decoding=\"async\" \r\n\t\t\t\t\tclass=\"item-image\"\r\n                    src=\"https:\/\/funtana.com\/wp-content\/uploads\/2024\/06\/bike65eced_6-1-480x360.jpg\"\r\n                    width=\"480\"\r\n                    height=\"360\"\r\n                    srcset=\"https:\/\/funtana.com\/wp-content\/uploads\/2024\/06\/bike65eced_6-1-480x360.jpg 480w, https:\/\/funtana.com\/wp-content\/uploads\/2024\/06\/bike65eced_6-1-640x480.jpg 640w\"\r\n                    sizes=\"auto, (max-width: 480px) 100vw, 480px\"\r\n                    alt=\"FREE TAR\/VABRIGA MTB TOUR, 20 km\"\r\n                    style=\"\"                \/>\r\n\t\t\t<\/a>\r\n\t\t<\/div>\r\n\t\t\r\n\t\t<div class=\"item-body\">\r\n\t\t\t<div class=\"item-title\">\r\n\t\t\t\t<a href=\"https:\/\/funtana.com\/it\/item\/free-tar-vabriga-mtb-tour-20-km\/\">\r\n\t\t\t\t\t<div class=\"item-title-wrap\">\r\n\t\t\t\t\t\t<div class=\"post-title\">FREE TAR\/VABRIGA MTB TOUR, 20 km<\/div>\r\n\t\t\t\t\t\t\t\t\t\t\t<\/div>\r\n\t\t\t\t<\/a>\r\n\t\t\t<\/div>\r\n\t\t\t\r\n\t\t\t\r\n\t\t\t\t\t\t<div class=\"item-text\">\r\n\t\t\t\t<div class=\"item-description\">\r\n\t\t\t\t\t<p>La guida vi aspetta ogni mercoled\u00ec alle 9:30 nel parcheggio vicino al campo sportivo della scuola a Torre. Il percorso conduce verso la parte settentrionale del comune, Stanzia Spin, da dove si scende attraverso percorsi ciclistici fino alla bellissima Val di Torre. Si prosegue lungo la costa attraversando la boscosa&#8230;<\/p>\r\n\t\t\t\t\t<a href=\"https:\/\/funtana.com\/it\/item\/free-tar-vabriga-mtb-tour-20-km\/\" class=\"more\">Vedi di pi\u00f9<\/a>\r\n\t\t\t\t<\/div>\r\n\t\t\t<\/div>\r\n\t\t\t\t\t\t<div class=\"item-footer\" style=\"\">\r\n\t\t\t\t\t\t\t\t\t\t\t\t<div class=\"item-data address\" style=\"\">\r\n\t\t\t\t\t<span class=\"label\">Indirizzo<\/span>\r\n\t\t\t\t\t<span class=\"values\">Tar vabriga, playground<\/span>\r\n\t\t\t\t<\/div>\r\n\t\t\t\t\t\t\t\t\t\t\t\t\t\t\t\t<div class=\"item-data categories\" style=\"\">\r\n\t\t\t\t\t<span class=\"label\">Categorie<\/span>\r\n\t\t\t\t\t<span class=\"values\">\r\n\t\t\t\t\t\t\t\t\t\t\t\t<a href=\"https:\/\/funtana.com\/it\/cat\/ciclismo\/\" class=\"value\" style=\"\">Ciclismo<\/a>\r\n\t\t\t\t\t\t\t\t\t\t\t\t<a href=\"https:\/\/funtana.com\/it\/cat\/free-bike-tours-it\/\" class=\"value\" style=\"\">Free bike tours<\/a>\r\n\t\t\t\t\t\t\t\t\t\t\t<\/span>\r\n\t\t\t\t<\/div>\r\n\t\t\t\t\t\t\t<\/div>\r\n\t\t<\/div>\r\n\t<\/div>\r\n\r\n<\/article>\r\n\r\n\r\n\r\n<article class=\"citadela-article has-thumbnail has-subtitle has-description has-address has-categories swiper-slide\">\r\n\r\n\t<div class=\"item-content\" style=\"\">\r\n\t\t\t\t<div class=\"item-thumbnail\" style=\"\">\r\n\t\t\t<a href=\"https:\/\/funtana.com\/it\/item\/112-percorso-doliano\/\">\r\n\t\t\t\t<img loading=\"lazy\" decoding=\"async\" \r\n\t\t\t\t\tclass=\"item-image\"\r\n                    src=\"https:\/\/funtana.com\/wp-content\/uploads\/2023\/09\/baredine19-480x360.jpg\"\r\n                    width=\"480\"\r\n                    height=\"360\"\r\n                    srcset=\"\"\r\n                    sizes=\"auto, (max-width: 480px) 100vw, 480px\"\r\n                    alt=\"112 PERCORSO DOLIANO\"\r\n                    style=\"\"                \/>\r\n\t\t\t<\/a>\r\n\t\t<\/div>\r\n\t\t\r\n\t\t<div class=\"item-body\">\r\n\t\t\t<div class=\"item-title\">\r\n\t\t\t\t<a href=\"https:\/\/funtana.com\/it\/item\/112-percorso-doliano\/\">\r\n\t\t\t\t\t<div class=\"item-title-wrap\">\r\n\t\t\t\t\t\t<div class=\"post-title\">112 PERCORSO DOLIANO<\/div>\r\n\t\t\t\t\t\t\t\t\t\t\t\t<div class=\"post-subtitle\" style=\"\">L&#8217;inizio e la fine di questo tour \u00e8 di fronte alla Grotta Baredine, monumento geomorfologico della natura<\/div>\r\n\t\t\t\t\t\t\t\t\t\t\t<\/div>\r\n\t\t\t\t<\/a>\r\n\t\t\t<\/div>\r\n\t\t\t\r\n\t\t\t\r\n\t\t\t\t\t\t<div class=\"item-text\">\r\n\t\t\t\t<div class=\"item-description\">\r\n\t\t\t\t\t<p>&nbsp; L&#039;inizio e la fine di questo giro si trova presso la grotta Baredine, un monumento geomorfologico della natura. Questa grotta \u00e8 una tesoreria di stalattiti, stalagmiti e altre sculture create dalla natura, ed \u00e8 anche nota per il proteo.\u00a0 Nel complesso si trova anche un museo dei trattori d&#039;epoca&#8230;<\/p>\r\n\t\t\t\t\t<a href=\"https:\/\/funtana.com\/it\/item\/112-percorso-doliano\/\" class=\"more\">Vedi di pi\u00f9<\/a>\r\n\t\t\t\t<\/div>\r\n\t\t\t<\/div>\r\n\t\t\t\t\t\t<div class=\"item-footer\" style=\"\">\r\n\t\t\t\t\t\t\t\t\t\t\t\t<div class=\"item-data address\" style=\"\">\r\n\t\t\t\t\t<span class=\"label\">Indirizzo<\/span>\r\n\t\t\t\t\t<span class=\"values\">Funtana<\/span>\r\n\t\t\t\t<\/div>\r\n\t\t\t\t\t\t\t\t\t\t\t\t\t\t\t\t<div class=\"item-data categories\" style=\"\">\r\n\t\t\t\t\t<span class=\"label\">Categorie<\/span>\r\n\t\t\t\t\t<span class=\"values\">\r\n\t\t\t\t\t\t\t\t\t\t\t\t<a href=\"https:\/\/funtana.com\/it\/cat\/attivita\/\" class=\"value\" style=\"\">Attivita<\/a>\r\n\t\t\t\t\t\t\t\t\t\t\t\t<a href=\"https:\/\/funtana.com\/it\/cat\/ciclismo\/\" class=\"value\" style=\"\">Ciclismo<\/a>\r\n\t\t\t\t\t\t\t\t\t\t\t<\/span>\r\n\t\t\t\t<\/div>\r\n\t\t\t\t\t\t\t<\/div>\r\n\t\t<\/div>\r\n\t<\/div>\r\n\r\n<\/article>\r\n\r\n\r\n\r\n<article class=\"citadela-article has-thumbnail has-subtitle has-description has-address has-categories swiper-slide\">\r\n\r\n\t<div class=\"item-content\" style=\"\">\r\n\t\t\t\t<div class=\"item-thumbnail\" style=\"\">\r\n\t\t\t<a href=\"https:\/\/funtana.com\/it\/item\/spiaggia-val-maro-family\/\">\r\n\t\t\t\t<img loading=\"lazy\" decoding=\"async\" \r\n\t\t\t\t\tclass=\"item-image\"\r\n                    src=\"https:\/\/funtana.com\/wp-content\/uploads\/2023\/08\/Val-maro-family-beach-920x500-1-480x360.jpeg\"\r\n                    width=\"480\"\r\n                    height=\"360\"\r\n                    srcset=\"https:\/\/funtana.com\/wp-content\/uploads\/2023\/08\/Val-maro-family-beach-920x500-1-480x360.jpeg 480w, https:\/\/funtana.com\/wp-content\/uploads\/2023\/08\/Val-maro-family-beach-920x500-1-640x480.jpeg 640w\"\r\n                    sizes=\"auto, (max-width: 480px) 100vw, 480px\"\r\n                    alt=\"Spiaggia Maro Family\"\r\n                    style=\"\"                \/>\r\n\t\t\t<\/a>\r\n\t\t<\/div>\r\n\t\t\r\n\t\t<div class=\"item-body\">\r\n\t\t\t<div class=\"item-title\">\r\n\t\t\t\t<a href=\"https:\/\/funtana.com\/it\/item\/spiaggia-val-maro-family\/\">\r\n\t\t\t\t\t<div class=\"item-title-wrap\">\r\n\t\t\t\t\t\t<div class=\"post-title\">Spiaggia Maro Family<\/div>\r\n\t\t\t\t\t\t\t\t\t\t\t\t<div class=\"post-subtitle\" style=\"\">di ghiaia e pavimentata<\/div>\r\n\t\t\t\t\t\t\t\t\t\t\t<\/div>\r\n\t\t\t\t<\/a>\r\n\t\t\t<\/div>\r\n\t\t\t\r\n\t\t\t\r\n\t\t\t\t\t\t<div class=\"item-text\">\r\n\t\t\t\t<div class=\"item-description\">\r\n\t\t\t\t\t<p>&nbsp; Posizione: nella parte meridionale della costa nell\u2019ambito del camping resort, vicino al Marbello Premium Village nella zona Bella Vista Tipo di spiaggia: di ghiaia e pavimentata Lunghezza della spiaggia: 535 m Entrata in mare: agevole, ghiaia Spiaggia adatta per: famiglie con bambini, adulti, disabili Animali domestici: non sono ammessi&#8230;<\/p>\r\n\t\t\t\t\t<a href=\"https:\/\/funtana.com\/it\/item\/spiaggia-val-maro-family\/\" class=\"more\">Vedi di pi\u00f9<\/a>\r\n\t\t\t\t<\/div>\r\n\t\t\t<\/div>\r\n\t\t\t\t\t\t<div class=\"item-footer\" style=\"\">\r\n\t\t\t\t\t\t\t\t\t\t\t\t<div class=\"item-data address\" style=\"\">\r\n\t\t\t\t\t<span class=\"label\">Indirizzo<\/span>\r\n\t\t\t\t\t<span class=\"values\">Spiaggia Maro Family, Valamar Camping Istra, Funtana<\/span>\r\n\t\t\t\t<\/div>\r\n\t\t\t\t\t\t\t\t\t\t\t\t\t\t\t\t<div class=\"item-data categories\" style=\"\">\r\n\t\t\t\t\t<span class=\"label\">Categorie<\/span>\r\n\t\t\t\t\t<span class=\"values\">\r\n\t\t\t\t\t\t\t\t\t\t\t\t<a href=\"https:\/\/funtana.com\/it\/cat\/spiaggie\/\" class=\"value\" style=\"\">Spiaggie<\/a>\r\n\t\t\t\t\t\t\t\t\t\t\t<\/span>\r\n\t\t\t\t<\/div>\r\n\t\t\t\t\t\t\t<\/div>\r\n\t\t<\/div>\r\n\t<\/div>\r\n\r\n<\/article>\r\n\r\n\r\n\r\n<article class=\"citadela-article has-thumbnail has-description has-address has-categories swiper-slide\">\r\n\r\n\t<div class=\"item-content\" style=\"\">\r\n\t\t\t\t<div class=\"item-thumbnail\" style=\"\">\r\n\t\t\t<a href=\"https:\/\/funtana.com\/it\/item\/free-kastelir-vizinada-mtb-tour-26-km\/\">\r\n\t\t\t\t<img loading=\"lazy\" decoding=\"async\" \r\n\t\t\t\t\tclass=\"item-image\"\r\n                    src=\"https:\/\/funtana.com\/wp-content\/uploads\/2024\/06\/pogled-na-Motovun-480x360.jpg\"\r\n                    width=\"480\"\r\n                    height=\"360\"\r\n                    srcset=\"https:\/\/funtana.com\/wp-content\/uploads\/2024\/06\/pogled-na-Motovun-480x360.jpg 480w, https:\/\/funtana.com\/wp-content\/uploads\/2024\/06\/pogled-na-Motovun-640x480.jpg 640w\"\r\n                    sizes=\"auto, (max-width: 480px) 100vw, 480px\"\r\n                    alt=\"FREE KA\u0160TELIR &amp; VI\u017dINADA MTB TOUR, 26 km\"\r\n                    style=\"\"                \/>\r\n\t\t\t<\/a>\r\n\t\t<\/div>\r\n\t\t\r\n\t\t<div class=\"item-body\">\r\n\t\t\t<div class=\"item-title\">\r\n\t\t\t\t<a href=\"https:\/\/funtana.com\/it\/item\/free-kastelir-vizinada-mtb-tour-26-km\/\">\r\n\t\t\t\t\t<div class=\"item-title-wrap\">\r\n\t\t\t\t\t\t<div class=\"post-title\">FREE KA\u0160TELIR &amp; VI\u017dINADA MTB TOUR, 26 km<\/div>\r\n\t\t\t\t\t\t\t\t\t\t\t<\/div>\r\n\t\t\t\t<\/a>\r\n\t\t\t<\/div>\r\n\t\t\t\r\n\t\t\t\r\n\t\t\t\t\t\t<div class=\"item-text\">\r\n\t\t\t\t<div class=\"item-description\">\r\n\t\t\t\t\t<p>Questo tour parte dal centro di Castellier e conduce, attraverso fitti boschi, verso Visinada, dove l\u2019altro gruppo di ciclisti ci aspetta alle 10:15. Insieme si prosegue lungo l\u2019affascinante percorso ciclistico Parenzana in direzione di Parenzo per poi svoltare verso il famoso osservatorio di Tizzano, gestito da uno degli astronomi pi\u00f9&#8230;<\/p>\r\n\t\t\t\t\t<a href=\"https:\/\/funtana.com\/it\/item\/free-kastelir-vizinada-mtb-tour-26-km\/\" class=\"more\">Vedi di pi\u00f9<\/a>\r\n\t\t\t\t<\/div>\r\n\t\t\t<\/div>\r\n\t\t\t\t\t\t<div class=\"item-footer\" style=\"\">\r\n\t\t\t\t\t\t\t\t\t\t\t\t<div class=\"item-data address\" style=\"\">\r\n\t\t\t\t\t<span class=\"label\">Indirizzo<\/span>\r\n\t\t\t\t\t<span class=\"values\">Ka\u0161telir<\/span>\r\n\t\t\t\t<\/div>\r\n\t\t\t\t\t\t\t\t\t\t\t\t\t\t\t\t<div class=\"item-data categories\" style=\"\">\r\n\t\t\t\t\t<span class=\"label\">Categorie<\/span>\r\n\t\t\t\t\t<span class=\"values\">\r\n\t\t\t\t\t\t\t\t\t\t\t\t<a href=\"https:\/\/funtana.com\/it\/cat\/ciclismo\/\" class=\"value\" style=\"\">Ciclismo<\/a>\r\n\t\t\t\t\t\t\t\t\t\t\t\t<a href=\"https:\/\/funtana.com\/it\/cat\/free-bike-tours-it\/\" class=\"value\" style=\"\">Free bike tours<\/a>\r\n\t\t\t\t\t\t\t\t\t\t\t<\/span>\r\n\t\t\t\t<\/div>\r\n\t\t\t\t\t\t\t<\/div>\r\n\t\t<\/div>\r\n\t<\/div>\r\n\r\n<\/article>\r\n\r\n\r\n\r\n<article class=\"citadela-article has-thumbnail has-subtitle has-description has-address has-categories swiper-slide\">\r\n\r\n\t<div class=\"item-content\" style=\"\">\r\n\t\t\t\t<div class=\"item-thumbnail\" style=\"\">\r\n\t\t\t<a href=\"https:\/\/funtana.com\/it\/item\/la-spiaggia-bernardina\/\">\r\n\t\t\t\t<img loading=\"lazy\" decoding=\"async\" \r\n\t\t\t\t\tclass=\"item-image\"\r\n                    src=\"https:\/\/funtana.com\/wp-content\/uploads\/2023\/03\/Plaza-Bernardina-foto-Slavica-Belevic-1-480x360.jpg\"\r\n                    width=\"480\"\r\n                    height=\"360\"\r\n                    srcset=\"https:\/\/funtana.com\/wp-content\/uploads\/2023\/03\/Plaza-Bernardina-foto-Slavica-Belevic-1-480x360.jpg 480w, https:\/\/funtana.com\/wp-content\/uploads\/2023\/03\/Plaza-Bernardina-foto-Slavica-Belevic-1-300x225.jpg 300w, https:\/\/funtana.com\/wp-content\/uploads\/2023\/03\/Plaza-Bernardina-foto-Slavica-Belevic-1-1024x768.jpg 1024w, https:\/\/funtana.com\/wp-content\/uploads\/2023\/03\/Plaza-Bernardina-foto-Slavica-Belevic-1-768x576.jpg 768w, https:\/\/funtana.com\/wp-content\/uploads\/2023\/03\/Plaza-Bernardina-foto-Slavica-Belevic-1-1536x1152.jpg 1536w, https:\/\/funtana.com\/wp-content\/uploads\/2023\/03\/Plaza-Bernardina-foto-Slavica-Belevic-1-640x480.jpg 640w, https:\/\/funtana.com\/wp-content\/uploads\/2023\/03\/Plaza-Bernardina-foto-Slavica-Belevic-1.jpg 1920w\"\r\n                    sizes=\"auto, (max-width: 480px) 100vw, 480px\"\r\n                    alt=\"La spiaggia Bernardina\"\r\n                    style=\"\"                \/>\r\n\t\t\t<\/a>\r\n\t\t<\/div>\r\n\t\t\r\n\t\t<div class=\"item-body\">\r\n\t\t\t<div class=\"item-title\">\r\n\t\t\t\t<a href=\"https:\/\/funtana.com\/it\/item\/la-spiaggia-bernardina\/\">\r\n\t\t\t\t\t<div class=\"item-title-wrap\">\r\n\t\t\t\t\t\t<div class=\"post-title\">La spiaggia Bernardina<\/div>\r\n\t\t\t\t\t\t\t\t\t\t\t\t<div class=\"post-subtitle\" style=\"\">beach volleyball<\/div>\r\n\t\t\t\t\t\t\t\t\t\t\t<\/div>\r\n\t\t\t\t<\/a>\r\n\t\t\t<\/div>\r\n\t\t\t\r\n\t\t\t\r\n\t\t\t\t\t\t<div class=\"item-text\">\r\n\t\t\t\t<div class=\"item-description\">\r\n\t\t\t\t\t<p>&nbsp; La spiaggia si trova nel villaggio, 700 m dal centro di Funtana. Una parte della spiaggia e rocciosa e l\u2019altra di ciottoli. Contenuti aggiuntivi: Beach bar, lettini e ombrelloni, centro sportivo, beach volley, parco acquatico, parcheggio per auto ed \u00e8 assicurato l\u2019accesso alle persone con disabilit\u00e0.<\/p>\r\n\t\t\t\t\t<a href=\"https:\/\/funtana.com\/it\/item\/la-spiaggia-bernardina\/\" class=\"more\">Vedi di pi\u00f9<\/a>\r\n\t\t\t\t<\/div>\r\n\t\t\t<\/div>\r\n\t\t\t\t\t\t<div class=\"item-footer\" style=\"\">\r\n\t\t\t\t\t\t\t\t\t\t\t\t<div class=\"item-data address\" style=\"\">\r\n\t\t\t\t\t<span class=\"label\">Indirizzo<\/span>\r\n\t\t\t\t\t<span class=\"values\">Funtana<\/span>\r\n\t\t\t\t<\/div>\r\n\t\t\t\t\t\t\t\t\t\t\t\t\t\t\t\t<div class=\"item-data categories\" style=\"\">\r\n\t\t\t\t\t<span class=\"label\">Categorie<\/span>\r\n\t\t\t\t\t<span class=\"values\">\r\n\t\t\t\t\t\t\t\t\t\t\t\t<a href=\"https:\/\/funtana.com\/it\/cat\/spiaggie\/\" class=\"value\" style=\"\">Spiaggie<\/a>\r\n\t\t\t\t\t\t\t\t\t\t\t<\/span>\r\n\t\t\t\t<\/div>\r\n\t\t\t\t\t\t\t<\/div>\r\n\t\t<\/div>\r\n\t<\/div>\r\n\r\n<\/article>\r\n\r\n\r\n\r\n<article class=\"citadela-article has-thumbnail has-description has-address has-categories swiper-slide\">\r\n\r\n\t<div class=\"item-content\" style=\"\">\r\n\t\t\t\t<div class=\"item-thumbnail\" style=\"\">\r\n\t\t\t<a href=\"https:\/\/funtana.com\/it\/item\/free-porec-mtb-tour-north-35-km\/\">\r\n\t\t\t\t<img loading=\"lazy\" decoding=\"async\" \r\n\t\t\t\t\tclass=\"item-image\"\r\n                    src=\"https:\/\/funtana.com\/wp-content\/uploads\/2024\/06\/sl_061209143358-scaled-1-480x360.jpg\"\r\n                    width=\"480\"\r\n                    height=\"360\"\r\n                    srcset=\"https:\/\/funtana.com\/wp-content\/uploads\/2024\/06\/sl_061209143358-scaled-1-480x360.jpg 480w, https:\/\/funtana.com\/wp-content\/uploads\/2024\/06\/sl_061209143358-scaled-1-640x480.jpg 640w\"\r\n                    sizes=\"auto, (max-width: 480px) 100vw, 480px\"\r\n                    alt=\"FREE PORE\u010c MTB TOUR \u2013 NORD, 35 km\"\r\n                    style=\"\"                \/>\r\n\t\t\t<\/a>\r\n\t\t<\/div>\r\n\t\t\r\n\t\t<div class=\"item-body\">\r\n\t\t\t<div class=\"item-title\">\r\n\t\t\t\t<a href=\"https:\/\/funtana.com\/it\/item\/free-porec-mtb-tour-north-35-km\/\">\r\n\t\t\t\t\t<div class=\"item-title-wrap\">\r\n\t\t\t\t\t\t<div class=\"post-title\">FREE PORE\u010c MTB TOUR \u2013 NORD, 35 km<\/div>\r\n\t\t\t\t\t\t\t\t\t\t\t<\/div>\r\n\t\t\t\t<\/a>\r\n\t\t\t<\/div>\r\n\t\t\t\r\n\t\t\t\r\n\t\t\t\t\t\t<div class=\"item-text\">\r\n\t\t\t\t<div class=\"item-description\">\r\n\t\t\t\t\t<p>Il percorso settentrionale del tour Pore\u010d MTB conduce dalla baia di Peschiera al suggestivo percorso ciclistico Parenzana, un\u2019ex-linea ferroviaria che collegava Parenzo e Trieste. Nella prima parte del percorso si parte alla scoperta dell\u2019entroterra istriano attraverso il bosco Grabovizza, intersecato da sentieri come pensati per il ciclismo di montagna. Si&#8230;<\/p>\r\n\t\t\t\t\t<a href=\"https:\/\/funtana.com\/it\/item\/free-porec-mtb-tour-north-35-km\/\" class=\"more\">Vedi di pi\u00f9<\/a>\r\n\t\t\t\t<\/div>\r\n\t\t\t<\/div>\r\n\t\t\t\t\t\t<div class=\"item-footer\" style=\"\">\r\n\t\t\t\t\t\t\t\t\t\t\t\t<div class=\"item-data address\" style=\"\">\r\n\t\t\t\t\t<span class=\"label\">Indirizzo<\/span>\r\n\t\t\t\t\t<span class=\"values\">Pore\u010d, Pe\u0161kera<\/span>\r\n\t\t\t\t<\/div>\r\n\t\t\t\t\t\t\t\t\t\t\t\t\t\t\t\t<div class=\"item-data categories\" style=\"\">\r\n\t\t\t\t\t<span class=\"label\">Categorie<\/span>\r\n\t\t\t\t\t<span class=\"values\">\r\n\t\t\t\t\t\t\t\t\t\t\t\t<a href=\"https:\/\/funtana.com\/it\/cat\/ciclismo\/\" class=\"value\" style=\"\">Ciclismo<\/a>\r\n\t\t\t\t\t\t\t\t\t\t\t\t<a href=\"https:\/\/funtana.com\/it\/cat\/free-bike-tours-it\/\" class=\"value\" style=\"\">Free bike tours<\/a>\r\n\t\t\t\t\t\t\t\t\t\t\t<\/span>\r\n\t\t\t\t<\/div>\r\n\t\t\t\t\t\t\t<\/div>\r\n\t\t<\/div>\r\n\t<\/div>\r\n\r\n<\/article>\r\n\r\n\r\n\r\n<article class=\"citadela-article has-thumbnail has-subtitle has-description has-address has-categories swiper-slide\">\r\n\r\n\t<div class=\"item-content\" style=\"\">\r\n\t\t\t\t<div class=\"item-thumbnail\" style=\"\">\r\n\t\t\t<a href=\"https:\/\/funtana.com\/it\/item\/la-spiaggia-polidor\/\">\r\n\t\t\t\t<img loading=\"lazy\" decoding=\"async\" \r\n\t\t\t\t\tclass=\"item-image\"\r\n                    src=\"https:\/\/funtana.com\/wp-content\/uploads\/2023\/03\/305190333_159682130048038_5570155856370926588_n-480x360.jpg\"\r\n                    width=\"480\"\r\n                    height=\"360\"\r\n                    srcset=\"https:\/\/funtana.com\/wp-content\/uploads\/2023\/03\/305190333_159682130048038_5570155856370926588_n-480x360.jpg 480w, https:\/\/funtana.com\/wp-content\/uploads\/2023\/03\/305190333_159682130048038_5570155856370926588_n-300x225.jpg 300w, https:\/\/funtana.com\/wp-content\/uploads\/2023\/03\/305190333_159682130048038_5570155856370926588_n-1024x768.jpg 1024w, https:\/\/funtana.com\/wp-content\/uploads\/2023\/03\/305190333_159682130048038_5570155856370926588_n-768x576.jpg 768w, https:\/\/funtana.com\/wp-content\/uploads\/2023\/03\/305190333_159682130048038_5570155856370926588_n-1536x1152.jpg 1536w, https:\/\/funtana.com\/wp-content\/uploads\/2023\/03\/305190333_159682130048038_5570155856370926588_n-640x480.jpg 640w, https:\/\/funtana.com\/wp-content\/uploads\/2023\/03\/305190333_159682130048038_5570155856370926588_n.jpg 2000w\"\r\n                    sizes=\"auto, (max-width: 480px) 100vw, 480px\"\r\n                    alt=\"La spiaggia Polidor\"\r\n                    style=\"\"                \/>\r\n\t\t\t<\/a>\r\n\t\t<\/div>\r\n\t\t\r\n\t\t<div class=\"item-body\">\r\n\t\t\t<div class=\"item-title\">\r\n\t\t\t\t<a href=\"https:\/\/funtana.com\/it\/item\/la-spiaggia-polidor\/\">\r\n\t\t\t\t\t<div class=\"item-title-wrap\">\r\n\t\t\t\t\t\t<div class=\"post-title\">La spiaggia Polidor<\/div>\r\n\t\t\t\t\t\t\t\t\t\t\t\t<div class=\"post-subtitle\" style=\"\">bar con terrazza coperta<\/div>\r\n\t\t\t\t\t\t\t\t\t\t\t<\/div>\r\n\t\t\t\t<\/a>\r\n\t\t\t<\/div>\r\n\t\t\t\r\n\t\t\t\r\n\t\t\t\t\t\t<div class=\"item-text\">\r\n\t\t\t\t<div class=\"item-description\">\r\n\t\t\t\t\t<p>&nbsp; A soli 800 m dal campeggio, alla fine di un sentiero che collega il paese di Funtana (Fontane) al campeggio Bijela uvala, c\u2019\u00e8 una spiaggia di ghiaia modernamente attrezzata cui si pu\u00f2 arrivare a piedi, in bici, in auto o a bordo di un trenino turistico. Quest\u2019ultima opzione, totalmente&#8230;<\/p>\r\n\t\t\t\t\t<a href=\"https:\/\/funtana.com\/it\/item\/la-spiaggia-polidor\/\" class=\"more\">Vedi di pi\u00f9<\/a>\r\n\t\t\t\t<\/div>\r\n\t\t\t<\/div>\r\n\t\t\t\t\t\t<div class=\"item-footer\" style=\"\">\r\n\t\t\t\t\t\t\t\t\t\t\t\t<div class=\"item-data address\" style=\"\">\r\n\t\t\t\t\t<span class=\"label\">Indirizzo<\/span>\r\n\t\t\t\t\t<span class=\"values\">d&#039;or beach, funtana<\/span>\r\n\t\t\t\t<\/div>\r\n\t\t\t\t\t\t\t\t\t\t\t\t\t\t\t\t<div class=\"item-data categories\" style=\"\">\r\n\t\t\t\t\t<span class=\"label\">Categorie<\/span>\r\n\t\t\t\t\t<span class=\"values\">\r\n\t\t\t\t\t\t\t\t\t\t\t\t<a href=\"https:\/\/funtana.com\/it\/cat\/spiaggie\/\" class=\"value\" style=\"\">Spiaggie<\/a>\r\n\t\t\t\t\t\t\t\t\t\t\t<\/span>\r\n\t\t\t\t<\/div>\r\n\t\t\t\t\t\t\t<\/div>\r\n\t\t<\/div>\r\n\t<\/div>\r\n\r\n<\/article>\r\n\r\n\r\n\r\n<article class=\"citadela-article has-thumbnail has-subtitle has-description has-address has-categories swiper-slide\">\r\n\r\n\t<div class=\"item-content\" style=\"\">\r\n\t\t\t\t<div class=\"item-thumbnail\" style=\"\">\r\n\t\t\t<a href=\"https:\/\/funtana.com\/it\/item\/spiaggia-publica-funtana\/\">\r\n\t\t\t\t<img loading=\"lazy\" decoding=\"async\" \r\n\t\t\t\t\tclass=\"item-image\"\r\n                    src=\"https:\/\/funtana.com\/wp-content\/uploads\/2023\/08\/Gradska-plaza-funtana-3-920x500-1-480x360.jpeg\"\r\n                    width=\"480\"\r\n                    height=\"360\"\r\n                    srcset=\"https:\/\/funtana.com\/wp-content\/uploads\/2023\/08\/Gradska-plaza-funtana-3-920x500-1-480x360.jpeg 480w, https:\/\/funtana.com\/wp-content\/uploads\/2023\/08\/Gradska-plaza-funtana-3-920x500-1-640x480.jpeg 640w\"\r\n                    sizes=\"auto, (max-width: 480px) 100vw, 480px\"\r\n                    alt=\"Spiaggia publica Funtana\"\r\n                    style=\"\"                \/>\r\n\t\t\t<\/a>\r\n\t\t<\/div>\r\n\t\t\r\n\t\t<div class=\"item-body\">\r\n\t\t\t<div class=\"item-title\">\r\n\t\t\t\t<a href=\"https:\/\/funtana.com\/it\/item\/spiaggia-publica-funtana\/\">\r\n\t\t\t\t\t<div class=\"item-title-wrap\">\r\n\t\t\t\t\t\t<div class=\"post-title\">Spiaggia publica Funtana<\/div>\r\n\t\t\t\t\t\t\t\t\t\t\t\t<div class=\"post-subtitle\" style=\"\">perfetta per bambini<\/div>\r\n\t\t\t\t\t\t\t\t\t\t\t<\/div>\r\n\t\t\t\t<\/a>\r\n\t\t\t<\/div>\r\n\t\t\t\r\n\t\t\t\r\n\t\t\t\t\t\t<div class=\"item-text\">\r\n\t\t\t\t<div class=\"item-description\">\r\n\t\t\t\t\t<p>&nbsp; La spiaggia del Funtana vanta un tratto dedicato ai bambini, con accesso al mare facilitato. Gli adulti, invece, possono scegliere in tutta libert\u00e0 tra scogli, ghiaia e piattaforme rocciose. Ombreggiatura naturale, docce , lettini ed ombrelloni, centro sportivo, ristorante, beach bar.<\/p>\r\n\t\t\t\t\t<a href=\"https:\/\/funtana.com\/it\/item\/spiaggia-publica-funtana\/\" class=\"more\">Vedi di pi\u00f9<\/a>\r\n\t\t\t\t<\/div>\r\n\t\t\t<\/div>\r\n\t\t\t\t\t\t<div class=\"item-footer\" style=\"\">\r\n\t\t\t\t\t\t\t\t\t\t\t\t<div class=\"item-data address\" style=\"\">\r\n\t\t\t\t\t<span class=\"label\">Indirizzo<\/span>\r\n\t\t\t\t\t<span class=\"values\">Funtana<\/span>\r\n\t\t\t\t<\/div>\r\n\t\t\t\t\t\t\t\t\t\t\t\t\t\t\t\t<div class=\"item-data categories\" style=\"\">\r\n\t\t\t\t\t<span class=\"label\">Categorie<\/span>\r\n\t\t\t\t\t<span class=\"values\">\r\n\t\t\t\t\t\t\t\t\t\t\t\t<a href=\"https:\/\/funtana.com\/it\/cat\/spiaggie\/\" class=\"value\" style=\"\">Spiaggie<\/a>\r\n\t\t\t\t\t\t\t\t\t\t\t<\/span>\r\n\t\t\t\t<\/div>\r\n\t\t\t\t\t\t\t<\/div>\r\n\t\t<\/div>\r\n\t<\/div>\r\n\r\n<\/article>\r\n\r\n\r\n\r\n<article class=\"citadela-article has-thumbnail has-subtitle has-description has-address has-categories swiper-slide\">\r\n\r\n\t<div class=\"item-content\" style=\"\">\r\n\t\t\t\t<div class=\"item-thumbnail\" style=\"\">\r\n\t\t\t<a href=\"https:\/\/funtana.com\/it\/item\/155-giro-di-parenzo\/\">\r\n\t\t\t\t<img loading=\"lazy\" decoding=\"async\" \r\n\t\t\t\t\tclass=\"item-image\"\r\n                    src=\"https:\/\/funtana.com\/wp-content\/uploads\/2023\/09\/sl_052515153133-480x360.jpg\"\r\n                    width=\"480\"\r\n                    height=\"360\"\r\n                    srcset=\"https:\/\/funtana.com\/wp-content\/uploads\/2023\/09\/sl_052515153133-480x360.jpg 480w, https:\/\/funtana.com\/wp-content\/uploads\/2023\/09\/sl_052515153133-640x480.jpg 640w\"\r\n                    sizes=\"auto, (max-width: 480px) 100vw, 480px\"\r\n                    alt=\"155 - GIRO DI PARENZO\"\r\n                    style=\"\"                \/>\r\n\t\t\t<\/a>\r\n\t\t<\/div>\r\n\t\t\r\n\t\t<div class=\"item-body\">\r\n\t\t\t<div class=\"item-title\">\r\n\t\t\t\t<a href=\"https:\/\/funtana.com\/it\/item\/155-giro-di-parenzo\/\">\r\n\t\t\t\t\t<div class=\"item-title-wrap\">\r\n\t\t\t\t\t\t<div class=\"post-title\">155 &#8211; GIRO DI PARENZO<\/div>\r\n\t\t\t\t\t\t\t\t\t\t\t\t<div class=\"post-subtitle\" style=\"\">Pore\u010d &#8211; Tar &#8211; Ba\u010dva &#8211; Funtana &#8211; Pore\u010d (51 km)<\/div>\r\n\t\t\t\t\t\t\t\t\t\t\t<\/div>\r\n\t\t\t\t<\/a>\r\n\t\t\t<\/div>\r\n\t\t\t\r\n\t\t\t\r\n\t\t\t\t\t\t<div class=\"item-text\">\r\n\t\t\t\t<div class=\"item-description\">\r\n\t\t\t\t\t<p>&nbsp; Parenzo ed i suoi dintorni offrono innumerevoli possibilit\u00e0 per gli appassionati di ciclismo. Questo percorso circolare di livello facile ci porta dalla costa marina tra i numerosi paesi dell\u2019entroterra per poi ritornare a Parenzo seguendo la costa. Le strade poco trafficate, salite non impegnative, vigneti, uliveti, pascoli sono una&#8230;<\/p>\r\n\t\t\t\t\t<a href=\"https:\/\/funtana.com\/it\/item\/155-giro-di-parenzo\/\" class=\"more\">Vedi di pi\u00f9<\/a>\r\n\t\t\t\t<\/div>\r\n\t\t\t<\/div>\r\n\t\t\t\t\t\t<div class=\"item-footer\" style=\"\">\r\n\t\t\t\t\t\t\t\t\t\t\t\t<div class=\"item-data address\" style=\"\">\r\n\t\t\t\t\t<span class=\"label\">Indirizzo<\/span>\r\n\t\t\t\t\t<span class=\"values\">Funtana<\/span>\r\n\t\t\t\t<\/div>\r\n\t\t\t\t\t\t\t\t\t\t\t\t\t\t\t\t<div class=\"item-data categories\" style=\"\">\r\n\t\t\t\t\t<span class=\"label\">Categorie<\/span>\r\n\t\t\t\t\t<span class=\"values\">\r\n\t\t\t\t\t\t\t\t\t\t\t\t<a href=\"https:\/\/funtana.com\/it\/cat\/attivita\/\" class=\"value\" style=\"\">Attivita<\/a>\r\n\t\t\t\t\t\t\t\t\t\t\t\t<a href=\"https:\/\/funtana.com\/it\/cat\/ciclismo\/\" class=\"value\" style=\"\">Ciclismo<\/a>\r\n\t\t\t\t\t\t\t\t\t\t\t\t<a href=\"https:\/\/funtana.com\/it\/cat\/mountain-bike-it\/\" class=\"value\" style=\"\">Mountain bike<\/a>\r\n\t\t\t\t\t\t\t\t\t\t\t<\/span>\r\n\t\t\t\t<\/div>\r\n\t\t\t\t\t\t\t<\/div>\r\n\t\t<\/div>\r\n\t<\/div>\r\n\r\n<\/article>\r\n\r\n\r\n\r\n<article class=\"citadela-article has-thumbnail has-description has-address has-categories swiper-slide\">\r\n\r\n\t<div class=\"item-content\" style=\"\">\r\n\t\t\t\t<div class=\"item-thumbnail\" style=\"\">\r\n\t\t\t<a href=\"https:\/\/funtana.com\/it\/item\/from-funtana-to-vrsar\/\">\r\n\t\t\t\t<img loading=\"lazy\" decoding=\"async\" \r\n\t\t\t\t\tclass=\"item-image\"\r\n                    src=\"https:\/\/funtana.com\/wp-content\/uploads\/2023\/12\/DSCN0556-1-480x360.jpg\"\r\n                    width=\"480\"\r\n                    height=\"360\"\r\n                    srcset=\"https:\/\/funtana.com\/wp-content\/uploads\/2023\/12\/DSCN0556-1-480x360.jpg 480w, https:\/\/funtana.com\/wp-content\/uploads\/2023\/12\/DSCN0556-1-300x225.jpg 300w, https:\/\/funtana.com\/wp-content\/uploads\/2023\/12\/DSCN0556-1-1024x768.jpg 1024w, https:\/\/funtana.com\/wp-content\/uploads\/2023\/12\/DSCN0556-1-768x576.jpg 768w, https:\/\/funtana.com\/wp-content\/uploads\/2023\/12\/DSCN0556-1-50x38.jpg 50w, https:\/\/funtana.com\/wp-content\/uploads\/2023\/12\/DSCN0556-1-1600x1200.jpg 1600w, https:\/\/funtana.com\/wp-content\/uploads\/2023\/12\/DSCN0556-1-1536x1152.jpg 1536w, https:\/\/funtana.com\/wp-content\/uploads\/2023\/12\/DSCN0556-1-640x480.jpg 640w, https:\/\/funtana.com\/wp-content\/uploads\/2023\/12\/DSCN0556-1.jpg 1920w\"\r\n                    sizes=\"auto, (max-width: 480px) 100vw, 480px\"\r\n                    alt=\"Da Funtana a Orsera\"\r\n                    style=\"\"                \/>\r\n\t\t\t<\/a>\r\n\t\t<\/div>\r\n\t\t\r\n\t\t<div class=\"item-body\">\r\n\t\t\t<div class=\"item-title\">\r\n\t\t\t\t<a href=\"https:\/\/funtana.com\/it\/item\/from-funtana-to-vrsar\/\">\r\n\t\t\t\t\t<div class=\"item-title-wrap\">\r\n\t\t\t\t\t\t<div class=\"post-title\">Da Funtana a Orsera<\/div>\r\n\t\t\t\t\t\t\t\t\t\t\t<\/div>\r\n\t\t\t\t<\/a>\r\n\t\t\t<\/div>\r\n\t\t\t\r\n\t\t\t\r\n\t\t\t\t\t\t<div class=\"item-text\">\r\n\t\t\t\t<div class=\"item-description\">\r\n\t\t\t\t\t<p>Funtana e Orsera\u00a0sono collegate tramite una zona pedonale della lunghezza di 3 km che passa parallelamente alla strada principale\u00a0\u201cBernardina\u201d. Una volta raggiunta Orsera, seguite la via che porta in cima al colle, per ammirarne la suggestiva veduta panoramica che diventa ancor pi\u00f9 spettacolare man mano che si sale\u00a0in\u00a0cima al campanile,&#8230;<\/p>\r\n\t\t\t\t\t<a href=\"https:\/\/funtana.com\/it\/item\/from-funtana-to-vrsar\/\" class=\"more\">Vedi di pi\u00f9<\/a>\r\n\t\t\t\t<\/div>\r\n\t\t\t<\/div>\r\n\t\t\t\t\t\t<div class=\"item-footer\" style=\"\">\r\n\t\t\t\t\t\t\t\t\t\t\t\t<div class=\"item-data address\" style=\"\">\r\n\t\t\t\t\t<span class=\"label\">Indirizzo<\/span>\r\n\t\t\t\t\t<span class=\"values\">Funtana<\/span>\r\n\t\t\t\t<\/div>\r\n\t\t\t\t\t\t\t\t\t\t\t\t\t\t\t\t<div class=\"item-data categories\" style=\"\">\r\n\t\t\t\t\t<span class=\"label\">Categorie<\/span>\r\n\t\t\t\t\t<span class=\"values\">\r\n\t\t\t\t\t\t\t\t\t\t\t\t<a href=\"https:\/\/funtana.com\/it\/cat\/walking-it\/\" class=\"value\" style=\"\">Caminare<\/a>\r\n\t\t\t\t\t\t\t\t\t\t\t<\/span>\r\n\t\t\t\t<\/div>\r\n\t\t\t\t\t\t\t<\/div>\r\n\t\t<\/div>\r\n\t<\/div>\r\n\r\n<\/article>\r\n\r\n\r\n                <\/div>\r\n                \r\n                \r\n            <\/div>\r\n            \r\n                                                <div class=\"carousel-navigation-wrapper\" >\r\n                        <div class=\"carousel-button-prev\"><i class=\"fas fa-chevron-left\"><\/i><\/div>\r\n                        <div class=\"carousel-button-next\"><i class=\"fas fa-chevron-right\"><\/i><\/div>\r\n                    <\/div>\r\n                                                    <div class=\"carousel-pagination-wrapper\" ><\/div>\r\n                \r\n                        \r\n        <\/div>\r\n        \n\n\n<div class=\"wp-block-citadela-blocks-spacer citadela-block-spacer responsive-options loading\" data-block-attr=\"{&quot;desktop&quot;:{&quot;height&quot;:&quot;100px&quot;},&quot;mobile&quot;:{&quot;height&quot;:&quot;50px&quot;}}\" data-block-mobile-breakpoint=\"600\"><div class=\"inner-holder\" style=\"padding-top:100px\"><\/div><\/div>\n<\/div><\/div>\n\n\n\n<div class=\"wp-block-citadela-blocks-spacer citadela-block-spacer negative-height\"><div class=\"inner-holder\" style=\"margin-top:-10em\"><\/div><\/div>\n","protected":false},"excerpt":{"rendered":"","protected":false},"author":1,"featured_media":0,"parent":14095,"menu_order":0,"comment_status":"closed","ping_status":"closed","template":"","meta":{"loftloader_page_shortcode":"","_citadela_hide_page_title":"","_citadela_remove_header_space":"","_citadela_custom_class":"","_citadela_half_map_provider":"","_citadela_half_map_theme":"","_citadela_half_map_themeOSM":"","_citadela_half_map_customTheme":"","_citadela_half_map_dataType":"","_citadela_half_map_dynamicTrack":false,"_citadela_half_map_trackColor":"","_citadela_half_map_trackEndpointsColor":"","_citadela_half_map_filterCategory":"","_citadela_half_map_filterLocation":"","_citadela_half_map_filterFeatured":false,"_citadela_half_map_noDataBehavior":"empty-map","_citadela_half_map_noDataText":"","_citadela_half_map_clusterGridSize":80,"_citadela_header":false,"_citadela_header_over_content":false,"_citadela_header_text_color":"","_citadela_header_logo":[],"_citadela_header_bg_image":[],"_citadela_header_bg_position":[],"_citadela_header_bg_size":"","_citadela_header_bg_repeat":"","_citadela_header_bg_fixed":false,"_citadela_header_bg_color":"","_citadela_header_bg_image_overlay":"","_citadela_header_transparent_bg":false,"_citadela_content_width":"","_citadela_half_layout_position":"","footnotes":""},"class_list":["post-12694","page","type-page","status-publish","hentry"],"yoast_head":"<!-- This site is optimized with the Yoast SEO plugin v27.5 - https:\/\/yoast.com\/product\/yoast-seo-wordpress\/ -->\n<title>Biking in Funtana and arround - Funtana Ente turistico<\/title>\n<meta name=\"robots\" content=\"index, follow, max-snippet:-1, max-image-preview:large, max-video-preview:-1\" \/>\n<link rel=\"canonical\" href=\"https:\/\/funtana.com\/it\/attivita-a-funtana\/biking-funtana\/\" \/>\n<meta property=\"og:locale\" content=\"it_IT\" \/>\n<meta property=\"og:type\" content=\"article\" \/>\n<meta property=\"og:title\" content=\"Biking in Funtana and arround - Funtana Ente turistico\" \/>\n<meta property=\"og:url\" content=\"https:\/\/funtana.com\/it\/attivita-a-funtana\/biking-funtana\/\" \/>\n<meta property=\"article:publisher\" content=\"https:\/\/www.facebook.com\/funtanaistria\" \/>\n<meta property=\"article:modified_time\" content=\"2024-01-14T10:35:57+00:00\" \/>\n<meta name=\"twitter:card\" content=\"summary_large_image\" \/>\n<script type=\"application\/ld+json\" class=\"yoast-schema-graph\">{\"@context\":\"https:\\\/\\\/schema.org\",\"@graph\":[{\"@type\":\"WebPage\",\"@id\":\"https:\\\/\\\/funtana.com\\\/it\\\/attivita-a-funtana\\\/biking-funtana\\\/\",\"url\":\"https:\\\/\\\/funtana.com\\\/it\\\/attivita-a-funtana\\\/biking-funtana\\\/\",\"name\":\"Biking in Funtana and arround - Funtana Ente turistico\",\"isPartOf\":{\"@id\":\"https:\\\/\\\/funtana.com\\\/it\\\/#website\"},\"datePublished\":\"2023-09-19T20:45:02+00:00\",\"dateModified\":\"2024-01-14T10:35:57+00:00\",\"breadcrumb\":{\"@id\":\"https:\\\/\\\/funtana.com\\\/it\\\/attivita-a-funtana\\\/biking-funtana\\\/#breadcrumb\"},\"inLanguage\":\"it-IT\",\"potentialAction\":[{\"@type\":\"ReadAction\",\"target\":[\"https:\\\/\\\/funtana.com\\\/it\\\/attivita-a-funtana\\\/biking-funtana\\\/\"]}]},{\"@type\":\"BreadcrumbList\",\"@id\":\"https:\\\/\\\/funtana.com\\\/it\\\/attivita-a-funtana\\\/biking-funtana\\\/#breadcrumb\",\"itemListElement\":[{\"@type\":\"ListItem\",\"position\":1,\"name\":\"Home\",\"item\":\"https:\\\/\\\/funtana.com\\\/it\\\/\"},{\"@type\":\"ListItem\",\"position\":2,\"name\":\"Biking in Funtana and arround\"}]},{\"@type\":\"WebSite\",\"@id\":\"https:\\\/\\\/funtana.com\\\/it\\\/#website\",\"url\":\"https:\\\/\\\/funtana.com\\\/it\\\/\",\"name\":\"Funtana turisti\u010dka zajednica\",\"description\":\"Ente turistico\",\"publisher\":{\"@id\":\"https:\\\/\\\/funtana.com\\\/it\\\/#organization\"},\"alternateName\":\"Turisti\u010dka zajednica Op\u0107ine Funtana\",\"potentialAction\":[{\"@type\":\"SearchAction\",\"target\":{\"@type\":\"EntryPoint\",\"urlTemplate\":\"https:\\\/\\\/funtana.com\\\/it\\\/?s={search_term_string}\"},\"query-input\":{\"@type\":\"PropertyValueSpecification\",\"valueRequired\":true,\"valueName\":\"search_term_string\"}}],\"inLanguage\":\"it-IT\"},{\"@type\":\"Organization\",\"@id\":\"https:\\\/\\\/funtana.com\\\/it\\\/#organization\",\"name\":\"Funtana turisti\u010dka zajednica\",\"url\":\"https:\\\/\\\/funtana.com\\\/it\\\/\",\"logo\":{\"@type\":\"ImageObject\",\"inLanguage\":\"it-IT\",\"@id\":\"https:\\\/\\\/funtana.com\\\/it\\\/#\\\/schema\\\/logo\\\/image\\\/\",\"url\":\"https:\\\/\\\/funtana.com\\\/wp-content\\\/uploads\\\/2023\\\/04\\\/cropped-funtanalogo-e1681572065284.png\",\"contentUrl\":\"https:\\\/\\\/funtana.com\\\/wp-content\\\/uploads\\\/2023\\\/04\\\/cropped-funtanalogo-e1681572065284.png\",\"width\":90,\"height\":72,\"caption\":\"Funtana turisti\u010dka zajednica\"},\"image\":{\"@id\":\"https:\\\/\\\/funtana.com\\\/it\\\/#\\\/schema\\\/logo\\\/image\\\/\"},\"sameAs\":[\"https:\\\/\\\/www.facebook.com\\\/funtanaistria\",\"https:\\\/\\\/www.instagram.com\\\/funtanaistria\\\/\"]}]}<\/script>\n<!-- \/ Yoast SEO plugin. -->","yoast_head_json":{"title":"Biking in Funtana and arround - Funtana Ente turistico","robots":{"index":"index","follow":"follow","max-snippet":"max-snippet:-1","max-image-preview":"max-image-preview:large","max-video-preview":"max-video-preview:-1"},"canonical":"https:\/\/funtana.com\/it\/attivita-a-funtana\/biking-funtana\/","og_locale":"it_IT","og_type":"article","og_title":"Biking in Funtana and arround - Funtana Ente turistico","og_url":"https:\/\/funtana.com\/it\/attivita-a-funtana\/biking-funtana\/","article_publisher":"https:\/\/www.facebook.com\/funtanaistria","article_modified_time":"2024-01-14T10:35:57+00:00","twitter_card":"summary_large_image","schema":{"@context":"https:\/\/schema.org","@graph":[{"@type":"WebPage","@id":"https:\/\/funtana.com\/it\/attivita-a-funtana\/biking-funtana\/","url":"https:\/\/funtana.com\/it\/attivita-a-funtana\/biking-funtana\/","name":"Biking in Funtana and arround - Funtana Ente turistico","isPartOf":{"@id":"https:\/\/funtana.com\/it\/#website"},"datePublished":"2023-09-19T20:45:02+00:00","dateModified":"2024-01-14T10:35:57+00:00","breadcrumb":{"@id":"https:\/\/funtana.com\/it\/attivita-a-funtana\/biking-funtana\/#breadcrumb"},"inLanguage":"it-IT","potentialAction":[{"@type":"ReadAction","target":["https:\/\/funtana.com\/it\/attivita-a-funtana\/biking-funtana\/"]}]},{"@type":"BreadcrumbList","@id":"https:\/\/funtana.com\/it\/attivita-a-funtana\/biking-funtana\/#breadcrumb","itemListElement":[{"@type":"ListItem","position":1,"name":"Home","item":"https:\/\/funtana.com\/it\/"},{"@type":"ListItem","position":2,"name":"Biking in Funtana and arround"}]},{"@type":"WebSite","@id":"https:\/\/funtana.com\/it\/#website","url":"https:\/\/funtana.com\/it\/","name":"Funtana turisti\u010dka zajednica","description":"Ente turistico","publisher":{"@id":"https:\/\/funtana.com\/it\/#organization"},"alternateName":"Turisti\u010dka zajednica Op\u0107ine Funtana","potentialAction":[{"@type":"SearchAction","target":{"@type":"EntryPoint","urlTemplate":"https:\/\/funtana.com\/it\/?s={search_term_string}"},"query-input":{"@type":"PropertyValueSpecification","valueRequired":true,"valueName":"search_term_string"}}],"inLanguage":"it-IT"},{"@type":"Organization","@id":"https:\/\/funtana.com\/it\/#organization","name":"Funtana turisti\u010dka zajednica","url":"https:\/\/funtana.com\/it\/","logo":{"@type":"ImageObject","inLanguage":"it-IT","@id":"https:\/\/funtana.com\/it\/#\/schema\/logo\/image\/","url":"https:\/\/funtana.com\/wp-content\/uploads\/2023\/04\/cropped-funtanalogo-e1681572065284.png","contentUrl":"https:\/\/funtana.com\/wp-content\/uploads\/2023\/04\/cropped-funtanalogo-e1681572065284.png","width":90,"height":72,"caption":"Funtana turisti\u010dka zajednica"},"image":{"@id":"https:\/\/funtana.com\/it\/#\/schema\/logo\/image\/"},"sameAs":["https:\/\/www.facebook.com\/funtanaistria","https:\/\/www.instagram.com\/funtanaistria\/"]}]}},"publishpress_future_action":{"enabled":false,"date":"2026-05-07 16:35:16","action":"change-status","newStatus":"draft","terms":[],"taxonomy":"translation_priority","extraData":[]},"publishpress_future_workflow_manual_trigger":{"enabledWorkflows":[]},"_links":{"self":[{"href":"https:\/\/funtana.com\/it\/wp-json\/wp\/v2\/pages\/12694","targetHints":{"allow":["GET"]}}],"collection":[{"href":"https:\/\/funtana.com\/it\/wp-json\/wp\/v2\/pages"}],"about":[{"href":"https:\/\/funtana.com\/it\/wp-json\/wp\/v2\/types\/page"}],"author":[{"embeddable":true,"href":"https:\/\/funtana.com\/it\/wp-json\/wp\/v2\/users\/1"}],"replies":[{"embeddable":true,"href":"https:\/\/funtana.com\/it\/wp-json\/wp\/v2\/comments?post=12694"}],"version-history":[{"count":18,"href":"https:\/\/funtana.com\/it\/wp-json\/wp\/v2\/pages\/12694\/revisions"}],"predecessor-version":[{"id":12949,"href":"https:\/\/funtana.com\/it\/wp-json\/wp\/v2\/pages\/12694\/revisions\/12949"}],"up":[{"embeddable":true,"href":"https:\/\/funtana.com\/it\/wp-json\/wp\/v2\/pages\/14095"}],"wp:attachment":[{"href":"https:\/\/funtana.com\/it\/wp-json\/wp\/v2\/media?parent=12694"}],"curies":[{"name":"wp","href":"https:\/\/api.w.org\/{rel}","templated":true}]}}