{"id":25268,"date":"2020-06-01T14:36:39","date_gmt":"2020-06-01T14:36:39","guid":{"rendered":"https:\/\/nova.funtana.com\/funtana-tourist-board\/"},"modified":"2024-07-19T10:06:40","modified_gmt":"2024-07-19T10:06:40","slug":"funtana-tourist-board","status":"publish","type":"page","link":"https:\/\/funtana.com\/hr\/","title":{"rendered":"Funtana, Istra &#8211; slu\u017ebena stranica turisti\u010dke zajednice Funtana"},"content":{"rendered":"\n<div class=\"wp-block-citadela-blocks-custom-container citadela-block-custom-container size-fullwidth bg-type-none inside-space-none\"><div class=\"inner-holder\">\n<div class=\"wp-block-citadela-blocks-spacer citadela-block-spacer\"><div class=\"inner-holder\" style=\"padding-top:100px\"><\/div><\/div>\n\n\n\n<div class=\"wp-block-cover alignfull\" style=\"min-height:653px;aspect-ratio:unset;\"><span aria-hidden=\"true\" class=\"wp-block-cover__background has-background-dim-0 has-background-dim\"><\/span><video class=\"wp-block-cover__video-background intrinsic-ignore\" autoplay muted loop playsinline src=\"https:\/\/funtana.com\/wp-content\/uploads\/2024\/01\/funtana-more.mp4\" style=\"object-position:53% 81%\" data-object-fit=\"cover\" data-object-position=\"53% 81%\"><\/video><div class=\"wp-block-cover__inner-container is-layout-constrained wp-block-cover-is-layout-constrained\">         <div \r\n            class=\"citadela-block-responsive-text align-right responsive-options loading\"\r\n            data-block-mobile-attr=\"{&quot;desktop&quot;:{&quot;fontSize&quot;:&quot;3.91em&quot;,&quot;lineHeight&quot;:0.5},&quot;mobile&quot;:{&quot;fontSize&quot;:&quot;2.15em&quot;,&quot;lineHeight&quot;:0.64}}\"            data-block-mobile-breakpoint=\"600\"         >\r\n            <h3 class=\"inner-tag\" style=\"font-family:'Courgette'; font-size: 3.91em; line-height: 0.5; color: #ffffff;\">Funtana<\/h3>         <\/div>\r\n      \n\n         <div \r\n            class=\"citadela-block-responsive-text align-right responsive-options loading\"\r\n            data-block-mobile-attr=\"{&quot;desktop&quot;:{&quot;fontSize&quot;:&quot;2.22em&quot;,&quot;lineHeight&quot;:0.5},&quot;mobile&quot;:{&quot;fontSize&quot;:&quot;1.43em&quot;,&quot;lineHeight&quot;:0.96}}\"            data-block-mobile-breakpoint=\"600\"         >\r\n            <p class=\"inner-tag\" style=\"font-family:'Kalam'; font-size: 2.22em; line-height: 0.5; color: #ffffff;\">na izvorima prijateljstva<\/p>         <\/div>\r\n      \n\n\n<div class=\"wp-block-citadela-blocks-spacer citadela-block-spacer\"><div class=\"inner-holder\" style=\"padding-top:25em\"><\/div><\/div>\n\n\n\n<div class=\"wp-block-citadela-blocks-spacer citadela-block-spacer\"><div class=\"inner-holder\" style=\"padding-top:6em\"><\/div><\/div>\n<\/div><\/div>\n\n\n\n<div class=\"wp-block-citadela-blocks-spacer citadela-block-spacer negative-height\"><div class=\"inner-holder\" style=\"margin-top:-80px\"><\/div><\/div>\n\n\n\n<div class=\"wp-block-columns is-layout-flex wp-container-core-columns-is-layout-9d6595d7 wp-block-columns-is-layout-flex\">\n<div class=\"wp-block-column is-vertically-aligned-top has-white-color has-text-color has-link-color wp-elements-352590094c3a29a3da8ffbf41bd4cbbf is-layout-flow wp-block-column-is-layout-flow\">\n<div class=\"wp-block-cover aligncenter is-light has-custom-content-position is-position-top-center\" style=\"min-height:321px;aspect-ratio:unset;\"><span aria-hidden=\"true\" class=\"wp-block-cover__background has-background-dim-0 has-background-dim\"><\/span><img loading=\"lazy\" decoding=\"async\" width=\"1024\" height=\"767\" class=\"wp-block-cover__image-background wp-image-12816\" alt=\"\" src=\"https:\/\/funtana.com\/wp-content\/uploads\/2024\/01\/FUNTANA-202101028-1024x767.jpg\" style=\"object-position:51% 50%\" data-object-fit=\"cover\" data-object-position=\"51% 50%\" srcset=\"https:\/\/funtana.com\/wp-content\/uploads\/2024\/01\/FUNTANA-202101028-1024x767.jpg 1024w, https:\/\/funtana.com\/wp-content\/uploads\/2024\/01\/FUNTANA-202101028-300x225.jpg 300w, https:\/\/funtana.com\/wp-content\/uploads\/2024\/01\/FUNTANA-202101028-768x575.jpg 768w, https:\/\/funtana.com\/wp-content\/uploads\/2024\/01\/FUNTANA-202101028-50x37.jpg 50w, https:\/\/funtana.com\/wp-content\/uploads\/2024\/01\/FUNTANA-202101028-1600x1198.jpg 1600w, https:\/\/funtana.com\/wp-content\/uploads\/2024\/01\/FUNTANA-202101028-1536x1150.jpg 1536w, https:\/\/funtana.com\/wp-content\/uploads\/2024\/01\/FUNTANA-202101028-2048x1534.jpg 2048w, https:\/\/funtana.com\/wp-content\/uploads\/2024\/01\/FUNTANA-202101028-640x480.jpg 640w, https:\/\/funtana.com\/wp-content\/uploads\/2024\/01\/FUNTANA-202101028-480x360.jpg 480w\" sizes=\"auto, (max-width: 1024px) 100vw, 1024px\" \/><div class=\"wp-block-cover__inner-container is-layout-flow wp-block-cover-is-layout-flow\">\n<div class=\"wp-block-citadela-blocks-spacer citadela-block-spacer\"><div class=\"inner-holder\" style=\"padding-top:2em\"><\/div><\/div>\n\n\n         <div \r\n            class=\"citadela-block-responsive-text align-center responsive-options loading\"\r\n            data-block-mobile-attr=\"{&quot;desktop&quot;:{&quot;fontSize&quot;:&quot;2em&quot;},&quot;mobile&quot;:{&quot;fontSize&quot;:&quot;1.99em&quot;}}\"            data-block-mobile-breakpoint=\"600\"         >\r\n            <p class=\"inner-tag\" style=\"font-size: 2em; color: #ffffff;\"><strong><a href=\"https:\/\/funtana.com\/hr\/istrazi-funtanu\/\">Istra\u017ei<\/a><\/strong><\/p>         <\/div>\r\n      <\/div><\/div>\n<\/div>\n\n\n\n<div class=\"wp-block-column has-white-color has-text-color has-link-color wp-elements-787e53891bf611190a771348a552e909 is-layout-flow wp-block-column-is-layout-flow\">\n<div class=\"wp-block-cover aligncenter is-light has-custom-content-position is-position-top-center\" style=\"min-height:321px;aspect-ratio:unset;\"><span aria-hidden=\"true\" class=\"wp-block-cover__background has-background-dim-0 has-background-dim\"><\/span><img loading=\"lazy\" decoding=\"async\" width=\"1491\" height=\"811\" class=\"wp-block-cover__image-background wp-image-13038\" alt=\"\" src=\"https:\/\/funtana.com\/wp-content\/uploads\/2024\/01\/gusti-funtana-e1694635517378.jpg\" data-object-fit=\"cover\" srcset=\"https:\/\/funtana.com\/wp-content\/uploads\/2024\/01\/gusti-funtana-e1694635517378.jpg 1491w, https:\/\/funtana.com\/wp-content\/uploads\/2024\/01\/gusti-funtana-e1694635517378-300x163.jpg 300w, https:\/\/funtana.com\/wp-content\/uploads\/2024\/01\/gusti-funtana-e1694635517378-1024x557.jpg 1024w, https:\/\/funtana.com\/wp-content\/uploads\/2024\/01\/gusti-funtana-e1694635517378-768x418.jpg 768w, https:\/\/funtana.com\/wp-content\/uploads\/2024\/01\/gusti-funtana-e1694635517378-50x27.jpg 50w\" sizes=\"auto, (max-width: 1491px) 100vw, 1491px\" \/><div class=\"wp-block-cover__inner-container is-layout-flow wp-block-cover-is-layout-flow\">\n<div class=\"wp-block-citadela-blocks-spacer citadela-block-spacer\"><div class=\"inner-holder\" style=\"padding-top:2em\"><\/div><\/div>\n\n\n         <div \r\n            class=\"citadela-block-responsive-text align-center responsive-options loading\"\r\n            data-block-mobile-attr=\"{&quot;desktop&quot;:{&quot;fontSize&quot;:&quot;2em&quot;},&quot;mobile&quot;:{&quot;fontSize&quot;:&quot;1.99em&quot;}}\"            data-block-mobile-breakpoint=\"600\"         >\r\n            <p class=\"inner-tag\" style=\"font-size: 2em; color: #ffffff;\"><strong><mark style=\"background-color:rgba(0, 0, 0, 0)\" class=\"has-inline-color has-white-color\"><a href=\"https:\/\/funtana.com\/hr\/gastro-rivijera\/\">Gastro riviera<\/a><\/mark><\/strong><\/p>         <\/div>\r\n      <\/div><\/div>\n<\/div>\n\n\n\n<div class=\"wp-block-column is-layout-flow wp-block-column-is-layout-flow\">\n<div class=\"wp-block-cover is-light has-custom-content-position is-position-top-center\" style=\"min-height:322px;aspect-ratio:unset;\"><span aria-hidden=\"true\" class=\"wp-block-cover__background has-background-dim-0 has-background-dim\"><\/span><img loading=\"lazy\" decoding=\"async\" width=\"2560\" height=\"1707\" class=\"wp-block-cover__image-background wp-image-12732\" alt=\"\" src=\"https:\/\/funtana.com\/wp-content\/uploads\/2023\/12\/FUNTANA-138-DA-scaled.jpg\" data-object-fit=\"cover\" srcset=\"https:\/\/funtana.com\/wp-content\/uploads\/2023\/12\/FUNTANA-138-DA-scaled.jpg 2560w, https:\/\/funtana.com\/wp-content\/uploads\/2023\/12\/FUNTANA-138-DA-300x200.jpg 300w, https:\/\/funtana.com\/wp-content\/uploads\/2023\/12\/FUNTANA-138-DA-1024x683.jpg 1024w, https:\/\/funtana.com\/wp-content\/uploads\/2023\/12\/FUNTANA-138-DA-768x512.jpg 768w, https:\/\/funtana.com\/wp-content\/uploads\/2023\/12\/FUNTANA-138-DA-50x33.jpg 50w, https:\/\/funtana.com\/wp-content\/uploads\/2023\/12\/FUNTANA-138-DA-1600x1067.jpg 1600w, https:\/\/funtana.com\/wp-content\/uploads\/2023\/12\/FUNTANA-138-DA-1536x1024.jpg 1536w, https:\/\/funtana.com\/wp-content\/uploads\/2023\/12\/FUNTANA-138-DA-2048x1365.jpg 2048w\" sizes=\"auto, (max-width: 2560px) 100vw, 2560px\" \/><div class=\"wp-block-cover__inner-container is-layout-constrained wp-block-cover-is-layout-constrained\">\n<div class=\"wp-block-citadela-blocks-spacer citadela-block-spacer\"><div class=\"inner-holder\" style=\"padding-top:30px\"><\/div><\/div>\n\n\n\n<p class=\"has-text-align-center has-white-color has-text-color has-link-color wp-elements-284d2e828ab9d7fe355e2ce1681a25d3\" style=\"font-size:34px\"><a href=\"https:\/\/funtana.com\/hr\/aktivnosti-u-funtani\/\"><strong>Do\u017eivi<\/strong><\/a><\/p>\n<\/div><\/div>\n\n\n         <div \r\n            class=\"citadela-block-responsive-text align-left\"\r\n                                 >\r\n            <p class=\"inner-tag\" style=\"font-size: 2em; color: #ffffff;\"><\/p>         <\/div>\r\n      <\/div>\n<\/div>\n\n\n\n<h3 class=\"wp-block-heading has-text-align-center has-vivid-cyan-blue-color has-text-color has-link-color wp-elements-7b1d69da5a6a350fad762cd06f0fcb50\"><strong>Ne propustite !<\/strong><\/h3>\n\n\n        \r\n        <div class=\"wp-block-citadela-blocks ctdl-posts layout-box size-medium grid-type-1 border-none show-item-featured-image show-item-description\">\r\n            \r\n<div class=\"citadela-block-articles\">\r\n    <div class=\"citadela-block-articles-wrap\">\r\n\r\n        \r\n<article class=\"citadela-directory-item has-thumbnail has-description\" style=\"\"\">\r\n\r\n\t<div class=\"item-content\" style=\"\"\">\r\n\t\t\t\t<div class=\"item-thumbnail\">\r\n\t\t\t\t\t\t<a href=\"https:\/\/funtana.com\/hr\/eco-radna-akcija-eko-green-zajno-za-moju-funtanu\/\"><img decoding=\"async\" src=\"https:\/\/funtana.com\/wp-content\/uploads\/2026\/04\/ECO-radna-akcija-EKO-green-zajno-za-moju-Funtanu-640x440.jpg\" class=\"item-image\" alt=\"ECO radna akcija \u201cEKO gre(e)n zajno, za moju Funtanu!\u201d\"><\/a>\r\n\t\t<\/div>\r\n\t\t\r\n\t\t<div class=\"item-body\">\r\n\t\t\t<div class=\"item-title\">\r\n\t\t\t\t\t\t\t\t<a href=\"https:\/\/funtana.com\/hr\/eco-radna-akcija-eko-green-zajno-za-moju-funtanu\/\">\r\n\t\t\t\t\t<div class=\"item-title-wrap\">\r\n\t\t\t\t\t\t<div class=\"post-title\">\r\n\t\t\t\t\t\t\tECO radna akcija \u201cEKO gre(e)n zajno, za moju Funtanu!\u201d\t\t\t\t\t\t<\/div>\r\n\t\t\t\t\t<\/div>\r\n\t\t\t\t<\/a>\r\n\t\t\t\t\t\t\t<\/div>\r\n\t\t\t\t\t\t<div class=\"item-text\">\r\n\t\t\t\t<div class=\"item-description\">\r\n\t\t\t\t\t<p>\r\n\t\t\t\t\t\t\t\t\t\t\t\tDragi mje\u0161tani, vrijeme je da zasu\u010demo rukave! Pozivamo vas na ECO radnu akciju ure\u0111enja mjesta koju organiziraju Turisti\u010dka zajednica op\u0107ine Funtana i Op\u0107ina Funtana-Fontane u suradnji s lokalnim udrugama i komunalnim poduze\u0107em Puntica d.o.o.. Nakon vi\u0161e od 20 godina ponovno poka\u017eimo zajedni\u0161tvo za na\u0161u Funtanu, mjesto gdje \u017eivimo i podi\u017eemo&#8230;\t\t\t\t\t<\/p>\r\n\t\t\t\t\t<a href=\"https:\/\/funtana.com\/hr\/eco-radna-akcija-eko-green-zajno-za-moju-funtanu\/\" class=\"more\">Vidi vi\u0161e<\/a>\r\n\t\t\t\t<\/div>\r\n\t\t\t<\/div>\r\n\t\t\t\t\t\t<div class=\"item-footer\" style=\"\"\">\r\n\t\t\t\t\t\t\t\t\t\t\t<\/div>\r\n\t\t<\/div>\r\n\t<\/div>\r\n\r\n<\/article>\r\n\r\n<article class=\"citadela-directory-item has-thumbnail has-description\" style=\"\"\">\r\n\r\n\t<div class=\"item-content\" style=\"\"\">\r\n\t\t\t\t<div class=\"item-thumbnail\">\r\n\t\t\t\t\t\t<a href=\"https:\/\/funtana.com\/hr\/11-festa-od-grmali-odusevila-tisuce-posjetitelja-u-funtani\/\"><img decoding=\"async\" src=\"https:\/\/funtana.com\/wp-content\/uploads\/2025\/09\/api-184-DA-640x480.jpg\" class=\"item-image\" alt=\"11. Fe\u0161ta od grmali odu\u0161evila tisu\u0107e posjetitelja u Funtani\"><\/a>\r\n\t\t<\/div>\r\n\t\t\r\n\t\t<div class=\"item-body\">\r\n\t\t\t<div class=\"item-title\">\r\n\t\t\t\t\t\t\t\t<a href=\"https:\/\/funtana.com\/hr\/11-festa-od-grmali-odusevila-tisuce-posjetitelja-u-funtani\/\">\r\n\t\t\t\t\t<div class=\"item-title-wrap\">\r\n\t\t\t\t\t\t<div class=\"post-title\">\r\n\t\t\t\t\t\t\t11. Fe\u0161ta od grmali odu\u0161evila tisu\u0107e posjetitelja u Funtani\t\t\t\t\t\t<\/div>\r\n\t\t\t\t\t<\/div>\r\n\t\t\t\t<\/a>\r\n\t\t\t\t\t\t\t<\/div>\r\n\t\t\t\t\t\t<div class=\"item-text\">\r\n\t\t\t\t<div class=\"item-description\">\r\n\t\t\t\t\t<p>\r\n\t\t\t\t\t\t\t\t\t\t\t\tJedanaesta Fe\u0161ta od grmali, odr\u017eana u subotu 20. rujna na funtanjanskoj rivi, jo\u0161 je jednom potvrdila svoj status jedne od najomiljenijih manifestacija u Istri. Doga\u0111aj je privukao na tisu\u0107e posjetitelja, doma\u0107ih i stranih, koji su tijekom cijelog dana i ve\u010deri u\u017eivali u morskim delicijama, dobroj glazbi i veselom dru\u017eenju. Riva&#8230;\t\t\t\t\t<\/p>\r\n\t\t\t\t\t<a href=\"https:\/\/funtana.com\/hr\/11-festa-od-grmali-odusevila-tisuce-posjetitelja-u-funtani\/\" class=\"more\">Vidi vi\u0161e<\/a>\r\n\t\t\t\t<\/div>\r\n\t\t\t<\/div>\r\n\t\t\t\t\t\t<div class=\"item-footer\" style=\"\"\">\r\n\t\t\t\t\t\t\t\t\t\t\t<\/div>\r\n\t\t<\/div>\r\n\t<\/div>\r\n\r\n<\/article>\r\n\r\n<article class=\"citadela-directory-item has-thumbnail has-description\" style=\"\"\">\r\n\r\n\t<div class=\"item-content\" style=\"\"\">\r\n\t\t\t\t<div class=\"item-thumbnail\">\r\n\t\t\t\t\t\t<a href=\"https:\/\/funtana.com\/hr\/festa-sv-bernarda-jos-jednom-odusevila-funtanu-i-njezine-goste\/\"><img decoding=\"async\" src=\"https:\/\/funtana.com\/wp-content\/uploads\/2025\/08\/api-064-2-640x480.jpg\" class=\"item-image\" alt=\"Fe\u0161ta sv. Bernarda jo\u0161 jednom odu\u0161evila Funtanu i njezine goste\"><\/a>\r\n\t\t<\/div>\r\n\t\t\r\n\t\t<div class=\"item-body\">\r\n\t\t\t<div class=\"item-title\">\r\n\t\t\t\t\t\t\t\t<a href=\"https:\/\/funtana.com\/hr\/festa-sv-bernarda-jos-jednom-odusevila-funtanu-i-njezine-goste\/\">\r\n\t\t\t\t\t<div class=\"item-title-wrap\">\r\n\t\t\t\t\t\t<div class=\"post-title\">\r\n\t\t\t\t\t\t\tFe\u0161ta sv. Bernarda jo\u0161 jednom odu\u0161evila Funtanu i njezine goste\t\t\t\t\t\t<\/div>\r\n\t\t\t\t\t<\/div>\r\n\t\t\t\t<\/a>\r\n\t\t\t\t\t\t\t<\/div>\r\n\t\t\t\t\t\t<div class=\"item-text\">\r\n\t\t\t\t<div class=\"item-description\">\r\n\t\t\t\t\t<p>\r\n\t\t\t\t\t\t\t\t\t\t\t\tFuntana je od 16. do 24. kolovoza \u017eivjela u ritmu pjesme, sporta i zabave zahvaljuju\u0107i tradicionalnoj Fe\u0161ti sv. Bernarda, koja je i ove godine privukla brojne mje\u0161tane i goste te potvrdila status jedne od najdra\u017eih ljetnih manifestacija na obali. Utorak je bio u znaku obilje\u017eavanja Dana op\u0107ine Funtana i Dana&#8230;\t\t\t\t\t<\/p>\r\n\t\t\t\t\t<a href=\"https:\/\/funtana.com\/hr\/festa-sv-bernarda-jos-jednom-odusevila-funtanu-i-njezine-goste\/\" class=\"more\">Vidi vi\u0161e<\/a>\r\n\t\t\t\t<\/div>\r\n\t\t\t<\/div>\r\n\t\t\t\t\t\t<div class=\"item-footer\" style=\"\"\">\r\n\t\t\t\t\t\t\t\t\t\t\t<\/div>\r\n\t\t<\/div>\r\n\t<\/div>\r\n\r\n<\/article>\r\n\r\n<article class=\"citadela-directory-item has-thumbnail has-description\" style=\"\"\">\r\n\r\n\t<div class=\"item-content\" style=\"\"\">\r\n\t\t\t\t<div class=\"item-thumbnail\">\r\n\t\t\t\t\t\t<a href=\"https:\/\/funtana.com\/hr\/dodijeljene-nagrade-za-najljepse-okucnice-balkone-i-poslovne-prostore-u-funtani\/\"><img decoding=\"async\" src=\"https:\/\/funtana.com\/wp-content\/uploads\/2025\/08\/api-050-640x480.jpg\" class=\"item-image\" alt=\"Dodijeljene nagrade za najljep\u0161e oku\u0107nice, balkone i poslovne prostore u Funtani\"><\/a>\r\n\t\t<\/div>\r\n\t\t\r\n\t\t<div class=\"item-body\">\r\n\t\t\t<div class=\"item-title\">\r\n\t\t\t\t\t\t\t\t<a href=\"https:\/\/funtana.com\/hr\/dodijeljene-nagrade-za-najljepse-okucnice-balkone-i-poslovne-prostore-u-funtani\/\">\r\n\t\t\t\t\t<div class=\"item-title-wrap\">\r\n\t\t\t\t\t\t<div class=\"post-title\">\r\n\t\t\t\t\t\t\tDodijeljene nagrade za najljep\u0161e oku\u0107nice, balkone i poslovne prostore u Funtani\t\t\t\t\t\t<\/div>\r\n\t\t\t\t\t<\/div>\r\n\t\t\t\t<\/a>\r\n\t\t\t\t\t\t\t<\/div>\r\n\t\t\t\t\t\t<div class=\"item-text\">\r\n\t\t\t\t<div class=\"item-description\">\r\n\t\t\t\t\t<p>\r\n\t\t\t\t\t\t\t\t\t\t\t\tU sklopu obilje\u017eavanja Dana Op\u0107ine Funtana, mjesnog za\u0161titnika svetog Bernarda te Dana iseljenih Funtanjana, u utorak 19. kolovoza, odr\u017eana je sve\u010dana sjednica Op\u0107inskog vije\u0107a. &nbsp;Posebno mjesto u programu zauzela je dodjela priznanja iz tradicionalne akcije \u201eMoj balkon \u2013 okoli\u0161 je najljep\u0161i\u201c, kojom Turisti\u010dka zajednica op\u0107ine Funtana odaje priznanje mje\u0161tanima i&#8230;\t\t\t\t\t<\/p>\r\n\t\t\t\t\t<a href=\"https:\/\/funtana.com\/hr\/dodijeljene-nagrade-za-najljepse-okucnice-balkone-i-poslovne-prostore-u-funtani\/\" class=\"more\">Vidi vi\u0161e<\/a>\r\n\t\t\t\t<\/div>\r\n\t\t\t<\/div>\r\n\t\t\t\t\t\t<div class=\"item-footer\" style=\"\"\">\r\n\t\t\t\t\t\t\t\t\t\t\t<\/div>\r\n\t\t<\/div>\r\n\t<\/div>\r\n\r\n<\/article>\r\n\r\n    <\/div>\r\n<\/div>        <\/div>\r\n        \r\n        <\/div><\/div>\n\n\n         <div \r\n            class=\"citadela-block-responsive-text align-center\"\r\n                                 >\r\n            <h3 class=\"inner-tag\" style=\"font-family:'Kalam'; color: #209cef;\">Funtana &#8211; na izvorima prijateljstva<\/h3>         <\/div>\r\n      \n\n\n<figure class=\"wp-block-video alignfull\"><video height=\"1080\" style=\"aspect-ratio: 1920 \/ 1080;\" width=\"1920\" autoplay controls loop muted poster=\"https:\/\/funtana.com\/wp-content\/uploads\/2024\/05\/28947249_1628685673879950_5644820402489308628_o-5-5-2-1.jpg\" preload=\"auto\" src=\"https:\/\/funtana.com\/wp-content\/uploads\/2024\/06\/istra-ljeto.mp4\" playsinline><\/video><\/figure>\n\n\n\n<div class=\"wp-block-group alignfull\"><div class=\"wp-block-group__inner-container is-layout-constrained wp-block-group-is-layout-constrained\">\n<p>Funtana \u2013 popularna turisti\u010dka destinacija blagoslovljena blagom klimom i \u010distim morem, sa sezonom kupanja od svibnja do listopada, tek je nekoliko sati vo\u017enje udaljena od svih va\u017enijih europskih prijestolnica. Na njenoj atraktivnoj i razvedenoj obali koja se prostire od Zelene lagune tik do Pore\u010da pa sve do Valkanele nadomak Vrsara turizam je naprosto idealna djelatnost.<\/p>\n<p>Nadaleko znani <a href=\"https:\/\/funtana.com\/hr\/smjestaj-u-funtani\/\">kampovi, turisti\u010dko naselje i hotel Funtana te hotel Delfin<\/a>, omiljene su destinacije mnogobrojnih turista sa \u0161irokom ponudom i ugostiteljsko-turisti\u010dkim kapacitetima.<\/p>\n<\/div><\/div>\n\n\n\n<div class=\"wp-block-citadela-blocks-spacer citadela-block-spacer responsive-options loading hide-in-responsive\" data-block-attr=\"{&quot;desktop&quot;:{&quot;height&quot;:&quot;2.5vw&quot;},&quot;mobile&quot;:{&quot;height&quot;:&quot;0vw&quot;}}\" data-block-mobile-breakpoint=\"600\"><div class=\"inner-holder\" style=\"padding-top:2.5vw\"><\/div><\/div>\n\n\n\n<div class=\"wp-block-citadela-blocks-custom-container citadela-block-custom-container responsive-options loading-image size-wide bg-type-image inside-space-none bg-size-auto has-overlay\" data-block-attr=\"{&quot;backgroundImage&quot;:&quot;url(https:\/\/funtana.com\/wp-content\/uploads\/2020\/06\/blank.png)&quot;,&quot;position&quot;:&quot;100% 100%&quot;}\" data-block-mobile-breakpoint=\"730\"><div class=\"bg-image-wrapper\" style=\"background-image:url(https:\/\/funtana.com\/wp-content\/uploads\/2020\/06\/path-bg.png);background-repeat:no-repeat;background-position:100% 2%\"><\/div><div class=\"bg-image-overlay\" style=\"opacity:0.5\"><\/div><div class=\"inner-holder\">\n<h3 class=\"wp-block-heading has-vivid-cyan-blue-color has-text-color has-link-color wp-elements-ed06c8bf9e3fad308d22e970ac8588b8\"><strong>Nadolaze\u0107a doga\u0111anja<\/strong><\/h3>\n\n\n\n<div class=\"wp-block-citadela-blocks-spacer citadela-block-spacer\"><div class=\"inner-holder\" style=\"padding-top:20px\"><\/div><\/div>\n\n\n\n<div  class=\"tribe-compatibility-container\" >\n\t<div\n\t\t class=\"tribe-common tribe-events tribe-events-view tribe-events-view--widget-events-list tribe-events-widget\" \t\tdata-js=\"tribe-events-view\"\n\t\tdata-view-rest-url=\"https:\/\/funtana.com\/hr\/wp-json\/tribe\/views\/v2\/html\"\n\t\tdata-view-manage-url=\"1\"\n\t\t\t\t\t\t\tdata-view-breakpoint-pointer=\"e326c52e-b463-4246-9146-7b66472b613f\"\n\t\t\t>\n\t\t<div class=\"tribe-events-widget-events-list\">\n\n\t\t\t<script type=\"application\/ld+json\">\r\n[{\"@context\":\"http:\/\/schema.org\",\"@type\":\"Event\",\"name\":\"Ribarska fe\\u0161ta &#8211; LE MONDE BAND &#038; ALFA TIME BAND\",\"description\":\"&lt;p&gt;Gastronomska manifestacija\\u00a0uz zabavni program Tradicionalne su pu\\u010dke zabave s glazbom te nezaobilaznom kulinarskom ponudom morskih specijaliteta koje ribari pripremaju od dnevnog ulova i nude s vlastitih brodica. Odr\\u017eavaju se, u [&hellip;]&lt;\/p&gt;\\\\n\",\"image\":\"https:\/\/funtana.com\/wp-content\/uploads\/2024\/06\/ap-img-44-scaled.jpg\",\"url\":\"https:\/\/funtana.com\/hr\/event\/ribarska-festa-8\/\",\"eventAttendanceMode\":\"https:\/\/schema.org\/OfflineEventAttendanceMode\",\"eventStatus\":\"https:\/\/schema.org\/EventScheduled\",\"startDate\":\"2026-06-05T18:00:00+00:00\",\"endDate\":\"2026-06-06T01:00:00+00:00\",\"location\":{\"@type\":\"Place\",\"name\":\"Riva Funtana\",\"description\":\"&lt;p&gt;excerpt &lt;\/p&gt;\\\\n\",\"url\":\"https:\/\/funtana.com\/lokacija\/riva-funtana\/\",\"address\":{\"@type\":\"PostalAddress\",\"streetAddress\":\"Funtana, Ribarska\",\"addressLocality\":\"Funtana\",\"postalCode\":\"52452\",\"addressCountry\":\"Croatia (Local Name: Hrvatska)\"},\"geo\":{\"@type\":\"GeoCoordinates\",\"latitude\":45.178018,\"longitude\":13.598766},\"telephone\":\"\",\"sameAs\":\"\"},\"organizer\":{\"@type\":\"Person\",\"name\":\"Turist board Funtana\",\"description\":\"\",\"url\":\"\",\"telephone\":\"+385 52 445 119\",\"email\":\"&#105;n&#102;&#111;&#64;&#102;u&#110;&#116;a&#110;&#97;&#46;c&#111;&#109;\",\"sameAs\":\"\"},\"performer\":\"Organization\"},{\"@context\":\"http:\/\/schema.org\",\"@type\":\"Event\",\"name\":\"Koncert: Gordan Gregurovi\\u0107 Trio\",\"description\":\"&lt;p&gt;Kulturno ljeto u Funtani 2026. godine \\u2013 po\\u010dinje! Turisti\\u010dka zajednica op\\u0107ine Funtana i ove godine s ponosom najavljuje po\\u010detak Kulturnog ljeta, programa koji ve\\u0107 tradicionalno donosi niz raznovrsnih kulturnih i [&hellip;]&lt;\/p&gt;\\\\n\",\"image\":\"https:\/\/funtana.com\/wp-content\/uploads\/2026\/04\/348638512_751212880345319_1639770601872886305_n-4-4-1-1.jpg\",\"url\":\"https:\/\/funtana.com\/hr\/event\/koncert-zupni-pjevacki-zbor-sv-bernardo\/\",\"eventAttendanceMode\":\"https:\/\/schema.org\/OfflineEventAttendanceMode\",\"eventStatus\":\"https:\/\/schema.org\/EventScheduled\",\"startDate\":\"2026-06-23T21:00:00+00:00\",\"endDate\":\"2026-06-23T23:00:00+00:00\",\"location\":{\"@type\":\"Place\",\"name\":\"Trg Sv. Bernarda\",\"description\":\"\",\"url\":\"https:\/\/funtana.com\/lokacija\/trg-sv-bernarda\/\",\"address\":{\"@type\":\"PostalAddress\",\"streetAddress\":\"Trg Sv. Bernarda\",\"addressLocality\":\"Funtana\",\"addressCountry\":\"Croatia (Local Name: Hrvatska)\"},\"geo\":{\"@type\":\"GeoCoordinates\",\"latitude\":45.173394,\"longitude\":13.6034259},\"telephone\":\"\",\"sameAs\":\"\"},\"organizer\":{\"@type\":\"Person\",\"name\":\"Turist board Funtana\",\"description\":\"\",\"url\":\"\",\"telephone\":\"+385 52 445 119\",\"email\":\"i&#110;&#102;o&#64;funt&#97;&#110;a&#46;&#99;om\",\"sameAs\":\"\"},\"performer\":\"Organization\"},{\"@context\":\"http:\/\/schema.org\",\"@type\":\"Event\",\"name\":\"Kino na pla\\u017ei\",\"description\":\"&lt;p&gt;Dragi ljubitelji filmskih ve\\u010deri na otvorenom, Do\\u0111ite i u\\u017eivajte u ovom \\u010darobnom filmskom iskustvu uz \\u0161um i miris mora. Udobno se smjestite i prepustite se \\u010daroliji filmske ve\\u010deri na otvorenom. [&hellip;]&lt;\/p&gt;\\\\n\",\"image\":\"https:\/\/funtana.com\/wp-content\/uploads\/2025\/05\/apimg-334-scaled-5-3.jpg\",\"url\":\"https:\/\/funtana.com\/hr\/event\/kino-na-plazi\/\",\"eventAttendanceMode\":\"https:\/\/schema.org\/OfflineEventAttendanceMode\",\"eventStatus\":\"https:\/\/schema.org\/EventScheduled\",\"startDate\":\"2026-06-24T21:15:00+00:00\",\"endDate\":\"2026-06-24T23:30:00+00:00\",\"location\":{\"@type\":\"Place\",\"name\":\"Pla\\u017ea Bernardina\",\"description\":\"\",\"url\":\"https:\/\/funtana.com\/hr\/lokacija\/plaza-bernardina\/\",\"address\":{\"@type\":\"PostalAddress\",\"streetAddress\":\"Pla\\u017ea Funtana\",\"addressLocality\":\"Funtana\",\"addressCountry\":\"Croatia (Local Name: Hrvatska)\"},\"geo\":{\"@type\":\"GeoCoordinates\",\"latitude\":45.1801341,\"longitude\":13.6041639},\"telephone\":\"\",\"sameAs\":\"\"},\"organizer\":{\"@type\":\"Person\",\"name\":\"Turist board Funtana\",\"description\":\"\",\"url\":\"\",\"telephone\":\"+385 52 445 119\",\"email\":\"i&#110;&#102;&#111;&#64;f&#117;n&#116;a&#110;a&#46;&#99;om\",\"sameAs\":\"\"},\"performer\":\"Organization\"},{\"@context\":\"http:\/\/schema.org\",\"@type\":\"Event\",\"name\":\"Ribarska fe\\u0161ta -NIGHT EXPRESS BAND &#038; OVERDRIVE BAND\",\"description\":\"&lt;p&gt;Gastronomska manifestacija\\u00a0uz zabavni program Tradicionalne su pu\\u010dke zabave s glazbom te nezaobilaznom kulinarskom ponudom morskih specijaliteta koje ribari pripremaju od dnevnog ulova i nude s vlastitih brodica. Odr\\u017eavaju se, u [&hellip;]&lt;\/p&gt;\\\\n\",\"image\":\"https:\/\/funtana.com\/wp-content\/uploads\/2024\/06\/ap-img-44-scaled.jpg\",\"url\":\"https:\/\/funtana.com\/hr\/event\/ribarska-festa-9\/\",\"eventAttendanceMode\":\"https:\/\/schema.org\/OfflineEventAttendanceMode\",\"eventStatus\":\"https:\/\/schema.org\/EventScheduled\",\"startDate\":\"2026-06-26T18:00:00+00:00\",\"endDate\":\"2026-06-27T01:00:00+00:00\",\"location\":{\"@type\":\"Place\",\"name\":\"Riva Funtana\",\"description\":\"&lt;p&gt;excerpt &lt;\/p&gt;\\\\n\",\"url\":\"https:\/\/funtana.com\/lokacija\/riva-funtana\/\",\"address\":{\"@type\":\"PostalAddress\",\"streetAddress\":\"Funtana, Ribarska\",\"addressLocality\":\"Funtana\",\"postalCode\":\"52452\",\"addressCountry\":\"Croatia (Local Name: Hrvatska)\"},\"geo\":{\"@type\":\"GeoCoordinates\",\"latitude\":45.178018,\"longitude\":13.598766},\"telephone\":\"\",\"sameAs\":\"\"},\"organizer\":{\"@type\":\"Person\",\"name\":\"Turist board Funtana\",\"description\":\"\",\"url\":\"\",\"telephone\":\"+385 52 445 119\",\"email\":\"&#105;&#110;&#102;o&#64;f&#117;&#110;ta&#110;a&#46;&#99;&#111;m\",\"sameAs\":\"\"},\"performer\":\"Organization\"},{\"@context\":\"http:\/\/schema.org\",\"@type\":\"Event\",\"name\":\"Koncert: KLAPA TERAN\",\"description\":\"\",\"image\":\"https:\/\/funtana.com\/wp-content\/uploads\/2026\/04\/apimg-039-2048x1365-1-1-1-1.jpg\",\"url\":\"https:\/\/funtana.com\/hr\/event\/koncert-klapa-teran\/\",\"eventAttendanceMode\":\"https:\/\/schema.org\/OfflineEventAttendanceMode\",\"eventStatus\":\"https:\/\/schema.org\/EventScheduled\",\"startDate\":\"2026-06-30T21:00:00+00:00\",\"endDate\":\"2026-06-30T23:00:00+00:00\",\"location\":{\"@type\":\"Place\",\"name\":\"Trg Sv. Bernarda\",\"description\":\"\",\"url\":\"https:\/\/funtana.com\/lokacija\/trg-sv-bernarda\/\",\"address\":{\"@type\":\"PostalAddress\",\"streetAddress\":\"Trg Sv. Bernarda\",\"addressLocality\":\"Funtana\",\"addressCountry\":\"Croatia (Local Name: Hrvatska)\"},\"geo\":{\"@type\":\"GeoCoordinates\",\"latitude\":45.173394,\"longitude\":13.6034259},\"telephone\":\"\",\"sameAs\":\"\"},\"organizer\":{\"@type\":\"Person\",\"name\":\"Turist board Funtana\",\"description\":\"\",\"url\":\"\",\"telephone\":\"+385 52 445 119\",\"email\":\"i&#110;&#102;o&#64;f&#117;&#110;t&#97;&#110;a&#46;com\",\"sameAs\":\"\"},\"performer\":\"Organization\"}]\r\n<\/script>\n\t\t\t<script data-js=\"tribe-events-view-data\" type=\"application\/json\">\n\t{\"slug\":\"widget-events-list\",\"prev_url\":\"\",\"next_url\":\"https:\\\/\\\/funtana.com\\\/hr\\\/?post_type=tribe_events&eventDisplay=widget-events-list&paged=2\",\"view_class\":\"Tribe\\\\Events\\\\Views\\\\V2\\\\Views\\\\Widgets\\\\Widget_List_View\",\"view_slug\":\"widget-events-list\",\"view_label\":\"View\",\"view\":null,\"should_manage_url\":true,\"id\":null,\"alias-slugs\":null,\"title\":\"Doga\\u0111aji za 30 travnja \\u2013 30 lipnja\",\"limit\":\"5\",\"no_upcoming_events\":true,\"featured_events_only\":false,\"jsonld_enable\":true,\"tribe_is_list_widget\":false,\"admin_fields\":{\"title\":{\"label\":\"Naslov:\",\"type\":\"text\",\"parent_classes\":\"\",\"classes\":\"\",\"dependency\":\"\",\"id\":\"widget-tribe-widget-events-list--1-title\",\"name\":\"widget-tribe-widget-events-list[-1][title]\",\"options\":[],\"placeholder\":\"\",\"value\":null},\"limit\":{\"label\":\"Poka\\u017ei:\",\"type\":\"number\",\"default\":5,\"min\":1,\"max\":10,\"step\":1,\"parent_classes\":\"\",\"classes\":\"\",\"dependency\":\"\",\"id\":\"widget-tribe-widget-events-list--1-limit\",\"name\":\"widget-tribe-widget-events-list[-1][limit]\",\"options\":[],\"placeholder\":\"\",\"value\":null},\"no_upcoming_events\":{\"label\":\"Sakrij ovaj widget ako nema nadolaze\\u0107ih doga\\u0111aja.\",\"type\":\"checkbox\",\"parent_classes\":\"\",\"classes\":\"\",\"dependency\":\"\",\"id\":\"widget-tribe-widget-events-list--1-no_upcoming_events\",\"name\":\"widget-tribe-widget-events-list[-1][no_upcoming_events]\",\"options\":[],\"placeholder\":\"\",\"value\":null},\"featured_events_only\":{\"label\":\"Ograni\\u010denje samo na istaknute doga\\u0111aje\",\"type\":\"checkbox\",\"parent_classes\":\"\",\"classes\":\"\",\"dependency\":\"\",\"id\":\"widget-tribe-widget-events-list--1-featured_events_only\",\"name\":\"widget-tribe-widget-events-list[-1][featured_events_only]\",\"options\":[],\"placeholder\":\"\",\"value\":null},\"jsonld_enable\":{\"label\":\"Generirajte JSON-LD podatke\",\"type\":\"checkbox\",\"parent_classes\":\"\",\"classes\":\"\",\"dependency\":\"\",\"id\":\"widget-tribe-widget-events-list--1-jsonld_enable\",\"name\":\"widget-tribe-widget-events-list[-1][jsonld_enable]\",\"options\":[],\"placeholder\":\"\",\"value\":null}},\"venue\":false,\"country\":false,\"street\":false,\"city\":false,\"region\":false,\"zip\":false,\"phone\":false,\"cost\":false,\"organizer\":false,\"website\":false,\"operand\":\"OR\",\"filters\":false,\"events\":[46583,46819,39892,46591,47180],\"url\":\"https:\\\/\\\/funtana.com\\\/hr\\\/?post_type=tribe_events&eventDisplay=widget-events-list\",\"url_event_date\":false,\"bar\":{\"keyword\":\"\",\"date\":\"\"},\"today\":\"2026-04-30 00:00:00\",\"now\":\"2026-04-30 02:53:21\",\"home_url\":\"https:\\\/\\\/funtana.com\\\/hr\\\/\",\"rest_url\":\"https:\\\/\\\/funtana.com\\\/hr\\\/wp-json\\\/tribe\\\/views\\\/v2\\\/html\",\"rest_method\":\"GET\",\"rest_nonce\":\"\",\"today_url\":\"https:\\\/\\\/funtana.com\\\/hr\\\/?post_type=tribe_events&eventDisplay=widget-events-list&rest_route=%2Fwp%2Fv2%2Fpages%2F25268\",\"today_title\":\"Kliknite za odabir dana\\u0161njeg datuma\",\"today_label\":\"Danas\",\"prev_label\":\"\",\"next_label\":\"\",\"date_formats\":{\"compact\":\"d.m.Y\",\"month_and_year_compact\":\"m.Y\",\"month_and_year\":\"F Y\",\"time_range_separator\":\" - \",\"date_time_separator\":\"; \"},\"messages\":[],\"start_of_week\":\"1\",\"header_title\":\"\",\"header_title_element\":\"h1\",\"content_title\":\"\",\"show_content_title\":false,\"breadcrumbs\":[],\"backlink\":false,\"before_events\":\"\",\"after_events\":\"\\n<!--\\nThis calendar is powered by The Events Calendar.\\nhttp:\\\/\\\/evnt.is\\\/18wn\\n-->\\n\",\"display_events_bar\":false,\"disable_event_search\":false,\"live_refresh\":true,\"ical\":{\"display_link\":true,\"link\":{\"url\":\"https:\\\/\\\/funtana.com\\\/hr\\\/?post_type=tribe_events&#038;eventDisplay=widget-events-list&#038;ical=1\",\"text\":\"Izvoz Doga\\u0111aji\",\"title\":\"Use this to share calendar data with Google Calendar, Apple iCal and other compatible apps\"}},\"container_classes\":[\"tribe-common\",\"tribe-events\",\"tribe-events-view\",\"tribe-events-view--widget-events-list\",\"tribe-events-widget\"],\"container_data\":[],\"is_past\":false,\"breakpoints\":{\"xsmall\":500,\"medium\":768,\"full\":960},\"breakpoint_pointer\":\"e326c52e-b463-4246-9146-7b66472b613f\",\"is_initial_load\":false,\"public_views\":{\"list\":{\"view_class\":\"Tribe\\\\Events\\\\Views\\\\V2\\\\Views\\\\List_View\",\"view_url\":\"https:\\\/\\\/funtana.com\\\/hr\\\/doga\\u0111aji\\\/popis\\\/\",\"view_label\":\"Popis\",\"aria_label\":\"Display Doga\\u0111aji in Popis View\"},\"month\":{\"view_class\":\"Tribe\\\\Events\\\\Views\\\\V2\\\\Views\\\\Month_View\",\"view_url\":\"https:\\\/\\\/funtana.com\\\/hr\\\/doga\\u0111aji\\\/mjesec\\\/\",\"view_label\":\"Mjesec\",\"aria_label\":\"Display Doga\\u0111aji in Mjesec View\"}},\"show_latest_past\":false,\"past\":false,\"category_colors_enabled\":false,\"category_colors_category_dropdown\":[],\"category_colors_super_power\":false,\"category_colors_show_reset_button\":false,\"compatibility_classes\":[\"tribe-compatibility-container\"],\"view_more_text\":\"Pogledaj kalendar\",\"view_more_title\":\"Prika\\u017ei vi\\u0161e doga\\u0111aji.\",\"view_more_link\":\"https:\\\/\\\/funtana.com\\\/hr\\\/doga\\u0111aji\\\/\",\"widget_title\":\"\",\"hide_if_no_upcoming_events\":true,\"display\":[],\"subscribe_links\":{\"gcal\":{\"label\":\"Dodaj u Google kalendar\",\"single_label\":\"Dodaj u Google kalendar\",\"visible\":true,\"block_slug\":\"hasGoogleCalendar\"},\"ical\":{\"label\":\"iCalendar\",\"single_label\":\"Add to iCalendar\",\"visible\":true,\"block_slug\":\"hasiCal\"},\"outlook-365\":{\"label\":\"Outlook 365\",\"single_label\":\"Outlook 365\",\"visible\":true,\"block_slug\":\"hasOutlook365\"},\"outlook-live\":{\"label\":\"Outlook Live\",\"single_label\":\"Outlook Live\",\"visible\":true,\"block_slug\":\"hasOutlookLive\"},\"ics\":{\"label\":\"Export .ics file\",\"single_label\":\"Export .ics file\",\"visible\":true,\"block_slug\":null},\"outlook-ics\":{\"label\":\"Export Outlook .ics file\",\"single_label\":\"Export Outlook .ics file\",\"visible\":true,\"block_slug\":null}},\"_context\":{\"slug\":\"widget-events-list\"}}<\/script>\n\n\t\t\t\n\t\t\t\n\t\t\t\t<div class=\"tribe-events-widget-events-list__events\">\n\t\t\t\t\t\t\t\t\t\t\t<div  class=\"tribe-common-g-row tribe-events-widget-events-list__event-row\" >\n\n\t<div class=\"tribe-events-widget-events-list__event-date-tag tribe-common-g-col\">\n\t<time class=\"tribe-events-widget-events-list__event-date-tag-datetime\" datetime=\"2026-06-05\">\n\t\t<span class=\"tribe-events-widget-events-list__event-date-tag-month\">\n\t\t\tlip\t\t<\/span>\n\t\t<span class=\"tribe-events-widget-events-list__event-date-tag-daynum tribe-common-h2 tribe-common-h4--min-medium\">\n\t\t\t5\t\t<\/span>\n\t<\/time>\n<\/div>\n\n\t<div class=\"tribe-events-widget-events-list__event-wrapper tribe-common-g-col\">\n\t\t<article  class=\"tribe-events-widget-events-list__event post-46583 tribe_events type-tribe_events status-publish has-post-thumbnail hentry tribe_events_cat-fishermans-feast-hr\" >\n\t\t\t<div class=\"tribe-events-widget-events-list__event-details\">\n\n\t\t\t\t<header class=\"tribe-events-widget-events-list__event-header\">\n\t\t\t\t\t<div class=\"tribe-events-widget-events-list__event-datetime-wrapper tribe-common-b2 tribe-common-b3--min-medium\">\n\t\t<time class=\"tribe-events-widget-events-list__event-datetime\" datetime=\"2026-06-05\">\n\t\t<span class=\"tribe-event-date-start\">5 lipnja; 18:00<\/span> &#8211; <span class=\"tribe-event-date-end\">6 lipnja; 1:00<\/span> <span class='timezone'> UTC+0 <\/span>\t<\/time>\n\t<\/div>\n\t\t\t\t\t<h3 class=\"tribe-events-widget-events-list__event-title tribe-common-h7\">\n\t<a\n\t\thref=\"https:\/\/funtana.com\/hr\/event\/ribarska-festa-8\/\"\n\t\ttitle=\"Ribarska fe\u0161ta &#8211; LE MONDE BAND &#038; ALFA TIME BAND\"\n\t\trel=\"bookmark\"\n\t\tclass=\"tribe-events-widget-events-list__event-title-link tribe-common-anchor-thin\"\n\t>\n\t\tRibarska fe\u0161ta &#8211; LE MONDE BAND &#038; ALFA TIME BAND\t<\/a>\n<\/h3>\n\t\t\t\t<\/header>\n\n\t\t\t\t\n\t\t\t<\/div>\n\t\t<\/article>\n\t<\/div>\n\n<\/div>\n\t\t\t\t\t\t\t\t\t\t\t<div  class=\"tribe-common-g-row tribe-events-widget-events-list__event-row\" >\n\n\t<div class=\"tribe-events-widget-events-list__event-date-tag tribe-common-g-col\">\n\t<time class=\"tribe-events-widget-events-list__event-date-tag-datetime\" datetime=\"2026-06-23\">\n\t\t<span class=\"tribe-events-widget-events-list__event-date-tag-month\">\n\t\t\tlip\t\t<\/span>\n\t\t<span class=\"tribe-events-widget-events-list__event-date-tag-daynum tribe-common-h2 tribe-common-h4--min-medium\">\n\t\t\t23\t\t<\/span>\n\t<\/time>\n<\/div>\n\n\t<div class=\"tribe-events-widget-events-list__event-wrapper tribe-common-g-col\">\n\t\t<article  class=\"tribe-events-widget-events-list__event post-46819 tribe_events type-tribe_events status-publish has-post-thumbnail hentry\" >\n\t\t\t<div class=\"tribe-events-widget-events-list__event-details\">\n\n\t\t\t\t<header class=\"tribe-events-widget-events-list__event-header\">\n\t\t\t\t\t<div class=\"tribe-events-widget-events-list__event-datetime-wrapper tribe-common-b2 tribe-common-b3--min-medium\">\n\t\t<time class=\"tribe-events-widget-events-list__event-datetime\" datetime=\"2026-06-23\">\n\t\t<span class=\"tribe-event-date-start\">21:00<\/span> &#8211; <span class=\"tribe-event-time\">23:00<\/span> <span class='timezone'> UTC+0 <\/span>\t<\/time>\n\t<\/div>\n\t\t\t\t\t<h3 class=\"tribe-events-widget-events-list__event-title tribe-common-h7\">\n\t<a\n\t\thref=\"https:\/\/funtana.com\/hr\/event\/koncert-zupni-pjevacki-zbor-sv-bernardo\/\"\n\t\ttitle=\"Koncert: Gordan Gregurovi\u0107 Trio\"\n\t\trel=\"bookmark\"\n\t\tclass=\"tribe-events-widget-events-list__event-title-link tribe-common-anchor-thin\"\n\t>\n\t\tKoncert: Gordan Gregurovi\u0107 Trio\t<\/a>\n<\/h3>\n\t\t\t\t<\/header>\n\n\t\t\t\t\n\t\t\t<\/div>\n\t\t<\/article>\n\t<\/div>\n\n<\/div>\n\t\t\t\t\t\t\t\t\t\t\t<div  class=\"tribe-common-g-row tribe-events-widget-events-list__event-row\" >\n\n\t<div class=\"tribe-events-widget-events-list__event-date-tag tribe-common-g-col\">\n\t<time class=\"tribe-events-widget-events-list__event-date-tag-datetime\" datetime=\"2026-06-24\">\n\t\t<span class=\"tribe-events-widget-events-list__event-date-tag-month\">\n\t\t\tlip\t\t<\/span>\n\t\t<span class=\"tribe-events-widget-events-list__event-date-tag-daynum tribe-common-h2 tribe-common-h4--min-medium\">\n\t\t\t24\t\t<\/span>\n\t<\/time>\n<\/div>\n\n\t<div class=\"tribe-events-widget-events-list__event-wrapper tribe-common-g-col\">\n\t\t<article  class=\"tribe-events-widget-events-list__event post-39892 tribe_events type-tribe_events status-publish has-post-thumbnail hentry\" >\n\t\t\t<div class=\"tribe-events-widget-events-list__event-details\">\n\n\t\t\t\t<header class=\"tribe-events-widget-events-list__event-header\">\n\t\t\t\t\t<div class=\"tribe-events-widget-events-list__event-datetime-wrapper tribe-common-b2 tribe-common-b3--min-medium\">\n\t\t<time class=\"tribe-events-widget-events-list__event-datetime\" datetime=\"2026-06-24\">\n\t\t<span class=\"tribe-event-date-start\">21:15<\/span> &#8211; <span class=\"tribe-event-time\">23:30<\/span> <span class='timezone'> UTC+0 <\/span>\t<\/time>\n\t<\/div>\n\t\t\t\t\t<h3 class=\"tribe-events-widget-events-list__event-title tribe-common-h7\">\n\t<a\n\t\thref=\"https:\/\/funtana.com\/hr\/event\/kino-na-plazi\/\"\n\t\ttitle=\"Kino na pla\u017ei\"\n\t\trel=\"bookmark\"\n\t\tclass=\"tribe-events-widget-events-list__event-title-link tribe-common-anchor-thin\"\n\t>\n\t\tKino na pla\u017ei\t<\/a>\n<\/h3>\n\t\t\t\t<\/header>\n\n\t\t\t\t\n\t\t\t<\/div>\n\t\t<\/article>\n\t<\/div>\n\n<\/div>\n\t\t\t\t\t\t\t\t\t\t\t<div  class=\"tribe-common-g-row tribe-events-widget-events-list__event-row\" >\n\n\t<div class=\"tribe-events-widget-events-list__event-date-tag tribe-common-g-col\">\n\t<time class=\"tribe-events-widget-events-list__event-date-tag-datetime\" datetime=\"2026-06-26\">\n\t\t<span class=\"tribe-events-widget-events-list__event-date-tag-month\">\n\t\t\tlip\t\t<\/span>\n\t\t<span class=\"tribe-events-widget-events-list__event-date-tag-daynum tribe-common-h2 tribe-common-h4--min-medium\">\n\t\t\t26\t\t<\/span>\n\t<\/time>\n<\/div>\n\n\t<div class=\"tribe-events-widget-events-list__event-wrapper tribe-common-g-col\">\n\t\t<article  class=\"tribe-events-widget-events-list__event post-46591 tribe_events type-tribe_events status-publish has-post-thumbnail hentry tribe_events_cat-fishermans-feast-hr\" >\n\t\t\t<div class=\"tribe-events-widget-events-list__event-details\">\n\n\t\t\t\t<header class=\"tribe-events-widget-events-list__event-header\">\n\t\t\t\t\t<div class=\"tribe-events-widget-events-list__event-datetime-wrapper tribe-common-b2 tribe-common-b3--min-medium\">\n\t\t<time class=\"tribe-events-widget-events-list__event-datetime\" datetime=\"2026-06-26\">\n\t\t<span class=\"tribe-event-date-start\">26 lipnja; 18:00<\/span> &#8211; <span class=\"tribe-event-date-end\">27 lipnja; 1:00<\/span> <span class='timezone'> UTC+0 <\/span>\t<\/time>\n\t<\/div>\n\t\t\t\t\t<h3 class=\"tribe-events-widget-events-list__event-title tribe-common-h7\">\n\t<a\n\t\thref=\"https:\/\/funtana.com\/hr\/event\/ribarska-festa-9\/\"\n\t\ttitle=\"Ribarska fe\u0161ta -NIGHT EXPRESS BAND &#038; OVERDRIVE BAND\"\n\t\trel=\"bookmark\"\n\t\tclass=\"tribe-events-widget-events-list__event-title-link tribe-common-anchor-thin\"\n\t>\n\t\tRibarska fe\u0161ta -NIGHT EXPRESS BAND &#038; OVERDRIVE BAND\t<\/a>\n<\/h3>\n\t\t\t\t<\/header>\n\n\t\t\t\t\n\t\t\t<\/div>\n\t\t<\/article>\n\t<\/div>\n\n<\/div>\n\t\t\t\t\t\t\t\t\t\t\t<div  class=\"tribe-common-g-row tribe-events-widget-events-list__event-row\" >\n\n\t<div class=\"tribe-events-widget-events-list__event-date-tag tribe-common-g-col\">\n\t<time class=\"tribe-events-widget-events-list__event-date-tag-datetime\" datetime=\"2026-06-30\">\n\t\t<span class=\"tribe-events-widget-events-list__event-date-tag-month\">\n\t\t\tlip\t\t<\/span>\n\t\t<span class=\"tribe-events-widget-events-list__event-date-tag-daynum tribe-common-h2 tribe-common-h4--min-medium\">\n\t\t\t30\t\t<\/span>\n\t<\/time>\n<\/div>\n\n\t<div class=\"tribe-events-widget-events-list__event-wrapper tribe-common-g-col\">\n\t\t<article  class=\"tribe-events-widget-events-list__event post-47180 tribe_events type-tribe_events status-publish has-post-thumbnail hentry\" >\n\t\t\t<div class=\"tribe-events-widget-events-list__event-details\">\n\n\t\t\t\t<header class=\"tribe-events-widget-events-list__event-header\">\n\t\t\t\t\t<div class=\"tribe-events-widget-events-list__event-datetime-wrapper tribe-common-b2 tribe-common-b3--min-medium\">\n\t\t<time class=\"tribe-events-widget-events-list__event-datetime\" datetime=\"2026-06-30\">\n\t\t<span class=\"tribe-event-date-start\">21:00<\/span> &#8211; <span class=\"tribe-event-time\">23:00<\/span> <span class='timezone'> UTC+0 <\/span>\t<\/time>\n\t<\/div>\n\t\t\t\t\t<h3 class=\"tribe-events-widget-events-list__event-title tribe-common-h7\">\n\t<a\n\t\thref=\"https:\/\/funtana.com\/hr\/event\/koncert-klapa-teran\/\"\n\t\ttitle=\"Koncert: KLAPA TERAN\"\n\t\trel=\"bookmark\"\n\t\tclass=\"tribe-events-widget-events-list__event-title-link tribe-common-anchor-thin\"\n\t>\n\t\tKoncert: KLAPA TERAN\t<\/a>\n<\/h3>\n\t\t\t\t<\/header>\n\n\t\t\t\t\n\t\t\t<\/div>\n\t\t<\/article>\n\t<\/div>\n\n<\/div>\n\t\t\t\t\t\t\t\t\t<\/div>\n\n\t\t\t\t<div class=\"tribe-events-widget-events-list__view-more tribe-common-b1 tribe-common-b2--min-medium\">\n\t<a\n\t\thref=\"https:\/\/funtana.com\/hr\/doga\u0111aji\/\"\n\t\tclass=\"tribe-events-widget-events-list__view-more-link tribe-common-anchor-thin\"\n\t\ttitle=\"Prika\u017ei vi\u0161e doga\u0111aji.\"\n\t>\n\t\tPogledaj kalendar\t<\/a>\n<\/div>\n\n\t\t\t\t\t<\/div>\n\t<\/div>\n<\/div>\n<script data-js='tribe-events-view-nonce-data' type='application\/json'>{\"tvn1\":\"718eaa883d\",\"tvn2\":\"\"}<\/script>\n<\/div><\/div>\n\n\n\n<div class=\"wp-block-citadela-blocks-spacer citadela-block-spacer responsive-options loading hide-in-responsive\" data-block-attr=\"{&quot;desktop&quot;:{&quot;height&quot;:&quot;20px&quot;},&quot;mobile&quot;:{&quot;height&quot;:&quot;0px&quot;}}\" data-block-mobile-breakpoint=\"600\"><div class=\"inner-holder\" style=\"padding-top:20px\"><\/div><\/div>\n\n\n\n<div class=\"wp-block-citadela-blocks-custom-container citadela-block-custom-container responsive-options loading-image size-wide bg-type-image inside-space-none bg-size-auto has-overlay\" data-block-attr=\"{&quot;position&quot;:&quot;62% 46%&quot;}\" data-block-mobile-breakpoint=\"600\"><div class=\"bg-image-wrapper\" style=\"background-image:url(https:\/\/funtana.com\/wp-content\/uploads\/2024\/06\/FUNTANA-2021-00031.jpg);background-repeat:no-repeat;background-position:51% 43%\"><\/div><div class=\"bg-image-overlay\" style=\"background-color:#fefefe;opacity:0.5\"><\/div><div class=\"inner-holder\">\n<div class=\"wp-block-citadela-blocks-spacer citadela-block-spacer\"><div class=\"inner-holder\" style=\"padding-top:6.5vw\"><\/div><\/div>\n\n\n\n<div class=\"wp-block-columns alignwide is-layout-flex wp-container-core-columns-is-layout-9d6595d7 wp-block-columns-is-layout-flex\">\n<div class=\"wp-block-column is-vertically-aligned-top has-background is-layout-flow wp-block-column-is-layout-flow\" style=\"background-color:#ffffff78\">\n<p class=\"has-text-color\" style=\"color:#f15352;font-size:14px\"><strong>SMJE\u0160TAJ<\/strong><\/p>\n\n\n\n<div class=\"wp-block-citadela-blocks-spacer citadela-block-spacer negative-height\"><div class=\"inner-holder\" style=\"margin-top:-15px\"><\/div><\/div>\n\n\n         <div \r\n            class=\"citadela-block-responsive-text align-left\"\r\n                                 >\r\n            <h3 class=\"inner-tag\" style=\"font-size: 36px;\"><strong>Planirajte va\u0161 boravak<\/strong><\/h3>         <\/div>\r\n      \n\n\n<p>Na atraktivnoj i razvedenoj obali koja se prostire od Zelene lagune tik do Pore\u010da pa sve do Valkanele nadomak Vrsara turizam je naprosto idealna djelatnost.<\/p>\n\n\n\n<hr class=\"wp-block-separator has-css-opacity is-style-wide\"\/>\n\n\n\n<div class=\"wp-block-buttons is-layout-flex wp-block-buttons-is-layout-flex\">\n<div class=\"wp-block-button is-style-fill\"><a class=\"wp-block-button__link has-vivid-cyan-blue-background-color has-background wp-element-button\" href=\"https:\/\/funtana.com\/hr\/smjestaj-u-funtani\/\" style=\"border-radius:61px\">Prona\u0111i smje\u0161taj<\/a><\/div>\n<\/div>\n\n\n\n<div class=\"wp-block-citadela-blocks-spacer citadela-block-spacer\"><div class=\"inner-holder\" style=\"padding-top:1em\"><\/div><\/div>\n<\/div>\n\n\n\n<div class=\"wp-block-column is-layout-flow wp-block-column-is-layout-flow\"><\/div>\n<\/div>\n\n\n\n<div class=\"wp-block-citadela-blocks-spacer citadela-block-spacer\"><div class=\"inner-holder\" style=\"padding-top:450px\"><\/div><\/div>\n\n\n\n<div class=\"wp-block-columns alignwide is-layout-flex wp-container-core-columns-is-layout-9d6595d7 wp-block-columns-is-layout-flex\">\n<div class=\"wp-block-column is-layout-flow wp-block-column-is-layout-flow\"><\/div>\n<\/div>\n\n\n\n<div class=\"wp-block-citadela-blocks-spacer citadela-block-spacer negative-height\"><div class=\"inner-holder\" style=\"margin-top:-30px\"><\/div><\/div>\n<\/div><\/div>\n\n\n         <div \r\n            class=\"citadela-block-responsive-text align-left\"\r\n                                 >\r\n            <h3 class=\"inner-tag\" style=\"font-family:'Kalam'; color: #209cef;\"><strong>Bro\u0161ure, Video&#8230;.<\/strong><\/h3>         <\/div>\r\n      \n\n        \r\n        <div class=\"wp-block-citadela-blocks ctdl-posts layout-box size-medium grid-type-1 border-none show-item-featured-image show-item-description show-item-categories\">\r\n            \r\n<div class=\"citadela-block-articles\">\r\n    <div class=\"citadela-block-articles-wrap\">\r\n\r\n        \r\n<article class=\"citadela-directory-item has-thumbnail has-description has-categories\" style=\"\"\">\r\n\r\n\t<div class=\"item-content\" style=\"\"\">\r\n\t\t\t\t<div class=\"item-thumbnail\">\r\n\t\t\t\t\t\t<a href=\"https:\/\/funtana.com\/hr\/funtana-videos\/\"><img decoding=\"async\" src=\"https:\/\/funtana.com\/wp-content\/uploads\/2024\/06\/FUNTANA-25-640x480.jpg\" class=\"item-image\" alt=\"Funtana-video&#8217;s\"><\/a>\r\n\t\t<\/div>\r\n\t\t\r\n\t\t<div class=\"item-body\">\r\n\t\t\t<div class=\"item-title\">\r\n\t\t\t\t\t\t\t\t<a href=\"https:\/\/funtana.com\/hr\/funtana-videos\/\">\r\n\t\t\t\t\t<div class=\"item-title-wrap\">\r\n\t\t\t\t\t\t<div class=\"post-title\">\r\n\t\t\t\t\t\t\tFuntana-video&#039;s\t\t\t\t\t\t<\/div>\r\n\t\t\t\t\t<\/div>\r\n\t\t\t\t<\/a>\r\n\t\t\t\t\t\t\t<\/div>\r\n\t\t\t\t\t\t<div class=\"item-text\">\r\n\t\t\t\t<div class=\"item-description\">\r\n\t\t\t\t\t<p>\r\n\t\t\t\t\t\t\t\t\t\t\t\tDa slika govori vi\u0161e od tisu\u0107u rije\u010di uvjerite se u sadr\u017eajnoj galeriji video snimaka Funtane, zavirite u sve njene skrovite kutke i upoznajte njene prirodne ljepote. Funtana (336 MB) &nbsp; Kampovi (298 MB) &nbsp; Gastro- ponuda (360 MB) &nbsp; sportske aktivnosti (347 MB) &nbsp; Tradicija ribarstva (1,6 gB) \u00a0\t\t\t\t\t<\/p>\r\n\t\t\t\t\t<a href=\"https:\/\/funtana.com\/hr\/funtana-videos\/\" class=\"more\">Vidi vi\u0161e<\/a>\r\n\t\t\t\t<\/div>\r\n\t\t\t<\/div>\r\n\t\t\t\t\t\t<div class=\"item-footer\" style=\"\"\">\r\n\t\t\t\t\t\t\t\t\t\t\t\t<div class=\"item-data categories\" style=\"\"\">\r\n\t\t\t\t\t<span class=\"label\">Kategorije<\/span>\r\n\t\t\t\t\t<span class=\"values\">\r\n\t\t\t\t\t\t\t\t\t\t\t\t<a href=\"https:\/\/funtana.com\/hr\/category\/o-nama\/brosure\/\" class=\"value\" style=\"\"\">Bro\u0161ure<\/a>\r\n\t\t\t\t\t\t\t\t\t\t\t<\/span>\r\n\t\t\t\t<\/div>\r\n\t\t\t\t\t\t\t<\/div>\r\n\t\t<\/div>\r\n\t<\/div>\r\n\r\n<\/article>\r\n\r\n<article class=\"citadela-directory-item has-thumbnail has-description has-categories\" style=\"\"\">\r\n\r\n\t<div class=\"item-content\" style=\"\"\">\r\n\t\t\t\t<div class=\"item-thumbnail\">\r\n\t\t\t\t\t\t<a href=\"https:\/\/funtana.com\/hr\/funtana-mape-za-bicikliste-i-mtb\/\"><img decoding=\"async\" src=\"https:\/\/funtana.com\/wp-content\/uploads\/2023\/09\/sl_0709151556071-640x480.jpg\" class=\"item-image\" alt=\"Funtana &#8211; mape za bicikliste i MTB\"><\/a>\r\n\t\t<\/div>\r\n\t\t\r\n\t\t<div class=\"item-body\">\r\n\t\t\t<div class=\"item-title\">\r\n\t\t\t\t\t\t\t\t<a href=\"https:\/\/funtana.com\/hr\/funtana-mape-za-bicikliste-i-mtb\/\">\r\n\t\t\t\t\t<div class=\"item-title-wrap\">\r\n\t\t\t\t\t\t<div class=\"post-title\">\r\n\t\t\t\t\t\t\tFuntana &#8211; mape za bicikliste i MTB\t\t\t\t\t\t<\/div>\r\n\t\t\t\t\t<\/div>\r\n\t\t\t\t<\/a>\r\n\t\t\t\t\t\t\t<\/div>\r\n\t\t\t\t\t\t<div class=\"item-text\">\r\n\t\t\t\t<div class=\"item-description\">\r\n\t\t\t\t\t<p>\r\n\t\t\t\t\t\t\t\t\t\t\t\tIstra Bike &#8211; Pore\u010d Riviera mape za rekreativce i obiltelji &nbsp; Istra Bike &#8211; Pore\u010d Riviera biciklisti\u010dka karta \u00a0 Istra Bike &#8211; Pore\u010d Riviera cestovna biciklisti\u010dka karta \u00a0\t\t\t\t\t<\/p>\r\n\t\t\t\t\t<a href=\"https:\/\/funtana.com\/hr\/funtana-mape-za-bicikliste-i-mtb\/\" class=\"more\">Vidi vi\u0161e<\/a>\r\n\t\t\t\t<\/div>\r\n\t\t\t<\/div>\r\n\t\t\t\t\t\t<div class=\"item-footer\" style=\"\"\">\r\n\t\t\t\t\t\t\t\t\t\t\t\t<div class=\"item-data categories\" style=\"\"\">\r\n\t\t\t\t\t<span class=\"label\">Kategorije<\/span>\r\n\t\t\t\t\t<span class=\"values\">\r\n\t\t\t\t\t\t\t\t\t\t\t\t<a href=\"https:\/\/funtana.com\/hr\/category\/o-nama\/brosure\/\" class=\"value\" style=\"\"\">Bro\u0161ure<\/a>\r\n\t\t\t\t\t\t\t\t\t\t\t<\/span>\r\n\t\t\t\t<\/div>\r\n\t\t\t\t\t\t\t<\/div>\r\n\t\t<\/div>\r\n\t<\/div>\r\n\r\n<\/article>\r\n\r\n<article class=\"citadela-directory-item has-thumbnail has-description has-categories\" style=\"\"\">\r\n\r\n\t<div class=\"item-content\" style=\"\"\">\r\n\t\t\t\t<div class=\"item-thumbnail\">\r\n\t\t\t\t\t\t<a href=\"https:\/\/funtana.com\/hr\/funtana-na-izvorima-prijateljstva\/\"><img decoding=\"async\" src=\"https:\/\/funtana.com\/wp-content\/uploads\/2024\/06\/2024-06-09_13h27_28-1-640x480.jpg\" class=\"item-image\" alt=\"Funtana &#8211; na izvorima prijateljstva\"><\/a>\r\n\t\t<\/div>\r\n\t\t\r\n\t\t<div class=\"item-body\">\r\n\t\t\t<div class=\"item-title\">\r\n\t\t\t\t\t\t\t\t<a href=\"https:\/\/funtana.com\/hr\/funtana-na-izvorima-prijateljstva\/\">\r\n\t\t\t\t\t<div class=\"item-title-wrap\">\r\n\t\t\t\t\t\t<div class=\"post-title\">\r\n\t\t\t\t\t\t\tFuntana &#8211; na izvorima prijateljstva\t\t\t\t\t\t<\/div>\r\n\t\t\t\t\t<\/div>\r\n\t\t\t\t<\/a>\r\n\t\t\t\t\t\t\t<\/div>\r\n\t\t\t\t\t\t<div class=\"item-text\">\r\n\t\t\t\t<div class=\"item-description\">\r\n\t\t\t\t\t<p>\r\n\t\t\t\t\t\t\t\t\t\t\t\tFUNTANA &#8211; na izvorima prijateljstva\t\t\t\t\t<\/p>\r\n\t\t\t\t\t<a href=\"https:\/\/funtana.com\/hr\/funtana-na-izvorima-prijateljstva\/\" class=\"more\">Vidi vi\u0161e<\/a>\r\n\t\t\t\t<\/div>\r\n\t\t\t<\/div>\r\n\t\t\t\t\t\t<div class=\"item-footer\" style=\"\"\">\r\n\t\t\t\t\t\t\t\t\t\t\t\t<div class=\"item-data categories\" style=\"\"\">\r\n\t\t\t\t\t<span class=\"label\">Kategorije<\/span>\r\n\t\t\t\t\t<span class=\"values\">\r\n\t\t\t\t\t\t\t\t\t\t\t\t<a href=\"https:\/\/funtana.com\/hr\/category\/o-nama\/brosure\/\" class=\"value\" style=\"\"\">Bro\u0161ure<\/a>\r\n\t\t\t\t\t\t\t\t\t\t\t<\/span>\r\n\t\t\t\t<\/div>\r\n\t\t\t\t\t\t\t<\/div>\r\n\t\t<\/div>\r\n\t<\/div>\r\n\r\n<\/article>\r\n\r\n<article class=\"citadela-directory-item has-thumbnail has-description has-categories\" style=\"\"\">\r\n\r\n\t<div class=\"item-content\" style=\"\"\">\r\n\t\t\t\t<div class=\"item-thumbnail\">\r\n\t\t\t\t\t\t<a href=\"https:\/\/funtana.com\/hr\/info-funtana\/\"><img decoding=\"async\" src=\"https:\/\/funtana.com\/wp-content\/uploads\/2024\/05\/2024-05-24_10h38_29-1-640x480.jpg\" class=\"item-image\" alt=\"Info Funtana\"><\/a>\r\n\t\t<\/div>\r\n\t\t\r\n\t\t<div class=\"item-body\">\r\n\t\t\t<div class=\"item-title\">\r\n\t\t\t\t\t\t\t\t<a href=\"https:\/\/funtana.com\/hr\/info-funtana\/\">\r\n\t\t\t\t\t<div class=\"item-title-wrap\">\r\n\t\t\t\t\t\t<div class=\"post-title\">\r\n\t\t\t\t\t\t\tInfo Funtana\t\t\t\t\t\t<\/div>\r\n\t\t\t\t\t<\/div>\r\n\t\t\t\t<\/a>\r\n\t\t\t\t\t\t\t<\/div>\r\n\t\t\t\t\t\t<div class=\"item-text\">\r\n\t\t\t\t<div class=\"item-description\">\r\n\t\t\t\t\t<p>\r\n\t\t\t\t\t\t\t\t\t\t\t\tFUNTANA &#8211; informator U ovoj publikaciji na\u0107i \u0107ete osnovne informacije o povijesti i sada\u0161njosti Funtane, kulturnoj ba\u0161tini, ponudi smje\u0161taja, sportu i rekreaciji, zabavi, gastroponudi i svemu \u0161to Vam mo\u017ee poslu\u017eiti za bezbri\u017eno ljetovanje. \u017delimo Vam ugodan boravak i odmor na izvorima prijateljstva! FUNTANA &#8211; info-mapa \u00a0\t\t\t\t\t<\/p>\r\n\t\t\t\t\t<a href=\"https:\/\/funtana.com\/hr\/info-funtana\/\" class=\"more\">Vidi vi\u0161e<\/a>\r\n\t\t\t\t<\/div>\r\n\t\t\t<\/div>\r\n\t\t\t\t\t\t<div class=\"item-footer\" style=\"\"\">\r\n\t\t\t\t\t\t\t\t\t\t\t\t<div class=\"item-data categories\" style=\"\"\">\r\n\t\t\t\t\t<span class=\"label\">Kategorije<\/span>\r\n\t\t\t\t\t<span class=\"values\">\r\n\t\t\t\t\t\t\t\t\t\t\t\t<a href=\"https:\/\/funtana.com\/hr\/category\/o-nama\/brosure\/\" class=\"value\" style=\"\"\">Bro\u0161ure<\/a>\r\n\t\t\t\t\t\t\t\t\t\t\t<\/span>\r\n\t\t\t\t<\/div>\r\n\t\t\t\t\t\t\t<\/div>\r\n\t\t<\/div>\r\n\t<\/div>\r\n\r\n<\/article>\r\n\r\n    <\/div>\r\n<\/div>        <\/div>\r\n        \r\n        \n\n\n<div class=\"wp-block-group alignwide\"><div class=\"wp-block-group__inner-container is-layout-flow wp-block-group-is-layout-flow\"><\/div><\/div>\n\n\n\n<div class=\"wp-block-citadela-blocks-spacer citadela-block-spacer\"><div class=\"inner-holder\" style=\"padding-top:20px\"><\/div><\/div>\n\n\n\n<div class=\"wp-block-citadela-blocks-custom-container citadela-block-custom-container size-content bg-type-none inside-space-none\"><div class=\"inner-holder\"><\/div><\/div>\n","protected":false},"excerpt":{"rendered":"<p>Funtana \u2013 popularna turisti\u010dka destinacija blagoslovljena blagom klimom i \u010distim morem, sa sezonom kupanja od svibnja do listopada, tek je nekoliko sati vo\u017enje udaljena od svih va\u017enijih europskih prijestolnica. Na [&hellip;]<\/p>\n","protected":false},"author":1,"featured_media":0,"parent":0,"menu_order":0,"comment_status":"closed","ping_status":"closed","template":"","meta":{"loftloader_page_shortcode":"","_citadela_hide_page_title":"1","_citadela_remove_header_space":"1","_citadela_custom_class":"","_citadela_half_map_provider":"","_citadela_half_map_theme":"","_citadela_half_map_themeOSM":"","_citadela_half_map_customTheme":"","_citadela_half_map_dataType":"","_citadela_half_map_dynamicTrack":false,"_citadela_half_map_trackColor":"","_citadela_half_map_trackEndpointsColor":"","_citadela_half_map_filterCategory":"","_citadela_half_map_filterLocation":"","_citadela_half_map_filterFeatured":false,"_citadela_half_map_noDataBehavior":"empty-map","_citadela_half_map_noDataText":"","_citadela_half_map_clusterGridSize":80,"_citadela_header":true,"_citadela_header_over_content":true,"_citadela_header_text_color":"","_citadela_header_logo":[],"_citadela_header_bg_image":[],"_citadela_header_bg_position":{"x":0.5,"y":0.5},"_citadela_header_bg_size":"cover","_citadela_header_bg_repeat":"no-repeat","_citadela_header_bg_fixed":false,"_citadela_header_bg_color":"","_citadela_header_bg_image_overlay":"","_citadela_header_transparent_bg":true,"_citadela_content_width":"full","_citadela_half_layout_position":"","footnotes":""},"class_list":["post-25268","page","type-page","status-publish","hentry"],"yoast_head":"<!-- This site is optimized with the Yoast SEO plugin v27.5 - https:\/\/yoast.com\/product\/yoast-seo-wordpress\/ -->\n<title>Funtana, Istra - slu\u017ebena stranica turisti\u010dke zajednice Funtana - Funtana turisti\u010dka zajednica<\/title>\n<meta name=\"robots\" content=\"index, follow, max-snippet:-1, max-image-preview:large, max-video-preview:-1\" \/>\n<link rel=\"canonical\" href=\"https:\/\/funtana.com\/hr\/\" \/>\n<meta property=\"og:locale\" content=\"hr_HR\" \/>\n<meta property=\"og:type\" content=\"article\" \/>\n<meta property=\"og:title\" content=\"Funtana, Istra - slu\u017ebena stranica turisti\u010dke zajednice Funtana - Funtana turisti\u010dka zajednica\" \/>\n<meta property=\"og:description\" content=\"Funtana \u2013 popularna turisti\u010dka destinacija blagoslovljena blagom klimom i \u010distim morem, sa sezonom kupanja od svibnja do listopada, tek je nekoliko sati vo\u017enje udaljena od svih va\u017enijih europskih prijestolnica. Na [&hellip;]\" \/>\n<meta property=\"og:url\" content=\"https:\/\/funtana.com\/hr\/\" \/>\n<meta property=\"article:publisher\" content=\"https:\/\/www.facebook.com\/funtanaistria\" \/>\n<meta property=\"article:modified_time\" content=\"2024-07-19T10:06:40+00:00\" \/>\n<meta property=\"og:image\" content=\"https:\/\/funtana.com\/wp-content\/uploads\/2024\/01\/FUNTANA-202101028-1024x767.jpg\" \/>\n<meta name=\"twitter:card\" content=\"summary_large_image\" \/>\n<meta name=\"twitter:label1\" content=\"Procijenjeno vrijeme \u010ditanja\" \/>\n\t<meta name=\"twitter:data1\" content=\"2 minute\" \/>\n<script type=\"application\/ld+json\" class=\"yoast-schema-graph\">{\"@context\":\"https:\\\/\\\/schema.org\",\"@graph\":[{\"@type\":\"WebPage\",\"@id\":\"https:\\\/\\\/funtana.com\\\/hr\\\/\",\"url\":\"https:\\\/\\\/funtana.com\\\/hr\\\/\",\"name\":\"Funtana, Istra - slu\u017ebena stranica turisti\u010dke zajednice Funtana - Funtana turisti\u010dka zajednica\",\"isPartOf\":{\"@id\":\"https:\\\/\\\/funtana.com\\\/hr\\\/#website\"},\"primaryImageOfPage\":{\"@id\":\"https:\\\/\\\/funtana.com\\\/hr\\\/#primaryimage\"},\"image\":{\"@id\":\"https:\\\/\\\/funtana.com\\\/hr\\\/#primaryimage\"},\"thumbnailUrl\":\"https:\\\/\\\/funtana.com\\\/wp-content\\\/uploads\\\/2024\\\/01\\\/FUNTANA-202101028-1024x767.jpg\",\"datePublished\":\"2020-06-01T14:36:39+00:00\",\"dateModified\":\"2024-07-19T10:06:40+00:00\",\"breadcrumb\":{\"@id\":\"https:\\\/\\\/funtana.com\\\/hr\\\/#breadcrumb\"},\"inLanguage\":\"hr\",\"potentialAction\":[{\"@type\":\"ReadAction\",\"target\":[\"https:\\\/\\\/funtana.com\\\/hr\\\/\"]}]},{\"@type\":\"ImageObject\",\"inLanguage\":\"hr\",\"@id\":\"https:\\\/\\\/funtana.com\\\/hr\\\/#primaryimage\",\"url\":\"https:\\\/\\\/funtana.com\\\/wp-content\\\/uploads\\\/2024\\\/01\\\/FUNTANA-202101028-1024x767.jpg\",\"contentUrl\":\"https:\\\/\\\/funtana.com\\\/wp-content\\\/uploads\\\/2024\\\/01\\\/FUNTANA-202101028-1024x767.jpg\"},{\"@type\":\"BreadcrumbList\",\"@id\":\"https:\\\/\\\/funtana.com\\\/hr\\\/#breadcrumb\",\"itemListElement\":[{\"@type\":\"ListItem\",\"position\":1,\"name\":\"Home\",\"item\":\"https:\\\/\\\/funtana.com\\\/hr\\\/\"},{\"@type\":\"ListItem\",\"position\":2,\"name\":\"Funtana, Istra &#8211; slu\u017ebena stranica turisti\u010dke zajednice Funtana\"}]},{\"@type\":\"WebSite\",\"@id\":\"https:\\\/\\\/funtana.com\\\/hr\\\/#website\",\"url\":\"https:\\\/\\\/funtana.com\\\/hr\\\/\",\"name\":\"Funtana turisti\u010dka zajednica\",\"description\":\"Turisti\u010dka zajednica Op\u0107ine\",\"publisher\":{\"@id\":\"https:\\\/\\\/funtana.com\\\/hr\\\/#organization\"},\"alternateName\":\"Turisti\u010dka zajednica Op\u0107ine Funtana\",\"potentialAction\":[{\"@type\":\"SearchAction\",\"target\":{\"@type\":\"EntryPoint\",\"urlTemplate\":\"https:\\\/\\\/funtana.com\\\/hr\\\/?s={search_term_string}\"},\"query-input\":{\"@type\":\"PropertyValueSpecification\",\"valueRequired\":true,\"valueName\":\"search_term_string\"}}],\"inLanguage\":\"hr\"},{\"@type\":\"Organization\",\"@id\":\"https:\\\/\\\/funtana.com\\\/hr\\\/#organization\",\"name\":\"Funtana turisti\u010dka zajednica\",\"url\":\"https:\\\/\\\/funtana.com\\\/hr\\\/\",\"logo\":{\"@type\":\"ImageObject\",\"inLanguage\":\"hr\",\"@id\":\"https:\\\/\\\/funtana.com\\\/hr\\\/#\\\/schema\\\/logo\\\/image\\\/\",\"url\":\"https:\\\/\\\/funtana.com\\\/wp-content\\\/uploads\\\/2023\\\/04\\\/cropped-funtanalogo-e1681572065284.png\",\"contentUrl\":\"https:\\\/\\\/funtana.com\\\/wp-content\\\/uploads\\\/2023\\\/04\\\/cropped-funtanalogo-e1681572065284.png\",\"width\":90,\"height\":72,\"caption\":\"Funtana turisti\u010dka zajednica\"},\"image\":{\"@id\":\"https:\\\/\\\/funtana.com\\\/hr\\\/#\\\/schema\\\/logo\\\/image\\\/\"},\"sameAs\":[\"https:\\\/\\\/www.facebook.com\\\/funtanaistria\",\"https:\\\/\\\/www.instagram.com\\\/funtanaistria\\\/\"]}]}<\/script>\n<!-- \/ Yoast SEO plugin. -->","yoast_head_json":{"title":"Funtana, Istra - slu\u017ebena stranica turisti\u010dke zajednice Funtana - Funtana turisti\u010dka zajednica","robots":{"index":"index","follow":"follow","max-snippet":"max-snippet:-1","max-image-preview":"max-image-preview:large","max-video-preview":"max-video-preview:-1"},"canonical":"https:\/\/funtana.com\/hr\/","og_locale":"hr_HR","og_type":"article","og_title":"Funtana, Istra - slu\u017ebena stranica turisti\u010dke zajednice Funtana - Funtana turisti\u010dka zajednica","og_description":"Funtana \u2013 popularna turisti\u010dka destinacija blagoslovljena blagom klimom i \u010distim morem, sa sezonom kupanja od svibnja do listopada, tek je nekoliko sati vo\u017enje udaljena od svih va\u017enijih europskih prijestolnica. Na [&hellip;]","og_url":"https:\/\/funtana.com\/hr\/","article_publisher":"https:\/\/www.facebook.com\/funtanaistria","article_modified_time":"2024-07-19T10:06:40+00:00","og_image":[{"url":"https:\/\/funtana.com\/wp-content\/uploads\/2024\/01\/FUNTANA-202101028-1024x767.jpg","type":"","width":"","height":""}],"twitter_card":"summary_large_image","twitter_misc":{"Procijenjeno vrijeme \u010ditanja":"2 minute"},"schema":{"@context":"https:\/\/schema.org","@graph":[{"@type":"WebPage","@id":"https:\/\/funtana.com\/hr\/","url":"https:\/\/funtana.com\/hr\/","name":"Funtana, Istra - slu\u017ebena stranica turisti\u010dke zajednice Funtana - Funtana turisti\u010dka zajednica","isPartOf":{"@id":"https:\/\/funtana.com\/hr\/#website"},"primaryImageOfPage":{"@id":"https:\/\/funtana.com\/hr\/#primaryimage"},"image":{"@id":"https:\/\/funtana.com\/hr\/#primaryimage"},"thumbnailUrl":"https:\/\/funtana.com\/wp-content\/uploads\/2024\/01\/FUNTANA-202101028-1024x767.jpg","datePublished":"2020-06-01T14:36:39+00:00","dateModified":"2024-07-19T10:06:40+00:00","breadcrumb":{"@id":"https:\/\/funtana.com\/hr\/#breadcrumb"},"inLanguage":"hr","potentialAction":[{"@type":"ReadAction","target":["https:\/\/funtana.com\/hr\/"]}]},{"@type":"ImageObject","inLanguage":"hr","@id":"https:\/\/funtana.com\/hr\/#primaryimage","url":"https:\/\/funtana.com\/wp-content\/uploads\/2024\/01\/FUNTANA-202101028-1024x767.jpg","contentUrl":"https:\/\/funtana.com\/wp-content\/uploads\/2024\/01\/FUNTANA-202101028-1024x767.jpg"},{"@type":"BreadcrumbList","@id":"https:\/\/funtana.com\/hr\/#breadcrumb","itemListElement":[{"@type":"ListItem","position":1,"name":"Home","item":"https:\/\/funtana.com\/hr\/"},{"@type":"ListItem","position":2,"name":"Funtana, Istra &#8211; slu\u017ebena stranica turisti\u010dke zajednice Funtana"}]},{"@type":"WebSite","@id":"https:\/\/funtana.com\/hr\/#website","url":"https:\/\/funtana.com\/hr\/","name":"Funtana turisti\u010dka zajednica","description":"Turisti\u010dka zajednica Op\u0107ine","publisher":{"@id":"https:\/\/funtana.com\/hr\/#organization"},"alternateName":"Turisti\u010dka zajednica Op\u0107ine Funtana","potentialAction":[{"@type":"SearchAction","target":{"@type":"EntryPoint","urlTemplate":"https:\/\/funtana.com\/hr\/?s={search_term_string}"},"query-input":{"@type":"PropertyValueSpecification","valueRequired":true,"valueName":"search_term_string"}}],"inLanguage":"hr"},{"@type":"Organization","@id":"https:\/\/funtana.com\/hr\/#organization","name":"Funtana turisti\u010dka zajednica","url":"https:\/\/funtana.com\/hr\/","logo":{"@type":"ImageObject","inLanguage":"hr","@id":"https:\/\/funtana.com\/hr\/#\/schema\/logo\/image\/","url":"https:\/\/funtana.com\/wp-content\/uploads\/2023\/04\/cropped-funtanalogo-e1681572065284.png","contentUrl":"https:\/\/funtana.com\/wp-content\/uploads\/2023\/04\/cropped-funtanalogo-e1681572065284.png","width":90,"height":72,"caption":"Funtana turisti\u010dka zajednica"},"image":{"@id":"https:\/\/funtana.com\/hr\/#\/schema\/logo\/image\/"},"sameAs":["https:\/\/www.facebook.com\/funtanaistria","https:\/\/www.instagram.com\/funtanaistria\/"]}]}},"publishpress_future_action":{"enabled":false,"date":"2026-05-07 02:53:21","action":"change-status","newStatus":"draft","terms":[],"taxonomy":"translation_priority","extraData":[]},"publishpress_future_workflow_manual_trigger":{"enabledWorkflows":[]},"_links":{"self":[{"href":"https:\/\/funtana.com\/hr\/wp-json\/wp\/v2\/pages\/25268","targetHints":{"allow":["GET"]}}],"collection":[{"href":"https:\/\/funtana.com\/hr\/wp-json\/wp\/v2\/pages"}],"about":[{"href":"https:\/\/funtana.com\/hr\/wp-json\/wp\/v2\/types\/page"}],"author":[{"embeddable":true,"href":"https:\/\/funtana.com\/hr\/wp-json\/wp\/v2\/users\/1"}],"replies":[{"embeddable":true,"href":"https:\/\/funtana.com\/hr\/wp-json\/wp\/v2\/comments?post=25268"}],"version-history":[{"count":38,"href":"https:\/\/funtana.com\/hr\/wp-json\/wp\/v2\/pages\/25268\/revisions"}],"predecessor-version":[{"id":34124,"href":"https:\/\/funtana.com\/hr\/wp-json\/wp\/v2\/pages\/25268\/revisions\/34124"}],"wp:attachment":[{"href":"https:\/\/funtana.com\/hr\/wp-json\/wp\/v2\/media?parent=25268"}],"curies":[{"name":"wp","href":"https:\/\/api.w.org\/{rel}","templated":true}]}}